{"id":14812,"date":"2021-08-06T12:21:47","date_gmt":"2021-08-06T10:21:47","guid":{"rendered":"http:\/\/turismevalles.com.mialias.net\/?post_type=mec-events&#038;p=14812"},"modified":"2021-08-06T12:21:47","modified_gmt":"2021-08-06T10:21:47","slug":"festa-major-riells-del-fai-2021","status":"publish","type":"mec-events","link":"https:\/\/turismevalles.com\/fr\/events\/festa-major-riells-del-fai-2021\/","title":{"rendered":"F\u00eate Majeure Riells del Fai 2021"},"content":{"rendered":"<p><strong><img loading=\"lazy\" decoding=\"async\" class=\"alignnone size-full wp-image-14807\" src=\"http:\/\/turismevalles.com\/wp-content\/uploads\/2021\/08\/Programa-festa-major-Bigues-i-Riells-2021.png\" alt=\"\" width=\"1536\" height=\"711\" srcset=\"https:\/\/turismevalles.com\/wp-content\/uploads\/2021\/08\/Programa-festa-major-Bigues-i-Riells-2021.png 1536w, https:\/\/turismevalles.com\/wp-content\/uploads\/2021\/08\/Programa-festa-major-Bigues-i-Riells-2021-300x139.png 300w, https:\/\/turismevalles.com\/wp-content\/uploads\/2021\/08\/Programa-festa-major-Bigues-i-Riells-2021-1024x474.png 1024w, https:\/\/turismevalles.com\/wp-content\/uploads\/2021\/08\/Programa-festa-major-Bigues-i-Riells-2021-768x356.png 768w\" sizes=\"auto, (max-width: 1536px) 100vw, 1536px\" \/><\/strong><\/p>\n<p><strong><span class=\"Y2IQFc\" lang=\"fr\">F\u00eate Majeure<\/span><\/strong><span class=\"Y2IQFc\" lang=\"fr\"><strong> Riells del Fai 2021 :<\/strong> Riells del Fai, cette ann\u00e9e, aura une\u00a0<\/span><span class=\"Y2IQFc\" lang=\"fr\">F\u00eate Majeure<\/span><span class=\"Y2IQFc\" lang=\"fr\">. Le comit\u00e9 des f\u00eates de Riells del Fai et la mairie de Bigues i Riells del Fai ont organis\u00e9 un large \u00e9ventail d&rsquo;activit\u00e9s pour tous les go\u00fbts. Du 3 au 8 ao\u00fbt, les habitants de Riellen vivront leur grande f\u00eate, apr\u00e8s l&rsquo;interruption de 2020, lorsque la c\u00e9l\u00e9bration a d\u00fb \u00eatre suspendue en raison d&rsquo;une augmentation du COVID-19. Avec une s\u00e9curit\u00e9 sanitaire totale. La Mairie de Bigues i Riells del Fai organise la <\/span><span class=\"Y2IQFc\" lang=\"fr\">F\u00eate Majeure<\/span><span class=\"Y2IQFc\" lang=\"fr\">\u00a0avec toutes les mesures n\u00e9cessaires pour garantir la sant\u00e9 de tous. Pour cette raison, d&rsquo;une part, toutes les activit\u00e9s n\u00e9cessitent une inscription pr\u00e9alable et d&rsquo;autre part, le port du masque et la distance de s\u00e9curit\u00e9 entre les personnes seront obligatoires. Toute la programmation sera gratuite, mais pourra \u00eatre modifi\u00e9e en fonction de l&rsquo;\u00e9volution du COVID-19 et des recommandations des autorit\u00e9s sanitaires. Il est conseill\u00e9 \u00e0 la population d&rsquo;assister aux \u00e9v\u00e9nements \u00e0 l&rsquo;avance, car le couvre-feu ne leur permettra pas de rester sur la voie publique au-del\u00e0 de 1h00 du matin.<\/span><\/p>\n","protected":false},"excerpt":{"rendered":"<p>F\u00eate Majeure Riells del Fai 2021 : Riells del Fai, cette ann\u00e9e, aura une\u00a0F\u00eate Majeure. Le comit\u00e9 des f\u00eates de Riells del Fai et la &#8230; <a title=\"F\u00eate Majeure Riells del Fai 2021\" class=\"read-more\" href=\"https:\/\/turismevalles.com\/fr\/events\/festa-major-riells-del-fai-2021\/\" aria-label=\"More on F\u00eate Majeure Riells del Fai 2021\">Veure m\u00e9s<\/a><\/p>\n","protected":false},"author":5,"featured_media":14805,"comment_status":"open","ping_status":"closed","template":"","tags":[1137,1106,1108,1138,1109,985,1139,1140,1141,1142],"poblacions":[401],"mec_category":[1111,1112,925,1113,913],"class_list":["post-14812","mec-events","type-mec-events","status-publish","has-post-thumbnail","hentry","tag-2021-fr","tag-activitats-fr","tag-concerts-fr","tag-cultura-fr","tag-espectacles-fr","tag-esport-fr","tag-familia-fr","tag-festa-major-fr","tag-musica-fr","tag-natura-fr","poblacions-bigues-i-riells-del-fai-fr","mec_category-activitats-en-familia-fr","mec_category-concerts-fr","mec_category-cultura-fr","mec_category-espectacles-fr","mec_category-esport-fr","generate-columns","tablet-grid-50","mobile-grid-100","grid-parent","grid-33"],"acf":[],"yoast_head":"<!-- This site is optimized with the Yoast SEO plugin v26.4 - https:\/\/yoast.com\/wordpress\/plugins\/seo\/ -->\n<title>F\u00eate Majeure Riells del Fai 2021 - Turisme Vall\u00e8s - Bigues i Riells<\/title>\n<meta name=\"description\" content=\"F\u00eate Majeure Riells del Fai 2021 - La grande f\u00eate revient apr\u00e8s l&#039;interruption de 2020 en raison de COVID-19.\" \/>\n<meta name=\"robots\" content=\"index, follow, max-snippet:-1, max-image-preview:large, max-video-preview:-1\" \/>\n<link rel=\"canonical\" href=\"https:\/\/turismevalles.com\/fr\/events\/festa-major-riells-del-fai-2021\/\" \/>\n<meta property=\"og:locale\" content=\"fr_FR\" \/>\n<meta property=\"og:type\" content=\"article\" \/>\n<meta property=\"og:title\" content=\"F\u00eate Majeure Riells del Fai 2021 - Turisme Vall\u00e8s - Bigues i Riells\" \/>\n<meta property=\"og:description\" content=\"F\u00eate Majeure Riells del Fai 2021 - La grande f\u00eate revient apr\u00e8s l&#039;interruption de 2020 en raison de COVID-19.\" \/>\n<meta property=\"og:url\" content=\"https:\/\/turismevalles.com\/fr\/events\/festa-major-riells-del-fai-2021\/\" \/>\n<meta property=\"og:site_name\" content=\"Turisme Vall\u00e8s\" \/>\n<meta property=\"og:image\" content=\"https:\/\/turismevalles.com\/wp-content\/uploads\/2021\/08\/Festa-Major-2021-Bigues-i-Riells.png\" \/>\n\t<meta property=\"og:image:width\" content=\"436\" \/>\n\t<meta property=\"og:image:height\" content=\"246\" \/>\n\t<meta property=\"og:image:type\" content=\"image\/png\" \/>\n<meta name=\"twitter:card\" content=\"summary_large_image\" \/>\n<meta name=\"twitter:label1\" content=\"Dur\u00e9e de lecture estim\u00e9e\" \/>\n\t<meta name=\"twitter:data1\" content=\"2 minutes\" \/>\n<script type=\"application\/ld+json\" class=\"yoast-schema-graph\">{\"@context\":\"https:\/\/schema.org\",\"@graph\":[{\"@type\":\"WebPage\",\"@id\":\"https:\/\/turismevalles.com\/fr\/events\/festa-major-riells-del-fai-2021\/\",\"url\":\"https:\/\/turismevalles.com\/fr\/events\/festa-major-riells-del-fai-2021\/\",\"name\":\"F\u00eate Majeure Riells del Fai 2021 - Turisme Vall\u00e8s - Bigues i Riells\",\"isPartOf\":{\"@id\":\"https:\/\/turismevalles.com\/en\/#website\"},\"primaryImageOfPage\":{\"@id\":\"https:\/\/turismevalles.com\/fr\/events\/festa-major-riells-del-fai-2021\/#primaryimage\"},\"image\":{\"@id\":\"https:\/\/turismevalles.com\/fr\/events\/festa-major-riells-del-fai-2021\/#primaryimage\"},\"thumbnailUrl\":\"https:\/\/turismevalles.com\/wp-content\/uploads\/2021\/08\/Festa-Major-2021-Bigues-i-Riells.png\",\"datePublished\":\"2021-08-06T10:21:47+00:00\",\"description\":\"F\u00eate Majeure Riells del Fai 2021 - La grande f\u00eate revient apr\u00e8s l'interruption de 2020 en raison de COVID-19.\",\"breadcrumb\":{\"@id\":\"https:\/\/turismevalles.com\/fr\/events\/festa-major-riells-del-fai-2021\/#breadcrumb\"},\"inLanguage\":\"fr-FR\",\"potentialAction\":[{\"@type\":\"ReadAction\",\"target\":[\"https:\/\/turismevalles.com\/fr\/events\/festa-major-riells-del-fai-2021\/\"]}]},{\"@type\":\"ImageObject\",\"inLanguage\":\"fr-FR\",\"@id\":\"https:\/\/turismevalles.com\/fr\/events\/festa-major-riells-del-fai-2021\/#primaryimage\",\"url\":\"https:\/\/turismevalles.com\/wp-content\/uploads\/2021\/08\/Festa-Major-2021-Bigues-i-Riells.png\",\"contentUrl\":\"https:\/\/turismevalles.com\/wp-content\/uploads\/2021\/08\/Festa-Major-2021-Bigues-i-Riells.png\",\"width\":436,\"height\":246},{\"@type\":\"BreadcrumbList\",\"@id\":\"https:\/\/turismevalles.com\/fr\/events\/festa-major-riells-del-fai-2021\/#breadcrumb\",\"itemListElement\":[{\"@type\":\"ListItem\",\"position\":1,\"name\":\"Inici\",\"item\":\"https:\/\/turismevalles.com\/fr\/\"},{\"@type\":\"ListItem\",\"position\":2,\"name\":\"Esdeveniments\",\"item\":\"https:\/\/turismevalles.com\/events\/\"},{\"@type\":\"ListItem\",\"position\":3,\"name\":\"F\u00eate Majeure Riells del Fai 2021\"}]},{\"@type\":\"WebSite\",\"@id\":\"https:\/\/turismevalles.com\/en\/#website\",\"url\":\"https:\/\/turismevalles.com\/en\/\",\"name\":\"Turisme Vall\u00e8s\",\"description\":\"\",\"publisher\":{\"@id\":\"https:\/\/turismevalles.com\/en\/#organization\"},\"potentialAction\":[{\"@type\":\"SearchAction\",\"target\":{\"@type\":\"EntryPoint\",\"urlTemplate\":\"https:\/\/turismevalles.com\/en\/?s={search_term_string}\"},\"query-input\":{\"@type\":\"PropertyValueSpecification\",\"valueRequired\":true,\"valueName\":\"search_term_string\"}}],\"inLanguage\":\"fr-FR\"},{\"@type\":\"Organization\",\"@id\":\"https:\/\/turismevalles.com\/en\/#organization\",\"name\":\"Turisme Vall\u00e8s\",\"url\":\"https:\/\/turismevalles.com\/en\/\",\"logo\":{\"@type\":\"ImageObject\",\"inLanguage\":\"fr-FR\",\"@id\":\"https:\/\/turismevalles.com\/en\/#\/schema\/logo\/image\/\",\"url\":\"https:\/\/turismevalles.com\/wp-content\/uploads\/2020\/08\/cropped-logo_ca-2.png\",\"contentUrl\":\"https:\/\/turismevalles.com\/wp-content\/uploads\/2020\/08\/cropped-logo_ca-2.png\",\"width\":314,\"height\":85,\"caption\":\"Turisme Vall\u00e8s\"},\"image\":{\"@id\":\"https:\/\/turismevalles.com\/en\/#\/schema\/logo\/image\/\"}}]}<\/script>\n<!-- \/ Yoast SEO plugin. -->","yoast_head_json":{"title":"F\u00eate Majeure Riells del Fai 2021 - Turisme Vall\u00e8s - Bigues i Riells","description":"F\u00eate Majeure Riells del Fai 2021 - La grande f\u00eate revient apr\u00e8s l'interruption de 2020 en raison de COVID-19.","robots":{"index":"index","follow":"follow","max-snippet":"max-snippet:-1","max-image-preview":"max-image-preview:large","max-video-preview":"max-video-preview:-1"},"canonical":"https:\/\/turismevalles.com\/fr\/events\/festa-major-riells-del-fai-2021\/","og_locale":"fr_FR","og_type":"article","og_title":"F\u00eate Majeure Riells del Fai 2021 - Turisme Vall\u00e8s - Bigues i Riells","og_description":"F\u00eate Majeure Riells del Fai 2021 - La grande f\u00eate revient apr\u00e8s l'interruption de 2020 en raison de COVID-19.","og_url":"https:\/\/turismevalles.com\/fr\/events\/festa-major-riells-del-fai-2021\/","og_site_name":"Turisme Vall\u00e8s","og_image":[{"width":436,"height":246,"url":"https:\/\/turismevalles.com\/wp-content\/uploads\/2021\/08\/Festa-Major-2021-Bigues-i-Riells.png","type":"image\/png"}],"twitter_card":"summary_large_image","twitter_misc":{"Dur\u00e9e de lecture estim\u00e9e":"2 minutes"},"schema":{"@context":"https:\/\/schema.org","@graph":[{"@type":"WebPage","@id":"https:\/\/turismevalles.com\/fr\/events\/festa-major-riells-del-fai-2021\/","url":"https:\/\/turismevalles.com\/fr\/events\/festa-major-riells-del-fai-2021\/","name":"F\u00eate Majeure Riells del Fai 2021 - Turisme Vall\u00e8s - Bigues i Riells","isPartOf":{"@id":"https:\/\/turismevalles.com\/en\/#website"},"primaryImageOfPage":{"@id":"https:\/\/turismevalles.com\/fr\/events\/festa-major-riells-del-fai-2021\/#primaryimage"},"image":{"@id":"https:\/\/turismevalles.com\/fr\/events\/festa-major-riells-del-fai-2021\/#primaryimage"},"thumbnailUrl":"https:\/\/turismevalles.com\/wp-content\/uploads\/2021\/08\/Festa-Major-2021-Bigues-i-Riells.png","datePublished":"2021-08-06T10:21:47+00:00","description":"F\u00eate Majeure Riells del Fai 2021 - La grande f\u00eate revient apr\u00e8s l'interruption de 2020 en raison de COVID-19.","breadcrumb":{"@id":"https:\/\/turismevalles.com\/fr\/events\/festa-major-riells-del-fai-2021\/#breadcrumb"},"inLanguage":"fr-FR","potentialAction":[{"@type":"ReadAction","target":["https:\/\/turismevalles.com\/fr\/events\/festa-major-riells-del-fai-2021\/"]}]},{"@type":"ImageObject","inLanguage":"fr-FR","@id":"https:\/\/turismevalles.com\/fr\/events\/festa-major-riells-del-fai-2021\/#primaryimage","url":"https:\/\/turismevalles.com\/wp-content\/uploads\/2021\/08\/Festa-Major-2021-Bigues-i-Riells.png","contentUrl":"https:\/\/turismevalles.com\/wp-content\/uploads\/2021\/08\/Festa-Major-2021-Bigues-i-Riells.png","width":436,"height":246},{"@type":"BreadcrumbList","@id":"https:\/\/turismevalles.com\/fr\/events\/festa-major-riells-del-fai-2021\/#breadcrumb","itemListElement":[{"@type":"ListItem","position":1,"name":"Inici","item":"https:\/\/turismevalles.com\/fr\/"},{"@type":"ListItem","position":2,"name":"Esdeveniments","item":"https:\/\/turismevalles.com\/events\/"},{"@type":"ListItem","position":3,"name":"F\u00eate Majeure Riells del Fai 2021"}]},{"@type":"WebSite","@id":"https:\/\/turismevalles.com\/en\/#website","url":"https:\/\/turismevalles.com\/en\/","name":"Turisme Vall\u00e8s","description":"","publisher":{"@id":"https:\/\/turismevalles.com\/en\/#organization"},"potentialAction":[{"@type":"SearchAction","target":{"@type":"EntryPoint","urlTemplate":"https:\/\/turismevalles.com\/en\/?s={search_term_string}"},"query-input":{"@type":"PropertyValueSpecification","valueRequired":true,"valueName":"search_term_string"}}],"inLanguage":"fr-FR"},{"@type":"Organization","@id":"https:\/\/turismevalles.com\/en\/#organization","name":"Turisme Vall\u00e8s","url":"https:\/\/turismevalles.com\/en\/","logo":{"@type":"ImageObject","inLanguage":"fr-FR","@id":"https:\/\/turismevalles.com\/en\/#\/schema\/logo\/image\/","url":"https:\/\/turismevalles.com\/wp-content\/uploads\/2020\/08\/cropped-logo_ca-2.png","contentUrl":"https:\/\/turismevalles.com\/wp-content\/uploads\/2020\/08\/cropped-logo_ca-2.png","width":314,"height":85,"caption":"Turisme Vall\u00e8s"},"image":{"@id":"https:\/\/turismevalles.com\/en\/#\/schema\/logo\/image\/"}}]}},"uagb_featured_image_src":{"full":["https:\/\/turismevalles.com\/wp-content\/uploads\/2021\/08\/Festa-Major-2021-Bigues-i-Riells.png",436,246,false],"thumbnail":["https:\/\/turismevalles.com\/wp-content\/uploads\/2021\/08\/Festa-Major-2021-Bigues-i-Riells-150x150.png",150,150,true],"medium":["https:\/\/turismevalles.com\/wp-content\/uploads\/2021\/08\/Festa-Major-2021-Bigues-i-Riells-300x169.png",300,169,true],"medium_large":["https:\/\/turismevalles.com\/wp-content\/uploads\/2021\/08\/Festa-Major-2021-Bigues-i-Riells.png",436,246,false],"large":["https:\/\/turismevalles.com\/wp-content\/uploads\/2021\/08\/Festa-Major-2021-Bigues-i-Riells.png",436,246,false],"thumblist":["https:\/\/turismevalles.com\/wp-content\/uploads\/2021\/08\/Festa-Major-2021-Bigues-i-Riells-300x246.png",300,246,true],"meccarouselthumb":["https:\/\/turismevalles.com\/wp-content\/uploads\/2021\/08\/Festa-Major-2021-Bigues-i-Riells.png",436,246,false],"gridsquare":["https:\/\/turismevalles.com\/wp-content\/uploads\/2021\/08\/Festa-Major-2021-Bigues-i-Riells-391x246.png",391,246,true],"tileview":["https:\/\/turismevalles.com\/wp-content\/uploads\/2021\/08\/Festa-Major-2021-Bigues-i-Riells-300x246.png",300,246,true],"1536x1536":["https:\/\/turismevalles.com\/wp-content\/uploads\/2021\/08\/Festa-Major-2021-Bigues-i-Riells.png",436,246,false],"2048x2048":["https:\/\/turismevalles.com\/wp-content\/uploads\/2021\/08\/Festa-Major-2021-Bigues-i-Riells.png",436,246,false]},"uagb_author_info":{"display_name":"Turisme Valles","author_link":"https:\/\/turismevalles.com\/fr\/author\/turismevallesoriental\/"},"uagb_comment_info":0,"uagb_excerpt":"F\u00eate Majeure Riells del Fai 2021 : Riells del Fai, cette ann\u00e9e, aura une\u00a0F\u00eate Majeure. Le comit\u00e9 des f\u00eates de Riells del Fai et la ... Veure m\u00e9s","_links":{"self":[{"href":"https:\/\/turismevalles.com\/fr\/wp-json\/wp\/v2\/mec-events\/14812","targetHints":{"allow":["GET"]}}],"collection":[{"href":"https:\/\/turismevalles.com\/fr\/wp-json\/wp\/v2\/mec-events"}],"about":[{"href":"https:\/\/turismevalles.com\/fr\/wp-json\/wp\/v2\/types\/mec-events"}],"author":[{"embeddable":true,"href":"https:\/\/turismevalles.com\/fr\/wp-json\/wp\/v2\/users\/5"}],"replies":[{"embeddable":true,"href":"https:\/\/turismevalles.com\/fr\/wp-json\/wp\/v2\/comments?post=14812"}],"wp:featuredmedia":[{"embeddable":true,"href":"https:\/\/turismevalles.com\/fr\/wp-json\/wp\/v2\/media\/14805"}],"wp:attachment":[{"href":"https:\/\/turismevalles.com\/fr\/wp-json\/wp\/v2\/media?parent=14812"}],"wp:term":[{"taxonomy":"post_tag","embeddable":true,"href":"https:\/\/turismevalles.com\/fr\/wp-json\/wp\/v2\/tags?post=14812"},{"taxonomy":"poblacions","embeddable":true,"href":"https:\/\/turismevalles.com\/fr\/wp-json\/wp\/v2\/poblacions?post=14812"},{"taxonomy":"mec_category","embeddable":true,"href":"https:\/\/turismevalles.com\/fr\/wp-json\/wp\/v2\/mec_category?post=14812"}],"curies":[{"name":"wp","href":"https:\/\/api.w.org\/{rel}","templated":true}]}}