{"id":26771,"date":"2023-02-24T11:06:07","date_gmt":"2023-02-24T10:06:07","guid":{"rendered":"http:\/\/turismevalles.com.mialias.net\/events\/gran-premi-despanya-de-f1-al-circuit-de-barcelona-catalunya\/"},"modified":"2023-05-23T17:08:56","modified_gmt":"2023-05-23T15:08:56","slug":"gran-premi-despanya-de-f1-al-circuit-de-barcelona-catalunya","status":"publish","type":"mec-events","link":"https:\/\/turismevalles.com\/fr\/events\/gran-premi-despanya-de-f1-al-circuit-de-barcelona-catalunya\/","title":{"rendered":"Formula 1 AWS Gran Premio de Espa\u00f1a 2023 Circuit de Barcelona &#8211; Catalunya"},"content":{"rendered":"<h2 class=\"vc_custom_heading vmxs-s-m vmsm-0-s\">Le Grand Cirque revient au Circuit de Barcelona-Catalunya !<\/h2>\n<div class=\"wpb_text_column wpb_content_element vmxs-0\">\n<div class=\"wpb_wrapper\">\n<p>La caravane du championnat du monde s\u2019arr\u00eatera en Catalogne du 2 au 4 juin pour offrir un v\u00e9ritable spectacle. Apr\u00e8s la saison derni\u00e8re, pleine de surprises et d\u2019\u00e9motions fortes, la classe reine de la course automobile reviendra pleine de nouveaut\u00e9s.<\/p>\n<p>Fernando Alonso fera ses d\u00e9buts avec l\u2019\u00e9quipe Aston Martin, tandis que Carlos Sainz poursuivra son d\u00e9veloppement avec la l\u00e9gendaire \u00e9quipe bas\u00e9e \u00e0 Maranello. En plus des pilotes maison, le nouveau champion Max Verstappen et Lewis Hamilton continueront de d\u00e9montrer leur rivalit\u00e9 sur le tarmac. Nico Hulkemberg fera \u00e9galement son retour en F1 apr\u00e8s quelques ann\u00e9es loin du championnat du monde.<\/p>\n<p>Comme d\u2019habitude, le Circuit aura plusieurs propositions pour faire du Grand Prix un \u00e9v\u00e9nement sportif unique o\u00f9 il y aura beaucoup de divertissement et de plaisir.<\/p>\n<\/div>\n<\/div>\n<p>Info: <a href=\"https:\/\/www.circuitcat.com\/fr\/formula-1\/\" target=\"_blank\" rel=\"noopener\">https:\/\/www.circuitcat.com\/fr\/formula-1\/<\/a><\/p>\n","protected":false},"excerpt":{"rendered":"<p>Le Grand Cirque revient au Circuit de Barcelona-Catalunya ! La caravane du championnat du monde s\u2019arr\u00eatera en Catalogne du 2 au 4 juin pour offrir &#8230; <a title=\"Formula 1 AWS Gran Premio de Espa\u00f1a 2023 Circuit de Barcelona &#8211; Catalunya\" class=\"read-more\" href=\"https:\/\/turismevalles.com\/fr\/events\/gran-premi-despanya-de-f1-al-circuit-de-barcelona-catalunya\/\" aria-label=\"More on Formula 1 AWS Gran Premio de Espa\u00f1a 2023 Circuit de Barcelona &#8211; Catalunya\">Veure m\u00e9s<\/a><\/p>\n","protected":false},"author":5,"featured_media":26745,"comment_status":"open","ping_status":"closed","template":"","tags":[2414,1726],"poblacions":[388],"mec_category":[1676,913,1863],"class_list":["post-26771","mec-events","type-mec-events","status-publish","has-post-thumbnail","hentry","tag-formula-1-aws-gran-premio-de-espana-2023-fr","tag-gp-f1-fr","poblacions-montmelo-fr","mec_category-deporte-fr","mec_category-esport-fr","mec_category-motor-fr","generate-columns","tablet-grid-50","mobile-grid-100","grid-parent","grid-33"],"acf":[],"yoast_head":"<!-- This site is optimized with the Yoast SEO plugin v26.4 - https:\/\/yoast.com\/wordpress\/plugins\/seo\/ -->\n<title>Formula 1 AWS Gran Premio de Espa\u00f1a 2023 Circuit de Barcelona - Catalunya - Turisme Vall\u00e8s<\/title>\n<meta name=\"description\" content=\"Formula 1 AWS Gran Premio de Espa\u00f1a 2023. Circuit de Barcelona Catalunya. Montmel\u00f3. Vall\u00e8s Oriental. Pr\u00e8s de Barcelone.\" \/>\n<meta name=\"robots\" content=\"index, follow, max-snippet:-1, max-image-preview:large, max-video-preview:-1\" \/>\n<link rel=\"canonical\" href=\"https:\/\/turismevalles.com\/fr\/events\/gran-premi-despanya-de-f1-al-circuit-de-barcelona-catalunya\/\" \/>\n<meta property=\"og:locale\" content=\"fr_FR\" \/>\n<meta property=\"og:type\" content=\"article\" \/>\n<meta property=\"og:title\" content=\"Formula 1 AWS Gran Premio de Espa\u00f1a 2023 Circuit de Barcelona - Catalunya - Turisme Vall\u00e8s\" \/>\n<meta property=\"og:description\" content=\"Formula 1 AWS Gran Premio de Espa\u00f1a 2023. Circuit de Barcelona Catalunya. Montmel\u00f3. Vall\u00e8s Oriental. Pr\u00e8s de Barcelone.\" \/>\n<meta property=\"og:url\" content=\"https:\/\/turismevalles.com\/fr\/events\/gran-premi-despanya-de-f1-al-circuit-de-barcelona-catalunya\/\" \/>\n<meta property=\"og:site_name\" content=\"Turisme Vall\u00e8s\" \/>\n<meta property=\"article:modified_time\" content=\"2023-05-23T15:08:56+00:00\" \/>\n<meta property=\"og:image\" content=\"https:\/\/turismevalles.com\/wp-content\/uploads\/2023\/05\/2023_Circuit_BCN_Catalunya_2205222465-1024x683.jpg\" \/>\n\t<meta property=\"og:image:width\" content=\"1024\" \/>\n\t<meta property=\"og:image:height\" content=\"683\" \/>\n\t<meta property=\"og:image:type\" content=\"image\/jpeg\" \/>\n<meta name=\"twitter:card\" content=\"summary_large_image\" \/>\n<meta name=\"twitter:label1\" content=\"Dur\u00e9e de lecture estim\u00e9e\" \/>\n\t<meta name=\"twitter:data1\" content=\"1 minute\" \/>\n<script type=\"application\/ld+json\" class=\"yoast-schema-graph\">{\"@context\":\"https:\/\/schema.org\",\"@graph\":[{\"@type\":\"WebPage\",\"@id\":\"https:\/\/turismevalles.com\/fr\/events\/gran-premi-despanya-de-f1-al-circuit-de-barcelona-catalunya\/\",\"url\":\"https:\/\/turismevalles.com\/fr\/events\/gran-premi-despanya-de-f1-al-circuit-de-barcelona-catalunya\/\",\"name\":\"Formula 1 AWS Gran Premio de Espa\u00f1a 2023 Circuit de Barcelona - Catalunya - Turisme Vall\u00e8s\",\"isPartOf\":{\"@id\":\"https:\/\/turismevalles.com\/en\/#website\"},\"primaryImageOfPage\":{\"@id\":\"https:\/\/turismevalles.com\/fr\/events\/gran-premi-despanya-de-f1-al-circuit-de-barcelona-catalunya\/#primaryimage\"},\"image\":{\"@id\":\"https:\/\/turismevalles.com\/fr\/events\/gran-premi-despanya-de-f1-al-circuit-de-barcelona-catalunya\/#primaryimage\"},\"thumbnailUrl\":\"https:\/\/turismevalles.com\/wp-content\/uploads\/2023\/05\/2023_Circuit_BCN_Catalunya_2205222465.jpg\",\"datePublished\":\"2023-02-24T10:06:07+00:00\",\"dateModified\":\"2023-05-23T15:08:56+00:00\",\"description\":\"Formula 1 AWS Gran Premio de Espa\u00f1a 2023. Circuit de Barcelona Catalunya. Montmel\u00f3. Vall\u00e8s Oriental. Pr\u00e8s de Barcelone.\",\"breadcrumb\":{\"@id\":\"https:\/\/turismevalles.com\/fr\/events\/gran-premi-despanya-de-f1-al-circuit-de-barcelona-catalunya\/#breadcrumb\"},\"inLanguage\":\"fr-FR\",\"potentialAction\":[{\"@type\":\"ReadAction\",\"target\":[\"https:\/\/turismevalles.com\/fr\/events\/gran-premi-despanya-de-f1-al-circuit-de-barcelona-catalunya\/\"]}]},{\"@type\":\"ImageObject\",\"inLanguage\":\"fr-FR\",\"@id\":\"https:\/\/turismevalles.com\/fr\/events\/gran-premi-despanya-de-f1-al-circuit-de-barcelona-catalunya\/#primaryimage\",\"url\":\"https:\/\/turismevalles.com\/wp-content\/uploads\/2023\/05\/2023_Circuit_BCN_Catalunya_2205222465.jpg\",\"contentUrl\":\"https:\/\/turismevalles.com\/wp-content\/uploads\/2023\/05\/2023_Circuit_BCN_Catalunya_2205222465.jpg\",\"width\":2362,\"height\":1575,\"caption\":\"Formula 1 Pirelli Gran Premio de Espa\u00f1a 2022\"},{\"@type\":\"BreadcrumbList\",\"@id\":\"https:\/\/turismevalles.com\/fr\/events\/gran-premi-despanya-de-f1-al-circuit-de-barcelona-catalunya\/#breadcrumb\",\"itemListElement\":[{\"@type\":\"ListItem\",\"position\":1,\"name\":\"Inici\",\"item\":\"https:\/\/turismevalles.com\/fr\/\"},{\"@type\":\"ListItem\",\"position\":2,\"name\":\"Esdeveniments\",\"item\":\"https:\/\/turismevalles.com\/events\/\"},{\"@type\":\"ListItem\",\"position\":3,\"name\":\"Formula 1 AWS Gran Premio de Espa\u00f1a 2023 Circuit de Barcelona &#8211; Catalunya\"}]},{\"@type\":\"WebSite\",\"@id\":\"https:\/\/turismevalles.com\/en\/#website\",\"url\":\"https:\/\/turismevalles.com\/en\/\",\"name\":\"Turisme Vall\u00e8s\",\"description\":\"\",\"publisher\":{\"@id\":\"https:\/\/turismevalles.com\/en\/#organization\"},\"potentialAction\":[{\"@type\":\"SearchAction\",\"target\":{\"@type\":\"EntryPoint\",\"urlTemplate\":\"https:\/\/turismevalles.com\/en\/?s={search_term_string}\"},\"query-input\":{\"@type\":\"PropertyValueSpecification\",\"valueRequired\":true,\"valueName\":\"search_term_string\"}}],\"inLanguage\":\"fr-FR\"},{\"@type\":\"Organization\",\"@id\":\"https:\/\/turismevalles.com\/en\/#organization\",\"name\":\"Turisme Vall\u00e8s\",\"url\":\"https:\/\/turismevalles.com\/en\/\",\"logo\":{\"@type\":\"ImageObject\",\"inLanguage\":\"fr-FR\",\"@id\":\"https:\/\/turismevalles.com\/en\/#\/schema\/logo\/image\/\",\"url\":\"https:\/\/turismevalles.com\/wp-content\/uploads\/2020\/08\/cropped-logo_ca-2.png\",\"contentUrl\":\"https:\/\/turismevalles.com\/wp-content\/uploads\/2020\/08\/cropped-logo_ca-2.png\",\"width\":314,\"height\":85,\"caption\":\"Turisme Vall\u00e8s\"},\"image\":{\"@id\":\"https:\/\/turismevalles.com\/en\/#\/schema\/logo\/image\/\"}}]}<\/script>\n<!-- \/ Yoast SEO plugin. -->","yoast_head_json":{"title":"Formula 1 AWS Gran Premio de Espa\u00f1a 2023 Circuit de Barcelona - Catalunya - Turisme Vall\u00e8s","description":"Formula 1 AWS Gran Premio de Espa\u00f1a 2023. Circuit de Barcelona Catalunya. Montmel\u00f3. Vall\u00e8s Oriental. Pr\u00e8s de Barcelone.","robots":{"index":"index","follow":"follow","max-snippet":"max-snippet:-1","max-image-preview":"max-image-preview:large","max-video-preview":"max-video-preview:-1"},"canonical":"https:\/\/turismevalles.com\/fr\/events\/gran-premi-despanya-de-f1-al-circuit-de-barcelona-catalunya\/","og_locale":"fr_FR","og_type":"article","og_title":"Formula 1 AWS Gran Premio de Espa\u00f1a 2023 Circuit de Barcelona - Catalunya - Turisme Vall\u00e8s","og_description":"Formula 1 AWS Gran Premio de Espa\u00f1a 2023. Circuit de Barcelona Catalunya. Montmel\u00f3. Vall\u00e8s Oriental. Pr\u00e8s de Barcelone.","og_url":"https:\/\/turismevalles.com\/fr\/events\/gran-premi-despanya-de-f1-al-circuit-de-barcelona-catalunya\/","og_site_name":"Turisme Vall\u00e8s","article_modified_time":"2023-05-23T15:08:56+00:00","og_image":[{"width":1024,"height":683,"url":"https:\/\/turismevalles.com\/wp-content\/uploads\/2023\/05\/2023_Circuit_BCN_Catalunya_2205222465-1024x683.jpg","type":"image\/jpeg"}],"twitter_card":"summary_large_image","twitter_misc":{"Dur\u00e9e de lecture estim\u00e9e":"1 minute"},"schema":{"@context":"https:\/\/schema.org","@graph":[{"@type":"WebPage","@id":"https:\/\/turismevalles.com\/fr\/events\/gran-premi-despanya-de-f1-al-circuit-de-barcelona-catalunya\/","url":"https:\/\/turismevalles.com\/fr\/events\/gran-premi-despanya-de-f1-al-circuit-de-barcelona-catalunya\/","name":"Formula 1 AWS Gran Premio de Espa\u00f1a 2023 Circuit de Barcelona - Catalunya - Turisme Vall\u00e8s","isPartOf":{"@id":"https:\/\/turismevalles.com\/en\/#website"},"primaryImageOfPage":{"@id":"https:\/\/turismevalles.com\/fr\/events\/gran-premi-despanya-de-f1-al-circuit-de-barcelona-catalunya\/#primaryimage"},"image":{"@id":"https:\/\/turismevalles.com\/fr\/events\/gran-premi-despanya-de-f1-al-circuit-de-barcelona-catalunya\/#primaryimage"},"thumbnailUrl":"https:\/\/turismevalles.com\/wp-content\/uploads\/2023\/05\/2023_Circuit_BCN_Catalunya_2205222465.jpg","datePublished":"2023-02-24T10:06:07+00:00","dateModified":"2023-05-23T15:08:56+00:00","description":"Formula 1 AWS Gran Premio de Espa\u00f1a 2023. Circuit de Barcelona Catalunya. Montmel\u00f3. Vall\u00e8s Oriental. Pr\u00e8s de Barcelone.","breadcrumb":{"@id":"https:\/\/turismevalles.com\/fr\/events\/gran-premi-despanya-de-f1-al-circuit-de-barcelona-catalunya\/#breadcrumb"},"inLanguage":"fr-FR","potentialAction":[{"@type":"ReadAction","target":["https:\/\/turismevalles.com\/fr\/events\/gran-premi-despanya-de-f1-al-circuit-de-barcelona-catalunya\/"]}]},{"@type":"ImageObject","inLanguage":"fr-FR","@id":"https:\/\/turismevalles.com\/fr\/events\/gran-premi-despanya-de-f1-al-circuit-de-barcelona-catalunya\/#primaryimage","url":"https:\/\/turismevalles.com\/wp-content\/uploads\/2023\/05\/2023_Circuit_BCN_Catalunya_2205222465.jpg","contentUrl":"https:\/\/turismevalles.com\/wp-content\/uploads\/2023\/05\/2023_Circuit_BCN_Catalunya_2205222465.jpg","width":2362,"height":1575,"caption":"Formula 1 Pirelli Gran Premio de Espa\u00f1a 2022"},{"@type":"BreadcrumbList","@id":"https:\/\/turismevalles.com\/fr\/events\/gran-premi-despanya-de-f1-al-circuit-de-barcelona-catalunya\/#breadcrumb","itemListElement":[{"@type":"ListItem","position":1,"name":"Inici","item":"https:\/\/turismevalles.com\/fr\/"},{"@type":"ListItem","position":2,"name":"Esdeveniments","item":"https:\/\/turismevalles.com\/events\/"},{"@type":"ListItem","position":3,"name":"Formula 1 AWS Gran Premio de Espa\u00f1a 2023 Circuit de Barcelona &#8211; Catalunya"}]},{"@type":"WebSite","@id":"https:\/\/turismevalles.com\/en\/#website","url":"https:\/\/turismevalles.com\/en\/","name":"Turisme Vall\u00e8s","description":"","publisher":{"@id":"https:\/\/turismevalles.com\/en\/#organization"},"potentialAction":[{"@type":"SearchAction","target":{"@type":"EntryPoint","urlTemplate":"https:\/\/turismevalles.com\/en\/?s={search_term_string}"},"query-input":{"@type":"PropertyValueSpecification","valueRequired":true,"valueName":"search_term_string"}}],"inLanguage":"fr-FR"},{"@type":"Organization","@id":"https:\/\/turismevalles.com\/en\/#organization","name":"Turisme Vall\u00e8s","url":"https:\/\/turismevalles.com\/en\/","logo":{"@type":"ImageObject","inLanguage":"fr-FR","@id":"https:\/\/turismevalles.com\/en\/#\/schema\/logo\/image\/","url":"https:\/\/turismevalles.com\/wp-content\/uploads\/2020\/08\/cropped-logo_ca-2.png","contentUrl":"https:\/\/turismevalles.com\/wp-content\/uploads\/2020\/08\/cropped-logo_ca-2.png","width":314,"height":85,"caption":"Turisme Vall\u00e8s"},"image":{"@id":"https:\/\/turismevalles.com\/en\/#\/schema\/logo\/image\/"}}]}},"uagb_featured_image_src":{"full":["https:\/\/turismevalles.com\/wp-content\/uploads\/2023\/05\/2023_Circuit_BCN_Catalunya_2205222465.jpg",2362,1575,false],"thumbnail":["https:\/\/turismevalles.com\/wp-content\/uploads\/2023\/05\/2023_Circuit_BCN_Catalunya_2205222465-150x150.jpg",150,150,true],"medium":["https:\/\/turismevalles.com\/wp-content\/uploads\/2023\/05\/2023_Circuit_BCN_Catalunya_2205222465-300x200.jpg",300,200,true],"medium_large":["https:\/\/turismevalles.com\/wp-content\/uploads\/2023\/05\/2023_Circuit_BCN_Catalunya_2205222465-768x512.jpg",768,512,true],"large":["https:\/\/turismevalles.com\/wp-content\/uploads\/2023\/05\/2023_Circuit_BCN_Catalunya_2205222465-1024x683.jpg",1024,683,true],"thumblist":["https:\/\/turismevalles.com\/wp-content\/uploads\/2023\/05\/2023_Circuit_BCN_Catalunya_2205222465-300x300.jpg",300,300,true],"meccarouselthumb":["https:\/\/turismevalles.com\/wp-content\/uploads\/2023\/05\/2023_Circuit_BCN_Catalunya_2205222465-474x324.jpg",474,324,true],"gridsquare":["https:\/\/turismevalles.com\/wp-content\/uploads\/2023\/05\/2023_Circuit_BCN_Catalunya_2205222465-391x260.jpg",391,260,true],"tileview":["https:\/\/turismevalles.com\/wp-content\/uploads\/2023\/05\/2023_Circuit_BCN_Catalunya_2205222465-300x400.jpg",300,400,true],"1536x1536":["https:\/\/turismevalles.com\/wp-content\/uploads\/2023\/05\/2023_Circuit_BCN_Catalunya_2205222465-1536x1024.jpg",1536,1024,true],"2048x2048":["https:\/\/turismevalles.com\/wp-content\/uploads\/2023\/05\/2023_Circuit_BCN_Catalunya_2205222465-2048x1366.jpg",2048,1366,true]},"uagb_author_info":{"display_name":"Turisme Valles","author_link":"https:\/\/turismevalles.com\/fr\/author\/turismevallesoriental\/"},"uagb_comment_info":0,"uagb_excerpt":"Le Grand Cirque revient au Circuit de Barcelona-Catalunya ! La caravane du championnat du monde s\u2019arr\u00eatera en Catalogne du 2 au 4 juin pour offrir ... Veure m\u00e9s","_links":{"self":[{"href":"https:\/\/turismevalles.com\/fr\/wp-json\/wp\/v2\/mec-events\/26771","targetHints":{"allow":["GET"]}}],"collection":[{"href":"https:\/\/turismevalles.com\/fr\/wp-json\/wp\/v2\/mec-events"}],"about":[{"href":"https:\/\/turismevalles.com\/fr\/wp-json\/wp\/v2\/types\/mec-events"}],"author":[{"embeddable":true,"href":"https:\/\/turismevalles.com\/fr\/wp-json\/wp\/v2\/users\/5"}],"replies":[{"embeddable":true,"href":"https:\/\/turismevalles.com\/fr\/wp-json\/wp\/v2\/comments?post=26771"}],"wp:featuredmedia":[{"embeddable":true,"href":"https:\/\/turismevalles.com\/fr\/wp-json\/wp\/v2\/media\/26745"}],"wp:attachment":[{"href":"https:\/\/turismevalles.com\/fr\/wp-json\/wp\/v2\/media?parent=26771"}],"wp:term":[{"taxonomy":"post_tag","embeddable":true,"href":"https:\/\/turismevalles.com\/fr\/wp-json\/wp\/v2\/tags?post=26771"},{"taxonomy":"poblacions","embeddable":true,"href":"https:\/\/turismevalles.com\/fr\/wp-json\/wp\/v2\/poblacions?post=26771"},{"taxonomy":"mec_category","embeddable":true,"href":"https:\/\/turismevalles.com\/fr\/wp-json\/wp\/v2\/mec_category?post=26771"}],"curies":[{"name":"wp","href":"https:\/\/api.w.org\/{rel}","templated":true}]}}