{"id":70769,"date":"2026-05-21T10:47:23","date_gmt":"2026-05-21T08:47:23","guid":{"rendered":"https:\/\/turismevalles.com\/events\/journee-europeenne-des-espaces-naturels-et-des-parcs-dans-le-valles-oriental\/"},"modified":"2026-05-21T11:32:56","modified_gmt":"2026-05-21T09:32:56","slug":"journee-europeenne-espaces-naturels-parcs-dans-le-valles-oriental","status":"publish","type":"mec-events","link":"https:\/\/turismevalles.com\/fr\/events\/journee-europeenne-espaces-naturels-parcs-dans-le-valles-oriental\/","title":{"rendered":"Journ\u00e9e europ\u00e9enne des espaces naturels et des parcs dans le Vall\u00e8s Oriental"},"content":{"rendered":"<p>Espace naturel de Sant Miquel del Fai, parc naturel du Montseny, parc du Montnegre-Corredor, parc de la Serralada Litoral, parc de la Serra de Marina.<\/p>\n<p>Pour plus d&rsquo;informations, cliquez ici., <a href=\"https:\/\/parcs.diba.cat\/ca\/dia-europeu-dels-parcs\">cliquez ici<\/a><\/p>\n","protected":false},"excerpt":{"rendered":"<p>Espace naturel de Sant Miquel del Fai, parc naturel du Montseny, parc du Montnegre-Corredor, parc de la Serralada Litoral, parc de la Serra de Marina. &#8230; <a title=\"Journ\u00e9e europ\u00e9enne des espaces naturels et des parcs dans le Vall\u00e8s Oriental\" class=\"read-more\" href=\"https:\/\/turismevalles.com\/fr\/events\/journee-europeenne-espaces-naturels-parcs-dans-le-valles-oriental\/\" aria-label=\"More on Journ\u00e9e europ\u00e9enne des espaces naturels et des parcs dans le Vall\u00e8s Oriental\">Veure m\u00e9s<\/a><\/p>\n","protected":false},"author":5,"featured_media":70369,"comment_status":"open","ping_status":"closed","template":"","tags":[1283,1142,3239],"poblacions":[3221],"mec_category":[1111,2137,3238],"class_list":["post-70769","mec-events","type-mec-events","status-publish","has-post-thumbnail","hentry","tag-activitats-en-familia-fr","tag-natura-fr","tag-visite-guidee","poblacions-valles-oriental","mec_category-activitats-en-familia-fr","mec_category-natura-fr","mec_category-visite-guidee","generate-columns","tablet-grid-50","mobile-grid-100","grid-parent","grid-33"],"acf":[],"yoast_head":"<!-- This site is optimized with the Yoast SEO plugin v26.4 - https:\/\/yoast.com\/wordpress\/plugins\/seo\/ -->\n<title>Journ\u00e9e europ\u00e9enne des espaces naturels et des parcs dans le Vall\u00e8s Oriental - Turisme Vall\u00e8s<\/title>\n<meta name=\"description\" content=\"dia-europeu-dels-espais-naturals-i-parcs-al-valles-oriental-parc-natural-de-montseny-parc-montnegre-corredor-parc-serralada-litoral\" \/>\n<meta name=\"robots\" content=\"index, follow, max-snippet:-1, max-image-preview:large, max-video-preview:-1\" \/>\n<link rel=\"canonical\" href=\"https:\/\/turismevalles.com\/fr\/events\/journee-europeenne-espaces-naturels-parcs-dans-le-valles-oriental\/\" \/>\n<meta property=\"og:locale\" content=\"fr_FR\" \/>\n<meta property=\"og:type\" content=\"article\" \/>\n<meta property=\"og:title\" content=\"Journ\u00e9e europ\u00e9enne des espaces naturels et des parcs dans le Vall\u00e8s Oriental - Turisme Vall\u00e8s\" \/>\n<meta property=\"og:description\" content=\"dia-europeu-dels-espais-naturals-i-parcs-al-valles-oriental-parc-natural-de-montseny-parc-montnegre-corredor-parc-serralada-litoral\" \/>\n<meta property=\"og:url\" content=\"https:\/\/turismevalles.com\/fr\/events\/journee-europeenne-espaces-naturels-parcs-dans-le-valles-oriental\/\" \/>\n<meta property=\"og:site_name\" content=\"Turisme Vall\u00e8s\" \/>\n<meta property=\"article:modified_time\" content=\"2026-05-21T09:32:56+00:00\" \/>\n<meta property=\"og:image\" content=\"https:\/\/turismevalles.com\/wp-content\/uploads\/2026\/05\/parcs-scaled.png\" \/>\n\t<meta property=\"og:image:width\" content=\"2560\" \/>\n\t<meta property=\"og:image:height\" content=\"1439\" \/>\n\t<meta property=\"og:image:type\" content=\"image\/png\" \/>\n<meta name=\"twitter:card\" content=\"summary_large_image\" \/>\n<meta name=\"twitter:label1\" content=\"Dur\u00e9e de lecture estim\u00e9e\" \/>\n\t<meta name=\"twitter:data1\" content=\"1 minute\" \/>\n<script type=\"application\/ld+json\" class=\"yoast-schema-graph\">{\"@context\":\"https:\/\/schema.org\",\"@graph\":[{\"@type\":\"WebPage\",\"@id\":\"https:\/\/turismevalles.com\/fr\/events\/journee-europeenne-espaces-naturels-parcs-dans-le-valles-oriental\/\",\"url\":\"https:\/\/turismevalles.com\/fr\/events\/journee-europeenne-espaces-naturels-parcs-dans-le-valles-oriental\/\",\"name\":\"Journ\u00e9e europ\u00e9enne des espaces naturels et des parcs dans le Vall\u00e8s Oriental - Turisme Vall\u00e8s\",\"isPartOf\":{\"@id\":\"https:\/\/turismevalles.com\/en\/#website\"},\"primaryImageOfPage\":{\"@id\":\"https:\/\/turismevalles.com\/fr\/events\/journee-europeenne-espaces-naturels-parcs-dans-le-valles-oriental\/#primaryimage\"},\"image\":{\"@id\":\"https:\/\/turismevalles.com\/fr\/events\/journee-europeenne-espaces-naturels-parcs-dans-le-valles-oriental\/#primaryimage\"},\"thumbnailUrl\":\"https:\/\/turismevalles.com\/wp-content\/uploads\/2026\/05\/parcs-scaled.png\",\"datePublished\":\"2026-05-21T08:47:23+00:00\",\"dateModified\":\"2026-05-21T09:32:56+00:00\",\"description\":\"dia-europeu-dels-espais-naturals-i-parcs-al-valles-oriental-parc-natural-de-montseny-parc-montnegre-corredor-parc-serralada-litoral\",\"breadcrumb\":{\"@id\":\"https:\/\/turismevalles.com\/fr\/events\/journee-europeenne-espaces-naturels-parcs-dans-le-valles-oriental\/#breadcrumb\"},\"inLanguage\":\"fr-FR\",\"potentialAction\":[{\"@type\":\"ReadAction\",\"target\":[\"https:\/\/turismevalles.com\/fr\/events\/journee-europeenne-espaces-naturels-parcs-dans-le-valles-oriental\/\"]}]},{\"@type\":\"ImageObject\",\"inLanguage\":\"fr-FR\",\"@id\":\"https:\/\/turismevalles.com\/fr\/events\/journee-europeenne-espaces-naturels-parcs-dans-le-valles-oriental\/#primaryimage\",\"url\":\"https:\/\/turismevalles.com\/wp-content\/uploads\/2026\/05\/parcs-scaled.png\",\"contentUrl\":\"https:\/\/turismevalles.com\/wp-content\/uploads\/2026\/05\/parcs-scaled.png\",\"width\":2560,\"height\":1439},{\"@type\":\"BreadcrumbList\",\"@id\":\"https:\/\/turismevalles.com\/fr\/events\/journee-europeenne-espaces-naturels-parcs-dans-le-valles-oriental\/#breadcrumb\",\"itemListElement\":[{\"@type\":\"ListItem\",\"position\":1,\"name\":\"Inici\",\"item\":\"https:\/\/turismevalles.com\/fr\/\"},{\"@type\":\"ListItem\",\"position\":2,\"name\":\"Esdeveniments\",\"item\":\"https:\/\/turismevalles.com\/events\/\"},{\"@type\":\"ListItem\",\"position\":3,\"name\":\"Journ\u00e9e europ\u00e9enne des espaces naturels et des parcs dans le Vall\u00e8s Oriental\"}]},{\"@type\":\"WebSite\",\"@id\":\"https:\/\/turismevalles.com\/en\/#website\",\"url\":\"https:\/\/turismevalles.com\/en\/\",\"name\":\"Turisme Vall\u00e8s\",\"description\":\"\",\"publisher\":{\"@id\":\"https:\/\/turismevalles.com\/en\/#organization\"},\"potentialAction\":[{\"@type\":\"SearchAction\",\"target\":{\"@type\":\"EntryPoint\",\"urlTemplate\":\"https:\/\/turismevalles.com\/en\/?s={search_term_string}\"},\"query-input\":{\"@type\":\"PropertyValueSpecification\",\"valueRequired\":true,\"valueName\":\"search_term_string\"}}],\"inLanguage\":\"fr-FR\"},{\"@type\":\"Organization\",\"@id\":\"https:\/\/turismevalles.com\/en\/#organization\",\"name\":\"Turisme Vall\u00e8s\",\"url\":\"https:\/\/turismevalles.com\/en\/\",\"logo\":{\"@type\":\"ImageObject\",\"inLanguage\":\"fr-FR\",\"@id\":\"https:\/\/turismevalles.com\/en\/#\/schema\/logo\/image\/\",\"url\":\"https:\/\/turismevalles.com\/wp-content\/uploads\/2020\/08\/cropped-logo_ca-2.png\",\"contentUrl\":\"https:\/\/turismevalles.com\/wp-content\/uploads\/2020\/08\/cropped-logo_ca-2.png\",\"width\":314,\"height\":85,\"caption\":\"Turisme Vall\u00e8s\"},\"image\":{\"@id\":\"https:\/\/turismevalles.com\/en\/#\/schema\/logo\/image\/\"}}]}<\/script>\n<!-- \/ Yoast SEO plugin. -->","yoast_head_json":{"title":"Journ\u00e9e europ\u00e9enne des espaces naturels et des parcs dans le Vall\u00e8s Oriental - Turisme Vall\u00e8s","description":"dia-europeu-dels-espais-naturals-i-parcs-al-valles-oriental-parc-natural-de-montseny-parc-montnegre-corredor-parc-serralada-litoral","robots":{"index":"index","follow":"follow","max-snippet":"max-snippet:-1","max-image-preview":"max-image-preview:large","max-video-preview":"max-video-preview:-1"},"canonical":"https:\/\/turismevalles.com\/fr\/events\/journee-europeenne-espaces-naturels-parcs-dans-le-valles-oriental\/","og_locale":"fr_FR","og_type":"article","og_title":"Journ\u00e9e europ\u00e9enne des espaces naturels et des parcs dans le Vall\u00e8s Oriental - Turisme Vall\u00e8s","og_description":"dia-europeu-dels-espais-naturals-i-parcs-al-valles-oriental-parc-natural-de-montseny-parc-montnegre-corredor-parc-serralada-litoral","og_url":"https:\/\/turismevalles.com\/fr\/events\/journee-europeenne-espaces-naturels-parcs-dans-le-valles-oriental\/","og_site_name":"Turisme Vall\u00e8s","article_modified_time":"2026-05-21T09:32:56+00:00","og_image":[{"width":2560,"height":1439,"url":"https:\/\/turismevalles.com\/wp-content\/uploads\/2026\/05\/parcs-scaled.png","type":"image\/png"}],"twitter_card":"summary_large_image","twitter_misc":{"Dur\u00e9e de lecture estim\u00e9e":"1 minute"},"schema":{"@context":"https:\/\/schema.org","@graph":[{"@type":"WebPage","@id":"https:\/\/turismevalles.com\/fr\/events\/journee-europeenne-espaces-naturels-parcs-dans-le-valles-oriental\/","url":"https:\/\/turismevalles.com\/fr\/events\/journee-europeenne-espaces-naturels-parcs-dans-le-valles-oriental\/","name":"Journ\u00e9e europ\u00e9enne des espaces naturels et des parcs dans le Vall\u00e8s Oriental - Turisme Vall\u00e8s","isPartOf":{"@id":"https:\/\/turismevalles.com\/en\/#website"},"primaryImageOfPage":{"@id":"https:\/\/turismevalles.com\/fr\/events\/journee-europeenne-espaces-naturels-parcs-dans-le-valles-oriental\/#primaryimage"},"image":{"@id":"https:\/\/turismevalles.com\/fr\/events\/journee-europeenne-espaces-naturels-parcs-dans-le-valles-oriental\/#primaryimage"},"thumbnailUrl":"https:\/\/turismevalles.com\/wp-content\/uploads\/2026\/05\/parcs-scaled.png","datePublished":"2026-05-21T08:47:23+00:00","dateModified":"2026-05-21T09:32:56+00:00","description":"dia-europeu-dels-espais-naturals-i-parcs-al-valles-oriental-parc-natural-de-montseny-parc-montnegre-corredor-parc-serralada-litoral","breadcrumb":{"@id":"https:\/\/turismevalles.com\/fr\/events\/journee-europeenne-espaces-naturels-parcs-dans-le-valles-oriental\/#breadcrumb"},"inLanguage":"fr-FR","potentialAction":[{"@type":"ReadAction","target":["https:\/\/turismevalles.com\/fr\/events\/journee-europeenne-espaces-naturels-parcs-dans-le-valles-oriental\/"]}]},{"@type":"ImageObject","inLanguage":"fr-FR","@id":"https:\/\/turismevalles.com\/fr\/events\/journee-europeenne-espaces-naturels-parcs-dans-le-valles-oriental\/#primaryimage","url":"https:\/\/turismevalles.com\/wp-content\/uploads\/2026\/05\/parcs-scaled.png","contentUrl":"https:\/\/turismevalles.com\/wp-content\/uploads\/2026\/05\/parcs-scaled.png","width":2560,"height":1439},{"@type":"BreadcrumbList","@id":"https:\/\/turismevalles.com\/fr\/events\/journee-europeenne-espaces-naturels-parcs-dans-le-valles-oriental\/#breadcrumb","itemListElement":[{"@type":"ListItem","position":1,"name":"Inici","item":"https:\/\/turismevalles.com\/fr\/"},{"@type":"ListItem","position":2,"name":"Esdeveniments","item":"https:\/\/turismevalles.com\/events\/"},{"@type":"ListItem","position":3,"name":"Journ\u00e9e europ\u00e9enne des espaces naturels et des parcs dans le Vall\u00e8s Oriental"}]},{"@type":"WebSite","@id":"https:\/\/turismevalles.com\/en\/#website","url":"https:\/\/turismevalles.com\/en\/","name":"Turisme Vall\u00e8s","description":"","publisher":{"@id":"https:\/\/turismevalles.com\/en\/#organization"},"potentialAction":[{"@type":"SearchAction","target":{"@type":"EntryPoint","urlTemplate":"https:\/\/turismevalles.com\/en\/?s={search_term_string}"},"query-input":{"@type":"PropertyValueSpecification","valueRequired":true,"valueName":"search_term_string"}}],"inLanguage":"fr-FR"},{"@type":"Organization","@id":"https:\/\/turismevalles.com\/en\/#organization","name":"Turisme Vall\u00e8s","url":"https:\/\/turismevalles.com\/en\/","logo":{"@type":"ImageObject","inLanguage":"fr-FR","@id":"https:\/\/turismevalles.com\/en\/#\/schema\/logo\/image\/","url":"https:\/\/turismevalles.com\/wp-content\/uploads\/2020\/08\/cropped-logo_ca-2.png","contentUrl":"https:\/\/turismevalles.com\/wp-content\/uploads\/2020\/08\/cropped-logo_ca-2.png","width":314,"height":85,"caption":"Turisme Vall\u00e8s"},"image":{"@id":"https:\/\/turismevalles.com\/en\/#\/schema\/logo\/image\/"}}]}},"uagb_featured_image_src":{"full":["https:\/\/turismevalles.com\/wp-content\/uploads\/2026\/05\/parcs-scaled.png",2560,1439,false],"thumbnail":["https:\/\/turismevalles.com\/wp-content\/uploads\/2026\/05\/parcs-150x150.png",150,150,true],"medium":["https:\/\/turismevalles.com\/wp-content\/uploads\/2026\/05\/parcs-300x169.png",300,169,true],"medium_large":["https:\/\/turismevalles.com\/wp-content\/uploads\/2026\/05\/parcs-768x432.png",768,432,true],"large":["https:\/\/turismevalles.com\/wp-content\/uploads\/2026\/05\/parcs-1024x576.png",1024,576,true],"thumblist":["https:\/\/turismevalles.com\/wp-content\/uploads\/2026\/05\/parcs-300x300.png",300,300,true],"meccarouselthumb":["https:\/\/turismevalles.com\/wp-content\/uploads\/2026\/05\/parcs-474x324.png",474,324,true],"gridsquare":["https:\/\/turismevalles.com\/wp-content\/uploads\/2026\/05\/parcs-391x260.png",391,260,true],"tileview":["https:\/\/turismevalles.com\/wp-content\/uploads\/2026\/05\/parcs-300x400.png",300,400,true],"1536x1536":["https:\/\/turismevalles.com\/wp-content\/uploads\/2026\/05\/parcs-1536x864.png",1536,864,true],"2048x2048":["https:\/\/turismevalles.com\/wp-content\/uploads\/2026\/05\/parcs-2048x1151.png",2048,1151,true]},"uagb_author_info":{"display_name":"Turisme Valles","author_link":"https:\/\/turismevalles.com\/fr\/author\/turismevallesoriental\/"},"uagb_comment_info":0,"uagb_excerpt":"Espace naturel de Sant Miquel del Fai, parc naturel du Montseny, parc du Montnegre-Corredor, parc de la Serralada Litoral, parc de la Serra de Marina. ... Veure m\u00e9s","_links":{"self":[{"href":"https:\/\/turismevalles.com\/fr\/wp-json\/wp\/v2\/mec-events\/70769","targetHints":{"allow":["GET"]}}],"collection":[{"href":"https:\/\/turismevalles.com\/fr\/wp-json\/wp\/v2\/mec-events"}],"about":[{"href":"https:\/\/turismevalles.com\/fr\/wp-json\/wp\/v2\/types\/mec-events"}],"author":[{"embeddable":true,"href":"https:\/\/turismevalles.com\/fr\/wp-json\/wp\/v2\/users\/5"}],"replies":[{"embeddable":true,"href":"https:\/\/turismevalles.com\/fr\/wp-json\/wp\/v2\/comments?post=70769"}],"wp:featuredmedia":[{"embeddable":true,"href":"https:\/\/turismevalles.com\/fr\/wp-json\/wp\/v2\/media\/70369"}],"wp:attachment":[{"href":"https:\/\/turismevalles.com\/fr\/wp-json\/wp\/v2\/media?parent=70769"}],"wp:term":[{"taxonomy":"post_tag","embeddable":true,"href":"https:\/\/turismevalles.com\/fr\/wp-json\/wp\/v2\/tags?post=70769"},{"taxonomy":"poblacions","embeddable":true,"href":"https:\/\/turismevalles.com\/fr\/wp-json\/wp\/v2\/poblacions?post=70769"},{"taxonomy":"mec_category","embeddable":true,"href":"https:\/\/turismevalles.com\/fr\/wp-json\/wp\/v2\/mec_category?post=70769"}],"curies":[{"name":"wp","href":"https:\/\/api.w.org\/{rel}","templated":true}]}}