{"id":71326,"date":"2026-06-08T13:58:03","date_gmt":"2026-06-08T11:58:03","guid":{"rendered":"https:\/\/turismevalles.com\/?post_type=mec-events&#038;p=71326"},"modified":"2026-06-08T13:58:29","modified_gmt":"2026-06-08T11:58:29","slug":"28eme-serie-de-concerts-a-lermita-sant-joan-de-sanata-de-llinars-del-valles","status":"publish","type":"mec-events","link":"https:\/\/turismevalles.com\/fr\/events\/28eme-serie-de-concerts-a-lermita-sant-joan-de-sanata-de-llinars-del-valles\/","title":{"rendered":"28\u00e8me S\u00e9rie de concerts \u00e0 l&rsquo;Ermita Sant Joan de Sanata de Llinars del Vall\u00e8s"},"content":{"rendered":"<p>Pour plus d&rsquo;informations, instagram @concerts.sanata ou consultez l&rsquo;agenda des activit\u00e9s de Llinars del Vall\u00e8s, ici\u00a0<a href=\"https:\/\/www-llinarsdelvalles-cat.translate.goog\/actualitat\/agenda\/28e-cicle-de-concerts-a-sanata-alhambrisme-i-antillanisme.html?_x_tr_sl=ca&amp;_x_tr_tl=fr&amp;_x_tr_hl=frie%3DUTF-8\">https:\/\/www-llinarsdelvalles-cat.translate.goog\/actualitat\/agenda\/28e-cicle-de-concerts-a-sanata-alhambrisme-i-antillanisme.html?_x_tr_sl=ca&amp;_x_tr_tl=fr&amp;_x_tr_hl=frie%3DUTF-8<\/a><\/p>\n","protected":false},"excerpt":{"rendered":"<p>Pour plus d&rsquo;informations, instagram @concerts.sanata ou consultez l&rsquo;agenda des activit\u00e9s de Llinars del Vall\u00e8s, ici\u00a0https:\/\/www-llinarsdelvalles-cat.translate.goog\/actualitat\/agenda\/28e-cicle-de-concerts-a-sanata-alhambrisme-i-antillanisme.html?_x_tr_sl=ca&amp;_x_tr_tl=fr&amp;_x_tr_hl=frie%3DUTF-8<\/p>\n","protected":false},"author":5,"featured_media":71327,"comment_status":"open","ping_status":"closed","template":"","tags":[1106,3302,1138,1141],"poblacions":[884],"mec_category":[1112,925,3394],"class_list":["post-71326","mec-events","type-mec-events","status-publish","has-post-thumbnail","hentry","tag-activitats-fr","tag-concert","tag-cultura-fr","tag-musica-fr","poblacions-llinars-del-valles-fr","mec_category-concerts-fr","mec_category-cultura-fr","mec_category-musique","generate-columns","tablet-grid-50","mobile-grid-100","grid-parent","grid-33"],"acf":[],"yoast_head":"<!-- This site is optimized with the Yoast SEO plugin v26.4 - https:\/\/yoast.com\/wordpress\/plugins\/seo\/ -->\n<title>28\u00e8me S\u00e9rie de concerts \u00e0 l&#039;Ermita Sant Joan de Sanata de Llinars del Vall\u00e8s - Turisme Vall\u00e8s<\/title>\n<meta name=\"robots\" content=\"index, follow, max-snippet:-1, max-image-preview:large, max-video-preview:-1\" \/>\n<link rel=\"canonical\" href=\"https:\/\/turismevalles.com\/fr\/events\/28eme-serie-de-concerts-a-lermita-sant-joan-de-sanata-de-llinars-del-valles\/\" \/>\n<meta property=\"og:locale\" content=\"fr_FR\" \/>\n<meta property=\"og:type\" content=\"article\" \/>\n<meta property=\"og:title\" content=\"28\u00e8me S\u00e9rie de concerts \u00e0 l&#039;Ermita Sant Joan de Sanata de Llinars del Vall\u00e8s - Turisme Vall\u00e8s\" \/>\n<meta property=\"og:description\" content=\"Pour plus d&rsquo;informations, instagram @concerts.sanata ou consultez l&rsquo;agenda des activit\u00e9s de Llinars del Vall\u00e8s, ici\u00a0https:\/\/www-llinarsdelvalles-cat.translate.goog\/actualitat\/agenda\/28e-cicle-de-concerts-a-sanata-alhambrisme-i-antillanisme.html?_x_tr_sl=ca&amp;_x_tr_tl=fr&amp;_x_tr_hl=frie%3DUTF-8\" \/>\n<meta property=\"og:url\" content=\"https:\/\/turismevalles.com\/fr\/events\/28eme-serie-de-concerts-a-lermita-sant-joan-de-sanata-de-llinars-del-valles\/\" \/>\n<meta property=\"og:site_name\" content=\"Turisme Vall\u00e8s\" \/>\n<meta property=\"article:modified_time\" content=\"2026-06-08T11:58:29+00:00\" \/>\n<meta property=\"og:image\" content=\"https:\/\/turismevalles.com\/wp-content\/uploads\/2026\/06\/cartell_sanata_2026.jpg\" \/>\n\t<meta property=\"og:image:width\" content=\"1080\" \/>\n\t<meta property=\"og:image:height\" content=\"1350\" \/>\n\t<meta property=\"og:image:type\" content=\"image\/jpeg\" \/>\n<meta name=\"twitter:card\" content=\"summary_large_image\" \/>\n<meta name=\"twitter:label1\" content=\"Dur\u00e9e de lecture estim\u00e9e\" \/>\n\t<meta name=\"twitter:data1\" content=\"1 minute\" \/>\n<script type=\"application\/ld+json\" class=\"yoast-schema-graph\">{\"@context\":\"https:\/\/schema.org\",\"@graph\":[{\"@type\":\"WebPage\",\"@id\":\"https:\/\/turismevalles.com\/fr\/events\/28eme-serie-de-concerts-a-lermita-sant-joan-de-sanata-de-llinars-del-valles\/\",\"url\":\"https:\/\/turismevalles.com\/fr\/events\/28eme-serie-de-concerts-a-lermita-sant-joan-de-sanata-de-llinars-del-valles\/\",\"name\":\"28\u00e8me S\u00e9rie de concerts \u00e0 l'Ermita Sant Joan de Sanata de Llinars del Vall\u00e8s - Turisme Vall\u00e8s\",\"isPartOf\":{\"@id\":\"https:\/\/turismevalles.com\/en\/#website\"},\"primaryImageOfPage\":{\"@id\":\"https:\/\/turismevalles.com\/fr\/events\/28eme-serie-de-concerts-a-lermita-sant-joan-de-sanata-de-llinars-del-valles\/#primaryimage\"},\"image\":{\"@id\":\"https:\/\/turismevalles.com\/fr\/events\/28eme-serie-de-concerts-a-lermita-sant-joan-de-sanata-de-llinars-del-valles\/#primaryimage\"},\"thumbnailUrl\":\"https:\/\/turismevalles.com\/wp-content\/uploads\/2026\/06\/cartell_sanata_2026.jpg\",\"datePublished\":\"2026-06-08T11:58:03+00:00\",\"dateModified\":\"2026-06-08T11:58:29+00:00\",\"breadcrumb\":{\"@id\":\"https:\/\/turismevalles.com\/fr\/events\/28eme-serie-de-concerts-a-lermita-sant-joan-de-sanata-de-llinars-del-valles\/#breadcrumb\"},\"inLanguage\":\"fr-FR\",\"potentialAction\":[{\"@type\":\"ReadAction\",\"target\":[\"https:\/\/turismevalles.com\/fr\/events\/28eme-serie-de-concerts-a-lermita-sant-joan-de-sanata-de-llinars-del-valles\/\"]}]},{\"@type\":\"ImageObject\",\"inLanguage\":\"fr-FR\",\"@id\":\"https:\/\/turismevalles.com\/fr\/events\/28eme-serie-de-concerts-a-lermita-sant-joan-de-sanata-de-llinars-del-valles\/#primaryimage\",\"url\":\"https:\/\/turismevalles.com\/wp-content\/uploads\/2026\/06\/cartell_sanata_2026.jpg\",\"contentUrl\":\"https:\/\/turismevalles.com\/wp-content\/uploads\/2026\/06\/cartell_sanata_2026.jpg\",\"width\":1080,\"height\":1350},{\"@type\":\"BreadcrumbList\",\"@id\":\"https:\/\/turismevalles.com\/fr\/events\/28eme-serie-de-concerts-a-lermita-sant-joan-de-sanata-de-llinars-del-valles\/#breadcrumb\",\"itemListElement\":[{\"@type\":\"ListItem\",\"position\":1,\"name\":\"Inici\",\"item\":\"https:\/\/turismevalles.com\/fr\/\"},{\"@type\":\"ListItem\",\"position\":2,\"name\":\"Esdeveniments\",\"item\":\"https:\/\/turismevalles.com\/events\/\"},{\"@type\":\"ListItem\",\"position\":3,\"name\":\"28\u00e8me S\u00e9rie de concerts \u00e0 l&#8217;Ermita Sant Joan de Sanata de Llinars del Vall\u00e8s\"}]},{\"@type\":\"WebSite\",\"@id\":\"https:\/\/turismevalles.com\/en\/#website\",\"url\":\"https:\/\/turismevalles.com\/en\/\",\"name\":\"Turisme Vall\u00e8s\",\"description\":\"\",\"publisher\":{\"@id\":\"https:\/\/turismevalles.com\/en\/#organization\"},\"potentialAction\":[{\"@type\":\"SearchAction\",\"target\":{\"@type\":\"EntryPoint\",\"urlTemplate\":\"https:\/\/turismevalles.com\/en\/?s={search_term_string}\"},\"query-input\":{\"@type\":\"PropertyValueSpecification\",\"valueRequired\":true,\"valueName\":\"search_term_string\"}}],\"inLanguage\":\"fr-FR\"},{\"@type\":\"Organization\",\"@id\":\"https:\/\/turismevalles.com\/en\/#organization\",\"name\":\"Turisme Vall\u00e8s\",\"url\":\"https:\/\/turismevalles.com\/en\/\",\"logo\":{\"@type\":\"ImageObject\",\"inLanguage\":\"fr-FR\",\"@id\":\"https:\/\/turismevalles.com\/en\/#\/schema\/logo\/image\/\",\"url\":\"https:\/\/turismevalles.com\/wp-content\/uploads\/2020\/08\/cropped-logo_ca-2.png\",\"contentUrl\":\"https:\/\/turismevalles.com\/wp-content\/uploads\/2020\/08\/cropped-logo_ca-2.png\",\"width\":314,\"height\":85,\"caption\":\"Turisme Vall\u00e8s\"},\"image\":{\"@id\":\"https:\/\/turismevalles.com\/en\/#\/schema\/logo\/image\/\"}}]}<\/script>\n<!-- \/ Yoast SEO plugin. -->","yoast_head_json":{"title":"28\u00e8me S\u00e9rie de concerts \u00e0 l'Ermita Sant Joan de Sanata de Llinars del Vall\u00e8s - Turisme Vall\u00e8s","robots":{"index":"index","follow":"follow","max-snippet":"max-snippet:-1","max-image-preview":"max-image-preview:large","max-video-preview":"max-video-preview:-1"},"canonical":"https:\/\/turismevalles.com\/fr\/events\/28eme-serie-de-concerts-a-lermita-sant-joan-de-sanata-de-llinars-del-valles\/","og_locale":"fr_FR","og_type":"article","og_title":"28\u00e8me S\u00e9rie de concerts \u00e0 l'Ermita Sant Joan de Sanata de Llinars del Vall\u00e8s - Turisme Vall\u00e8s","og_description":"Pour plus d&rsquo;informations, instagram @concerts.sanata ou consultez l&rsquo;agenda des activit\u00e9s de Llinars del Vall\u00e8s, ici\u00a0https:\/\/www-llinarsdelvalles-cat.translate.goog\/actualitat\/agenda\/28e-cicle-de-concerts-a-sanata-alhambrisme-i-antillanisme.html?_x_tr_sl=ca&amp;_x_tr_tl=fr&amp;_x_tr_hl=frie%3DUTF-8","og_url":"https:\/\/turismevalles.com\/fr\/events\/28eme-serie-de-concerts-a-lermita-sant-joan-de-sanata-de-llinars-del-valles\/","og_site_name":"Turisme Vall\u00e8s","article_modified_time":"2026-06-08T11:58:29+00:00","og_image":[{"width":1080,"height":1350,"url":"https:\/\/turismevalles.com\/wp-content\/uploads\/2026\/06\/cartell_sanata_2026.jpg","type":"image\/jpeg"}],"twitter_card":"summary_large_image","twitter_misc":{"Dur\u00e9e de lecture estim\u00e9e":"1 minute"},"schema":{"@context":"https:\/\/schema.org","@graph":[{"@type":"WebPage","@id":"https:\/\/turismevalles.com\/fr\/events\/28eme-serie-de-concerts-a-lermita-sant-joan-de-sanata-de-llinars-del-valles\/","url":"https:\/\/turismevalles.com\/fr\/events\/28eme-serie-de-concerts-a-lermita-sant-joan-de-sanata-de-llinars-del-valles\/","name":"28\u00e8me S\u00e9rie de concerts \u00e0 l'Ermita Sant Joan de Sanata de Llinars del Vall\u00e8s - Turisme Vall\u00e8s","isPartOf":{"@id":"https:\/\/turismevalles.com\/en\/#website"},"primaryImageOfPage":{"@id":"https:\/\/turismevalles.com\/fr\/events\/28eme-serie-de-concerts-a-lermita-sant-joan-de-sanata-de-llinars-del-valles\/#primaryimage"},"image":{"@id":"https:\/\/turismevalles.com\/fr\/events\/28eme-serie-de-concerts-a-lermita-sant-joan-de-sanata-de-llinars-del-valles\/#primaryimage"},"thumbnailUrl":"https:\/\/turismevalles.com\/wp-content\/uploads\/2026\/06\/cartell_sanata_2026.jpg","datePublished":"2026-06-08T11:58:03+00:00","dateModified":"2026-06-08T11:58:29+00:00","breadcrumb":{"@id":"https:\/\/turismevalles.com\/fr\/events\/28eme-serie-de-concerts-a-lermita-sant-joan-de-sanata-de-llinars-del-valles\/#breadcrumb"},"inLanguage":"fr-FR","potentialAction":[{"@type":"ReadAction","target":["https:\/\/turismevalles.com\/fr\/events\/28eme-serie-de-concerts-a-lermita-sant-joan-de-sanata-de-llinars-del-valles\/"]}]},{"@type":"ImageObject","inLanguage":"fr-FR","@id":"https:\/\/turismevalles.com\/fr\/events\/28eme-serie-de-concerts-a-lermita-sant-joan-de-sanata-de-llinars-del-valles\/#primaryimage","url":"https:\/\/turismevalles.com\/wp-content\/uploads\/2026\/06\/cartell_sanata_2026.jpg","contentUrl":"https:\/\/turismevalles.com\/wp-content\/uploads\/2026\/06\/cartell_sanata_2026.jpg","width":1080,"height":1350},{"@type":"BreadcrumbList","@id":"https:\/\/turismevalles.com\/fr\/events\/28eme-serie-de-concerts-a-lermita-sant-joan-de-sanata-de-llinars-del-valles\/#breadcrumb","itemListElement":[{"@type":"ListItem","position":1,"name":"Inici","item":"https:\/\/turismevalles.com\/fr\/"},{"@type":"ListItem","position":2,"name":"Esdeveniments","item":"https:\/\/turismevalles.com\/events\/"},{"@type":"ListItem","position":3,"name":"28\u00e8me S\u00e9rie de concerts \u00e0 l&#8217;Ermita Sant Joan de Sanata de Llinars del Vall\u00e8s"}]},{"@type":"WebSite","@id":"https:\/\/turismevalles.com\/en\/#website","url":"https:\/\/turismevalles.com\/en\/","name":"Turisme Vall\u00e8s","description":"","publisher":{"@id":"https:\/\/turismevalles.com\/en\/#organization"},"potentialAction":[{"@type":"SearchAction","target":{"@type":"EntryPoint","urlTemplate":"https:\/\/turismevalles.com\/en\/?s={search_term_string}"},"query-input":{"@type":"PropertyValueSpecification","valueRequired":true,"valueName":"search_term_string"}}],"inLanguage":"fr-FR"},{"@type":"Organization","@id":"https:\/\/turismevalles.com\/en\/#organization","name":"Turisme Vall\u00e8s","url":"https:\/\/turismevalles.com\/en\/","logo":{"@type":"ImageObject","inLanguage":"fr-FR","@id":"https:\/\/turismevalles.com\/en\/#\/schema\/logo\/image\/","url":"https:\/\/turismevalles.com\/wp-content\/uploads\/2020\/08\/cropped-logo_ca-2.png","contentUrl":"https:\/\/turismevalles.com\/wp-content\/uploads\/2020\/08\/cropped-logo_ca-2.png","width":314,"height":85,"caption":"Turisme Vall\u00e8s"},"image":{"@id":"https:\/\/turismevalles.com\/en\/#\/schema\/logo\/image\/"}}]}},"uagb_featured_image_src":{"full":["https:\/\/turismevalles.com\/wp-content\/uploads\/2026\/06\/cartell_sanata_2026.jpg",1080,1350,false],"thumbnail":["https:\/\/turismevalles.com\/wp-content\/uploads\/2026\/06\/cartell_sanata_2026-150x150.jpg",150,150,true],"medium":["https:\/\/turismevalles.com\/wp-content\/uploads\/2026\/06\/cartell_sanata_2026-240x300.jpg",240,300,true],"medium_large":["https:\/\/turismevalles.com\/wp-content\/uploads\/2026\/06\/cartell_sanata_2026-768x960.jpg",768,960,true],"large":["https:\/\/turismevalles.com\/wp-content\/uploads\/2026\/06\/cartell_sanata_2026-819x1024.jpg",819,1024,true],"thumblist":["https:\/\/turismevalles.com\/wp-content\/uploads\/2026\/06\/cartell_sanata_2026-300x300.jpg",300,300,true],"meccarouselthumb":["https:\/\/turismevalles.com\/wp-content\/uploads\/2026\/06\/cartell_sanata_2026-474x324.jpg",474,324,true],"gridsquare":["https:\/\/turismevalles.com\/wp-content\/uploads\/2026\/06\/cartell_sanata_2026-391x260.jpg",391,260,true],"tileview":["https:\/\/turismevalles.com\/wp-content\/uploads\/2026\/06\/cartell_sanata_2026-300x400.jpg",300,400,true],"1536x1536":["https:\/\/turismevalles.com\/wp-content\/uploads\/2026\/06\/cartell_sanata_2026.jpg",1080,1350,false],"2048x2048":["https:\/\/turismevalles.com\/wp-content\/uploads\/2026\/06\/cartell_sanata_2026.jpg",1080,1350,false]},"uagb_author_info":{"display_name":"Turisme Valles","author_link":"https:\/\/turismevalles.com\/fr\/author\/turismevallesoriental\/"},"uagb_comment_info":0,"uagb_excerpt":"Pour plus d&rsquo;informations, instagram @concerts.sanata ou consultez l&rsquo;agenda des activit\u00e9s de Llinars del Vall\u00e8s, ici\u00a0https:\/\/www-llinarsdelvalles-cat.translate.goog\/actualitat\/agenda\/28e-cicle-de-concerts-a-sanata-alhambrisme-i-antillanisme.html?_x_tr_sl=ca&amp;_x_tr_tl=fr&amp;_x_tr_hl=frie%3DUTF-8","_links":{"self":[{"href":"https:\/\/turismevalles.com\/fr\/wp-json\/wp\/v2\/mec-events\/71326","targetHints":{"allow":["GET"]}}],"collection":[{"href":"https:\/\/turismevalles.com\/fr\/wp-json\/wp\/v2\/mec-events"}],"about":[{"href":"https:\/\/turismevalles.com\/fr\/wp-json\/wp\/v2\/types\/mec-events"}],"author":[{"embeddable":true,"href":"https:\/\/turismevalles.com\/fr\/wp-json\/wp\/v2\/users\/5"}],"replies":[{"embeddable":true,"href":"https:\/\/turismevalles.com\/fr\/wp-json\/wp\/v2\/comments?post=71326"}],"wp:featuredmedia":[{"embeddable":true,"href":"https:\/\/turismevalles.com\/fr\/wp-json\/wp\/v2\/media\/71327"}],"wp:attachment":[{"href":"https:\/\/turismevalles.com\/fr\/wp-json\/wp\/v2\/media?parent=71326"}],"wp:term":[{"taxonomy":"post_tag","embeddable":true,"href":"https:\/\/turismevalles.com\/fr\/wp-json\/wp\/v2\/tags?post=71326"},{"taxonomy":"poblacions","embeddable":true,"href":"https:\/\/turismevalles.com\/fr\/wp-json\/wp\/v2\/poblacions?post=71326"},{"taxonomy":"mec_category","embeddable":true,"href":"https:\/\/turismevalles.com\/fr\/wp-json\/wp\/v2\/mec_category?post=71326"}],"curies":[{"name":"wp","href":"https:\/\/api.w.org\/{rel}","templated":true}]}}