{"id":71357,"date":"2026-06-09T11:21:46","date_gmt":"2026-06-09T09:21:46","guid":{"rendered":"https:\/\/turismevalles.com\/events\/enotast-degustez-le-pays-du-raisin-blanc-a-montornes-del-valles\/"},"modified":"2026-06-09T11:33:53","modified_gmt":"2026-06-09T09:33:53","slug":"enotast-degustez-le-pays-du-raisin-blanc-a-montornes-del-valles","status":"publish","type":"mec-events","link":"https:\/\/turismevalles.com\/fr\/events\/enotast-degustez-le-pays-du-raisin-blanc-a-montornes-del-valles\/","title":{"rendered":"EnoTast: d\u00e9gustez le pays du raisin blanc \u00e0 Montorn\u00e8s del Vall\u00e8s"},"content":{"rendered":"<p>Pour plus d&rsquo;informations, cliquez <a href=\"https:\/\/www.terrapansablanca.cat\/experiencies\/enotast-tasta-la-terra-de-la-pansa-blanca-a-montornes-del-valles-4\/\">ici<\/a><\/p>\n","protected":false},"excerpt":{"rendered":"<p>Pour plus d&rsquo;informations, cliquez ici<\/p>\n","protected":false},"author":5,"featured_media":71354,"comment_status":"open","ping_status":"closed","template":"","tags":[1106,3250,2685,1796,3366],"poblacions":[411],"mec_category":[925,3251,1844],"class_list":["post-71357","mec-events","type-mec-events","status-publish","has-post-thumbnail","hentry","tag-activitats-fr","tag-alella-do","tag-cicloturisme-fr","tag-gastronomia-fr","tag-tourisme-senior","poblacions-montornes-del-valles-fr","mec_category-cultura-fr","mec_category-degustez","mec_category-enotast-es-fr","generate-columns","tablet-grid-50","mobile-grid-100","grid-parent","grid-33"],"acf":[],"yoast_head":"<!-- This site is optimized with the Yoast SEO plugin v26.4 - https:\/\/yoast.com\/wordpress\/plugins\/seo\/ -->\n<title>EnoTast: d\u00e9gustez le pays du raisin blanc \u00e0 Montorn\u00e8s del Vall\u00e8s - Turisme Vall\u00e8s<\/title>\n<meta name=\"description\" content=\"EnoTast-tasta-la-terra-de-la-pansa-blanca-a-Montorn\u00e8s-del-Vall\u00e8s-valles-oriental-costa-barcelona-barcelona-es-molt-mes\" \/>\n<meta name=\"robots\" content=\"index, follow, max-snippet:-1, max-image-preview:large, max-video-preview:-1\" \/>\n<link rel=\"canonical\" href=\"https:\/\/turismevalles.com\/fr\/events\/enotast-degustez-le-pays-du-raisin-blanc-a-montornes-del-valles\/\" \/>\n<meta property=\"og:locale\" content=\"fr_FR\" \/>\n<meta property=\"og:type\" content=\"article\" \/>\n<meta property=\"og:title\" content=\"EnoTast: d\u00e9gustez le pays du raisin blanc \u00e0 Montorn\u00e8s del Vall\u00e8s - Turisme Vall\u00e8s\" \/>\n<meta property=\"og:description\" content=\"EnoTast-tasta-la-terra-de-la-pansa-blanca-a-Montorn\u00e8s-del-Vall\u00e8s-valles-oriental-costa-barcelona-barcelona-es-molt-mes\" \/>\n<meta property=\"og:url\" content=\"https:\/\/turismevalles.com\/fr\/events\/enotast-degustez-le-pays-du-raisin-blanc-a-montornes-del-valles\/\" \/>\n<meta property=\"og:site_name\" content=\"Turisme Vall\u00e8s\" \/>\n<meta property=\"article:modified_time\" content=\"2026-06-09T09:33:53+00:00\" \/>\n<meta property=\"og:image\" content=\"https:\/\/turismevalles.com\/wp-content\/uploads\/2026\/06\/Quadrat-Montornes_180626.jpg\" \/>\n\t<meta property=\"og:image:width\" content=\"2000\" \/>\n\t<meta property=\"og:image:height\" content=\"2000\" \/>\n\t<meta property=\"og:image:type\" content=\"image\/jpeg\" \/>\n<meta name=\"twitter:card\" content=\"summary_large_image\" \/>\n<meta name=\"twitter:label1\" content=\"Dur\u00e9e de lecture estim\u00e9e\" \/>\n\t<meta name=\"twitter:data1\" content=\"1 minute\" \/>\n<script type=\"application\/ld+json\" class=\"yoast-schema-graph\">{\"@context\":\"https:\/\/schema.org\",\"@graph\":[{\"@type\":\"WebPage\",\"@id\":\"https:\/\/turismevalles.com\/fr\/events\/enotast-degustez-le-pays-du-raisin-blanc-a-montornes-del-valles\/\",\"url\":\"https:\/\/turismevalles.com\/fr\/events\/enotast-degustez-le-pays-du-raisin-blanc-a-montornes-del-valles\/\",\"name\":\"EnoTast: d\u00e9gustez le pays du raisin blanc \u00e0 Montorn\u00e8s del Vall\u00e8s - Turisme Vall\u00e8s\",\"isPartOf\":{\"@id\":\"https:\/\/turismevalles.com\/en\/#website\"},\"primaryImageOfPage\":{\"@id\":\"https:\/\/turismevalles.com\/fr\/events\/enotast-degustez-le-pays-du-raisin-blanc-a-montornes-del-valles\/#primaryimage\"},\"image\":{\"@id\":\"https:\/\/turismevalles.com\/fr\/events\/enotast-degustez-le-pays-du-raisin-blanc-a-montornes-del-valles\/#primaryimage\"},\"thumbnailUrl\":\"https:\/\/turismevalles.com\/wp-content\/uploads\/2026\/06\/Quadrat-Montornes_180626.jpg\",\"datePublished\":\"2026-06-09T09:21:46+00:00\",\"dateModified\":\"2026-06-09T09:33:53+00:00\",\"description\":\"EnoTast-tasta-la-terra-de-la-pansa-blanca-a-Montorn\u00e8s-del-Vall\u00e8s-valles-oriental-costa-barcelona-barcelona-es-molt-mes\",\"breadcrumb\":{\"@id\":\"https:\/\/turismevalles.com\/fr\/events\/enotast-degustez-le-pays-du-raisin-blanc-a-montornes-del-valles\/#breadcrumb\"},\"inLanguage\":\"fr-FR\",\"potentialAction\":[{\"@type\":\"ReadAction\",\"target\":[\"https:\/\/turismevalles.com\/fr\/events\/enotast-degustez-le-pays-du-raisin-blanc-a-montornes-del-valles\/\"]}]},{\"@type\":\"ImageObject\",\"inLanguage\":\"fr-FR\",\"@id\":\"https:\/\/turismevalles.com\/fr\/events\/enotast-degustez-le-pays-du-raisin-blanc-a-montornes-del-valles\/#primaryimage\",\"url\":\"https:\/\/turismevalles.com\/wp-content\/uploads\/2026\/06\/Quadrat-Montornes_180626.jpg\",\"contentUrl\":\"https:\/\/turismevalles.com\/wp-content\/uploads\/2026\/06\/Quadrat-Montornes_180626.jpg\",\"width\":2000,\"height\":2000},{\"@type\":\"BreadcrumbList\",\"@id\":\"https:\/\/turismevalles.com\/fr\/events\/enotast-degustez-le-pays-du-raisin-blanc-a-montornes-del-valles\/#breadcrumb\",\"itemListElement\":[{\"@type\":\"ListItem\",\"position\":1,\"name\":\"Inici\",\"item\":\"https:\/\/turismevalles.com\/fr\/\"},{\"@type\":\"ListItem\",\"position\":2,\"name\":\"Esdeveniments\",\"item\":\"https:\/\/turismevalles.com\/events\/\"},{\"@type\":\"ListItem\",\"position\":3,\"name\":\"EnoTast: d\u00e9gustez le pays du raisin blanc \u00e0 Montorn\u00e8s del Vall\u00e8s\"}]},{\"@type\":\"WebSite\",\"@id\":\"https:\/\/turismevalles.com\/en\/#website\",\"url\":\"https:\/\/turismevalles.com\/en\/\",\"name\":\"Turisme Vall\u00e8s\",\"description\":\"\",\"publisher\":{\"@id\":\"https:\/\/turismevalles.com\/en\/#organization\"},\"potentialAction\":[{\"@type\":\"SearchAction\",\"target\":{\"@type\":\"EntryPoint\",\"urlTemplate\":\"https:\/\/turismevalles.com\/en\/?s={search_term_string}\"},\"query-input\":{\"@type\":\"PropertyValueSpecification\",\"valueRequired\":true,\"valueName\":\"search_term_string\"}}],\"inLanguage\":\"fr-FR\"},{\"@type\":\"Organization\",\"@id\":\"https:\/\/turismevalles.com\/en\/#organization\",\"name\":\"Turisme Vall\u00e8s\",\"url\":\"https:\/\/turismevalles.com\/en\/\",\"logo\":{\"@type\":\"ImageObject\",\"inLanguage\":\"fr-FR\",\"@id\":\"https:\/\/turismevalles.com\/en\/#\/schema\/logo\/image\/\",\"url\":\"https:\/\/turismevalles.com\/wp-content\/uploads\/2020\/08\/cropped-logo_ca-2.png\",\"contentUrl\":\"https:\/\/turismevalles.com\/wp-content\/uploads\/2020\/08\/cropped-logo_ca-2.png\",\"width\":314,\"height\":85,\"caption\":\"Turisme Vall\u00e8s\"},\"image\":{\"@id\":\"https:\/\/turismevalles.com\/en\/#\/schema\/logo\/image\/\"}}]}<\/script>\n<!-- \/ Yoast SEO plugin. -->","yoast_head_json":{"title":"EnoTast: d\u00e9gustez le pays du raisin blanc \u00e0 Montorn\u00e8s del Vall\u00e8s - Turisme Vall\u00e8s","description":"EnoTast-tasta-la-terra-de-la-pansa-blanca-a-Montorn\u00e8s-del-Vall\u00e8s-valles-oriental-costa-barcelona-barcelona-es-molt-mes","robots":{"index":"index","follow":"follow","max-snippet":"max-snippet:-1","max-image-preview":"max-image-preview:large","max-video-preview":"max-video-preview:-1"},"canonical":"https:\/\/turismevalles.com\/fr\/events\/enotast-degustez-le-pays-du-raisin-blanc-a-montornes-del-valles\/","og_locale":"fr_FR","og_type":"article","og_title":"EnoTast: d\u00e9gustez le pays du raisin blanc \u00e0 Montorn\u00e8s del Vall\u00e8s - Turisme Vall\u00e8s","og_description":"EnoTast-tasta-la-terra-de-la-pansa-blanca-a-Montorn\u00e8s-del-Vall\u00e8s-valles-oriental-costa-barcelona-barcelona-es-molt-mes","og_url":"https:\/\/turismevalles.com\/fr\/events\/enotast-degustez-le-pays-du-raisin-blanc-a-montornes-del-valles\/","og_site_name":"Turisme Vall\u00e8s","article_modified_time":"2026-06-09T09:33:53+00:00","og_image":[{"width":2000,"height":2000,"url":"https:\/\/turismevalles.com\/wp-content\/uploads\/2026\/06\/Quadrat-Montornes_180626.jpg","type":"image\/jpeg"}],"twitter_card":"summary_large_image","twitter_misc":{"Dur\u00e9e de lecture estim\u00e9e":"1 minute"},"schema":{"@context":"https:\/\/schema.org","@graph":[{"@type":"WebPage","@id":"https:\/\/turismevalles.com\/fr\/events\/enotast-degustez-le-pays-du-raisin-blanc-a-montornes-del-valles\/","url":"https:\/\/turismevalles.com\/fr\/events\/enotast-degustez-le-pays-du-raisin-blanc-a-montornes-del-valles\/","name":"EnoTast: d\u00e9gustez le pays du raisin blanc \u00e0 Montorn\u00e8s del Vall\u00e8s - Turisme Vall\u00e8s","isPartOf":{"@id":"https:\/\/turismevalles.com\/en\/#website"},"primaryImageOfPage":{"@id":"https:\/\/turismevalles.com\/fr\/events\/enotast-degustez-le-pays-du-raisin-blanc-a-montornes-del-valles\/#primaryimage"},"image":{"@id":"https:\/\/turismevalles.com\/fr\/events\/enotast-degustez-le-pays-du-raisin-blanc-a-montornes-del-valles\/#primaryimage"},"thumbnailUrl":"https:\/\/turismevalles.com\/wp-content\/uploads\/2026\/06\/Quadrat-Montornes_180626.jpg","datePublished":"2026-06-09T09:21:46+00:00","dateModified":"2026-06-09T09:33:53+00:00","description":"EnoTast-tasta-la-terra-de-la-pansa-blanca-a-Montorn\u00e8s-del-Vall\u00e8s-valles-oriental-costa-barcelona-barcelona-es-molt-mes","breadcrumb":{"@id":"https:\/\/turismevalles.com\/fr\/events\/enotast-degustez-le-pays-du-raisin-blanc-a-montornes-del-valles\/#breadcrumb"},"inLanguage":"fr-FR","potentialAction":[{"@type":"ReadAction","target":["https:\/\/turismevalles.com\/fr\/events\/enotast-degustez-le-pays-du-raisin-blanc-a-montornes-del-valles\/"]}]},{"@type":"ImageObject","inLanguage":"fr-FR","@id":"https:\/\/turismevalles.com\/fr\/events\/enotast-degustez-le-pays-du-raisin-blanc-a-montornes-del-valles\/#primaryimage","url":"https:\/\/turismevalles.com\/wp-content\/uploads\/2026\/06\/Quadrat-Montornes_180626.jpg","contentUrl":"https:\/\/turismevalles.com\/wp-content\/uploads\/2026\/06\/Quadrat-Montornes_180626.jpg","width":2000,"height":2000},{"@type":"BreadcrumbList","@id":"https:\/\/turismevalles.com\/fr\/events\/enotast-degustez-le-pays-du-raisin-blanc-a-montornes-del-valles\/#breadcrumb","itemListElement":[{"@type":"ListItem","position":1,"name":"Inici","item":"https:\/\/turismevalles.com\/fr\/"},{"@type":"ListItem","position":2,"name":"Esdeveniments","item":"https:\/\/turismevalles.com\/events\/"},{"@type":"ListItem","position":3,"name":"EnoTast: d\u00e9gustez le pays du raisin blanc \u00e0 Montorn\u00e8s del Vall\u00e8s"}]},{"@type":"WebSite","@id":"https:\/\/turismevalles.com\/en\/#website","url":"https:\/\/turismevalles.com\/en\/","name":"Turisme Vall\u00e8s","description":"","publisher":{"@id":"https:\/\/turismevalles.com\/en\/#organization"},"potentialAction":[{"@type":"SearchAction","target":{"@type":"EntryPoint","urlTemplate":"https:\/\/turismevalles.com\/en\/?s={search_term_string}"},"query-input":{"@type":"PropertyValueSpecification","valueRequired":true,"valueName":"search_term_string"}}],"inLanguage":"fr-FR"},{"@type":"Organization","@id":"https:\/\/turismevalles.com\/en\/#organization","name":"Turisme Vall\u00e8s","url":"https:\/\/turismevalles.com\/en\/","logo":{"@type":"ImageObject","inLanguage":"fr-FR","@id":"https:\/\/turismevalles.com\/en\/#\/schema\/logo\/image\/","url":"https:\/\/turismevalles.com\/wp-content\/uploads\/2020\/08\/cropped-logo_ca-2.png","contentUrl":"https:\/\/turismevalles.com\/wp-content\/uploads\/2020\/08\/cropped-logo_ca-2.png","width":314,"height":85,"caption":"Turisme Vall\u00e8s"},"image":{"@id":"https:\/\/turismevalles.com\/en\/#\/schema\/logo\/image\/"}}]}},"uagb_featured_image_src":{"full":["https:\/\/turismevalles.com\/wp-content\/uploads\/2026\/06\/Quadrat-Montornes_180626.jpg",2000,2000,false],"thumbnail":["https:\/\/turismevalles.com\/wp-content\/uploads\/2026\/06\/Quadrat-Montornes_180626-150x150.jpg",150,150,true],"medium":["https:\/\/turismevalles.com\/wp-content\/uploads\/2026\/06\/Quadrat-Montornes_180626-300x300.jpg",300,300,true],"medium_large":["https:\/\/turismevalles.com\/wp-content\/uploads\/2026\/06\/Quadrat-Montornes_180626-768x768.jpg",768,768,true],"large":["https:\/\/turismevalles.com\/wp-content\/uploads\/2026\/06\/Quadrat-Montornes_180626-1024x1024.jpg",1024,1024,true],"thumblist":["https:\/\/turismevalles.com\/wp-content\/uploads\/2026\/06\/Quadrat-Montornes_180626-300x300.jpg",300,300,true],"meccarouselthumb":["https:\/\/turismevalles.com\/wp-content\/uploads\/2026\/06\/Quadrat-Montornes_180626-474x324.jpg",474,324,true],"gridsquare":["https:\/\/turismevalles.com\/wp-content\/uploads\/2026\/06\/Quadrat-Montornes_180626-391x260.jpg",391,260,true],"tileview":["https:\/\/turismevalles.com\/wp-content\/uploads\/2026\/06\/Quadrat-Montornes_180626-300x400.jpg",300,400,true],"1536x1536":["https:\/\/turismevalles.com\/wp-content\/uploads\/2026\/06\/Quadrat-Montornes_180626-1536x1536.jpg",1536,1536,true],"2048x2048":["https:\/\/turismevalles.com\/wp-content\/uploads\/2026\/06\/Quadrat-Montornes_180626.jpg",2000,2000,false]},"uagb_author_info":{"display_name":"Turisme Valles","author_link":"https:\/\/turismevalles.com\/fr\/author\/turismevallesoriental\/"},"uagb_comment_info":0,"uagb_excerpt":"Pour plus d&rsquo;informations, cliquez ici","_links":{"self":[{"href":"https:\/\/turismevalles.com\/fr\/wp-json\/wp\/v2\/mec-events\/71357","targetHints":{"allow":["GET"]}}],"collection":[{"href":"https:\/\/turismevalles.com\/fr\/wp-json\/wp\/v2\/mec-events"}],"about":[{"href":"https:\/\/turismevalles.com\/fr\/wp-json\/wp\/v2\/types\/mec-events"}],"author":[{"embeddable":true,"href":"https:\/\/turismevalles.com\/fr\/wp-json\/wp\/v2\/users\/5"}],"replies":[{"embeddable":true,"href":"https:\/\/turismevalles.com\/fr\/wp-json\/wp\/v2\/comments?post=71357"}],"wp:featuredmedia":[{"embeddable":true,"href":"https:\/\/turismevalles.com\/fr\/wp-json\/wp\/v2\/media\/71354"}],"wp:attachment":[{"href":"https:\/\/turismevalles.com\/fr\/wp-json\/wp\/v2\/media?parent=71357"}],"wp:term":[{"taxonomy":"post_tag","embeddable":true,"href":"https:\/\/turismevalles.com\/fr\/wp-json\/wp\/v2\/tags?post=71357"},{"taxonomy":"poblacions","embeddable":true,"href":"https:\/\/turismevalles.com\/fr\/wp-json\/wp\/v2\/poblacions?post=71357"},{"taxonomy":"mec_category","embeddable":true,"href":"https:\/\/turismevalles.com\/fr\/wp-json\/wp\/v2\/mec_category?post=71357"}],"curies":[{"name":"wp","href":"https:\/\/api.w.org\/{rel}","templated":true}]}}