{"id":71822,"date":"2026-06-29T12:55:27","date_gmt":"2026-06-29T10:55:27","guid":{"rendered":"https:\/\/turismevalles.com\/events\/sortie-de-la-troisieme-etape-du-tour-de-france-a-granollers\/"},"modified":"2026-06-30T11:21:38","modified_gmt":"2026-06-30T09:21:38","slug":"sortie-de-la-troisieme-etape-du-tour-de-france-a-granollers","status":"publish","type":"mec-events","link":"https:\/\/turismevalles.com\/fr\/events\/sortie-de-la-troisieme-etape-du-tour-de-france-a-granollers\/","title":{"rendered":"Sortie de la troisi\u00e8me \u00e9tape du Tour de France \u00e0 Granollers"},"content":{"rendered":"<p>Lundi 6 juillet, Granollers accueillera le d\u00e9part de la 3e \u00e9tape du Tour de France, dans le cadre du Grand D\u00e9part de Barcelone 2026.<\/p>\n<p>L&rsquo;\u00e9tape, longue de 197 kilom\u00e8tres, reliera Granollers aux Angles.<\/p>\n<p>Le d\u00e9part sera donn\u00e9 \u00e0 12h10 au num\u00e9ro 20 de la Carrer Ramon Llull, o\u00f9 se trouvera \u00e9galement le Village du Tour, point de rencontre pour les fans et lieu de pr\u00e9sentation des cyclistes juste avant le d\u00e9part.<br \/>\nPer a m\u00e9s informaci\u00f3, <a href=\"https:\/\/www.eltouragranollers.cat\/actualitat-1\/la-ciutat-es-prepara-per-la-sortida-de-la-3a-etapa-del-tour-de-frana-a-granollers\">clicar aqu\u00ed<\/a><\/p>\n","protected":false},"excerpt":{"rendered":"<p>Lundi 6 juillet, Granollers accueillera le d\u00e9part de la 3e \u00e9tape du Tour de France, dans le cadre du Grand D\u00e9part de Barcelone 2026. L&rsquo;\u00e9tape, &#8230; <a title=\"Sortie de la troisi\u00e8me \u00e9tape du Tour de France \u00e0 Granollers\" class=\"read-more\" href=\"https:\/\/turismevalles.com\/fr\/events\/sortie-de-la-troisieme-etape-du-tour-de-france-a-granollers\/\" aria-label=\"More on Sortie de la troisi\u00e8me \u00e9tape du Tour de France \u00e0 Granollers\">Veure m\u00e9s<\/a><\/p>\n","protected":false},"author":5,"featured_media":71819,"comment_status":"open","ping_status":"closed","template":"","tags":[3410,985,3412,3411],"poblacions":[406],"mec_category":[3408,3409],"class_list":["post-71822","mec-events","type-mec-events","status-publish","has-post-thumbnail","hentry","tag-cycle","tag-esport-fr","tag-grand-depart","tag-le-tour-de-france","poblacions-granollers-fr","mec_category-cycle","mec_category-sortie","generate-columns","tablet-grid-50","mobile-grid-100","grid-parent","grid-33"],"acf":[],"yoast_head":"<!-- This site is optimized with the Yoast SEO plugin v26.4 - https:\/\/yoast.com\/wordpress\/plugins\/seo\/ -->\n<title>Sortie de la troisi\u00e8me \u00e9tape du Tour de France \u00e0 Granollers - Turisme Vall\u00e8s<\/title>\n<meta name=\"description\" content=\"Sortie-de-la-troisi\u00e8me-\u00e9tape-du-Tour-de-France-a-Granollers-capital-comarca-Vall\u00e8s-Oriental-costa-Barcelona\" \/>\n<meta name=\"robots\" content=\"index, follow, max-snippet:-1, max-image-preview:large, max-video-preview:-1\" \/>\n<link rel=\"canonical\" href=\"https:\/\/turismevalles.com\/fr\/events\/sortie-de-la-troisieme-etape-du-tour-de-france-a-granollers\/\" \/>\n<meta property=\"og:locale\" content=\"fr_FR\" \/>\n<meta property=\"og:type\" content=\"article\" \/>\n<meta property=\"og:title\" content=\"Sortie de la troisi\u00e8me \u00e9tape du Tour de France \u00e0 Granollers - Turisme Vall\u00e8s\" \/>\n<meta property=\"og:description\" content=\"Sortie-de-la-troisi\u00e8me-\u00e9tape-du-Tour-de-France-a-Granollers-capital-comarca-Vall\u00e8s-Oriental-costa-Barcelona\" \/>\n<meta property=\"og:url\" content=\"https:\/\/turismevalles.com\/fr\/events\/sortie-de-la-troisieme-etape-du-tour-de-france-a-granollers\/\" \/>\n<meta property=\"og:site_name\" content=\"Turisme Vall\u00e8s\" \/>\n<meta property=\"article:modified_time\" content=\"2026-06-30T09:21:38+00:00\" \/>\n<meta property=\"og:image\" content=\"https:\/\/turismevalles.com\/wp-content\/uploads\/2026\/06\/foto_tour_noticia_granollers.webp\" \/>\n\t<meta property=\"og:image:width\" content=\"1600\" \/>\n\t<meta property=\"og:image:height\" content=\"900\" \/>\n\t<meta property=\"og:image:type\" content=\"image\/webp\" \/>\n<meta name=\"twitter:card\" content=\"summary_large_image\" \/>\n<meta name=\"twitter:label1\" content=\"Dur\u00e9e de lecture estim\u00e9e\" \/>\n\t<meta name=\"twitter:data1\" content=\"1 minute\" \/>\n<script type=\"application\/ld+json\" class=\"yoast-schema-graph\">{\"@context\":\"https:\/\/schema.org\",\"@graph\":[{\"@type\":\"WebPage\",\"@id\":\"https:\/\/turismevalles.com\/fr\/events\/sortie-de-la-troisieme-etape-du-tour-de-france-a-granollers\/\",\"url\":\"https:\/\/turismevalles.com\/fr\/events\/sortie-de-la-troisieme-etape-du-tour-de-france-a-granollers\/\",\"name\":\"Sortie de la troisi\u00e8me \u00e9tape du Tour de France \u00e0 Granollers - Turisme Vall\u00e8s\",\"isPartOf\":{\"@id\":\"https:\/\/turismevalles.com\/en\/#website\"},\"primaryImageOfPage\":{\"@id\":\"https:\/\/turismevalles.com\/fr\/events\/sortie-de-la-troisieme-etape-du-tour-de-france-a-granollers\/#primaryimage\"},\"image\":{\"@id\":\"https:\/\/turismevalles.com\/fr\/events\/sortie-de-la-troisieme-etape-du-tour-de-france-a-granollers\/#primaryimage\"},\"thumbnailUrl\":\"https:\/\/turismevalles.com\/wp-content\/uploads\/2026\/06\/foto_tour_noticia_granollers.webp\",\"datePublished\":\"2026-06-29T10:55:27+00:00\",\"dateModified\":\"2026-06-30T09:21:38+00:00\",\"description\":\"Sortie-de-la-troisi\u00e8me-\u00e9tape-du-Tour-de-France-a-Granollers-capital-comarca-Vall\u00e8s-Oriental-costa-Barcelona\",\"breadcrumb\":{\"@id\":\"https:\/\/turismevalles.com\/fr\/events\/sortie-de-la-troisieme-etape-du-tour-de-france-a-granollers\/#breadcrumb\"},\"inLanguage\":\"fr-FR\",\"potentialAction\":[{\"@type\":\"ReadAction\",\"target\":[\"https:\/\/turismevalles.com\/fr\/events\/sortie-de-la-troisieme-etape-du-tour-de-france-a-granollers\/\"]}]},{\"@type\":\"ImageObject\",\"inLanguage\":\"fr-FR\",\"@id\":\"https:\/\/turismevalles.com\/fr\/events\/sortie-de-la-troisieme-etape-du-tour-de-france-a-granollers\/#primaryimage\",\"url\":\"https:\/\/turismevalles.com\/wp-content\/uploads\/2026\/06\/foto_tour_noticia_granollers.webp\",\"contentUrl\":\"https:\/\/turismevalles.com\/wp-content\/uploads\/2026\/06\/foto_tour_noticia_granollers.webp\",\"width\":1600,\"height\":900},{\"@type\":\"BreadcrumbList\",\"@id\":\"https:\/\/turismevalles.com\/fr\/events\/sortie-de-la-troisieme-etape-du-tour-de-france-a-granollers\/#breadcrumb\",\"itemListElement\":[{\"@type\":\"ListItem\",\"position\":1,\"name\":\"Inici\",\"item\":\"https:\/\/turismevalles.com\/fr\/\"},{\"@type\":\"ListItem\",\"position\":2,\"name\":\"Esdeveniments\",\"item\":\"https:\/\/turismevalles.com\/events\/\"},{\"@type\":\"ListItem\",\"position\":3,\"name\":\"Sortie de la troisi\u00e8me \u00e9tape du Tour de France \u00e0 Granollers\"}]},{\"@type\":\"WebSite\",\"@id\":\"https:\/\/turismevalles.com\/en\/#website\",\"url\":\"https:\/\/turismevalles.com\/en\/\",\"name\":\"Turisme Vall\u00e8s\",\"description\":\"\",\"publisher\":{\"@id\":\"https:\/\/turismevalles.com\/en\/#organization\"},\"potentialAction\":[{\"@type\":\"SearchAction\",\"target\":{\"@type\":\"EntryPoint\",\"urlTemplate\":\"https:\/\/turismevalles.com\/en\/?s={search_term_string}\"},\"query-input\":{\"@type\":\"PropertyValueSpecification\",\"valueRequired\":true,\"valueName\":\"search_term_string\"}}],\"inLanguage\":\"fr-FR\"},{\"@type\":\"Organization\",\"@id\":\"https:\/\/turismevalles.com\/en\/#organization\",\"name\":\"Turisme Vall\u00e8s\",\"url\":\"https:\/\/turismevalles.com\/en\/\",\"logo\":{\"@type\":\"ImageObject\",\"inLanguage\":\"fr-FR\",\"@id\":\"https:\/\/turismevalles.com\/en\/#\/schema\/logo\/image\/\",\"url\":\"https:\/\/turismevalles.com\/wp-content\/uploads\/2020\/08\/cropped-logo_ca-2.png\",\"contentUrl\":\"https:\/\/turismevalles.com\/wp-content\/uploads\/2020\/08\/cropped-logo_ca-2.png\",\"width\":314,\"height\":85,\"caption\":\"Turisme Vall\u00e8s\"},\"image\":{\"@id\":\"https:\/\/turismevalles.com\/en\/#\/schema\/logo\/image\/\"}}]}<\/script>\n<!-- \/ Yoast SEO plugin. -->","yoast_head_json":{"title":"Sortie de la troisi\u00e8me \u00e9tape du Tour de France \u00e0 Granollers - Turisme Vall\u00e8s","description":"Sortie-de-la-troisi\u00e8me-\u00e9tape-du-Tour-de-France-a-Granollers-capital-comarca-Vall\u00e8s-Oriental-costa-Barcelona","robots":{"index":"index","follow":"follow","max-snippet":"max-snippet:-1","max-image-preview":"max-image-preview:large","max-video-preview":"max-video-preview:-1"},"canonical":"https:\/\/turismevalles.com\/fr\/events\/sortie-de-la-troisieme-etape-du-tour-de-france-a-granollers\/","og_locale":"fr_FR","og_type":"article","og_title":"Sortie de la troisi\u00e8me \u00e9tape du Tour de France \u00e0 Granollers - Turisme Vall\u00e8s","og_description":"Sortie-de-la-troisi\u00e8me-\u00e9tape-du-Tour-de-France-a-Granollers-capital-comarca-Vall\u00e8s-Oriental-costa-Barcelona","og_url":"https:\/\/turismevalles.com\/fr\/events\/sortie-de-la-troisieme-etape-du-tour-de-france-a-granollers\/","og_site_name":"Turisme Vall\u00e8s","article_modified_time":"2026-06-30T09:21:38+00:00","og_image":[{"width":1600,"height":900,"url":"https:\/\/turismevalles.com\/wp-content\/uploads\/2026\/06\/foto_tour_noticia_granollers.webp","type":"image\/webp"}],"twitter_card":"summary_large_image","twitter_misc":{"Dur\u00e9e de lecture estim\u00e9e":"1 minute"},"schema":{"@context":"https:\/\/schema.org","@graph":[{"@type":"WebPage","@id":"https:\/\/turismevalles.com\/fr\/events\/sortie-de-la-troisieme-etape-du-tour-de-france-a-granollers\/","url":"https:\/\/turismevalles.com\/fr\/events\/sortie-de-la-troisieme-etape-du-tour-de-france-a-granollers\/","name":"Sortie de la troisi\u00e8me \u00e9tape du Tour de France \u00e0 Granollers - Turisme Vall\u00e8s","isPartOf":{"@id":"https:\/\/turismevalles.com\/en\/#website"},"primaryImageOfPage":{"@id":"https:\/\/turismevalles.com\/fr\/events\/sortie-de-la-troisieme-etape-du-tour-de-france-a-granollers\/#primaryimage"},"image":{"@id":"https:\/\/turismevalles.com\/fr\/events\/sortie-de-la-troisieme-etape-du-tour-de-france-a-granollers\/#primaryimage"},"thumbnailUrl":"https:\/\/turismevalles.com\/wp-content\/uploads\/2026\/06\/foto_tour_noticia_granollers.webp","datePublished":"2026-06-29T10:55:27+00:00","dateModified":"2026-06-30T09:21:38+00:00","description":"Sortie-de-la-troisi\u00e8me-\u00e9tape-du-Tour-de-France-a-Granollers-capital-comarca-Vall\u00e8s-Oriental-costa-Barcelona","breadcrumb":{"@id":"https:\/\/turismevalles.com\/fr\/events\/sortie-de-la-troisieme-etape-du-tour-de-france-a-granollers\/#breadcrumb"},"inLanguage":"fr-FR","potentialAction":[{"@type":"ReadAction","target":["https:\/\/turismevalles.com\/fr\/events\/sortie-de-la-troisieme-etape-du-tour-de-france-a-granollers\/"]}]},{"@type":"ImageObject","inLanguage":"fr-FR","@id":"https:\/\/turismevalles.com\/fr\/events\/sortie-de-la-troisieme-etape-du-tour-de-france-a-granollers\/#primaryimage","url":"https:\/\/turismevalles.com\/wp-content\/uploads\/2026\/06\/foto_tour_noticia_granollers.webp","contentUrl":"https:\/\/turismevalles.com\/wp-content\/uploads\/2026\/06\/foto_tour_noticia_granollers.webp","width":1600,"height":900},{"@type":"BreadcrumbList","@id":"https:\/\/turismevalles.com\/fr\/events\/sortie-de-la-troisieme-etape-du-tour-de-france-a-granollers\/#breadcrumb","itemListElement":[{"@type":"ListItem","position":1,"name":"Inici","item":"https:\/\/turismevalles.com\/fr\/"},{"@type":"ListItem","position":2,"name":"Esdeveniments","item":"https:\/\/turismevalles.com\/events\/"},{"@type":"ListItem","position":3,"name":"Sortie de la troisi\u00e8me \u00e9tape du Tour de France \u00e0 Granollers"}]},{"@type":"WebSite","@id":"https:\/\/turismevalles.com\/en\/#website","url":"https:\/\/turismevalles.com\/en\/","name":"Turisme Vall\u00e8s","description":"","publisher":{"@id":"https:\/\/turismevalles.com\/en\/#organization"},"potentialAction":[{"@type":"SearchAction","target":{"@type":"EntryPoint","urlTemplate":"https:\/\/turismevalles.com\/en\/?s={search_term_string}"},"query-input":{"@type":"PropertyValueSpecification","valueRequired":true,"valueName":"search_term_string"}}],"inLanguage":"fr-FR"},{"@type":"Organization","@id":"https:\/\/turismevalles.com\/en\/#organization","name":"Turisme Vall\u00e8s","url":"https:\/\/turismevalles.com\/en\/","logo":{"@type":"ImageObject","inLanguage":"fr-FR","@id":"https:\/\/turismevalles.com\/en\/#\/schema\/logo\/image\/","url":"https:\/\/turismevalles.com\/wp-content\/uploads\/2020\/08\/cropped-logo_ca-2.png","contentUrl":"https:\/\/turismevalles.com\/wp-content\/uploads\/2020\/08\/cropped-logo_ca-2.png","width":314,"height":85,"caption":"Turisme Vall\u00e8s"},"image":{"@id":"https:\/\/turismevalles.com\/en\/#\/schema\/logo\/image\/"}}]}},"uagb_featured_image_src":{"full":["https:\/\/turismevalles.com\/wp-content\/uploads\/2026\/06\/foto_tour_noticia_granollers.webp",1600,900,false],"thumbnail":["https:\/\/turismevalles.com\/wp-content\/uploads\/2026\/06\/foto_tour_noticia_granollers-150x150.webp",150,150,true],"medium":["https:\/\/turismevalles.com\/wp-content\/uploads\/2026\/06\/foto_tour_noticia_granollers-300x169.webp",300,169,true],"medium_large":["https:\/\/turismevalles.com\/wp-content\/uploads\/2026\/06\/foto_tour_noticia_granollers-768x432.webp",768,432,true],"large":["https:\/\/turismevalles.com\/wp-content\/uploads\/2026\/06\/foto_tour_noticia_granollers-1024x576.webp",1024,576,true],"thumblist":["https:\/\/turismevalles.com\/wp-content\/uploads\/2026\/06\/foto_tour_noticia_granollers-300x300.webp",300,300,true],"meccarouselthumb":["https:\/\/turismevalles.com\/wp-content\/uploads\/2026\/06\/foto_tour_noticia_granollers-474x324.webp",474,324,true],"gridsquare":["https:\/\/turismevalles.com\/wp-content\/uploads\/2026\/06\/foto_tour_noticia_granollers-391x260.webp",391,260,true],"tileview":["https:\/\/turismevalles.com\/wp-content\/uploads\/2026\/06\/foto_tour_noticia_granollers-300x400.webp",300,400,true],"1536x1536":["https:\/\/turismevalles.com\/wp-content\/uploads\/2026\/06\/foto_tour_noticia_granollers-1536x864.webp",1536,864,true],"2048x2048":["https:\/\/turismevalles.com\/wp-content\/uploads\/2026\/06\/foto_tour_noticia_granollers.webp",1600,900,false]},"uagb_author_info":{"display_name":"Turisme Valles","author_link":"https:\/\/turismevalles.com\/fr\/author\/turismevallesoriental\/"},"uagb_comment_info":0,"uagb_excerpt":"Lundi 6 juillet, Granollers accueillera le d\u00e9part de la 3e \u00e9tape du Tour de France, dans le cadre du Grand D\u00e9part de Barcelone 2026. L&rsquo;\u00e9tape, ... Veure m\u00e9s","_links":{"self":[{"href":"https:\/\/turismevalles.com\/fr\/wp-json\/wp\/v2\/mec-events\/71822","targetHints":{"allow":["GET"]}}],"collection":[{"href":"https:\/\/turismevalles.com\/fr\/wp-json\/wp\/v2\/mec-events"}],"about":[{"href":"https:\/\/turismevalles.com\/fr\/wp-json\/wp\/v2\/types\/mec-events"}],"author":[{"embeddable":true,"href":"https:\/\/turismevalles.com\/fr\/wp-json\/wp\/v2\/users\/5"}],"replies":[{"embeddable":true,"href":"https:\/\/turismevalles.com\/fr\/wp-json\/wp\/v2\/comments?post=71822"}],"wp:featuredmedia":[{"embeddable":true,"href":"https:\/\/turismevalles.com\/fr\/wp-json\/wp\/v2\/media\/71819"}],"wp:attachment":[{"href":"https:\/\/turismevalles.com\/fr\/wp-json\/wp\/v2\/media?parent=71822"}],"wp:term":[{"taxonomy":"post_tag","embeddable":true,"href":"https:\/\/turismevalles.com\/fr\/wp-json\/wp\/v2\/tags?post=71822"},{"taxonomy":"poblacions","embeddable":true,"href":"https:\/\/turismevalles.com\/fr\/wp-json\/wp\/v2\/poblacions?post=71822"},{"taxonomy":"mec_category","embeddable":true,"href":"https:\/\/turismevalles.com\/fr\/wp-json\/wp\/v2\/mec_category?post=71822"}],"curies":[{"name":"wp","href":"https:\/\/api.w.org\/{rel}","templated":true}]}}