{"id":9435,"date":"2020-12-01T12:27:21","date_gmt":"2020-12-01T10:27:21","guid":{"rendered":"http:\/\/turismevalles.com.mialias.net\/municipis\/canoves-i-samalus\/"},"modified":"2022-02-23T13:16:38","modified_gmt":"2022-02-23T12:16:38","slug":"canoves-i-samalus","status":"publish","type":"municipis","link":"https:\/\/turismevalles.com\/fr\/municipalites\/canoves-i-samalus\/","title":{"rendered":"C\u00e0noves i Samal\u00fas"},"content":{"rendered":"\n<p>C\u00e0noves i Samal\u00fas, deux personnalit\u00e9s tr\u00e8s diff\u00e9rentes, o\u00f9 l\u2019on respire bois et prairies,ruisseaux et fermes qui forment un paysage qui captive les sens et nous submerge dans un environnement de grande beaut\u00e9.<\/p>\n\n<p>Nature et culture, histoire et traditions accompagn\u00e9es \u00e9galement d\u2019une bonne diversit\u00e9 gastronomique, forment le patrimoine de notre commune. Un village souscrit au Parc Naturel du Montseny, nomm\u00e9 R\u00e9serve de la Biosph\u00e8re et qui est signataire de la Charte Europ\u00e9enne de Tourisme durable.<\/p>\n\n<p>Ce tr\u00e9sor fournit \u00e0 C\u00e0noves i Samal\u00fas un espace unique et proche dont nous pouvons profiter de maintes fa\u00e7ons:randonn\u00e9es, routes en VTT, routes \u00e0 cheval, routes gastronomiques, visites de son patrimoinehistorique et culturel comme le village ib\u00e9rique de Puig del Castell, l\u2019ermitage n\u00e9ogothique de Sant Salvador de Terrades, l\u2019\u00e9glise romane de Sant Andreu de Samal\u00fas ainsi que celle de Sant Mu\u00e7 de C\u00e0noves, ses fours ib\u00e9riques entre autres sites naturels dignes d\u2019\u00eatre visit\u00e9s. D\u2019un point de vue plus populaire, nous ne pouvons oublier de citer des \u00e9v\u00e9nements aussi importants que ses foires comme par exemple celle de Sant Pon\u00e7 ou l\u2019exposition de carboneig organis\u00e9e tous les deux ans &#8230; Voil\u00e0 un \u00e9ventail de lieux d\u2019int\u00e9r\u00eat et d\u2019activit\u00e9s \u00e0 vivre et \u00e0 d\u00e9couvrir qui vous captiveront.<\/p>\n\n<hr class=\"wp-block-separator\"\/>\n<h2 class=\"gb-headline gb-headline-0fece82c gb-headline-text\">Apropa&rsquo;t i viu C\u00e0noves i Samal\u00fas<\/h2><figure class=\"wp-block-embed is-type-video is-provider-youtube wp-block-embed-youtube wp-embed-aspect-16-9 wp-has-aspect-ratio\">\r\n<div class=\"wp-block-embed__wrapper\">https:\/\/www.youtube.com\/watch?v=5PXou1j528Q&amp;t=3s<\/div><\/figure>","protected":false},"featured_media":7559,"template":"","poblacions":[442],"class_list":["post-9435","municipis","type-municipis","status-publish","has-post-thumbnail","hentry","poblacions-canoves-i-samalus-fr","generate-columns","tablet-grid-50","mobile-grid-100","grid-parent","grid-33"],"acf":{"photo_gallery":{"imatges":[[]]}},"yoast_head":"<!-- This site is optimized with the Yoast SEO plugin v26.4 - https:\/\/yoast.com\/wordpress\/plugins\/seo\/ -->\n<title>C\u00e0noves i Samal\u00fas - Turisme Vall\u00e8s<\/title>\n<meta name=\"robots\" content=\"index, follow, max-snippet:-1, max-image-preview:large, max-video-preview:-1\" \/>\n<link rel=\"canonical\" href=\"https:\/\/turismevalles.com\/municipalites\/canoves-i-samalus\/\" \/>\n<meta property=\"og:locale\" content=\"fr_FR\" \/>\n<meta property=\"og:type\" content=\"article\" \/>\n<meta property=\"og:title\" content=\"C\u00e0noves i Samal\u00fas - Turisme Vall\u00e8s\" \/>\n<meta property=\"og:description\" content=\"C\u00e0noves i Samal\u00fas, deux personnalit\u00e9s tr\u00e8s diff\u00e9rentes, o\u00f9 l\u2019on respire bois et prairies,ruisseaux et fermes qui forment un paysage qui captive les sens et nous ... Veure m\u00e9s\" \/>\n<meta property=\"og:url\" content=\"https:\/\/turismevalles.com\/municipalites\/canoves-i-samalus\/\" \/>\n<meta property=\"og:site_name\" content=\"Turisme Vall\u00e8s\" \/>\n<meta property=\"article:modified_time\" content=\"2022-02-23T12:16:38+00:00\" \/>\n<meta property=\"og:image\" content=\"https:\/\/turismevalles.com\/wp-content\/uploads\/2020\/11\/turismevalles982.jpg\" \/>\n\t<meta property=\"og:image:width\" content=\"700\" \/>\n\t<meta property=\"og:image:height\" content=\"525\" \/>\n\t<meta property=\"og:image:type\" content=\"image\/jpeg\" \/>\n<meta name=\"twitter:card\" content=\"summary_large_image\" \/>\n<meta name=\"twitter:label1\" content=\"Dur\u00e9e de lecture estim\u00e9e\" \/>\n\t<meta name=\"twitter:data1\" content=\"1 minute\" \/>\n<script type=\"application\/ld+json\" class=\"yoast-schema-graph\">{\"@context\":\"https:\/\/schema.org\",\"@graph\":[{\"@type\":\"WebPage\",\"@id\":\"https:\/\/turismevalles.com\/municipalites\/canoves-i-samalus\/\",\"url\":\"https:\/\/turismevalles.com\/municipalites\/canoves-i-samalus\/\",\"name\":\"C\u00e0noves i Samal\u00fas - Turisme Vall\u00e8s\",\"isPartOf\":{\"@id\":\"https:\/\/turismevalles.com\/en\/#website\"},\"primaryImageOfPage\":{\"@id\":\"https:\/\/turismevalles.com\/municipalites\/canoves-i-samalus\/#primaryimage\"},\"image\":{\"@id\":\"https:\/\/turismevalles.com\/municipalites\/canoves-i-samalus\/#primaryimage\"},\"thumbnailUrl\":\"https:\/\/turismevalles.com\/wp-content\/uploads\/2020\/11\/turismevalles982.jpg\",\"datePublished\":\"2020-12-01T10:27:21+00:00\",\"dateModified\":\"2022-02-23T12:16:38+00:00\",\"breadcrumb\":{\"@id\":\"https:\/\/turismevalles.com\/municipalites\/canoves-i-samalus\/#breadcrumb\"},\"inLanguage\":\"fr-FR\",\"potentialAction\":[{\"@type\":\"ReadAction\",\"target\":[\"https:\/\/turismevalles.com\/municipalites\/canoves-i-samalus\/\"]}]},{\"@type\":\"ImageObject\",\"inLanguage\":\"fr-FR\",\"@id\":\"https:\/\/turismevalles.com\/municipalites\/canoves-i-samalus\/#primaryimage\",\"url\":\"https:\/\/turismevalles.com\/wp-content\/uploads\/2020\/11\/turismevalles982.jpg\",\"contentUrl\":\"https:\/\/turismevalles.com\/wp-content\/uploads\/2020\/11\/turismevalles982.jpg\",\"width\":700,\"height\":525},{\"@type\":\"BreadcrumbList\",\"@id\":\"https:\/\/turismevalles.com\/municipalites\/canoves-i-samalus\/#breadcrumb\",\"itemListElement\":[{\"@type\":\"ListItem\",\"position\":1,\"name\":\"Inici\",\"item\":\"https:\/\/turismevalles.com\/fr\/\"},{\"@type\":\"ListItem\",\"position\":2,\"name\":\"Municipis\",\"item\":\"https:\/\/turismevalles.com\/municipis\/\"},{\"@type\":\"ListItem\",\"position\":3,\"name\":\"C\u00e0noves i Samal\u00fas\"}]},{\"@type\":\"WebSite\",\"@id\":\"https:\/\/turismevalles.com\/en\/#website\",\"url\":\"https:\/\/turismevalles.com\/en\/\",\"name\":\"Turisme Vall\u00e8s\",\"description\":\"\",\"publisher\":{\"@id\":\"https:\/\/turismevalles.com\/en\/#organization\"},\"potentialAction\":[{\"@type\":\"SearchAction\",\"target\":{\"@type\":\"EntryPoint\",\"urlTemplate\":\"https:\/\/turismevalles.com\/en\/?s={search_term_string}\"},\"query-input\":{\"@type\":\"PropertyValueSpecification\",\"valueRequired\":true,\"valueName\":\"search_term_string\"}}],\"inLanguage\":\"fr-FR\"},{\"@type\":\"Organization\",\"@id\":\"https:\/\/turismevalles.com\/en\/#organization\",\"name\":\"Turisme Vall\u00e8s\",\"url\":\"https:\/\/turismevalles.com\/en\/\",\"logo\":{\"@type\":\"ImageObject\",\"inLanguage\":\"fr-FR\",\"@id\":\"https:\/\/turismevalles.com\/en\/#\/schema\/logo\/image\/\",\"url\":\"https:\/\/turismevalles.com\/wp-content\/uploads\/2020\/08\/cropped-logo_ca-2.png\",\"contentUrl\":\"https:\/\/turismevalles.com\/wp-content\/uploads\/2020\/08\/cropped-logo_ca-2.png\",\"width\":314,\"height\":85,\"caption\":\"Turisme Vall\u00e8s\"},\"image\":{\"@id\":\"https:\/\/turismevalles.com\/en\/#\/schema\/logo\/image\/\"}}]}<\/script>\n<!-- \/ Yoast SEO plugin. -->","yoast_head_json":{"title":"C\u00e0noves i Samal\u00fas - Turisme Vall\u00e8s","robots":{"index":"index","follow":"follow","max-snippet":"max-snippet:-1","max-image-preview":"max-image-preview:large","max-video-preview":"max-video-preview:-1"},"canonical":"https:\/\/turismevalles.com\/municipalites\/canoves-i-samalus\/","og_locale":"fr_FR","og_type":"article","og_title":"C\u00e0noves i Samal\u00fas - Turisme Vall\u00e8s","og_description":"C\u00e0noves i Samal\u00fas, deux personnalit\u00e9s tr\u00e8s diff\u00e9rentes, o\u00f9 l\u2019on respire bois et prairies,ruisseaux et fermes qui forment un paysage qui captive les sens et nous ... Veure m\u00e9s","og_url":"https:\/\/turismevalles.com\/municipalites\/canoves-i-samalus\/","og_site_name":"Turisme Vall\u00e8s","article_modified_time":"2022-02-23T12:16:38+00:00","og_image":[{"width":700,"height":525,"url":"https:\/\/turismevalles.com\/wp-content\/uploads\/2020\/11\/turismevalles982.jpg","type":"image\/jpeg"}],"twitter_card":"summary_large_image","twitter_misc":{"Dur\u00e9e de lecture estim\u00e9e":"1 minute"},"schema":{"@context":"https:\/\/schema.org","@graph":[{"@type":"WebPage","@id":"https:\/\/turismevalles.com\/municipalites\/canoves-i-samalus\/","url":"https:\/\/turismevalles.com\/municipalites\/canoves-i-samalus\/","name":"C\u00e0noves i Samal\u00fas - Turisme Vall\u00e8s","isPartOf":{"@id":"https:\/\/turismevalles.com\/en\/#website"},"primaryImageOfPage":{"@id":"https:\/\/turismevalles.com\/municipalites\/canoves-i-samalus\/#primaryimage"},"image":{"@id":"https:\/\/turismevalles.com\/municipalites\/canoves-i-samalus\/#primaryimage"},"thumbnailUrl":"https:\/\/turismevalles.com\/wp-content\/uploads\/2020\/11\/turismevalles982.jpg","datePublished":"2020-12-01T10:27:21+00:00","dateModified":"2022-02-23T12:16:38+00:00","breadcrumb":{"@id":"https:\/\/turismevalles.com\/municipalites\/canoves-i-samalus\/#breadcrumb"},"inLanguage":"fr-FR","potentialAction":[{"@type":"ReadAction","target":["https:\/\/turismevalles.com\/municipalites\/canoves-i-samalus\/"]}]},{"@type":"ImageObject","inLanguage":"fr-FR","@id":"https:\/\/turismevalles.com\/municipalites\/canoves-i-samalus\/#primaryimage","url":"https:\/\/turismevalles.com\/wp-content\/uploads\/2020\/11\/turismevalles982.jpg","contentUrl":"https:\/\/turismevalles.com\/wp-content\/uploads\/2020\/11\/turismevalles982.jpg","width":700,"height":525},{"@type":"BreadcrumbList","@id":"https:\/\/turismevalles.com\/municipalites\/canoves-i-samalus\/#breadcrumb","itemListElement":[{"@type":"ListItem","position":1,"name":"Inici","item":"https:\/\/turismevalles.com\/fr\/"},{"@type":"ListItem","position":2,"name":"Municipis","item":"https:\/\/turismevalles.com\/municipis\/"},{"@type":"ListItem","position":3,"name":"C\u00e0noves i Samal\u00fas"}]},{"@type":"WebSite","@id":"https:\/\/turismevalles.com\/en\/#website","url":"https:\/\/turismevalles.com\/en\/","name":"Turisme Vall\u00e8s","description":"","publisher":{"@id":"https:\/\/turismevalles.com\/en\/#organization"},"potentialAction":[{"@type":"SearchAction","target":{"@type":"EntryPoint","urlTemplate":"https:\/\/turismevalles.com\/en\/?s={search_term_string}"},"query-input":{"@type":"PropertyValueSpecification","valueRequired":true,"valueName":"search_term_string"}}],"inLanguage":"fr-FR"},{"@type":"Organization","@id":"https:\/\/turismevalles.com\/en\/#organization","name":"Turisme Vall\u00e8s","url":"https:\/\/turismevalles.com\/en\/","logo":{"@type":"ImageObject","inLanguage":"fr-FR","@id":"https:\/\/turismevalles.com\/en\/#\/schema\/logo\/image\/","url":"https:\/\/turismevalles.com\/wp-content\/uploads\/2020\/08\/cropped-logo_ca-2.png","contentUrl":"https:\/\/turismevalles.com\/wp-content\/uploads\/2020\/08\/cropped-logo_ca-2.png","width":314,"height":85,"caption":"Turisme Vall\u00e8s"},"image":{"@id":"https:\/\/turismevalles.com\/en\/#\/schema\/logo\/image\/"}}]}},"uagb_featured_image_src":{"full":["https:\/\/turismevalles.com\/wp-content\/uploads\/2020\/11\/turismevalles982.jpg",700,525,false],"thumbnail":["https:\/\/turismevalles.com\/wp-content\/uploads\/2020\/11\/turismevalles982-150x150.jpg",150,150,true],"medium":["https:\/\/turismevalles.com\/wp-content\/uploads\/2020\/11\/turismevalles982-300x225.jpg",300,225,true],"medium_large":["https:\/\/turismevalles.com\/wp-content\/uploads\/2020\/11\/turismevalles982.jpg",700,525,false],"large":["https:\/\/turismevalles.com\/wp-content\/uploads\/2020\/11\/turismevalles982.jpg",700,525,false],"thumblist":["https:\/\/turismevalles.com\/wp-content\/uploads\/2020\/11\/turismevalles982.jpg",300,225,false],"meccarouselthumb":["https:\/\/turismevalles.com\/wp-content\/uploads\/2020\/11\/turismevalles982.jpg",432,324,false],"gridsquare":["https:\/\/turismevalles.com\/wp-content\/uploads\/2020\/11\/turismevalles982.jpg",347,260,false],"tileview":["https:\/\/turismevalles.com\/wp-content\/uploads\/2020\/11\/turismevalles982.jpg",300,225,false],"1536x1536":["https:\/\/turismevalles.com\/wp-content\/uploads\/2020\/11\/turismevalles982.jpg",700,525,false],"2048x2048":["https:\/\/turismevalles.com\/wp-content\/uploads\/2020\/11\/turismevalles982.jpg",700,525,false]},"uagb_author_info":{"display_name":"Turisme Valles","author_link":"https:\/\/turismevalles.com\/fr\/author\/"},"uagb_comment_info":0,"uagb_excerpt":"C\u00e0noves i Samal\u00fas, deux personnalit\u00e9s tr\u00e8s diff\u00e9rentes, o\u00f9 l\u2019on respire bois et prairies,ruisseaux et fermes qui forment un paysage qui captive les sens et nous ... Veure m\u00e9s","_links":{"self":[{"href":"https:\/\/turismevalles.com\/fr\/wp-json\/wp\/v2\/municipis\/9435","targetHints":{"allow":["GET"]}}],"collection":[{"href":"https:\/\/turismevalles.com\/fr\/wp-json\/wp\/v2\/municipis"}],"about":[{"href":"https:\/\/turismevalles.com\/fr\/wp-json\/wp\/v2\/types\/municipis"}],"wp:featuredmedia":[{"embeddable":true,"href":"https:\/\/turismevalles.com\/fr\/wp-json\/wp\/v2\/media\/7559"}],"wp:attachment":[{"href":"https:\/\/turismevalles.com\/fr\/wp-json\/wp\/v2\/media?parent=9435"}],"wp:term":[{"taxonomy":"poblacions","embeddable":true,"href":"https:\/\/turismevalles.com\/fr\/wp-json\/wp\/v2\/poblacions?post=9435"}],"curies":[{"name":"wp","href":"https:\/\/api.w.org\/{rel}","templated":true}]}}