{"id":9466,"date":"2020-12-01T12:38:29","date_gmt":"2020-12-01T10:38:29","guid":{"rendered":"http:\/\/turismevalles.com.mialias.net\/municipis\/montornes-del-valles\/"},"modified":"2022-02-23T12:21:19","modified_gmt":"2022-02-23T11:21:19","slug":"montornes-del-valles","status":"publish","type":"municipis","link":"https:\/\/turismevalles.com\/fr\/municipalites\/montornes-del-valles\/","title":{"rendered":"Montorn\u00e8s del Vall\u00e8s"},"content":{"rendered":"\n<p>Montorn\u00e8s del Vall\u00e8s s\u2019\u00e9tend dans la basse vall\u00e9e de la rivi\u00e8re Mogent, jusqu\u2019\u00e0 la confluence avec la rivi\u00e8re Congost. Les montagnes du Parc de la Serralada Litoral, sur la gauche, et le Tur\u00f3 de les Tres Creus, sur la droite, veillent sur cette petite commune calme et tranquille, o\u00f9 il est possible de suivre d\u2019int\u00e9ressants sentiers de randonn\u00e9e et d\u2019admirer la beaut\u00e9 de la v\u00e9g\u00e9tation de bord de rivi\u00e8re le long de son magnifique sentier des berges.<\/p>\n\n<p><\/p>\n\n<p><strong>Histoire, nature&#8230;<\/strong><\/p>\n\n<p>La bourgade abrite l\u2019\u00e9glise de Sant Sadurn\u00ed, un ancien temple roman dont l\u2019abside est encore en bon \u00e9tat gr\u00e2ce \u00e0 des travaux de restauration r\u00e9alis\u00e9s au cours des XVI<sup>e<\/sup>\u00a0et XVII<sup>e<\/sup>\u00a0si\u00e8cles.<\/p>\n\n<p> Une balade dans les rues du vieux quartier permet de d\u00e9couvrir de grandes demeures familiales, comme Can Masferrer, Can Vilar\u00f3 ou Mas Calders, des constructions typiques qui t\u00e9moignent du mode de vie et de la culture des habitants de la r\u00e9gion.<\/p>\n\n<p> Si nous nous aventurons dans la cha\u00eene de montagnes qui entourent la Torre de l\u2019Homenatge du Castell de Sant Miquel, nous tomberons sur les ruines d\u2019un village ib\u00e8re, qui nous transporteront au c\u0153ur de leur histoire mill\u00e9naire.<\/p>\n\n<p> Histoire que nous retrouvons sur le site arch\u00e9ologique de Mons Observans, des vestiges romains du IIe av. J.-C., d\u00e9clar\u00e9s Bien d\u2019int\u00e9r\u00eat culturel en 2008. Il s\u2019agit d\u2019une r\u00e9sidence remontant aux premiers temps de la romanisation, avec deux citernes et des pi\u00e8ces abritant des fresques de style pomp\u00e9ien.<\/p>\n\n<p> Au sommet d\u2019une petite colline, \u00e0 l\u2019ouest, nous tomberons sur la premi\u00e8re station t\u00e9l\u00e9graphique de Catalogne, aujourd\u2019hui convertie en mus\u00e9e. C\u2019est la Torre del Tel\u00e8graf, \u00e9rig\u00e9e en 1848 et restaur\u00e9e en 2012.<\/p>\n\n<p> \u00c0 proximit\u00e9 de la montagne de Can Parellada, le long du chemin menant \u00e0 Palou, on trouve l\u2019abri anti-a\u00e9rien de Ca l\u2019Arnau. Construit en 1938, il s\u2019agit d\u2019une galerie souterraine de plus de cent m\u00e8tres de long o\u00f9 venait se r\u00e9fugier le d\u00e9tachement militaire de l\u2019a\u00e9rodrome 329 de l\u2019arm\u00e9e populaire de la R\u00e9publique.<\/p>\n\n<p><\/p>\n\n<p><strong>Et tradition<\/strong><\/p>\n\n<p>Montorn\u00e8sdel Vall\u00e8s explose pendant la f\u00eate patronale, qui se tient le troisi\u00e8me week-end de septembre et d\u00e9bute par des feux d\u2019artifice avec la Cremada de l\u2019Ajuntament et la\u00a0<em>colla<\/em>del Drac i Diable.<\/p>\n\n<p> La trobada de gegants (ou ronde des g\u00e9ants) est l\u2019un des rendez-vous phare de la f\u00eate, pour les habitants de Montorn\u00e8s comme pour les visiteurs. Les gens vibrent au son dela traditionnelle Dansa de la Batalla, avec pour personnages principaux les g\u00e9ants Pere Anton de Rocacrespa et Bartomeu Sala. Cette danse reconstitue la bataille qui eut lieu dans le village le 4 janvier 1485 et qui marqua la fin de la Guerra dels Remences*, lorsque le pr\u00e9v\u00f4t de Barcelone se plia face aux paysans.<\/p>\n\n<p>Ce fait historique inspire La Remen\u00e7ada, un spectacle po\u00e9tique et musical de rue qui a vu le jour en juin 2014 et aspire \u00e0 devenir une v\u00e9ritable r\u00e9f\u00e9rence populaire.<\/p>\n\n<hr class=\"wp-block-separator\"\/>\n<h2 class=\"gb-headline gb-headline-dccaa80d gb-headline-text\">Apropa&rsquo;t i viu Montorn\u00e8s del Vall\u00e8s<\/h2><figure class=\"wp-block-embed is-type-video is-provider-youtube wp-block-embed-youtube wp-embed-aspect-16-9 wp-has-aspect-ratio\">\r\n<div class=\"wp-block-embed__wrapper\">https:\/\/www.youtube.com\/watch?v=mdlh9MAoCzU<\/div><\/figure>","protected":false},"featured_media":7610,"template":"","poblacions":[411],"class_list":["post-9466","municipis","type-municipis","status-publish","has-post-thumbnail","hentry","poblacions-montornes-del-valles-fr","generate-columns","tablet-grid-50","mobile-grid-100","grid-parent","grid-33"],"acf":{"photo_gallery":{"imatges":[[]]}},"yoast_head":"<!-- This site is optimized with the Yoast SEO plugin v26.4 - https:\/\/yoast.com\/wordpress\/plugins\/seo\/ -->\n<title>Montorn\u00e8s del Vall\u00e8s - Turisme Vall\u00e8s<\/title>\n<meta name=\"robots\" content=\"index, follow, max-snippet:-1, max-image-preview:large, max-video-preview:-1\" \/>\n<link rel=\"canonical\" href=\"https:\/\/turismevalles.com\/fr\/municipalites\/montornes-del-valles\/\" \/>\n<meta property=\"og:locale\" content=\"fr_FR\" \/>\n<meta property=\"og:type\" content=\"article\" \/>\n<meta property=\"og:title\" content=\"Montorn\u00e8s del Vall\u00e8s - Turisme Vall\u00e8s\" \/>\n<meta property=\"og:description\" content=\"Montorn\u00e8s del Vall\u00e8s s\u2019\u00e9tend dans la basse vall\u00e9e de la rivi\u00e8re Mogent, jusqu\u2019\u00e0 la confluence avec la rivi\u00e8re Congost. Les montagnes du Parc de la ... Veure m\u00e9s\" \/>\n<meta property=\"og:url\" content=\"https:\/\/turismevalles.com\/fr\/municipalites\/montornes-del-valles\/\" \/>\n<meta property=\"og:site_name\" content=\"Turisme Vall\u00e8s\" \/>\n<meta property=\"article:modified_time\" content=\"2022-02-23T11:21:19+00:00\" \/>\n<meta property=\"og:image\" content=\"https:\/\/turismevalles.com\/wp-content\/uploads\/2020\/11\/turismevalles996.jpg\" \/>\n\t<meta property=\"og:image:width\" content=\"525\" \/>\n\t<meta property=\"og:image:height\" content=\"700\" \/>\n\t<meta property=\"og:image:type\" content=\"image\/jpeg\" \/>\n<meta name=\"twitter:card\" content=\"summary_large_image\" \/>\n<meta name=\"twitter:label1\" content=\"Dur\u00e9e de lecture estim\u00e9e\" \/>\n\t<meta name=\"twitter:data1\" content=\"3 minutes\" \/>\n<script type=\"application\/ld+json\" class=\"yoast-schema-graph\">{\"@context\":\"https:\/\/schema.org\",\"@graph\":[{\"@type\":\"WebPage\",\"@id\":\"https:\/\/turismevalles.com\/fr\/municipalites\/montornes-del-valles\/\",\"url\":\"https:\/\/turismevalles.com\/fr\/municipalites\/montornes-del-valles\/\",\"name\":\"Montorn\u00e8s del Vall\u00e8s - Turisme Vall\u00e8s\",\"isPartOf\":{\"@id\":\"https:\/\/turismevalles.com\/en\/#website\"},\"primaryImageOfPage\":{\"@id\":\"https:\/\/turismevalles.com\/fr\/municipalites\/montornes-del-valles\/#primaryimage\"},\"image\":{\"@id\":\"https:\/\/turismevalles.com\/fr\/municipalites\/montornes-del-valles\/#primaryimage\"},\"thumbnailUrl\":\"https:\/\/turismevalles.com\/wp-content\/uploads\/2020\/11\/turismevalles996.jpg\",\"datePublished\":\"2020-12-01T10:38:29+00:00\",\"dateModified\":\"2022-02-23T11:21:19+00:00\",\"breadcrumb\":{\"@id\":\"https:\/\/turismevalles.com\/fr\/municipalites\/montornes-del-valles\/#breadcrumb\"},\"inLanguage\":\"fr-FR\",\"potentialAction\":[{\"@type\":\"ReadAction\",\"target\":[\"https:\/\/turismevalles.com\/fr\/municipalites\/montornes-del-valles\/\"]}]},{\"@type\":\"ImageObject\",\"inLanguage\":\"fr-FR\",\"@id\":\"https:\/\/turismevalles.com\/fr\/municipalites\/montornes-del-valles\/#primaryimage\",\"url\":\"https:\/\/turismevalles.com\/wp-content\/uploads\/2020\/11\/turismevalles996.jpg\",\"contentUrl\":\"https:\/\/turismevalles.com\/wp-content\/uploads\/2020\/11\/turismevalles996.jpg\",\"width\":525,\"height\":700},{\"@type\":\"BreadcrumbList\",\"@id\":\"https:\/\/turismevalles.com\/fr\/municipalites\/montornes-del-valles\/#breadcrumb\",\"itemListElement\":[{\"@type\":\"ListItem\",\"position\":1,\"name\":\"Inici\",\"item\":\"https:\/\/turismevalles.com\/fr\/\"},{\"@type\":\"ListItem\",\"position\":2,\"name\":\"Municipis\",\"item\":\"https:\/\/turismevalles.com\/municipis\/\"},{\"@type\":\"ListItem\",\"position\":3,\"name\":\"Montorn\u00e8s del Vall\u00e8s\"}]},{\"@type\":\"WebSite\",\"@id\":\"https:\/\/turismevalles.com\/en\/#website\",\"url\":\"https:\/\/turismevalles.com\/en\/\",\"name\":\"Turisme Vall\u00e8s\",\"description\":\"\",\"publisher\":{\"@id\":\"https:\/\/turismevalles.com\/en\/#organization\"},\"potentialAction\":[{\"@type\":\"SearchAction\",\"target\":{\"@type\":\"EntryPoint\",\"urlTemplate\":\"https:\/\/turismevalles.com\/en\/?s={search_term_string}\"},\"query-input\":{\"@type\":\"PropertyValueSpecification\",\"valueRequired\":true,\"valueName\":\"search_term_string\"}}],\"inLanguage\":\"fr-FR\"},{\"@type\":\"Organization\",\"@id\":\"https:\/\/turismevalles.com\/en\/#organization\",\"name\":\"Turisme Vall\u00e8s\",\"url\":\"https:\/\/turismevalles.com\/en\/\",\"logo\":{\"@type\":\"ImageObject\",\"inLanguage\":\"fr-FR\",\"@id\":\"https:\/\/turismevalles.com\/en\/#\/schema\/logo\/image\/\",\"url\":\"https:\/\/turismevalles.com\/wp-content\/uploads\/2020\/08\/cropped-logo_ca-2.png\",\"contentUrl\":\"https:\/\/turismevalles.com\/wp-content\/uploads\/2020\/08\/cropped-logo_ca-2.png\",\"width\":314,\"height\":85,\"caption\":\"Turisme Vall\u00e8s\"},\"image\":{\"@id\":\"https:\/\/turismevalles.com\/en\/#\/schema\/logo\/image\/\"}}]}<\/script>\n<!-- \/ Yoast SEO plugin. -->","yoast_head_json":{"title":"Montorn\u00e8s del Vall\u00e8s - Turisme Vall\u00e8s","robots":{"index":"index","follow":"follow","max-snippet":"max-snippet:-1","max-image-preview":"max-image-preview:large","max-video-preview":"max-video-preview:-1"},"canonical":"https:\/\/turismevalles.com\/fr\/municipalites\/montornes-del-valles\/","og_locale":"fr_FR","og_type":"article","og_title":"Montorn\u00e8s del Vall\u00e8s - Turisme Vall\u00e8s","og_description":"Montorn\u00e8s del Vall\u00e8s s\u2019\u00e9tend dans la basse vall\u00e9e de la rivi\u00e8re Mogent, jusqu\u2019\u00e0 la confluence avec la rivi\u00e8re Congost. Les montagnes du Parc de la ... Veure m\u00e9s","og_url":"https:\/\/turismevalles.com\/fr\/municipalites\/montornes-del-valles\/","og_site_name":"Turisme Vall\u00e8s","article_modified_time":"2022-02-23T11:21:19+00:00","og_image":[{"width":525,"height":700,"url":"https:\/\/turismevalles.com\/wp-content\/uploads\/2020\/11\/turismevalles996.jpg","type":"image\/jpeg"}],"twitter_card":"summary_large_image","twitter_misc":{"Dur\u00e9e de lecture estim\u00e9e":"3 minutes"},"schema":{"@context":"https:\/\/schema.org","@graph":[{"@type":"WebPage","@id":"https:\/\/turismevalles.com\/fr\/municipalites\/montornes-del-valles\/","url":"https:\/\/turismevalles.com\/fr\/municipalites\/montornes-del-valles\/","name":"Montorn\u00e8s del Vall\u00e8s - Turisme Vall\u00e8s","isPartOf":{"@id":"https:\/\/turismevalles.com\/en\/#website"},"primaryImageOfPage":{"@id":"https:\/\/turismevalles.com\/fr\/municipalites\/montornes-del-valles\/#primaryimage"},"image":{"@id":"https:\/\/turismevalles.com\/fr\/municipalites\/montornes-del-valles\/#primaryimage"},"thumbnailUrl":"https:\/\/turismevalles.com\/wp-content\/uploads\/2020\/11\/turismevalles996.jpg","datePublished":"2020-12-01T10:38:29+00:00","dateModified":"2022-02-23T11:21:19+00:00","breadcrumb":{"@id":"https:\/\/turismevalles.com\/fr\/municipalites\/montornes-del-valles\/#breadcrumb"},"inLanguage":"fr-FR","potentialAction":[{"@type":"ReadAction","target":["https:\/\/turismevalles.com\/fr\/municipalites\/montornes-del-valles\/"]}]},{"@type":"ImageObject","inLanguage":"fr-FR","@id":"https:\/\/turismevalles.com\/fr\/municipalites\/montornes-del-valles\/#primaryimage","url":"https:\/\/turismevalles.com\/wp-content\/uploads\/2020\/11\/turismevalles996.jpg","contentUrl":"https:\/\/turismevalles.com\/wp-content\/uploads\/2020\/11\/turismevalles996.jpg","width":525,"height":700},{"@type":"BreadcrumbList","@id":"https:\/\/turismevalles.com\/fr\/municipalites\/montornes-del-valles\/#breadcrumb","itemListElement":[{"@type":"ListItem","position":1,"name":"Inici","item":"https:\/\/turismevalles.com\/fr\/"},{"@type":"ListItem","position":2,"name":"Municipis","item":"https:\/\/turismevalles.com\/municipis\/"},{"@type":"ListItem","position":3,"name":"Montorn\u00e8s del Vall\u00e8s"}]},{"@type":"WebSite","@id":"https:\/\/turismevalles.com\/en\/#website","url":"https:\/\/turismevalles.com\/en\/","name":"Turisme Vall\u00e8s","description":"","publisher":{"@id":"https:\/\/turismevalles.com\/en\/#organization"},"potentialAction":[{"@type":"SearchAction","target":{"@type":"EntryPoint","urlTemplate":"https:\/\/turismevalles.com\/en\/?s={search_term_string}"},"query-input":{"@type":"PropertyValueSpecification","valueRequired":true,"valueName":"search_term_string"}}],"inLanguage":"fr-FR"},{"@type":"Organization","@id":"https:\/\/turismevalles.com\/en\/#organization","name":"Turisme Vall\u00e8s","url":"https:\/\/turismevalles.com\/en\/","logo":{"@type":"ImageObject","inLanguage":"fr-FR","@id":"https:\/\/turismevalles.com\/en\/#\/schema\/logo\/image\/","url":"https:\/\/turismevalles.com\/wp-content\/uploads\/2020\/08\/cropped-logo_ca-2.png","contentUrl":"https:\/\/turismevalles.com\/wp-content\/uploads\/2020\/08\/cropped-logo_ca-2.png","width":314,"height":85,"caption":"Turisme Vall\u00e8s"},"image":{"@id":"https:\/\/turismevalles.com\/en\/#\/schema\/logo\/image\/"}}]}},"uagb_featured_image_src":{"full":["https:\/\/turismevalles.com\/wp-content\/uploads\/2020\/11\/turismevalles996.jpg",525,700,false],"thumbnail":["https:\/\/turismevalles.com\/wp-content\/uploads\/2020\/11\/turismevalles996-150x150.jpg",150,150,true],"medium":["https:\/\/turismevalles.com\/wp-content\/uploads\/2020\/11\/turismevalles996-225x300.jpg",225,300,true],"medium_large":["https:\/\/turismevalles.com\/wp-content\/uploads\/2020\/11\/turismevalles996.jpg",525,700,false],"large":["https:\/\/turismevalles.com\/wp-content\/uploads\/2020\/11\/turismevalles996.jpg",525,700,false],"thumblist":["https:\/\/turismevalles.com\/wp-content\/uploads\/2020\/11\/turismevalles996.jpg",225,300,false],"meccarouselthumb":["https:\/\/turismevalles.com\/wp-content\/uploads\/2020\/11\/turismevalles996.jpg",243,324,false],"gridsquare":["https:\/\/turismevalles.com\/wp-content\/uploads\/2020\/11\/turismevalles996.jpg",195,260,false],"tileview":["https:\/\/turismevalles.com\/wp-content\/uploads\/2020\/11\/turismevalles996.jpg",300,400,false],"1536x1536":["https:\/\/turismevalles.com\/wp-content\/uploads\/2020\/11\/turismevalles996.jpg",525,700,false],"2048x2048":["https:\/\/turismevalles.com\/wp-content\/uploads\/2020\/11\/turismevalles996.jpg",525,700,false]},"uagb_author_info":{"display_name":"Turisme Valles","author_link":"https:\/\/turismevalles.com\/fr\/author\/"},"uagb_comment_info":0,"uagb_excerpt":"Montorn\u00e8s del Vall\u00e8s s\u2019\u00e9tend dans la basse vall\u00e9e de la rivi\u00e8re Mogent, jusqu\u2019\u00e0 la confluence avec la rivi\u00e8re Congost. Les montagnes du Parc de la ... Veure m\u00e9s","_links":{"self":[{"href":"https:\/\/turismevalles.com\/fr\/wp-json\/wp\/v2\/municipis\/9466","targetHints":{"allow":["GET"]}}],"collection":[{"href":"https:\/\/turismevalles.com\/fr\/wp-json\/wp\/v2\/municipis"}],"about":[{"href":"https:\/\/turismevalles.com\/fr\/wp-json\/wp\/v2\/types\/municipis"}],"wp:featuredmedia":[{"embeddable":true,"href":"https:\/\/turismevalles.com\/fr\/wp-json\/wp\/v2\/media\/7610"}],"wp:attachment":[{"href":"https:\/\/turismevalles.com\/fr\/wp-json\/wp\/v2\/media?parent=9466"}],"wp:term":[{"taxonomy":"poblacions","embeddable":true,"href":"https:\/\/turismevalles.com\/fr\/wp-json\/wp\/v2\/poblacions?post=9466"}],"curies":[{"name":"wp","href":"https:\/\/api.w.org\/{rel}","templated":true}]}}