{"id":15821,"date":"2021-10-07T12:02:49","date_gmt":"2021-10-07T10:02:49","guid":{"rendered":"http:\/\/turismevalles.com.mialias.net\/culture\/"},"modified":"2021-10-07T14:08:37","modified_gmt":"2021-10-07T12:08:37","slug":"culture","status":"publish","type":"page","link":"https:\/\/turismevalles.com\/fr\/culture\/","title":{"rendered":"Culture"},"content":{"rendered":"\n<div style=\"height:31px\" aria-hidden=\"true\" class=\"wp-block-spacer\"><\/div>\n\n\n\n<div class=\"wp-block-columns rutesvalles is-layout-flex wp-container-core-columns-is-layout-9d6595d7 wp-block-columns-is-layout-flex\">\n<div class=\"wp-block-column is-layout-flow wp-block-column-is-layout-flow\">\n<div class=\"wp-block-image\"><figure class=\"aligncenter size-large\"><img loading=\"lazy\" decoding=\"async\" width=\"1024\" height=\"683\" src=\"http:\/\/turismevalles.com\/wp-content\/uploads\/2021\/08\/YDRAY-XSM_2901-1024x683.jpg\" alt=\"\" class=\"wp-image-14883\" srcset=\"https:\/\/turismevalles.com\/wp-content\/uploads\/2021\/08\/YDRAY-XSM_2901-1024x683.jpg 1024w, https:\/\/turismevalles.com\/wp-content\/uploads\/2021\/08\/YDRAY-XSM_2901-300x200.jpg 300w, https:\/\/turismevalles.com\/wp-content\/uploads\/2021\/08\/YDRAY-XSM_2901-768x512.jpg 768w, https:\/\/turismevalles.com\/wp-content\/uploads\/2021\/08\/YDRAY-XSM_2901-391x260.jpg 391w, https:\/\/turismevalles.com\/wp-content\/uploads\/2021\/08\/YDRAY-XSM_2901-1536x1025.jpg 1536w, https:\/\/turismevalles.com\/wp-content\/uploads\/2021\/08\/YDRAY-XSM_2901.jpg 2000w\" sizes=\"auto, (max-width: 1024px) 100vw, 1024px\" \/><\/figure><\/div>\n\n\n\n<h2 class=\"gb-headline gb-headline-cb504d9a gb-headline-text\"><a href=\"http:\/\/turismevalles.com\/fr\/valles_oriental_contenu\/culture-fr\/\" target=\"_blank\" rel=\"noreferrer noopener\">Patrimoine architectural et arch\u00e9ologique<\/a><\/h2>\n<\/div>\n\n\n\n<div class=\"wp-block-column is-layout-flow wp-block-column-is-layout-flow\">\n<div class=\"wp-block-image\"><figure class=\"aligncenter size-large\"><img loading=\"lazy\" decoding=\"async\" width=\"919\" height=\"614\" src=\"http:\/\/turismevalles.com\/wp-content\/uploads\/2021\/05\/YDRAY-IMG_1367_1371_1200x720-1024x614-1-e1628748376700.jpg\" alt=\"\" class=\"wp-image-14984\" srcset=\"https:\/\/turismevalles.com\/wp-content\/uploads\/2021\/05\/YDRAY-IMG_1367_1371_1200x720-1024x614-1-e1628748376700.jpg 919w, https:\/\/turismevalles.com\/wp-content\/uploads\/2021\/05\/YDRAY-IMG_1367_1371_1200x720-1024x614-1-e1628748376700-300x200.jpg 300w, https:\/\/turismevalles.com\/wp-content\/uploads\/2021\/05\/YDRAY-IMG_1367_1371_1200x720-1024x614-1-e1628748376700-768x513.jpg 768w, https:\/\/turismevalles.com\/wp-content\/uploads\/2021\/05\/YDRAY-IMG_1367_1371_1200x720-1024x614-1-e1628748376700-391x260.jpg 391w\" sizes=\"auto, (max-width: 919px) 100vw, 919px\" \/><\/figure><\/div>\n\n\n\n<h2 class=\"gb-headline gb-headline-413439d8 gb-headline-text\"><a href=\"http:\/\/turismevalles.com\/valles_oriental\/museus-i-centres-dinterpretacio\/\" target=\"_blank\" rel=\"noreferrer noopener\">Mus\u00e9es et centres d&rsquo;interpr\u00e9tation<\/a><\/h2>\n<\/div>\n\n\n\n<div class=\"wp-block-column is-layout-flow wp-block-column-is-layout-flow\">\n<div class=\"wp-block-image\"><figure class=\"aligncenter size-large\"><img loading=\"lazy\" decoding=\"async\" width=\"1024\" height=\"681\" src=\"http:\/\/turismevalles.com\/wp-content\/uploads\/2021\/08\/YDRAY-Concurs-de-Colles-a-Granollers-Foto-Manel-Cuesta-36-1024x681.jpg\" alt=\"\" class=\"wp-image-14862\" srcset=\"https:\/\/turismevalles.com\/wp-content\/uploads\/2021\/08\/YDRAY-Concurs-de-Colles-a-Granollers-Foto-Manel-Cuesta-36-1024x681.jpg 1024w, https:\/\/turismevalles.com\/wp-content\/uploads\/2021\/08\/YDRAY-Concurs-de-Colles-a-Granollers-Foto-Manel-Cuesta-36-300x200.jpg 300w, https:\/\/turismevalles.com\/wp-content\/uploads\/2021\/08\/YDRAY-Concurs-de-Colles-a-Granollers-Foto-Manel-Cuesta-36-768x511.jpg 768w, https:\/\/turismevalles.com\/wp-content\/uploads\/2021\/08\/YDRAY-Concurs-de-Colles-a-Granollers-Foto-Manel-Cuesta-36-391x260.jpg 391w, https:\/\/turismevalles.com\/wp-content\/uploads\/2021\/08\/YDRAY-Concurs-de-Colles-a-Granollers-Foto-Manel-Cuesta-36-1536x1022.jpg 1536w, https:\/\/turismevalles.com\/wp-content\/uploads\/2021\/08\/YDRAY-Concurs-de-Colles-a-Granollers-Foto-Manel-Cuesta-36.jpg 2000w\" sizes=\"auto, (max-width: 1024px) 100vw, 1024px\" \/><\/figure><\/div>\n\n\n\n<h2 class=\"gb-headline gb-headline-16d3aedd gb-headline-text\"><a href=\"http:\/\/turismevalles.com\/valles_oriental_contingut\/festes-i-folklore\/\" target=\"_blank\" rel=\"noreferrer noopener\">F\u00eates et Folklore<\/a><\/h2>\n<\/div>\n<\/div>\n\n\n\n<div class=\"wp-block-columns rutesvalles is-layout-flex wp-container-core-columns-is-layout-9d6595d7 wp-block-columns-is-layout-flex\">\n<div class=\"wp-block-column is-layout-flow wp-block-column-is-layout-flow\">\n<div class=\"wp-block-image\"><figure class=\"aligncenter size-large\"><img loading=\"lazy\" decoding=\"async\" width=\"1024\" height=\"682\" src=\"http:\/\/turismevalles.com\/wp-content\/uploads\/2021\/08\/YDRAY-IMG_0651-1024x682.jpg\" alt=\"\" class=\"wp-image-14870\" srcset=\"https:\/\/turismevalles.com\/wp-content\/uploads\/2021\/08\/YDRAY-IMG_0651-1024x682.jpg 1024w, https:\/\/turismevalles.com\/wp-content\/uploads\/2021\/08\/YDRAY-IMG_0651-300x200.jpg 300w, https:\/\/turismevalles.com\/wp-content\/uploads\/2021\/08\/YDRAY-IMG_0651-768x512.jpg 768w, https:\/\/turismevalles.com\/wp-content\/uploads\/2021\/08\/YDRAY-IMG_0651-391x260.jpg 391w, https:\/\/turismevalles.com\/wp-content\/uploads\/2021\/08\/YDRAY-IMG_0651-1536x1024.jpg 1536w, https:\/\/turismevalles.com\/wp-content\/uploads\/2021\/08\/YDRAY-IMG_0651.jpg 2000w\" sizes=\"auto, (max-width: 1024px) 100vw, 1024px\" \/><\/figure><\/div>\n\n\n\n<h2 class=\"gb-headline gb-headline-28ca9102 gb-headline-text\"><a href=\"http:\/\/turismevalles.com\/valles_oriental\/rutes-i-itineraris-culturals\/\" target=\"_blank\" rel=\"noreferrer noopener\">Itin\u00e9raires<\/a><\/h2>\n<\/div>\n\n\n\n<div class=\"wp-block-column is-layout-flow wp-block-column-is-layout-flow\">\n<div class=\"wp-block-image\"><figure class=\"aligncenter size-large\"><img loading=\"lazy\" decoding=\"async\" width=\"1024\" height=\"685\" src=\"http:\/\/turismevalles.com\/wp-content\/uploads\/2021\/08\/YDRAY-Fira-Titelles-Caldes-32-Manel-Cuesta--1024x685.jpg\" alt=\"\" class=\"wp-image-14866\" srcset=\"https:\/\/turismevalles.com\/wp-content\/uploads\/2021\/08\/YDRAY-Fira-Titelles-Caldes-32-Manel-Cuesta--1024x685.jpg 1024w, https:\/\/turismevalles.com\/wp-content\/uploads\/2021\/08\/YDRAY-Fira-Titelles-Caldes-32-Manel-Cuesta--300x201.jpg 300w, https:\/\/turismevalles.com\/wp-content\/uploads\/2021\/08\/YDRAY-Fira-Titelles-Caldes-32-Manel-Cuesta--768x514.jpg 768w, https:\/\/turismevalles.com\/wp-content\/uploads\/2021\/08\/YDRAY-Fira-Titelles-Caldes-32-Manel-Cuesta--1536x1028.jpg 1536w, https:\/\/turismevalles.com\/wp-content\/uploads\/2021\/08\/YDRAY-Fira-Titelles-Caldes-32-Manel-Cuesta--2048x1371.jpg 2048w\" sizes=\"auto, (max-width: 1024px) 100vw, 1024px\" \/><\/figure><\/div>\n\n\n\n<h2 class=\"gb-headline gb-headline-32749f78 gb-headline-text\"><a href=\"http:\/\/turismevalles.com\/valles_oriental_contingut\/espectacles\/\">Spectacles<\/a><\/h2>\n<\/div>\n\n\n\n<div class=\"wp-block-column is-layout-flow wp-block-column-is-layout-flow\">\n<div class=\"wp-block-image\"><figure class=\"aligncenter size-large\"><img loading=\"lazy\" decoding=\"async\" width=\"1024\" height=\"682\" src=\"http:\/\/turismevalles.com\/wp-content\/uploads\/2021\/08\/YDRAY-MATB-Cardedeu-58-1024x682.jpg\" alt=\"\" class=\"wp-image-14887\" srcset=\"https:\/\/turismevalles.com\/wp-content\/uploads\/2021\/08\/YDRAY-MATB-Cardedeu-58-1024x682.jpg 1024w, https:\/\/turismevalles.com\/wp-content\/uploads\/2021\/08\/YDRAY-MATB-Cardedeu-58-300x200.jpg 300w, https:\/\/turismevalles.com\/wp-content\/uploads\/2021\/08\/YDRAY-MATB-Cardedeu-58-768x512.jpg 768w, https:\/\/turismevalles.com\/wp-content\/uploads\/2021\/08\/YDRAY-MATB-Cardedeu-58-391x260.jpg 391w, https:\/\/turismevalles.com\/wp-content\/uploads\/2021\/08\/YDRAY-MATB-Cardedeu-58-1536x1024.jpg 1536w, https:\/\/turismevalles.com\/wp-content\/uploads\/2021\/08\/YDRAY-MATB-Cardedeu-58.jpg 2000w\" sizes=\"auto, (max-width: 1024px) 100vw, 1024px\" \/><\/figure><\/div>\n\n\n\n<h2 class=\"gb-headline gb-headline-78178765 gb-headline-text\"><a href=\"http:\/\/turismevalles.com\/fr\/valles_oriental\/patrimoine-bibliographique-et-archives\/\">Patrimoine bibliographique et archives<\/a><\/h2>\n<\/div>\n<\/div>\n\n\n\n<div class=\"wp-block-columns rutesvalles is-layout-flex wp-container-core-columns-is-layout-9d6595d7 wp-block-columns-is-layout-flex\">\n<div class=\"wp-block-column is-layout-flow wp-block-column-is-layout-flow\" style=\"flex-basis:33%\">\n<div class=\"wp-block-image\"><figure class=\"aligncenter size-large\"><img loading=\"lazy\" decoding=\"async\" width=\"1024\" height=\"685\" src=\"http:\/\/turismevalles.com\/wp-content\/uploads\/2021\/08\/YDRAY-Big-Band-Granollers-Manel-Cuesta-40-1024x685.jpg\" alt=\"\" class=\"wp-image-14858\" srcset=\"https:\/\/turismevalles.com\/wp-content\/uploads\/2021\/08\/YDRAY-Big-Band-Granollers-Manel-Cuesta-40-1024x685.jpg 1024w, https:\/\/turismevalles.com\/wp-content\/uploads\/2021\/08\/YDRAY-Big-Band-Granollers-Manel-Cuesta-40-300x201.jpg 300w, https:\/\/turismevalles.com\/wp-content\/uploads\/2021\/08\/YDRAY-Big-Band-Granollers-Manel-Cuesta-40-768x514.jpg 768w, https:\/\/turismevalles.com\/wp-content\/uploads\/2021\/08\/YDRAY-Big-Band-Granollers-Manel-Cuesta-40-1536x1028.jpg 1536w, https:\/\/turismevalles.com\/wp-content\/uploads\/2021\/08\/YDRAY-Big-Band-Granollers-Manel-Cuesta-40-2048x1371.jpg 2048w\" sizes=\"auto, (max-width: 1024px) 100vw, 1024px\" \/><\/figure><\/div>\n\n\n\n<h2 class=\"gb-headline gb-headline-5ef5be32 gb-headline-text\"><a href=\"http:\/\/turismevalles.com\/valles_oriental\/musica-del-valles-oriental\/\" target=\"_blank\" rel=\"noreferrer noopener\">Musique du Vall\u00e8s Oriental<\/a><\/h2>\n<\/div>\n<\/div>\n\n\n\n<p><\/p>\n","protected":false},"excerpt":{"rendered":"<p>Patrimoine architectural et arch\u00e9ologique Mus\u00e9es et centres d&rsquo;interpr\u00e9tation F\u00eates et Folklore Itin\u00e9raires Spectacles Patrimoine bibliographique et archives Musique du Vall\u00e8s Oriental<\/p>\n","protected":false},"author":5,"featured_media":15813,"parent":0,"menu_order":0,"comment_status":"closed","ping_status":"closed","template":"","meta":{"_acf_changed":false,"inline_featured_image":false,"_uag_custom_page_level_css":"","footnotes":""},"class_list":{"0":"post-15821","1":"page","2":"type-page","3":"status-publish","4":"has-post-thumbnail","6":"generate-columns","7":"tablet-grid-50","8":"mobile-grid-100","9":"grid-parent","10":"grid-33"},"acf":[],"yoast_head":"<!-- This site is optimized with the Yoast SEO plugin v26.4 - https:\/\/yoast.com\/wordpress\/plugins\/seo\/ -->\n<title>Culture - Turisme Vall\u00e8s<\/title>\n<meta name=\"description\" content=\"La richesse du Vall\u00e8s Oriental se manifeste par sa diversit\u00e9, et la culture de la r\u00e9gion est tr\u00e8s diversifi\u00e9e.\" \/>\n<meta name=\"robots\" content=\"index, follow, max-snippet:-1, max-image-preview:large, max-video-preview:-1\" \/>\n<link rel=\"canonical\" href=\"https:\/\/turismevalles.com\/cultura\/\" \/>\n<meta property=\"og:locale\" content=\"fr_FR\" \/>\n<meta property=\"og:type\" content=\"article\" \/>\n<meta property=\"og:title\" content=\"Culture - Turisme Vall\u00e8s\" \/>\n<meta property=\"og:description\" content=\"La richesse du Vall\u00e8s Oriental se manifeste par sa diversit\u00e9, et la culture de la r\u00e9gion est tr\u00e8s diversifi\u00e9e.\" \/>\n<meta property=\"og:url\" content=\"https:\/\/turismevalles.com\/cultura\/\" \/>\n<meta property=\"og:site_name\" content=\"Turisme Vall\u00e8s\" \/>\n<meta property=\"article:modified_time\" content=\"2021-10-07T12:08:37+00:00\" \/>\n<meta property=\"og:image\" content=\"https:\/\/turismevalles.com\/wp-content\/uploads\/2021\/10\/museu_abello_manel_cuesta_10.jpg\" \/>\n\t<meta property=\"og:image:width\" content=\"787\" \/>\n\t<meta property=\"og:image:height\" content=\"525\" \/>\n\t<meta property=\"og:image:type\" content=\"image\/jpeg\" \/>\n<meta name=\"twitter:card\" content=\"summary_large_image\" \/>\n<meta name=\"twitter:label1\" content=\"Dur\u00e9e de lecture estim\u00e9e\" \/>\n\t<meta name=\"twitter:data1\" content=\"2 minutes\" \/>\n<script type=\"application\/ld+json\" class=\"yoast-schema-graph\">{\"@context\":\"https:\/\/schema.org\",\"@graph\":[{\"@type\":\"WebPage\",\"@id\":\"https:\/\/turismevalles.com\/cultura\/\",\"url\":\"https:\/\/turismevalles.com\/cultura\/\",\"name\":\"Culture - Turisme Vall\u00e8s\",\"isPartOf\":{\"@id\":\"https:\/\/turismevalles.com\/en\/#website\"},\"primaryImageOfPage\":{\"@id\":\"https:\/\/turismevalles.com\/cultura\/#primaryimage\"},\"image\":{\"@id\":\"https:\/\/turismevalles.com\/cultura\/#primaryimage\"},\"thumbnailUrl\":\"https:\/\/turismevalles.com\/wp-content\/uploads\/2021\/10\/museu_abello_manel_cuesta_10.jpg\",\"datePublished\":\"2021-10-07T10:02:49+00:00\",\"dateModified\":\"2021-10-07T12:08:37+00:00\",\"description\":\"La richesse du Vall\u00e8s Oriental se manifeste par sa diversit\u00e9, et la culture de la r\u00e9gion est tr\u00e8s diversifi\u00e9e.\",\"breadcrumb\":{\"@id\":\"https:\/\/turismevalles.com\/cultura\/#breadcrumb\"},\"inLanguage\":\"fr-FR\",\"potentialAction\":[{\"@type\":\"ReadAction\",\"target\":[\"https:\/\/turismevalles.com\/cultura\/\"]}]},{\"@type\":\"ImageObject\",\"inLanguage\":\"fr-FR\",\"@id\":\"https:\/\/turismevalles.com\/cultura\/#primaryimage\",\"url\":\"https:\/\/turismevalles.com\/wp-content\/uploads\/2021\/10\/museu_abello_manel_cuesta_10.jpg\",\"contentUrl\":\"https:\/\/turismevalles.com\/wp-content\/uploads\/2021\/10\/museu_abello_manel_cuesta_10.jpg\",\"width\":787,\"height\":525},{\"@type\":\"BreadcrumbList\",\"@id\":\"https:\/\/turismevalles.com\/cultura\/#breadcrumb\",\"itemListElement\":[{\"@type\":\"ListItem\",\"position\":1,\"name\":\"Inici\",\"item\":\"https:\/\/turismevalles.com\/fr\/\"},{\"@type\":\"ListItem\",\"position\":2,\"name\":\"Culture\"}]},{\"@type\":\"WebSite\",\"@id\":\"https:\/\/turismevalles.com\/en\/#website\",\"url\":\"https:\/\/turismevalles.com\/en\/\",\"name\":\"Turisme Vall\u00e8s\",\"description\":\"\",\"publisher\":{\"@id\":\"https:\/\/turismevalles.com\/en\/#organization\"},\"potentialAction\":[{\"@type\":\"SearchAction\",\"target\":{\"@type\":\"EntryPoint\",\"urlTemplate\":\"https:\/\/turismevalles.com\/en\/?s={search_term_string}\"},\"query-input\":{\"@type\":\"PropertyValueSpecification\",\"valueRequired\":true,\"valueName\":\"search_term_string\"}}],\"inLanguage\":\"fr-FR\"},{\"@type\":\"Organization\",\"@id\":\"https:\/\/turismevalles.com\/en\/#organization\",\"name\":\"Turisme Vall\u00e8s\",\"url\":\"https:\/\/turismevalles.com\/en\/\",\"logo\":{\"@type\":\"ImageObject\",\"inLanguage\":\"fr-FR\",\"@id\":\"https:\/\/turismevalles.com\/en\/#\/schema\/logo\/image\/\",\"url\":\"https:\/\/turismevalles.com\/wp-content\/uploads\/2020\/08\/cropped-logo_ca-2.png\",\"contentUrl\":\"https:\/\/turismevalles.com\/wp-content\/uploads\/2020\/08\/cropped-logo_ca-2.png\",\"width\":314,\"height\":85,\"caption\":\"Turisme Vall\u00e8s\"},\"image\":{\"@id\":\"https:\/\/turismevalles.com\/en\/#\/schema\/logo\/image\/\"}}]}<\/script>\n<!-- \/ Yoast SEO plugin. -->","yoast_head_json":{"title":"Culture - Turisme Vall\u00e8s","description":"La richesse du Vall\u00e8s Oriental se manifeste par sa diversit\u00e9, et la culture de la r\u00e9gion est tr\u00e8s diversifi\u00e9e.","robots":{"index":"index","follow":"follow","max-snippet":"max-snippet:-1","max-image-preview":"max-image-preview:large","max-video-preview":"max-video-preview:-1"},"canonical":"https:\/\/turismevalles.com\/cultura\/","og_locale":"fr_FR","og_type":"article","og_title":"Culture - Turisme Vall\u00e8s","og_description":"La richesse du Vall\u00e8s Oriental se manifeste par sa diversit\u00e9, et la culture de la r\u00e9gion est tr\u00e8s diversifi\u00e9e.","og_url":"https:\/\/turismevalles.com\/cultura\/","og_site_name":"Turisme Vall\u00e8s","article_modified_time":"2021-10-07T12:08:37+00:00","og_image":[{"width":787,"height":525,"url":"https:\/\/turismevalles.com\/wp-content\/uploads\/2021\/10\/museu_abello_manel_cuesta_10.jpg","type":"image\/jpeg"}],"twitter_card":"summary_large_image","twitter_misc":{"Dur\u00e9e de lecture estim\u00e9e":"2 minutes"},"schema":{"@context":"https:\/\/schema.org","@graph":[{"@type":"WebPage","@id":"https:\/\/turismevalles.com\/cultura\/","url":"https:\/\/turismevalles.com\/cultura\/","name":"Culture - Turisme Vall\u00e8s","isPartOf":{"@id":"https:\/\/turismevalles.com\/en\/#website"},"primaryImageOfPage":{"@id":"https:\/\/turismevalles.com\/cultura\/#primaryimage"},"image":{"@id":"https:\/\/turismevalles.com\/cultura\/#primaryimage"},"thumbnailUrl":"https:\/\/turismevalles.com\/wp-content\/uploads\/2021\/10\/museu_abello_manel_cuesta_10.jpg","datePublished":"2021-10-07T10:02:49+00:00","dateModified":"2021-10-07T12:08:37+00:00","description":"La richesse du Vall\u00e8s Oriental se manifeste par sa diversit\u00e9, et la culture de la r\u00e9gion est tr\u00e8s diversifi\u00e9e.","breadcrumb":{"@id":"https:\/\/turismevalles.com\/cultura\/#breadcrumb"},"inLanguage":"fr-FR","potentialAction":[{"@type":"ReadAction","target":["https:\/\/turismevalles.com\/cultura\/"]}]},{"@type":"ImageObject","inLanguage":"fr-FR","@id":"https:\/\/turismevalles.com\/cultura\/#primaryimage","url":"https:\/\/turismevalles.com\/wp-content\/uploads\/2021\/10\/museu_abello_manel_cuesta_10.jpg","contentUrl":"https:\/\/turismevalles.com\/wp-content\/uploads\/2021\/10\/museu_abello_manel_cuesta_10.jpg","width":787,"height":525},{"@type":"BreadcrumbList","@id":"https:\/\/turismevalles.com\/cultura\/#breadcrumb","itemListElement":[{"@type":"ListItem","position":1,"name":"Inici","item":"https:\/\/turismevalles.com\/fr\/"},{"@type":"ListItem","position":2,"name":"Culture"}]},{"@type":"WebSite","@id":"https:\/\/turismevalles.com\/en\/#website","url":"https:\/\/turismevalles.com\/en\/","name":"Turisme Vall\u00e8s","description":"","publisher":{"@id":"https:\/\/turismevalles.com\/en\/#organization"},"potentialAction":[{"@type":"SearchAction","target":{"@type":"EntryPoint","urlTemplate":"https:\/\/turismevalles.com\/en\/?s={search_term_string}"},"query-input":{"@type":"PropertyValueSpecification","valueRequired":true,"valueName":"search_term_string"}}],"inLanguage":"fr-FR"},{"@type":"Organization","@id":"https:\/\/turismevalles.com\/en\/#organization","name":"Turisme Vall\u00e8s","url":"https:\/\/turismevalles.com\/en\/","logo":{"@type":"ImageObject","inLanguage":"fr-FR","@id":"https:\/\/turismevalles.com\/en\/#\/schema\/logo\/image\/","url":"https:\/\/turismevalles.com\/wp-content\/uploads\/2020\/08\/cropped-logo_ca-2.png","contentUrl":"https:\/\/turismevalles.com\/wp-content\/uploads\/2020\/08\/cropped-logo_ca-2.png","width":314,"height":85,"caption":"Turisme Vall\u00e8s"},"image":{"@id":"https:\/\/turismevalles.com\/en\/#\/schema\/logo\/image\/"}}]}},"uagb_featured_image_src":{"full":["https:\/\/turismevalles.com\/wp-content\/uploads\/2021\/10\/museu_abello_manel_cuesta_10.jpg",787,525,false],"thumbnail":["https:\/\/turismevalles.com\/wp-content\/uploads\/2021\/10\/museu_abello_manel_cuesta_10-150x150.jpg",150,150,true],"medium":["https:\/\/turismevalles.com\/wp-content\/uploads\/2021\/10\/museu_abello_manel_cuesta_10-300x200.jpg",300,200,true],"medium_large":["https:\/\/turismevalles.com\/wp-content\/uploads\/2021\/10\/museu_abello_manel_cuesta_10-768x512.jpg",768,512,true],"large":["https:\/\/turismevalles.com\/wp-content\/uploads\/2021\/10\/museu_abello_manel_cuesta_10.jpg",787,525,false],"thumblist":["https:\/\/turismevalles.com\/wp-content\/uploads\/2021\/10\/museu_abello_manel_cuesta_10-300x300.jpg",300,300,true],"meccarouselthumb":["https:\/\/turismevalles.com\/wp-content\/uploads\/2021\/10\/museu_abello_manel_cuesta_10-474x324.jpg",474,324,true],"gridsquare":["https:\/\/turismevalles.com\/wp-content\/uploads\/2021\/10\/museu_abello_manel_cuesta_10-391x260.jpg",391,260,true],"tileview":["https:\/\/turismevalles.com\/wp-content\/uploads\/2021\/10\/museu_abello_manel_cuesta_10-300x400.jpg",300,400,true],"1536x1536":["https:\/\/turismevalles.com\/wp-content\/uploads\/2021\/10\/museu_abello_manel_cuesta_10.jpg",787,525,false],"2048x2048":["https:\/\/turismevalles.com\/wp-content\/uploads\/2021\/10\/museu_abello_manel_cuesta_10.jpg",787,525,false]},"uagb_author_info":{"display_name":"Turisme Valles","author_link":"https:\/\/turismevalles.com\/fr\/author\/turismevallesoriental\/"},"uagb_comment_info":0,"uagb_excerpt":"Patrimoine architectural et arch\u00e9ologique Mus\u00e9es et centres d&rsquo;interpr\u00e9tation F\u00eates et Folklore Itin\u00e9raires Spectacles Patrimoine bibliographique et archives Musique du Vall\u00e8s Oriental","_links":{"self":[{"href":"https:\/\/turismevalles.com\/fr\/wp-json\/wp\/v2\/pages\/15821","targetHints":{"allow":["GET"]}}],"collection":[{"href":"https:\/\/turismevalles.com\/fr\/wp-json\/wp\/v2\/pages"}],"about":[{"href":"https:\/\/turismevalles.com\/fr\/wp-json\/wp\/v2\/types\/page"}],"author":[{"embeddable":true,"href":"https:\/\/turismevalles.com\/fr\/wp-json\/wp\/v2\/users\/5"}],"replies":[{"embeddable":true,"href":"https:\/\/turismevalles.com\/fr\/wp-json\/wp\/v2\/comments?post=15821"}],"version-history":[{"count":0,"href":"https:\/\/turismevalles.com\/fr\/wp-json\/wp\/v2\/pages\/15821\/revisions"}],"wp:featuredmedia":[{"embeddable":true,"href":"https:\/\/turismevalles.com\/fr\/wp-json\/wp\/v2\/media\/15813"}],"wp:attachment":[{"href":"https:\/\/turismevalles.com\/fr\/wp-json\/wp\/v2\/media?parent=15821"}],"curies":[{"name":"wp","href":"https:\/\/api.w.org\/{rel}","templated":true}]}}