{"id":19155,"date":"2022-04-28T10:28:10","date_gmt":"2022-04-28T08:28:10","guid":{"rendered":"http:\/\/turismevalles.com.mialias.net\/comment-y-arriver\/"},"modified":"2023-04-04T16:57:42","modified_gmt":"2023-04-04T14:57:42","slug":"comment-y-arriver","status":"publish","type":"page","link":"https:\/\/turismevalles.com\/fr\/comment-y-arriver\/","title":{"rendered":"Comment y arriver\u00a0?"},"content":{"rendered":"\n<p>Trois voies de communication importantes relient les diff\u00e9rents points de la r\u00e9gion&nbsp;:<\/p>\n\n\n\n<ul class=\"wp-block-list\"><li>AP-7: Autoroute reliant la France &#8211; Girona &#8211; Sant Celoni &#8211; Granollers &#8211; Barcelona &#8211; Tarragona.<\/li><li>C-17&nbsp;: Route express reliant Puigcerd\u00e0 &#8211; Vic &#8211; Granollers &#8211; Barcelona.<\/li><li>C-60&nbsp;: Route express qui conduit \u00e0 la M\u00e9diterran\u00e9e en seulement 20&nbsp;min \u00e0 partir de Granollers.<\/li><\/ul>\n\n\n\n<p>Lignes r\u00e9guli\u00e8res de bus qui desservent diff\u00e9rents points de la r\u00e9gion et la relient avec Barcelone, La Roca Village, la plage, les a\u00e9roports et les communes voisines. Consulter les horaires&nbsp;: <a href=\"http:\/\/www.sagales.com\" target=\"_blank\" rel=\"noreferrer noopener\">www.sagales.com<\/a><\/p>\n\n\n\n<p>Trois lignes trains de banlieue s\u2019arr\u00eatent \u00e0 la plupart des villes et villages de la r\u00e9gion. <br>Consulter les horaires&nbsp;: <a href=\"http:\/\/rodalies.gencat.cat\" target=\"_blank\" rel=\"noreferrer noopener\">http:\/\/rodalies.gencat.cat<\/a><\/p>\n\n\n\n<ul class=\"wp-block-list\"><li>R2: Ligne Portbou-Girona-Ma\u00e7anet\/Massanes-Sant Celoni-Granollers-Barcelona-Aeroport de BCN.<\/li><li>R3&nbsp;: Ligne Puigcerd\u00e0-Vic-Granollers-Barcelona.<\/li><li>R8&nbsp;: Granollers-Universitat Auton\u00f2ma BCN-Martorell.<\/li><\/ul>\n\n\n\n<p>Si vous souhaitez venir dans El Vall\u00e8s Oriental, sachez qu\u2019il existe des alternatives \u00e0 la voiture. Vous disposez de diff\u00e9rentes propositions de transports publics qui vous conduiront l\u00e0 o\u00f9 vous voulez aller.<\/p>\n\n\n<div class=\"gb-grid-wrapper gb-grid-wrapper-9f117785\">\n<div class=\"gb-grid-column gb-grid-column-fc81acd0\"><div class=\"gb-container gb-container-fc81acd0\"><div class=\"gb-inside-container\">\n\n<h1 class=\"has-text-align-center wp-block-heading\"><strong>Train<\/strong><\/h1>\n\n\n\n<figure class=\"wp-block-image size-large\"><a href=\"https:\/\/www.renfe.com\/content\/dam\/renfe\/es\/Viajeros\/Secciones\/Cercanias\/Mapas\/barcelona.png\" target=\"_blank\" rel=\"noopener\"><img decoding=\"async\" src=\"https:\/\/www.renfe.com\/content\/dam\/renfe\/es\/Viajeros\/Secciones\/Cercanias\/Mapas\/barcelona.png\" alt=\"\"\/><\/a><\/figure>\n\n\n\n<h3 class=\"has-text-align-center wp-block-heading\"><a href=\"http:\/\/rodalies.gencat.cat\/ca\/horaris\/tots-els-horaris\/\" target=\"_blank\" rel=\"noreferrer noopener\">Consultez les horaires<\/a><\/h3>\n\n<\/div><\/div><\/div>\n\n<div class=\"gb-grid-column gb-grid-column-78aee587\"><div class=\"gb-container gb-container-78aee587\"><div class=\"gb-inside-container\">\n\n<h1 class=\"has-text-align-center wp-block-heading\"><strong>Bus<\/strong><\/h1>\n\n\n\n<figure class=\"wp-block-image size-large\"><a href=\"https:\/\/www.sagales.com\/\" target=\"_blank\" rel=\"noopener\"><img loading=\"lazy\" decoding=\"async\" width=\"1024\" height=\"768\" src=\"http:\/\/turismevalles.com\/wp-content\/uploads\/2021\/10\/Foto3SAGALES-1024x768.jpg\" alt=\"\" class=\"wp-image-15798\" srcset=\"https:\/\/turismevalles.com\/wp-content\/uploads\/2021\/10\/Foto3SAGALES-1024x768.jpg 1024w, https:\/\/turismevalles.com\/wp-content\/uploads\/2021\/10\/Foto3SAGALES-300x225.jpg 300w, https:\/\/turismevalles.com\/wp-content\/uploads\/2021\/10\/Foto3SAGALES-768x576.jpg 768w, https:\/\/turismevalles.com\/wp-content\/uploads\/2021\/10\/Foto3SAGALES-1536x1152.jpg 1536w, https:\/\/turismevalles.com\/wp-content\/uploads\/2021\/10\/Foto3SAGALES-2048x1536.jpg 2048w\" sizes=\"auto, (max-width: 1024px) 100vw, 1024px\" \/><\/a><\/figure>\n\n\n\n<h3 class=\"has-text-align-center wp-block-heading\"><a href=\"https:\/\/www.sagales.com\/\" target=\"_blank\" rel=\"noreferrer noopener\">Consultez les lignes et les horaires<\/a><\/h3>\n\n<\/div><\/div><\/div>\n<\/div>\n\n\n<hr class=\"wp-block-separator\"\/>\n\n\n\n<p class=\"has-text-align-center\">Vous pouvez \u00e9galement planifier votre voyage \u00e0 l\u2019aide de l\u2019application <a href=\"https:\/\/mou-te.gencat.cat\/itinerary\" target=\"_blank\" rel=\"noreferrer noopener\">D\u00e9placez-vous en transports publics<\/a>.<\/p>\n\n\n\n<div class=\"wp-block-image\"><figure class=\"aligncenter size-large\"><a href=\"https:\/\/mou-te.gencat.cat\/itinerary\" target=\"_blank\" rel=\"noopener\"><img loading=\"lazy\" decoding=\"async\" width=\"529\" height=\"311\" src=\"http:\/\/turismevalles.com\/wp-content\/uploads\/2021\/10\/Screenshot_4.jpg\" alt=\"\" class=\"wp-image-15802\" srcset=\"https:\/\/turismevalles.com\/wp-content\/uploads\/2021\/10\/Screenshot_4.jpg 529w, https:\/\/turismevalles.com\/wp-content\/uploads\/2021\/10\/Screenshot_4-300x176.jpg 300w\" sizes=\"auto, (max-width: 529px) 100vw, 529px\" \/><\/a><\/figure><\/div>\n\n\n\n<p class=\"has-text-align-center\">Avec cette application, vous pourrez voir toute l\u2019offre int\u00e9gr\u00e9e de transports publics de la Catalogne, ainsi que les parkings disponibles dans chaque gare (voitures, motos et v\u00e9los).<\/p>\n","protected":false},"excerpt":{"rendered":"<p>Trois voies de communication importantes relient les diff\u00e9rents points de la r\u00e9gion&nbsp;: AP-7: Autoroute reliant la France &#8211; Girona &#8211; Sant Celoni &#8211; Granollers &#8211; &#8230; <a title=\"Comment y arriver\u00a0?\" class=\"read-more\" href=\"https:\/\/turismevalles.com\/fr\/comment-y-arriver\/\" aria-label=\"More on Comment y arriver\u00a0?\">Veure m\u00e9s<\/a><\/p>\n","protected":false},"author":5,"featured_media":0,"parent":0,"menu_order":0,"comment_status":"closed","ping_status":"closed","template":"","meta":{"_acf_changed":false,"inline_featured_image":false,"_uag_custom_page_level_css":"","footnotes":""},"class_list":{"0":"post-19155","1":"page","2":"type-page","3":"status-publish","5":"generate-columns","6":"tablet-grid-50","7":"mobile-grid-100","8":"grid-parent","9":"grid-33"},"acf":[],"yoast_head":"<!-- This site is optimized with the Yoast SEO plugin v26.4 - https:\/\/yoast.com\/wordpress\/plugins\/seo\/ -->\n<title>Comment y arriver\u00a0? - Turisme Vall\u00e8s<\/title>\n<meta name=\"description\" content=\"Pr\u00e9parez votre s\u00e9jour dans El Vall\u00e8s Oriental pour savoir comment vous pouvez y arriver en transports publics. Vous disposez d\u2019une offre tr\u00e8s diversifi\u00e9e.\" \/>\n<meta name=\"robots\" content=\"index, follow, max-snippet:-1, max-image-preview:large, max-video-preview:-1\" \/>\n<link rel=\"canonical\" href=\"https:\/\/turismevalles.com\/com-arribar\/\" \/>\n<meta property=\"og:locale\" content=\"fr_FR\" \/>\n<meta property=\"og:type\" content=\"article\" \/>\n<meta property=\"og:title\" content=\"Comment y arriver\u00a0? - Turisme Vall\u00e8s\" \/>\n<meta property=\"og:description\" content=\"Pr\u00e9parez votre s\u00e9jour dans El Vall\u00e8s Oriental pour savoir comment vous pouvez y arriver en transports publics. Vous disposez d\u2019une offre tr\u00e8s diversifi\u00e9e.\" \/>\n<meta property=\"og:url\" content=\"https:\/\/turismevalles.com\/com-arribar\/\" \/>\n<meta property=\"og:site_name\" content=\"Turisme Vall\u00e8s\" \/>\n<meta property=\"article:modified_time\" content=\"2023-04-04T14:57:42+00:00\" \/>\n<meta property=\"og:image\" content=\"https:\/\/www.renfe.com\/content\/dam\/renfe\/es\/Viajeros\/Secciones\/Cercanias\/Mapas\/barcelona.png\" \/>\n<meta name=\"twitter:card\" content=\"summary_large_image\" \/>\n<meta name=\"twitter:label1\" content=\"Dur\u00e9e de lecture estim\u00e9e\" \/>\n\t<meta name=\"twitter:data1\" content=\"2 minutes\" \/>\n<script type=\"application\/ld+json\" class=\"yoast-schema-graph\">{\"@context\":\"https:\/\/schema.org\",\"@graph\":[{\"@type\":\"WebPage\",\"@id\":\"https:\/\/turismevalles.com\/com-arribar\/\",\"url\":\"https:\/\/turismevalles.com\/com-arribar\/\",\"name\":\"Comment y arriver\u00a0? - Turisme Vall\u00e8s\",\"isPartOf\":{\"@id\":\"https:\/\/turismevalles.com\/en\/#website\"},\"primaryImageOfPage\":{\"@id\":\"https:\/\/turismevalles.com\/com-arribar\/#primaryimage\"},\"image\":{\"@id\":\"https:\/\/turismevalles.com\/com-arribar\/#primaryimage\"},\"thumbnailUrl\":\"https:\/\/www.renfe.com\/content\/dam\/renfe\/es\/Viajeros\/Secciones\/Cercanias\/Mapas\/barcelona.png\",\"datePublished\":\"2022-04-28T08:28:10+00:00\",\"dateModified\":\"2023-04-04T14:57:42+00:00\",\"description\":\"Pr\u00e9parez votre s\u00e9jour dans El Vall\u00e8s Oriental pour savoir comment vous pouvez y arriver en transports publics. Vous disposez d\u2019une offre tr\u00e8s diversifi\u00e9e.\",\"breadcrumb\":{\"@id\":\"https:\/\/turismevalles.com\/com-arribar\/#breadcrumb\"},\"inLanguage\":\"fr-FR\",\"potentialAction\":[{\"@type\":\"ReadAction\",\"target\":[\"https:\/\/turismevalles.com\/com-arribar\/\"]}]},{\"@type\":\"ImageObject\",\"inLanguage\":\"fr-FR\",\"@id\":\"https:\/\/turismevalles.com\/com-arribar\/#primaryimage\",\"url\":\"https:\/\/www.renfe.com\/content\/dam\/renfe\/es\/Viajeros\/Secciones\/Cercanias\/Mapas\/barcelona.png\",\"contentUrl\":\"https:\/\/www.renfe.com\/content\/dam\/renfe\/es\/Viajeros\/Secciones\/Cercanias\/Mapas\/barcelona.png\"},{\"@type\":\"BreadcrumbList\",\"@id\":\"https:\/\/turismevalles.com\/com-arribar\/#breadcrumb\",\"itemListElement\":[{\"@type\":\"ListItem\",\"position\":1,\"name\":\"Inici\",\"item\":\"https:\/\/turismevalles.com\/fr\/\"},{\"@type\":\"ListItem\",\"position\":2,\"name\":\"Comment y arriver\u00a0?\"}]},{\"@type\":\"WebSite\",\"@id\":\"https:\/\/turismevalles.com\/en\/#website\",\"url\":\"https:\/\/turismevalles.com\/en\/\",\"name\":\"Turisme Vall\u00e8s\",\"description\":\"\",\"publisher\":{\"@id\":\"https:\/\/turismevalles.com\/en\/#organization\"},\"potentialAction\":[{\"@type\":\"SearchAction\",\"target\":{\"@type\":\"EntryPoint\",\"urlTemplate\":\"https:\/\/turismevalles.com\/en\/?s={search_term_string}\"},\"query-input\":{\"@type\":\"PropertyValueSpecification\",\"valueRequired\":true,\"valueName\":\"search_term_string\"}}],\"inLanguage\":\"fr-FR\"},{\"@type\":\"Organization\",\"@id\":\"https:\/\/turismevalles.com\/en\/#organization\",\"name\":\"Turisme Vall\u00e8s\",\"url\":\"https:\/\/turismevalles.com\/en\/\",\"logo\":{\"@type\":\"ImageObject\",\"inLanguage\":\"fr-FR\",\"@id\":\"https:\/\/turismevalles.com\/en\/#\/schema\/logo\/image\/\",\"url\":\"https:\/\/turismevalles.com\/wp-content\/uploads\/2020\/08\/cropped-logo_ca-2.png\",\"contentUrl\":\"https:\/\/turismevalles.com\/wp-content\/uploads\/2020\/08\/cropped-logo_ca-2.png\",\"width\":314,\"height\":85,\"caption\":\"Turisme Vall\u00e8s\"},\"image\":{\"@id\":\"https:\/\/turismevalles.com\/en\/#\/schema\/logo\/image\/\"}}]}<\/script>\n<!-- \/ Yoast SEO plugin. -->","yoast_head_json":{"title":"Comment y arriver\u00a0? - Turisme Vall\u00e8s","description":"Pr\u00e9parez votre s\u00e9jour dans El Vall\u00e8s Oriental pour savoir comment vous pouvez y arriver en transports publics. Vous disposez d\u2019une offre tr\u00e8s diversifi\u00e9e.","robots":{"index":"index","follow":"follow","max-snippet":"max-snippet:-1","max-image-preview":"max-image-preview:large","max-video-preview":"max-video-preview:-1"},"canonical":"https:\/\/turismevalles.com\/com-arribar\/","og_locale":"fr_FR","og_type":"article","og_title":"Comment y arriver\u00a0? - Turisme Vall\u00e8s","og_description":"Pr\u00e9parez votre s\u00e9jour dans El Vall\u00e8s Oriental pour savoir comment vous pouvez y arriver en transports publics. Vous disposez d\u2019une offre tr\u00e8s diversifi\u00e9e.","og_url":"https:\/\/turismevalles.com\/com-arribar\/","og_site_name":"Turisme Vall\u00e8s","article_modified_time":"2023-04-04T14:57:42+00:00","og_image":[{"url":"https:\/\/www.renfe.com\/content\/dam\/renfe\/es\/Viajeros\/Secciones\/Cercanias\/Mapas\/barcelona.png","type":"","width":"","height":""}],"twitter_card":"summary_large_image","twitter_misc":{"Dur\u00e9e de lecture estim\u00e9e":"2 minutes"},"schema":{"@context":"https:\/\/schema.org","@graph":[{"@type":"WebPage","@id":"https:\/\/turismevalles.com\/com-arribar\/","url":"https:\/\/turismevalles.com\/com-arribar\/","name":"Comment y arriver\u00a0? - Turisme Vall\u00e8s","isPartOf":{"@id":"https:\/\/turismevalles.com\/en\/#website"},"primaryImageOfPage":{"@id":"https:\/\/turismevalles.com\/com-arribar\/#primaryimage"},"image":{"@id":"https:\/\/turismevalles.com\/com-arribar\/#primaryimage"},"thumbnailUrl":"https:\/\/www.renfe.com\/content\/dam\/renfe\/es\/Viajeros\/Secciones\/Cercanias\/Mapas\/barcelona.png","datePublished":"2022-04-28T08:28:10+00:00","dateModified":"2023-04-04T14:57:42+00:00","description":"Pr\u00e9parez votre s\u00e9jour dans El Vall\u00e8s Oriental pour savoir comment vous pouvez y arriver en transports publics. Vous disposez d\u2019une offre tr\u00e8s diversifi\u00e9e.","breadcrumb":{"@id":"https:\/\/turismevalles.com\/com-arribar\/#breadcrumb"},"inLanguage":"fr-FR","potentialAction":[{"@type":"ReadAction","target":["https:\/\/turismevalles.com\/com-arribar\/"]}]},{"@type":"ImageObject","inLanguage":"fr-FR","@id":"https:\/\/turismevalles.com\/com-arribar\/#primaryimage","url":"https:\/\/www.renfe.com\/content\/dam\/renfe\/es\/Viajeros\/Secciones\/Cercanias\/Mapas\/barcelona.png","contentUrl":"https:\/\/www.renfe.com\/content\/dam\/renfe\/es\/Viajeros\/Secciones\/Cercanias\/Mapas\/barcelona.png"},{"@type":"BreadcrumbList","@id":"https:\/\/turismevalles.com\/com-arribar\/#breadcrumb","itemListElement":[{"@type":"ListItem","position":1,"name":"Inici","item":"https:\/\/turismevalles.com\/fr\/"},{"@type":"ListItem","position":2,"name":"Comment y arriver\u00a0?"}]},{"@type":"WebSite","@id":"https:\/\/turismevalles.com\/en\/#website","url":"https:\/\/turismevalles.com\/en\/","name":"Turisme Vall\u00e8s","description":"","publisher":{"@id":"https:\/\/turismevalles.com\/en\/#organization"},"potentialAction":[{"@type":"SearchAction","target":{"@type":"EntryPoint","urlTemplate":"https:\/\/turismevalles.com\/en\/?s={search_term_string}"},"query-input":{"@type":"PropertyValueSpecification","valueRequired":true,"valueName":"search_term_string"}}],"inLanguage":"fr-FR"},{"@type":"Organization","@id":"https:\/\/turismevalles.com\/en\/#organization","name":"Turisme Vall\u00e8s","url":"https:\/\/turismevalles.com\/en\/","logo":{"@type":"ImageObject","inLanguage":"fr-FR","@id":"https:\/\/turismevalles.com\/en\/#\/schema\/logo\/image\/","url":"https:\/\/turismevalles.com\/wp-content\/uploads\/2020\/08\/cropped-logo_ca-2.png","contentUrl":"https:\/\/turismevalles.com\/wp-content\/uploads\/2020\/08\/cropped-logo_ca-2.png","width":314,"height":85,"caption":"Turisme Vall\u00e8s"},"image":{"@id":"https:\/\/turismevalles.com\/en\/#\/schema\/logo\/image\/"}}]}},"uagb_featured_image_src":{"full":false,"thumbnail":false,"medium":false,"medium_large":false,"large":false,"thumblist":false,"meccarouselthumb":false,"gridsquare":false,"tileview":false,"1536x1536":false,"2048x2048":false},"uagb_author_info":{"display_name":"Turisme Valles","author_link":"https:\/\/turismevalles.com\/fr\/author\/turismevallesoriental\/"},"uagb_comment_info":0,"uagb_excerpt":"Trois voies de communication importantes relient les diff\u00e9rents points de la r\u00e9gion&nbsp;: AP-7: Autoroute reliant la France &#8211; Girona &#8211; Sant Celoni &#8211; Granollers &#8211; ... Veure m\u00e9s","_links":{"self":[{"href":"https:\/\/turismevalles.com\/fr\/wp-json\/wp\/v2\/pages\/19155","targetHints":{"allow":["GET"]}}],"collection":[{"href":"https:\/\/turismevalles.com\/fr\/wp-json\/wp\/v2\/pages"}],"about":[{"href":"https:\/\/turismevalles.com\/fr\/wp-json\/wp\/v2\/types\/page"}],"author":[{"embeddable":true,"href":"https:\/\/turismevalles.com\/fr\/wp-json\/wp\/v2\/users\/5"}],"replies":[{"embeddable":true,"href":"https:\/\/turismevalles.com\/fr\/wp-json\/wp\/v2\/comments?post=19155"}],"version-history":[{"count":0,"href":"https:\/\/turismevalles.com\/fr\/wp-json\/wp\/v2\/pages\/19155\/revisions"}],"wp:attachment":[{"href":"https:\/\/turismevalles.com\/fr\/wp-json\/wp\/v2\/media?parent=19155"}],"curies":[{"name":"wp","href":"https:\/\/api.w.org\/{rel}","templated":true}]}}