{"id":19163,"date":"2022-04-28T10:28:48","date_gmt":"2022-04-28T08:28:48","guid":{"rendered":"http:\/\/turismevalles.com.mialias.net\/location-de-velos\/"},"modified":"2022-04-28T10:28:49","modified_gmt":"2022-04-28T08:28:49","slug":"location-de-velos","status":"publish","type":"page","link":"https:\/\/turismevalles.com\/fr\/location-de-velos\/","title":{"rendered":"Location de v\u00e9los"},"content":{"rendered":"\n<p>Vous pouvez profiter d\u2019une journ\u00e9e de cyclotourisme dans la r\u00e9gion sans \u00eatre oblig\u00e9 de transporter votre v\u00e9lo en voiture. Voil\u00e0 les entreprises de location de v\u00e9los que vous pouvez trouver dans la r\u00e9gion d\u2019El Vall\u00e8s Oriental\u00a0:<\/p>\n\n<div class=\"wp-block-columns is-layout-flex wp-container-core-columns-is-layout-9d6595d7 wp-block-columns-is-layout-flex\">\n<div class=\"wp-block-column is-layout-flow wp-block-column-is-layout-flow\" style=\"flex-basis:100%\">\n<figure class=\"wp-block-table\"><table><tbody><tr><td> <\/td><td> <\/td><\/tr><tr><td> <\/td><td><a href=\"https:\/\/elpasqualet.com\/alquiler-de-bicicletas\/\" target=\"_blank\" rel=\"noreferrer noopener\">Camping El Pascualet<\/a><\/td><\/tr><tr><td>Sant Antoni de Vilamajor<\/td><td><a href=\"https:\/\/www.airanatura.com\/e-bikes-nordic-walking\/\" target=\"_blank\" rel=\"noreferrer noopener\">Aira Natura<\/a><\/td><\/tr><tr><td> <\/td><td><a href=\"https:\/\/ebikescanoves.cat\/\" target=\"_blank\" rel=\"noreferrer noopener\">eBikes C\u00e0noves<\/a><\/td><\/tr><tr><td>Vallromanes<\/td><td><a href=\"https:\/\/www.massalagros.com\/actividad\/explora-la-serralada-litoral-en-una-ebike\/\" target=\"_blank\" rel=\"noreferrer noopener\">Mas Salagros<\/a><\/td><\/tr><tr><td>La Garriga<\/td><td><a href=\"https:\/\/hotelboutiqueedelweiss.com\/ca\/servicios\/\" target=\"_blank\" rel=\"noreferrer noopener\">H\u00f4tel Boutique Edelweis<\/a><br\/><a href=\"https:\/\/hotelblancafort.com\/ca\/servis-hotele-la-garriga\" target=\"_blank\" rel=\"noreferrer noopener\">H\u00f4tel Blancafort<\/a><br\/><a href=\"https:\/\/www.visitalagarriga.cat\/ca\/bikes-golden\" target=\"_blank\" rel=\"noreferrer noopener\">Bikes Golden<\/a><br\/><a href=\"https:\/\/www.visitalagarriga.cat\/ca\/bike-park-la-sorrera\" target=\"_blank\" rel=\"noreferrer noopener\">Bike Park La Sorrera<\/a><\/td><\/tr><tr><td> <\/td><td><a href=\"https:\/\/www.molidelatorre.cat\/ca\/Activitats\" target=\"_blank\" rel=\"noreferrer noopener\">H\u00f4tel Mol\u00ed de la Torre<\/a><\/td><\/tr><tr><td>El Montseny<\/td><td><a href=\"https:\/\/elporxo.com\/ca\/serveis-can-baixeres.php\" target=\"_blank\" rel=\"noreferrer noopener\">El Porxo de Can Baixeres<\/a><\/td><\/tr><\/tbody><\/table><\/figure>\n<\/div>\n<\/div>\n","protected":false},"excerpt":{"rendered":"<p>Vous pouvez profiter d\u2019une journ\u00e9e de cyclotourisme dans la r\u00e9gion sans \u00eatre oblig\u00e9 de transporter votre v\u00e9lo en voiture. Voil\u00e0 les entreprises de location de &#8230; <a title=\"Location de v\u00e9los\" class=\"read-more\" href=\"https:\/\/turismevalles.com\/fr\/location-de-velos\/\" aria-label=\"More on Location de v\u00e9los\">Veure m\u00e9s<\/a><\/p>\n","protected":false},"author":5,"featured_media":17566,"parent":0,"menu_order":0,"comment_status":"closed","ping_status":"closed","template":"","meta":{"_acf_changed":false,"inline_featured_image":false,"_uag_custom_page_level_css":"","footnotes":""},"class_list":{"0":"post-19163","1":"page","2":"type-page","3":"status-publish","4":"has-post-thumbnail","6":"generate-columns","7":"tablet-grid-50","8":"mobile-grid-100","9":"grid-parent","10":"grid-33"},"acf":[],"yoast_head":"<!-- This site is optimized with the Yoast SEO plugin v26.4 - https:\/\/yoast.com\/wordpress\/plugins\/seo\/ -->\n<title>Location de v\u00e9los - Turisme Vall\u00e8s<\/title>\n<meta name=\"description\" content=\"Vous pouvez profiter d\u2019une journ\u00e9e de cyclotourisme dans la r\u00e9gion sans \u00eatre oblig\u00e9 de transporter votre v\u00e9lo en voiture. Consultez les lieux o\u00f9 vous pouvez louer un v\u00e9lo.\" \/>\n<meta name=\"robots\" content=\"index, follow, max-snippet:-1, max-image-preview:large, max-video-preview:-1\" \/>\n<link rel=\"canonical\" href=\"https:\/\/turismevalles.com\/lloguer-de-bicicletes\/\" \/>\n<meta property=\"og:locale\" content=\"fr_FR\" \/>\n<meta property=\"og:type\" content=\"article\" \/>\n<meta property=\"og:title\" content=\"Location de v\u00e9los - Turisme Vall\u00e8s\" \/>\n<meta property=\"og:description\" content=\"Vous pouvez profiter d\u2019une journ\u00e9e de cyclotourisme dans la r\u00e9gion sans \u00eatre oblig\u00e9 de transporter votre v\u00e9lo en voiture. Consultez les lieux o\u00f9 vous pouvez louer un v\u00e9lo.\" \/>\n<meta property=\"og:url\" content=\"https:\/\/turismevalles.com\/lloguer-de-bicicletes\/\" \/>\n<meta property=\"og:site_name\" content=\"Turisme Vall\u00e8s\" \/>\n<meta property=\"article:modified_time\" content=\"2022-04-28T08:28:49+00:00\" \/>\n<meta property=\"og:image\" content=\"https:\/\/turismevalles.com\/wp-content\/uploads\/2022\/01\/XSM_6758-1024x683.jpg\" \/>\n\t<meta property=\"og:image:width\" content=\"1024\" \/>\n\t<meta property=\"og:image:height\" content=\"683\" \/>\n\t<meta property=\"og:image:type\" content=\"image\/jpeg\" \/>\n<meta name=\"twitter:card\" content=\"summary_large_image\" \/>\n<script type=\"application\/ld+json\" class=\"yoast-schema-graph\">{\"@context\":\"https:\/\/schema.org\",\"@graph\":[{\"@type\":\"WebPage\",\"@id\":\"https:\/\/turismevalles.com\/lloguer-de-bicicletes\/\",\"url\":\"https:\/\/turismevalles.com\/lloguer-de-bicicletes\/\",\"name\":\"Location de v\u00e9los - Turisme Vall\u00e8s\",\"isPartOf\":{\"@id\":\"https:\/\/turismevalles.com\/en\/#website\"},\"primaryImageOfPage\":{\"@id\":\"https:\/\/turismevalles.com\/lloguer-de-bicicletes\/#primaryimage\"},\"image\":{\"@id\":\"https:\/\/turismevalles.com\/lloguer-de-bicicletes\/#primaryimage\"},\"thumbnailUrl\":\"https:\/\/turismevalles.com\/wp-content\/uploads\/2022\/01\/XSM_6758.jpg\",\"datePublished\":\"2022-04-28T08:28:48+00:00\",\"dateModified\":\"2022-04-28T08:28:49+00:00\",\"description\":\"Vous pouvez profiter d\u2019une journ\u00e9e de cyclotourisme dans la r\u00e9gion sans \u00eatre oblig\u00e9 de transporter votre v\u00e9lo en voiture. Consultez les lieux o\u00f9 vous pouvez louer un v\u00e9lo.\",\"breadcrumb\":{\"@id\":\"https:\/\/turismevalles.com\/lloguer-de-bicicletes\/#breadcrumb\"},\"inLanguage\":\"fr-FR\",\"potentialAction\":[{\"@type\":\"ReadAction\",\"target\":[\"https:\/\/turismevalles.com\/lloguer-de-bicicletes\/\"]}]},{\"@type\":\"ImageObject\",\"inLanguage\":\"fr-FR\",\"@id\":\"https:\/\/turismevalles.com\/lloguer-de-bicicletes\/#primaryimage\",\"url\":\"https:\/\/turismevalles.com\/wp-content\/uploads\/2022\/01\/XSM_6758.jpg\",\"contentUrl\":\"https:\/\/turismevalles.com\/wp-content\/uploads\/2022\/01\/XSM_6758.jpg\",\"width\":2400,\"height\":1601},{\"@type\":\"BreadcrumbList\",\"@id\":\"https:\/\/turismevalles.com\/lloguer-de-bicicletes\/#breadcrumb\",\"itemListElement\":[{\"@type\":\"ListItem\",\"position\":1,\"name\":\"Inici\",\"item\":\"https:\/\/turismevalles.com\/fr\/\"},{\"@type\":\"ListItem\",\"position\":2,\"name\":\"Location de v\u00e9los\"}]},{\"@type\":\"WebSite\",\"@id\":\"https:\/\/turismevalles.com\/en\/#website\",\"url\":\"https:\/\/turismevalles.com\/en\/\",\"name\":\"Turisme Vall\u00e8s\",\"description\":\"\",\"publisher\":{\"@id\":\"https:\/\/turismevalles.com\/en\/#organization\"},\"potentialAction\":[{\"@type\":\"SearchAction\",\"target\":{\"@type\":\"EntryPoint\",\"urlTemplate\":\"https:\/\/turismevalles.com\/en\/?s={search_term_string}\"},\"query-input\":{\"@type\":\"PropertyValueSpecification\",\"valueRequired\":true,\"valueName\":\"search_term_string\"}}],\"inLanguage\":\"fr-FR\"},{\"@type\":\"Organization\",\"@id\":\"https:\/\/turismevalles.com\/en\/#organization\",\"name\":\"Turisme Vall\u00e8s\",\"url\":\"https:\/\/turismevalles.com\/en\/\",\"logo\":{\"@type\":\"ImageObject\",\"inLanguage\":\"fr-FR\",\"@id\":\"https:\/\/turismevalles.com\/en\/#\/schema\/logo\/image\/\",\"url\":\"https:\/\/turismevalles.com\/wp-content\/uploads\/2020\/08\/cropped-logo_ca-2.png\",\"contentUrl\":\"https:\/\/turismevalles.com\/wp-content\/uploads\/2020\/08\/cropped-logo_ca-2.png\",\"width\":314,\"height\":85,\"caption\":\"Turisme Vall\u00e8s\"},\"image\":{\"@id\":\"https:\/\/turismevalles.com\/en\/#\/schema\/logo\/image\/\"}}]}<\/script>\n<!-- \/ Yoast SEO plugin. -->","yoast_head_json":{"title":"Location de v\u00e9los - Turisme Vall\u00e8s","description":"Vous pouvez profiter d\u2019une journ\u00e9e de cyclotourisme dans la r\u00e9gion sans \u00eatre oblig\u00e9 de transporter votre v\u00e9lo en voiture. Consultez les lieux o\u00f9 vous pouvez louer un v\u00e9lo.","robots":{"index":"index","follow":"follow","max-snippet":"max-snippet:-1","max-image-preview":"max-image-preview:large","max-video-preview":"max-video-preview:-1"},"canonical":"https:\/\/turismevalles.com\/lloguer-de-bicicletes\/","og_locale":"fr_FR","og_type":"article","og_title":"Location de v\u00e9los - Turisme Vall\u00e8s","og_description":"Vous pouvez profiter d\u2019une journ\u00e9e de cyclotourisme dans la r\u00e9gion sans \u00eatre oblig\u00e9 de transporter votre v\u00e9lo en voiture. Consultez les lieux o\u00f9 vous pouvez louer un v\u00e9lo.","og_url":"https:\/\/turismevalles.com\/lloguer-de-bicicletes\/","og_site_name":"Turisme Vall\u00e8s","article_modified_time":"2022-04-28T08:28:49+00:00","og_image":[{"width":1024,"height":683,"url":"https:\/\/turismevalles.com\/wp-content\/uploads\/2022\/01\/XSM_6758-1024x683.jpg","type":"image\/jpeg"}],"twitter_card":"summary_large_image","schema":{"@context":"https:\/\/schema.org","@graph":[{"@type":"WebPage","@id":"https:\/\/turismevalles.com\/lloguer-de-bicicletes\/","url":"https:\/\/turismevalles.com\/lloguer-de-bicicletes\/","name":"Location de v\u00e9los - Turisme Vall\u00e8s","isPartOf":{"@id":"https:\/\/turismevalles.com\/en\/#website"},"primaryImageOfPage":{"@id":"https:\/\/turismevalles.com\/lloguer-de-bicicletes\/#primaryimage"},"image":{"@id":"https:\/\/turismevalles.com\/lloguer-de-bicicletes\/#primaryimage"},"thumbnailUrl":"https:\/\/turismevalles.com\/wp-content\/uploads\/2022\/01\/XSM_6758.jpg","datePublished":"2022-04-28T08:28:48+00:00","dateModified":"2022-04-28T08:28:49+00:00","description":"Vous pouvez profiter d\u2019une journ\u00e9e de cyclotourisme dans la r\u00e9gion sans \u00eatre oblig\u00e9 de transporter votre v\u00e9lo en voiture. Consultez les lieux o\u00f9 vous pouvez louer un v\u00e9lo.","breadcrumb":{"@id":"https:\/\/turismevalles.com\/lloguer-de-bicicletes\/#breadcrumb"},"inLanguage":"fr-FR","potentialAction":[{"@type":"ReadAction","target":["https:\/\/turismevalles.com\/lloguer-de-bicicletes\/"]}]},{"@type":"ImageObject","inLanguage":"fr-FR","@id":"https:\/\/turismevalles.com\/lloguer-de-bicicletes\/#primaryimage","url":"https:\/\/turismevalles.com\/wp-content\/uploads\/2022\/01\/XSM_6758.jpg","contentUrl":"https:\/\/turismevalles.com\/wp-content\/uploads\/2022\/01\/XSM_6758.jpg","width":2400,"height":1601},{"@type":"BreadcrumbList","@id":"https:\/\/turismevalles.com\/lloguer-de-bicicletes\/#breadcrumb","itemListElement":[{"@type":"ListItem","position":1,"name":"Inici","item":"https:\/\/turismevalles.com\/fr\/"},{"@type":"ListItem","position":2,"name":"Location de v\u00e9los"}]},{"@type":"WebSite","@id":"https:\/\/turismevalles.com\/en\/#website","url":"https:\/\/turismevalles.com\/en\/","name":"Turisme Vall\u00e8s","description":"","publisher":{"@id":"https:\/\/turismevalles.com\/en\/#organization"},"potentialAction":[{"@type":"SearchAction","target":{"@type":"EntryPoint","urlTemplate":"https:\/\/turismevalles.com\/en\/?s={search_term_string}"},"query-input":{"@type":"PropertyValueSpecification","valueRequired":true,"valueName":"search_term_string"}}],"inLanguage":"fr-FR"},{"@type":"Organization","@id":"https:\/\/turismevalles.com\/en\/#organization","name":"Turisme Vall\u00e8s","url":"https:\/\/turismevalles.com\/en\/","logo":{"@type":"ImageObject","inLanguage":"fr-FR","@id":"https:\/\/turismevalles.com\/en\/#\/schema\/logo\/image\/","url":"https:\/\/turismevalles.com\/wp-content\/uploads\/2020\/08\/cropped-logo_ca-2.png","contentUrl":"https:\/\/turismevalles.com\/wp-content\/uploads\/2020\/08\/cropped-logo_ca-2.png","width":314,"height":85,"caption":"Turisme Vall\u00e8s"},"image":{"@id":"https:\/\/turismevalles.com\/en\/#\/schema\/logo\/image\/"}}]}},"uagb_featured_image_src":{"full":["https:\/\/turismevalles.com\/wp-content\/uploads\/2022\/01\/XSM_6758.jpg",2400,1601,false],"thumbnail":["https:\/\/turismevalles.com\/wp-content\/uploads\/2022\/01\/XSM_6758-150x150.jpg",150,150,true],"medium":["https:\/\/turismevalles.com\/wp-content\/uploads\/2022\/01\/XSM_6758-300x200.jpg",300,200,true],"medium_large":["https:\/\/turismevalles.com\/wp-content\/uploads\/2022\/01\/XSM_6758-768x512.jpg",768,512,true],"large":["https:\/\/turismevalles.com\/wp-content\/uploads\/2022\/01\/XSM_6758-1024x683.jpg",1024,683,true],"thumblist":["https:\/\/turismevalles.com\/wp-content\/uploads\/2022\/01\/XSM_6758-300x300.jpg",300,300,true],"meccarouselthumb":["https:\/\/turismevalles.com\/wp-content\/uploads\/2022\/01\/XSM_6758-474x324.jpg",474,324,true],"gridsquare":["https:\/\/turismevalles.com\/wp-content\/uploads\/2022\/01\/XSM_6758-391x260.jpg",391,260,true],"tileview":["https:\/\/turismevalles.com\/wp-content\/uploads\/2022\/01\/XSM_6758-300x400.jpg",300,400,true],"1536x1536":["https:\/\/turismevalles.com\/wp-content\/uploads\/2022\/01\/XSM_6758-1536x1025.jpg",1536,1025,true],"2048x2048":["https:\/\/turismevalles.com\/wp-content\/uploads\/2022\/01\/XSM_6758-2048x1366.jpg",2048,1366,true]},"uagb_author_info":{"display_name":"Turisme Valles","author_link":"https:\/\/turismevalles.com\/fr\/author\/turismevallesoriental\/"},"uagb_comment_info":0,"uagb_excerpt":"Vous pouvez profiter d\u2019une journ\u00e9e de cyclotourisme dans la r\u00e9gion sans \u00eatre oblig\u00e9 de transporter votre v\u00e9lo en voiture. Voil\u00e0 les entreprises de location de ... Veure m\u00e9s","_links":{"self":[{"href":"https:\/\/turismevalles.com\/fr\/wp-json\/wp\/v2\/pages\/19163","targetHints":{"allow":["GET"]}}],"collection":[{"href":"https:\/\/turismevalles.com\/fr\/wp-json\/wp\/v2\/pages"}],"about":[{"href":"https:\/\/turismevalles.com\/fr\/wp-json\/wp\/v2\/types\/page"}],"author":[{"embeddable":true,"href":"https:\/\/turismevalles.com\/fr\/wp-json\/wp\/v2\/users\/5"}],"replies":[{"embeddable":true,"href":"https:\/\/turismevalles.com\/fr\/wp-json\/wp\/v2\/comments?post=19163"}],"version-history":[{"count":0,"href":"https:\/\/turismevalles.com\/fr\/wp-json\/wp\/v2\/pages\/19163\/revisions"}],"wp:featuredmedia":[{"embeddable":true,"href":"https:\/\/turismevalles.com\/fr\/wp-json\/wp\/v2\/media\/17566"}],"wp:attachment":[{"href":"https:\/\/turismevalles.com\/fr\/wp-json\/wp\/v2\/media?parent=19163"}],"curies":[{"name":"wp","href":"https:\/\/api.w.org\/{rel}","templated":true}]}}