{"id":19165,"date":"2022-04-28T10:28:57","date_gmt":"2022-04-28T08:28:57","guid":{"rendered":"http:\/\/turismevalles.com.mialias.net\/itineraires-municipaux\/"},"modified":"2022-04-28T10:28:58","modified_gmt":"2022-04-28T08:28:58","slug":"itineraires-municipaux","status":"publish","type":"page","link":"https:\/\/turismevalles.com\/fr\/itineraires-municipaux\/","title":{"rendered":"Itin\u00e9raires municipaux"},"content":{"rendered":"\n<p id=\"block-5f1d9353-fb8e-4952-86e0-529070468489\">Dans cette section, nous regroupons les itin\u00e9raires cyclables que proposent les diff\u00e9rentes mairies de la r\u00e9gion.<\/p>\n\n<p id=\"block-886f7da5-28d6-489b-83f5-3043c9410c1d\">Veuillez respecter les conseils de s\u00e9curit\u00e9 pour les cyclistes lorsque vous traversez les parcs naturels et suivez toutes les recommandations afin de profiter d\u2019un itin\u00e9raire en toute s\u00e9curit\u00e9.<\/p>\n\n<ul class=\"wp-block-list\" id=\"block-6849d82d-5a49-4162-9a94-faa79a9419e9\"><li>Respectez la priorit\u00e9 accord\u00e9e aux pi\u00e9tons et \u00e9vitez de les d\u00e9ranger.<\/li><li>Adaptez votre vitesse au type de voie. Sur les pistes, la vitesse maximale est de 30\u00a0km\/h, sauf dans le Parc de la Serralada de Marina, o\u00f9 elle est de 20\u00a0km\/h.<\/li><li>Vous ne pouvez circuler que sur les routes, les pistes foresti\u00e8res ou les chemins de promenade de plus de 3\u00a0m de large.<\/li><li>Pour des motifs justifi\u00e9s, dans certaines zones des parcs, la circulation \u00e0 v\u00e9lo peut \u00eatre restreinte temporairement ou de mani\u00e8re permanente.<\/li><li>Respectez les conseils concernant la circulation motoris\u00e9e.<\/li><\/ul>\n\n<figure class=\"wp-block-table is-style-stripes\"><table><tbody><tr><td> <\/td><td><strong>Itin\u00e9raires<\/strong><\/td><td><strong>Villes et villages proches<\/strong><\/td><td><strong>Que faire\u00a0?<\/strong><\/td><td><strong>Informations<\/strong><\/td><\/tr><tr><td> <\/td><td><br\/><a href=\"https:\/\/museudecardedeu.cat\/editem-8-nous-planols-per-passejar-en-bici-i-a-peu-per-cardedeu\/\" target=\"_blank\" rel=\"noreferrer noopener\">Cliquer ici<\/a><br\/><\/td><td>Llinars del Vall\u00e8s- Sant Pere et Sant Antoni de Vilamajor- Vilalba Sasserra.<br\/>C\u00e0noves i Samal\u00fas- La Garriga<br\/>Les Franqueses del Vall\u00e8s- Granollers.<\/td><td><a href=\"https:\/\/www.cardedeu.cat\/el-municipi\/1833-turisme\/recursos-turistics\/\" target=\"_blank\" rel=\"noreferrer noopener\">Cliquer ici<\/a><\/td><td><a href=\"https:\/\/museudecardedeu.cat\/\" target=\"_blank\" rel=\"noreferrer noopener\">Mus\u00e9e de Cardedeu<\/a>, t\u00e9l. (+34) 93 871 30 70<\/td><\/tr><tr><td>C\u00e0noves i Samal\u00fas<br\/>(Parc naturel d\u2019El Montseny)<\/td><td><br\/><a href=\"https:\/\/www.canovesisamalus.cat\/129-turisme\/rutes-turistiques\/\" target=\"_blank\" rel=\"noreferrer noopener\">Cliquer ici<\/a><\/td><td>Cardedeu- Sant Antoni et Sant Pere de Vilamajor- Llinars del Vall\u00e8s- La Garriga et Les Franqueses del Vall\u00e8s<\/td><td><a href=\"https:\/\/www.canovesisamalus.cat\/129-turisme\/llocs-dinteres\/\" target=\"_blank\" rel=\"noreferrer noopener\">Cliquer ici<\/a><\/td><td><a href=\"https:\/\/www.canovesisamalus.cat\/\" target=\"_blank\" rel=\"noreferrer noopener\">Mairie de C\u00e0noves<\/a>, t\u00e9l. (+34) 93 871 00 18<\/td><\/tr><tr><td>Sant Antoni de Vilamajor<\/td><td><a href=\"https:\/\/www.santantonidevilamajor.cat\/el-municipi\/turisme\/rutes\/\" target=\"_blank\" rel=\"noreferrer noopener\">Cliquer ici<\/a><\/td><td>Llinars del Vall\u00e8s- Sant Pere de Vilamajor- Vilalba Sasserra- Santa Maria de Palautordera- Sant Esteve de Palautordera<\/td><td><a href=\"https:\/\/www.santantonidevilamajor.cat\/el-municipi\/turisme\/festes-fires-i-mercats\/\" target=\"_blank\" rel=\"noreferrer noopener\">Cliquer ici<\/a><\/td><td><a href=\"https:\/\/www.santantonidevilamajor.cat\/el-municipi\/turisme\/llocs-dinteres\/\" target=\"_blank\" rel=\"noreferrer noopener\">Mairie de Sant Antoni de Vilamajor<\/a>, t\u00e9l. (+34) 93 845 24 00<\/td><\/tr><tr><td>Sant Pere de Vilamajor<br\/>(Parc naturel d\u2019El Montseny)<\/td><td><a href=\"https:\/\/www.vilamajor.cat\/turisme\/rutes-i-excursions\/\" target=\"_blank\" rel=\"noreferrer noopener\">Cliquer ici<\/a><\/td><td>C\u00e0noves i Samal\u00fas- Llinars del Vall\u00e8s- Sant Pere de Vilamajor- Vilalba Sasserra- Santa Maria de Palautordera- Sant Esteve de Palautordera<\/td><td><a href=\"https:\/\/www.vilamajor.cat\/turisme\/llocs-dinteres\/\" target=\"_blank\" rel=\"noreferrer noopener\">Cliquer ici<\/a><\/td><td><a href=\"https:\/\/www.vilamajor.cat\/turisme\/oficina-dinformacio-turistica\/\" target=\"_blank\" rel=\"noreferrer noopener\">Bureau d\u2019information touristique La Mongia<\/a>, t\u00e9l. (+34) 93 571 97 04<\/td><\/tr><tr><td>Llinars del Vall\u00e8s<br\/>(Parc d\u2019El Montnegre i el Corredor)<\/td><td><a href=\"https:\/\/www.llinarsdelvalles.cat\/municipi\/turisme\/rutes-a-peu\/\" target=\"_blank\" rel=\"noreferrer noopener\">Cliquer ici<\/a><\/td><td>Cardedeu- Sant Antoni et Sant Pere de Vilamajor- Vilalba Sasserra- Vallgorguina<\/td><td><a href=\"https:\/\/www.llinarsdelvalles.cat\/municipi\/guia-del-municipi\/llocs-dinteres\/\" target=\"_blank\" rel=\"noreferrer noopener\">Cliquer ici<\/a><\/td><td><a href=\"https:\/\/www.llinarsdelvalles.cat\/municipi\/turisme\" target=\"_blank\" rel=\"noreferrer noopener\">Mairie de Llinars del Vall\u00e8s, Mas Bag\u00e0<\/a><br\/>t\u00e9l. (+34) 93 841 27 50<\/td><\/tr><tr><td>Vilalba Sasserra<br\/>( Parc d\u2019El Montnegre i el Corredor)<\/td><td><a href=\"https:\/\/ca.wikiloc.com\/wikiloc\/map.do?sw=-89.999%2C-179.999&amp;ne=89.999%2C179.999&amp;q=vilalba%20sasserra&amp;fitMapToTrails=1&amp;page=1\" target=\"_blank\" rel=\"noreferrer noopener\">Cliquer ici<\/a><\/td><td>Vallgorguina- Sant Celoni- Santa Maria de Palautordera- Sant Antoni de Vilamajor- Llinars del Vall\u00e8s.<\/td><td><a href=\"https:\/\/www.vilalbasasserra.cat\/el-municipi\/llocs-dinteres\/\" target=\"_blank\" rel=\"noreferrer noopener\">Cliquer ici<\/a><\/td><td><a href=\"https:\/\/www.vilalbasasserra.cat\/\" target=\"_blank\" rel=\"noreferrer noopener\">Mairie de Vilalba Sasserra<\/a>,<br\/> t\u00e9l. (+34) 93 841 03 83<\/td><\/tr><tr><td>Santa Maria de Palautordera<br\/>(Parc naturel d\u2019El Montseny)<\/td><td><a href=\"https:\/\/www.smpalautordera.cat\/el-municipi\/llocs-dinteres-i-rutes\/\" target=\"_blank\" rel=\"noreferrer noopener\">Cliquer ici<\/a><\/td><td>Sant Celoni- Sant Esteve de Palutordera- village de Montseny- Fogars de Montcl\u00fas- Sant Antoni de Vilamajor<\/td><td><a href=\"https:\/\/turisme-montseny.com\/aquests-dies-visita-santa-maria-palautordera\/\" target=\"_blank\" rel=\"noreferrer noopener\">Cliquer ici<\/a><\/td><td><br\/><a href=\"https:\/\/www.smpalautordera.cat\/serveis-i-tramits\/oficines-municipals\/punt-dinformacio-turistica-.html\" target=\"_blank\" rel=\"noreferrer noopener\">Point d\u2019information de Santa \u00a0Maria de Palautordera,<\/a><br\/>t\u00e9l. (+34) 93 847 96 20 \u00a0<\/td><\/tr><tr><td>Sant Esteve de Palautordera<br\/>(Parc naturel d\u2019El Montseny)<\/td><td><a href=\"http:\/\/www.santestevedepalautordera.cat\/el-municipi\/rutes-amb-bici\/\" target=\"_blank\" rel=\"noreferrer noopener\">Cliquer ici<\/a><\/td><td>Sant Celoni- Sant Esteve de Palutordera- village de Montseny- Fogars de Montcl\u00fas- Sant Antoni de Vilamajor<\/td><td><a href=\"https:\/\/turisme-montseny.com\/que-visitar\/recursos-arquitectonics\/castell-de-montclus\/\" target=\"_blank\" rel=\"noreferrer noopener\">Cliquer ici<\/a><\/td><td><a href=\"https:\/\/turisme-montseny.com\/oficines-de-turisme\/\" target=\"_blank\" rel=\"noreferrer noopener\">Point d\u2019information de Sant Esteve de Palautordera<\/a>, t\u00e9l. (+34) 93 848 20 08<\/td><\/tr><tr><td>Montseny (village)<br\/>(Parc naturel d\u2019El Montseny)<\/td><td><a href=\"https:\/\/www.montseny.cat\/turisme\/rutes-i-excursions\/\" target=\"_blank\" rel=\"noreferrer noopener\">Cliquer ici<\/a><\/td><td>Sant Celoni- Sant Esteve de Palutordera- village de Montseny- Fogars de Montcl\u00fas- Sant Antoni de Vilamajor<\/td><td><a href=\"https:\/\/www.montseny.cat\/turisme\/llocs-dinteres\/\" target=\"_blank\" rel=\"noreferrer noopener\">Cliquer ici<\/a><\/td><td><a href=\"https:\/\/turisme-montseny.com\/oficines-de-turisme\/\" target=\"_blank\" rel=\"noreferrer noopener\">Centre d\u2019information d\u2019El Montseny<\/a>,<\/td><\/tr><tr><td>Fogars de Montcl\u00fas<br\/>( Parc naturel d\u2019El Montseny)<\/td><td><a href=\"https:\/\/www.fogarsdemontclus.cat\/129-turisme\/rutes\/\" target=\"_blank\" rel=\"noreferrer noopener\">Cliquer ici<\/a><\/td><td>Sant Celoni- Sant Esteve de Palutordera- village de Montseny- Fogars de Montcl\u00fas- Sant Antoni de Vilamajor<\/td><td><a href=\"https:\/\/www.fogarsdemontclus.cat\/129-turisme\/128-llocs-dinteres\/\" target=\"_blank\" rel=\"noreferrer noopener\">Cliquer ici<\/a><\/td><td><a href=\"https:\/\/turisme-montseny.com\/oficines-de-turisme\/\" target=\"_blank\" rel=\"noreferrer noopener\">Centre d\u2019information du Parc naturel d\u2019El Montseny<\/a>, t\u00e9l. (+34) 93 847 51 02<\/td><\/tr><tr><td>Sant Celoni<br\/>(Parc naturel d\u2019El Montseny et Parc d\u2019El Montnegre i el Corredor)<\/td><td><a href=\"https:\/\/santceloni.cat\/8589\" target=\"_blank\" rel=\"noreferrer noopener\">Cliquer ici<\/a><\/td><td>Fogars de Montcl\u00fas- Campins- Vallgorguina- Santa Maria et Sant Esteve de Palautordera<\/td><td><a href=\"https:\/\/santceloni.cat\/18335\" target=\"_blank\" rel=\"noreferrer noopener\">Cliquer ici<\/a><\/td><td><a href=\"https:\/\/santceloni.cat\/6931\" target=\"_blank\" rel=\"noreferrer noopener\">Office de tourisme de Sant Celoni<\/a>,<br\/>t\u00e9l. (+34) 93 867 01 71<\/td><\/tr><tr><td>Campins<br\/>( Parc naturel d\u2019El Montseny)<\/td><td><a href=\"https:\/\/campins.cat\/passejades-2\/\" target=\"_blank\" rel=\"noreferrer noopener\">Cliquer ici<\/a><\/td><td>Sant Celoni- Fogars de Montcl\u00fas- Santa Maria de Palautordera<\/td><td><a href=\"https:\/\/campins.cat\/llocs-d-interes\/\" target=\"_blank\" rel=\"noreferrer noopener\">Cliquer ici<\/a><\/td><td><a href=\"http:\/\/www.campins.cat\/\" target=\"_blank\" rel=\"noreferrer noopener\">Mairie de Campins<\/a>, (+34) 93 847 50 30<\/td><\/tr><tr><td>Gualba<br\/>(Parc naturel d\u2019El Montseny)<\/td><td><a href=\"https:\/\/www.gualba.cat\/turisme\/rutes\/en-format-garmin\" target=\"_blank\" rel=\"noreferrer noopener\">Cliquer ici<\/a><\/td><td>Sant Celoni- Campins<\/td><td><a href=\"https:\/\/www.gualba.cat\/turisme\" target=\"_blank\" rel=\"noreferrer noopener\">Cliquer ici<\/a><\/td><td><a href=\"http:\/\/www.gualba.cat\/\" target=\"_blank\" rel=\"noreferrer noopener\">Mairie de Gualba<\/a>, t\u00e9l. (+34) 93 848 70 27<\/td><\/tr><tr><td>Vallgorguina<br\/>(Parc d\u2019El Montnegre i el Corredor)<\/td><td><a href=\"https:\/\/www.turismevallgorguina.com\/rutes\/\" target=\"_blank\" rel=\"noreferrer noopener\">Cliquer ici<\/a><\/td><td>Sant Celoni- Vilalba Saserra<\/td><td><a href=\"https:\/\/www.turismevallgorguina.com\/vallgorguina\/\" target=\"_blank\" rel=\"noreferrer noopener\">Cliquer ici<\/a><\/td><td><a href=\"https:\/\/www.turismevallgorguina.com\/\" target=\"_blank\" rel=\"noreferrer noopener\">Tourisme Vallgorguina<\/a>,<\/td><\/tr><tr><td> <\/td><td><a href=\"https:\/\/granollerspedala.cat\/bicimapa\/\" target=\"_blank\" rel=\"noreferrer noopener\">Cliquer ici<\/a><\/td><td>Canovelles- Les Franqueses &#8211; Lli\u00e7a d\u2019Amunt- Lli\u00e7a d\u2019Avall- Parets- La Roca del Vall\u00e8s- Montmel\u00f3- Montorn\u00e8s- Vilanova del Vall\u00e8s<\/td><td><a href=\"https:\/\/www.visitgranollers.com\/\" target=\"_blank\" rel=\"noreferrer noopener\">Cliquer ici<\/a><\/td><td><a href=\"https:\/\/www.visitgranollers.com\/\" target=\"_blank\" rel=\"noreferrer noopener\">Office de tourisme de Granollers<\/a><br\/>t\u00e9l. (+34) 93 879 49 80<\/td><\/tr><tr><td> <\/td><td><a href=\"https:\/\/www.visiteucaldes.cat\/senders\/\" target=\"_blank\" rel=\"noreferrer noopener\">Cliquer ici<\/a><\/td><td>Sant Feliu de Codines- Bigues i Riells- Santa Eul\u00e0lia- Lli\u00e7a d\u2019Amunt- Lli\u00e7a d\u2019Avall<\/td><td><a href=\"https:\/\/www.visiteucaldes.cat\/\" target=\"_blank\" rel=\"noreferrer noopener\">Cliquer ici<\/a><\/td><td><a href=\"https:\/\/www.visiteucaldes.cat\/contactar-3\/\" target=\"_blank\" rel=\"noreferrer noopener\">Mus\u00e9e Thermalia<\/a><br\/> t\u00e9l. (+34) 93 865 41 40<\/td><\/tr><tr><td>Bigues i Riells del Fai<\/td><td><a href=\"https:\/\/www.biguesiriells.cat\/ca\/coneixer-bigues-riells-del-fai-4\/turisme-14\/rutes-excursions-81.htm\" target=\"_blank\" rel=\"noreferrer noopener\">Cliquer ici<\/a><\/td><td>Sant Feliu de Codines- Santa Eul\u00e0lia- L\u2019Ametlla del Vall\u00e8s- Caldes de Montbui<\/td><td><a href=\"https:\/\/www.biguesiriells.cat\/ca\/coneixer-bigues-riells-del-fai-4\/turisme-14.htm\" target=\"_blank\" rel=\"noreferrer noopener\">Cliquer ici<\/a><\/td><td><a href=\"https:\/\/www.biguesiriells.cat\/ca\/contactar.htm\" target=\"_blank\" rel=\"noreferrer noopener\">Mairie de Bigues i Riells del Fai<\/a><br\/>t\u00e9l. (+34) 93 865 62 43<\/td><\/tr><tr><td>La Garriga<br\/>(Parc naturel d\u2019El Montseny)<\/td><td><a href=\"https:\/\/www.visitalagarriga.cat\/index.php\/ca\/senderisme-i-natura\" target=\"_blank\" rel=\"noreferrer noopener\">Cliquer ici<\/a><\/td><td>C\u00e0noves i Samal\u00fas &#8211; Les Franqueses del Vall\u00e8s- L\u2019Ametlla del Vall\u00e8s<\/td><td><a href=\"https:\/\/www.visitalagarriga.cat\/ca\" target=\"_blank\" rel=\"noreferrer noopener\">Cliquer ici<\/a><\/td><td><a href=\"https:\/\/www.visitalagarriga.cat\/ca\/centre-de-visitants\" target=\"_blank\" rel=\"noreferrer noopener\">Centre des visiteurs<\/a><br\/>t\u00e9l. (+34) 610 477 823\u00a0<\/td><\/tr><tr><td>Mollet del Vall\u00e8s<br\/>(Espace d\u2019int\u00e9r\u00eat naturel de Gallecs)<\/td><td><a href=\"https:\/\/www.molletvalles.cat\/assets\/Documents\/4-itineraris-per-Gallecs.pdf\" target=\"_blank\" rel=\"noreferrer noopener\">Cliquer ici<\/a><\/td><td>Parets del Vall\u00e8s- Montmel\u00f3- Montorn\u00e8s del Vall\u00e8s- San Fost<\/td><td><a href=\"https:\/\/www.molletvalles.cat\/continguts\/la-ciutat\/turisme\/\" target=\"_blank\" rel=\"noreferrer noopener\">Cliquer ici<\/a><\/td><td><a href=\"https:\/\/www.molletvalles.cat\/continguts\/la-ciutat\/turisme\/\" target=\"_blank\" rel=\"noreferrer noopener\">Mairie de Mollet del Vall\u00e8s<\/a><br\/>t\u00e9l. (+34) 93 571 95 00<\/td><\/tr><tr><td>\ufeff<\/td><td>\ufeff<\/td><td>\ufeff<\/td><td>\ufeff<\/td><td>\ufeff<\/td><\/tr><tr><td>\ufeff<\/td><td>\ufeff<\/td><td>\ufeff<\/td><td>\ufeff<\/td><td>\ufeff<\/td><\/tr><tr><td>\ufeff<\/td><td>\ufeff<\/td><td>\ufeff<\/td><td>\ufeff<\/td><td>\ufeff<\/td><\/tr><tr><td>\ufeff<\/td><td>\ufeff<\/td><td>\ufeff<\/td><td>\ufeff<\/td><td>\ufeff<\/td><\/tr><tr><td>\ufeff<\/td><td>\ufeff<\/td><td>\ufeff<\/td><td>\ufeff<\/td><td>\ufeff<\/td><\/tr><tr><td>\ufeff<\/td><td>\ufeff<\/td><td>\ufeff<\/td><td>\ufeff<\/td><td>\ufeff<\/td><\/tr><tr><td>\ufeff<\/td><td>\ufeff<\/td><td>\ufeff<\/td><td>\ufeff<\/td><td>\ufeff<\/td><\/tr><tr><td>\ufeff<\/td><td>\ufeff<\/td><td>\ufeff<\/td><td>\ufeff<\/td><td>\ufeff<\/td><\/tr><tr><td>\ufeff<\/td><td>\ufeff<\/td><td>\ufeff<\/td><td>\ufeff<\/td><td>\ufeff<\/td><\/tr><tr><td>\ufeff<\/td><td>\ufeff<\/td><td>\ufeff<\/td><td>\ufeff<\/td><td>\ufeff<\/td><\/tr><tr><td>\ufeff<\/td><td>\ufeff<\/td><td>\ufeff<\/td><td>\ufeff<\/td><td>\ufeff<\/td><\/tr><tr><td>\ufeff<\/td><td>\ufeff<\/td><td>\ufeff<\/td><td>\ufeff<\/td><td>\ufeff<\/td><\/tr><tr><td>\ufeff<\/td><td>\ufeff<\/td><td>\ufeff<\/td><td>\ufeff<\/td><td>\ufeff<\/td><\/tr><tr><td>\ufeff<\/td><td>\ufeff<\/td><td>\ufeff<\/td><td>\ufeff<\/td><td>\ufeff<\/td><\/tr><tr><td>\ufeff<\/td><td>\ufeff<\/td><td>\ufeff<\/td><td>\ufeff<\/td><td>\ufeff<\/td><\/tr><tr><td>\ufeff<\/td><td>\ufeff<\/td><td>\ufeff<\/td><td>\ufeff<\/td><td>\ufeff<\/td><\/tr><tr><td>\ufeff<\/td><td>\ufeff<\/td><td>\ufeff<\/td><td>\ufeff<\/td><td>\ufeff<\/td><\/tr><tr><td>\ufeff<\/td><td>\ufeff<\/td><td>\ufeff<\/td><td>\ufeff<\/td><td>\ufeff<\/td><\/tr><tr><td>\ufeff<\/td><td>\ufeff<\/td><td>\ufeff<\/td><td>\ufeff<\/td><td>\ufeff<\/td><\/tr><\/tbody><\/table><\/figure>\n","protected":false},"excerpt":{"rendered":"<p>Dans cette section, nous regroupons les itin\u00e9raires cyclables que proposent les diff\u00e9rentes mairies de la r\u00e9gion. Veuillez respecter les conseils de s\u00e9curit\u00e9 pour les cyclistes &#8230; <a title=\"Itin\u00e9raires municipaux\" class=\"read-more\" href=\"https:\/\/turismevalles.com\/fr\/itineraires-municipaux\/\" aria-label=\"More on Itin\u00e9raires municipaux\">Veure m\u00e9s<\/a><\/p>\n","protected":false},"author":5,"featured_media":14976,"parent":0,"menu_order":0,"comment_status":"closed","ping_status":"closed","template":"","meta":{"_acf_changed":false,"inline_featured_image":false,"_uag_custom_page_level_css":"","footnotes":""},"class_list":{"0":"post-19165","1":"page","2":"type-page","3":"status-publish","4":"has-post-thumbnail","6":"generate-columns","7":"tablet-grid-50","8":"mobile-grid-100","9":"grid-parent","10":"grid-33"},"acf":[],"yoast_head":"<!-- This site is optimized with the Yoast SEO plugin v26.4 - https:\/\/yoast.com\/wordpress\/plugins\/seo\/ -->\n<title>Itin\u00e9raires municipaux - Turisme Vall\u00e8s<\/title>\n<meta name=\"description\" content=\"Consultez toute l\u2019offre d\u2019itin\u00e9raires des 39\u00a0communes d\u2019El Vall\u00e8s Oriental. Vous trouverez une offre tr\u00e8s diversifi\u00e9e pour tous les publics.\" \/>\n<meta name=\"robots\" content=\"index, follow, max-snippet:-1, max-image-preview:large, max-video-preview:-1\" \/>\n<link rel=\"canonical\" href=\"https:\/\/turismevalles.com\/itineraris-municipals\/\" \/>\n<meta property=\"og:locale\" content=\"fr_FR\" \/>\n<meta property=\"og:type\" content=\"article\" \/>\n<meta property=\"og:title\" content=\"Itin\u00e9raires municipaux - Turisme Vall\u00e8s\" \/>\n<meta property=\"og:description\" content=\"Consultez toute l\u2019offre d\u2019itin\u00e9raires des 39\u00a0communes d\u2019El Vall\u00e8s Oriental. Vous trouverez une offre tr\u00e8s diversifi\u00e9e pour tous les publics.\" \/>\n<meta property=\"og:url\" content=\"https:\/\/turismevalles.com\/itineraris-municipals\/\" \/>\n<meta property=\"og:site_name\" content=\"Turisme Vall\u00e8s\" \/>\n<meta property=\"article:modified_time\" content=\"2022-04-28T08:28:58+00:00\" \/>\n<meta property=\"og:image\" content=\"https:\/\/turismevalles.com\/wp-content\/uploads\/2021\/08\/IMG_0691-1-3.jpg\" \/>\n\t<meta property=\"og:image:width\" content=\"2400\" \/>\n\t<meta property=\"og:image:height\" content=\"1600\" \/>\n\t<meta property=\"og:image:type\" content=\"image\/jpeg\" \/>\n<meta name=\"twitter:card\" content=\"summary_large_image\" \/>\n<meta name=\"twitter:label1\" content=\"Dur\u00e9e de lecture estim\u00e9e\" \/>\n\t<meta name=\"twitter:data1\" content=\"4 minutes\" \/>\n<script type=\"application\/ld+json\" class=\"yoast-schema-graph\">{\"@context\":\"https:\/\/schema.org\",\"@graph\":[{\"@type\":\"WebPage\",\"@id\":\"https:\/\/turismevalles.com\/itineraris-municipals\/\",\"url\":\"https:\/\/turismevalles.com\/itineraris-municipals\/\",\"name\":\"Itin\u00e9raires municipaux - Turisme Vall\u00e8s\",\"isPartOf\":{\"@id\":\"https:\/\/turismevalles.com\/en\/#website\"},\"primaryImageOfPage\":{\"@id\":\"https:\/\/turismevalles.com\/itineraris-municipals\/#primaryimage\"},\"image\":{\"@id\":\"https:\/\/turismevalles.com\/itineraris-municipals\/#primaryimage\"},\"thumbnailUrl\":\"https:\/\/turismevalles.com\/wp-content\/uploads\/2021\/08\/IMG_0691-1-3.jpg\",\"datePublished\":\"2022-04-28T08:28:57+00:00\",\"dateModified\":\"2022-04-28T08:28:58+00:00\",\"description\":\"Consultez toute l\u2019offre d\u2019itin\u00e9raires des 39\u00a0communes d\u2019El Vall\u00e8s Oriental. Vous trouverez une offre tr\u00e8s diversifi\u00e9e pour tous les publics.\",\"breadcrumb\":{\"@id\":\"https:\/\/turismevalles.com\/itineraris-municipals\/#breadcrumb\"},\"inLanguage\":\"fr-FR\",\"potentialAction\":[{\"@type\":\"ReadAction\",\"target\":[\"https:\/\/turismevalles.com\/itineraris-municipals\/\"]}]},{\"@type\":\"ImageObject\",\"inLanguage\":\"fr-FR\",\"@id\":\"https:\/\/turismevalles.com\/itineraris-municipals\/#primaryimage\",\"url\":\"https:\/\/turismevalles.com\/wp-content\/uploads\/2021\/08\/IMG_0691-1-3.jpg\",\"contentUrl\":\"https:\/\/turismevalles.com\/wp-content\/uploads\/2021\/08\/IMG_0691-1-3.jpg\",\"width\":2400,\"height\":1600},{\"@type\":\"BreadcrumbList\",\"@id\":\"https:\/\/turismevalles.com\/itineraris-municipals\/#breadcrumb\",\"itemListElement\":[{\"@type\":\"ListItem\",\"position\":1,\"name\":\"Inici\",\"item\":\"https:\/\/turismevalles.com\/fr\/\"},{\"@type\":\"ListItem\",\"position\":2,\"name\":\"Itin\u00e9raires municipaux\"}]},{\"@type\":\"WebSite\",\"@id\":\"https:\/\/turismevalles.com\/en\/#website\",\"url\":\"https:\/\/turismevalles.com\/en\/\",\"name\":\"Turisme Vall\u00e8s\",\"description\":\"\",\"publisher\":{\"@id\":\"https:\/\/turismevalles.com\/en\/#organization\"},\"potentialAction\":[{\"@type\":\"SearchAction\",\"target\":{\"@type\":\"EntryPoint\",\"urlTemplate\":\"https:\/\/turismevalles.com\/en\/?s={search_term_string}\"},\"query-input\":{\"@type\":\"PropertyValueSpecification\",\"valueRequired\":true,\"valueName\":\"search_term_string\"}}],\"inLanguage\":\"fr-FR\"},{\"@type\":\"Organization\",\"@id\":\"https:\/\/turismevalles.com\/en\/#organization\",\"name\":\"Turisme Vall\u00e8s\",\"url\":\"https:\/\/turismevalles.com\/en\/\",\"logo\":{\"@type\":\"ImageObject\",\"inLanguage\":\"fr-FR\",\"@id\":\"https:\/\/turismevalles.com\/en\/#\/schema\/logo\/image\/\",\"url\":\"https:\/\/turismevalles.com\/wp-content\/uploads\/2020\/08\/cropped-logo_ca-2.png\",\"contentUrl\":\"https:\/\/turismevalles.com\/wp-content\/uploads\/2020\/08\/cropped-logo_ca-2.png\",\"width\":314,\"height\":85,\"caption\":\"Turisme Vall\u00e8s\"},\"image\":{\"@id\":\"https:\/\/turismevalles.com\/en\/#\/schema\/logo\/image\/\"}}]}<\/script>\n<!-- \/ Yoast SEO plugin. -->","yoast_head_json":{"title":"Itin\u00e9raires municipaux - Turisme Vall\u00e8s","description":"Consultez toute l\u2019offre d\u2019itin\u00e9raires des 39\u00a0communes d\u2019El Vall\u00e8s Oriental. Vous trouverez une offre tr\u00e8s diversifi\u00e9e pour tous les publics.","robots":{"index":"index","follow":"follow","max-snippet":"max-snippet:-1","max-image-preview":"max-image-preview:large","max-video-preview":"max-video-preview:-1"},"canonical":"https:\/\/turismevalles.com\/itineraris-municipals\/","og_locale":"fr_FR","og_type":"article","og_title":"Itin\u00e9raires municipaux - Turisme Vall\u00e8s","og_description":"Consultez toute l\u2019offre d\u2019itin\u00e9raires des 39\u00a0communes d\u2019El Vall\u00e8s Oriental. Vous trouverez une offre tr\u00e8s diversifi\u00e9e pour tous les publics.","og_url":"https:\/\/turismevalles.com\/itineraris-municipals\/","og_site_name":"Turisme Vall\u00e8s","article_modified_time":"2022-04-28T08:28:58+00:00","og_image":[{"width":2400,"height":1600,"url":"https:\/\/turismevalles.com\/wp-content\/uploads\/2021\/08\/IMG_0691-1-3.jpg","type":"image\/jpeg"}],"twitter_card":"summary_large_image","twitter_misc":{"Dur\u00e9e de lecture estim\u00e9e":"4 minutes"},"schema":{"@context":"https:\/\/schema.org","@graph":[{"@type":"WebPage","@id":"https:\/\/turismevalles.com\/itineraris-municipals\/","url":"https:\/\/turismevalles.com\/itineraris-municipals\/","name":"Itin\u00e9raires municipaux - Turisme Vall\u00e8s","isPartOf":{"@id":"https:\/\/turismevalles.com\/en\/#website"},"primaryImageOfPage":{"@id":"https:\/\/turismevalles.com\/itineraris-municipals\/#primaryimage"},"image":{"@id":"https:\/\/turismevalles.com\/itineraris-municipals\/#primaryimage"},"thumbnailUrl":"https:\/\/turismevalles.com\/wp-content\/uploads\/2021\/08\/IMG_0691-1-3.jpg","datePublished":"2022-04-28T08:28:57+00:00","dateModified":"2022-04-28T08:28:58+00:00","description":"Consultez toute l\u2019offre d\u2019itin\u00e9raires des 39\u00a0communes d\u2019El Vall\u00e8s Oriental. Vous trouverez une offre tr\u00e8s diversifi\u00e9e pour tous les publics.","breadcrumb":{"@id":"https:\/\/turismevalles.com\/itineraris-municipals\/#breadcrumb"},"inLanguage":"fr-FR","potentialAction":[{"@type":"ReadAction","target":["https:\/\/turismevalles.com\/itineraris-municipals\/"]}]},{"@type":"ImageObject","inLanguage":"fr-FR","@id":"https:\/\/turismevalles.com\/itineraris-municipals\/#primaryimage","url":"https:\/\/turismevalles.com\/wp-content\/uploads\/2021\/08\/IMG_0691-1-3.jpg","contentUrl":"https:\/\/turismevalles.com\/wp-content\/uploads\/2021\/08\/IMG_0691-1-3.jpg","width":2400,"height":1600},{"@type":"BreadcrumbList","@id":"https:\/\/turismevalles.com\/itineraris-municipals\/#breadcrumb","itemListElement":[{"@type":"ListItem","position":1,"name":"Inici","item":"https:\/\/turismevalles.com\/fr\/"},{"@type":"ListItem","position":2,"name":"Itin\u00e9raires municipaux"}]},{"@type":"WebSite","@id":"https:\/\/turismevalles.com\/en\/#website","url":"https:\/\/turismevalles.com\/en\/","name":"Turisme Vall\u00e8s","description":"","publisher":{"@id":"https:\/\/turismevalles.com\/en\/#organization"},"potentialAction":[{"@type":"SearchAction","target":{"@type":"EntryPoint","urlTemplate":"https:\/\/turismevalles.com\/en\/?s={search_term_string}"},"query-input":{"@type":"PropertyValueSpecification","valueRequired":true,"valueName":"search_term_string"}}],"inLanguage":"fr-FR"},{"@type":"Organization","@id":"https:\/\/turismevalles.com\/en\/#organization","name":"Turisme Vall\u00e8s","url":"https:\/\/turismevalles.com\/en\/","logo":{"@type":"ImageObject","inLanguage":"fr-FR","@id":"https:\/\/turismevalles.com\/en\/#\/schema\/logo\/image\/","url":"https:\/\/turismevalles.com\/wp-content\/uploads\/2020\/08\/cropped-logo_ca-2.png","contentUrl":"https:\/\/turismevalles.com\/wp-content\/uploads\/2020\/08\/cropped-logo_ca-2.png","width":314,"height":85,"caption":"Turisme Vall\u00e8s"},"image":{"@id":"https:\/\/turismevalles.com\/en\/#\/schema\/logo\/image\/"}}]}},"uagb_featured_image_src":{"full":["https:\/\/turismevalles.com\/wp-content\/uploads\/2021\/08\/IMG_0691-1-3.jpg",2400,1600,false],"thumbnail":["https:\/\/turismevalles.com\/wp-content\/uploads\/2021\/08\/IMG_0691-1-3-150x150.jpg",150,150,true],"medium":["https:\/\/turismevalles.com\/wp-content\/uploads\/2021\/08\/IMG_0691-1-3-300x200.jpg",300,200,true],"medium_large":["https:\/\/turismevalles.com\/wp-content\/uploads\/2021\/08\/IMG_0691-1-3-768x512.jpg",768,512,true],"large":["https:\/\/turismevalles.com\/wp-content\/uploads\/2021\/08\/IMG_0691-1-3-1024x683.jpg",1024,683,true],"thumblist":["https:\/\/turismevalles.com\/wp-content\/uploads\/2021\/08\/IMG_0691-1-3-300x300.jpg",300,300,true],"meccarouselthumb":["https:\/\/turismevalles.com\/wp-content\/uploads\/2021\/08\/IMG_0691-1-3-474x324.jpg",474,324,true],"gridsquare":["https:\/\/turismevalles.com\/wp-content\/uploads\/2021\/08\/IMG_0691-1-3-391x260.jpg",391,260,true],"tileview":["https:\/\/turismevalles.com\/wp-content\/uploads\/2021\/08\/IMG_0691-1-3-300x400.jpg",300,400,true],"1536x1536":["https:\/\/turismevalles.com\/wp-content\/uploads\/2021\/08\/IMG_0691-1-3-1536x1024.jpg",1536,1024,true],"2048x2048":["https:\/\/turismevalles.com\/wp-content\/uploads\/2021\/08\/IMG_0691-1-3-2048x1365.jpg",2048,1365,true]},"uagb_author_info":{"display_name":"Turisme Valles","author_link":"https:\/\/turismevalles.com\/fr\/author\/turismevallesoriental\/"},"uagb_comment_info":0,"uagb_excerpt":"Dans cette section, nous regroupons les itin\u00e9raires cyclables que proposent les diff\u00e9rentes mairies de la r\u00e9gion. Veuillez respecter les conseils de s\u00e9curit\u00e9 pour les cyclistes ... Veure m\u00e9s","_links":{"self":[{"href":"https:\/\/turismevalles.com\/fr\/wp-json\/wp\/v2\/pages\/19165","targetHints":{"allow":["GET"]}}],"collection":[{"href":"https:\/\/turismevalles.com\/fr\/wp-json\/wp\/v2\/pages"}],"about":[{"href":"https:\/\/turismevalles.com\/fr\/wp-json\/wp\/v2\/types\/page"}],"author":[{"embeddable":true,"href":"https:\/\/turismevalles.com\/fr\/wp-json\/wp\/v2\/users\/5"}],"replies":[{"embeddable":true,"href":"https:\/\/turismevalles.com\/fr\/wp-json\/wp\/v2\/comments?post=19165"}],"version-history":[{"count":0,"href":"https:\/\/turismevalles.com\/fr\/wp-json\/wp\/v2\/pages\/19165\/revisions"}],"wp:featuredmedia":[{"embeddable":true,"href":"https:\/\/turismevalles.com\/fr\/wp-json\/wp\/v2\/media\/14976"}],"wp:attachment":[{"href":"https:\/\/turismevalles.com\/fr\/wp-json\/wp\/v2\/media?parent=19165"}],"curies":[{"name":"wp","href":"https:\/\/api.w.org\/{rel}","templated":true}]}}