{"id":19227,"date":"2022-04-28T14:18:07","date_gmt":"2022-04-28T12:18:07","guid":{"rendered":"http:\/\/turismevalles.com.mialias.net\/adhesions-a-lengagement-en-faveur-de-la-durabilite-biosphere\/"},"modified":"2022-04-28T14:18:08","modified_gmt":"2022-04-28T12:18:08","slug":"adhesions-a-lengagement-en-faveur-de-la-durabilite-biosphere","status":"publish","type":"page","link":"https:\/\/turismevalles.com\/fr\/adhesions-a-lengagement-en-faveur-de-la-durabilite-biosphere\/","title":{"rendered":"Adh\u00e9sions \u00e0 l\u2019Engagement en faveur de la durabilit\u00e9 Biosphere"},"content":{"rendered":"\n<p>Vous souhaitez adh\u00e9rer \u00e0 ce projet, ou vous y avez d\u00e9j\u00e0 adh\u00e9r\u00e9, et vous voulez savoir quelles sont les t\u00e2ches \u00e0 accomplir au fil de l\u2019ann\u00e9e pour obtenir ce label ?<\/p>\n\n<p>Le processus est tr\u00e8s simple :<\/p>\n<div class=\"gb-grid-wrapper gb-grid-wrapper-c7dbdddd\">\n<div class=\"gb-grid-column gb-grid-column-5f8991a7\"><div class=\"gb-container gb-container-5f8991a7\"><div class=\"gb-inside-container\">\n\n<p class=\"has-text-align-center has-white-color has-text-color has-background\" style=\"background-color:#00a1a3\"><strong>NOUVELLES ADH\u00c9SIONS<\/strong><\/p>\n\n\n\n<p><strong>1. <strong>Remplir les documents d\u2019adh\u00e9sion<\/strong><\/strong><\/p>\n\n\n\n<div class=\"wp-block-buttons is-layout-flex wp-block-buttons-is-layout-flex\">\n<div class=\"wp-block-button\"><a class=\"wp-block-button__link\">Documents de 2022 \u00e0 publier<\/a><\/div>\n<\/div>\n\n\n\n<p>D\u00e8s que les documents sont remplis et sign\u00e9s, vous pouvez les int\u00e9grer \u00e0 la <a href=\"https:\/\/www.biospheretourism.com\/es\" target=\"_blank\" rel=\"noreferrer noopener\">plateforme<\/a> ou les envoyer \u00e0 l\u2019adresse <strong>turisme@vallesoriental.cat<\/strong> et nous les int\u00e9grerons nous-m\u00eames.<\/p>\n\n\n\n<hr class=\"wp-block-separator\"\/>\n\n\n\n<p><strong>2. Participer aux formations 1 et 2 qui sont donn\u00e9es au printemps<\/strong><\/p>\n\n\n\n<p>Au cours de ces formations, nous vous expliquerons le projet plus en d\u00e9tail et nous vous apprendrons le fonctionnement de base de la plateforme que vous devrez utiliser.<\/p>\n\n\n\n<p class=\"has-medium-font-size\"><strong>Dates des prochaines sessions :<\/strong><\/p>\n\n\n\n<div class=\"wp-block-buttons is-layout-flex wp-block-buttons-is-layout-flex\">\n<div class=\"wp-block-button\"><a class=\"wp-block-button__link\" href=\"https:\/\/forms.gle\/dGktjFNCou9Z4W7H8\" target=\"_blank\" rel=\"noreferrer noopener\">F1 FINALITZADA (CONSULTAR CALENDARI COMARQUES)<\/a><\/div>\n\n\n\n<div class=\"wp-block-button\"><a class=\"wp-block-button__link\">05\/04\/2022<\/a><\/div>\n<\/div>\n\n\n\n<hr class=\"wp-block-separator\"\/>\n\n\n\n<p><strong>3. Remplir le questionnaire disponible sur <a href=\"https:\/\/www.biospheretourism.com\/es\" target=\"_blank\" rel=\"noreferrer noopener\">biosphere tourism<\/a><\/strong><\/p>\n\n\n\n<p>Vous devez r\u00e9pondre \u00e0 toutes les questions, mais ne vous inqui\u00e9tez pas, la consultante vous conseillera et vous aidera \u00e0 tout moment.<\/p>\n\n\n\n<p class=\"has-medium-font-size\"><strong>\u00c9tat du questionnaire 2022:<\/strong><\/p>\n\n\n\n<div class=\"wp-block-buttons is-layout-flex wp-block-buttons-is-layout-flex\">\n<div class=\"wp-block-button\"><a class=\"wp-block-button__link\" href=\"https:\/\/www.biospheretourism.com\/es\" target=\"_blank\" rel=\"noreferrer noopener\">ferm\u00e9<\/a><\/div>\n\n\n\n<div class=\"wp-block-button is-style-fill\"><a class=\"wp-block-button__link\">PROCHAINE OUVERTURE AU PRINTEMPS 2022<\/a><\/div>\n<\/div>\n\n\n\n<hr class=\"wp-block-separator\"\/>\n\n\n\n<p><strong>4. Recevoir les deux visites de la consultante<\/strong><\/p>\n\n\n\n<p>Lors de la premi\u00e8re visite, vous r\u00e9viserez le questionnaire afin de r\u00e9soudre les doutes et de voir quelle est la meilleure mani\u00e8re de r\u00e9pondre au questionnaire.<\/p>\n\n\n\n<p>Lors de la deuxi\u00e8me visite, la consultante v\u00e9rifiera si vous avez bien r\u00e9solu tous les probl\u00e8mes mis en \u00e9vidence lors de la premi\u00e8re visite et si vous avez d\u00e9fini au moins 3 actions d\u2019am\u00e9lioration pour l\u2019ann\u00e9e prochaine.<\/p>\n\n\n\n<p class=\"has-medium-font-size\"><strong>Visites 2022:<\/strong><\/p>\n\n\n\n<div class=\"wp-block-buttons is-layout-flex wp-block-buttons-is-layout-flex\">\n<div class=\"wp-block-button is-style-fill\"><a class=\"wp-block-button__link\">Entreprise \u00e0 d\u00e9terminer pour 2022<\/a><\/div>\n\n\n\n<div class=\"wp-block-button\"><a class=\"wp-block-button__link\">Calendrier de visites \u00e0 programmer<\/a><\/div>\n<\/div>\n\n\n\n<hr class=\"wp-block-separator\"\/>\n\n\n\n<p><strong>5.Participer \u00e0 l\u2019Atelier sur la destination<\/strong><\/p>\n\n\n\n<p>Au cours de cet atelier, vous apprendrez les aspects cl\u00e9s de la durabilit\u00e9, que vous pourrez appliquer au sein de votre entit\u00e9, et conna\u00eetrez en outre d\u2019autres acteurs du territoire qui sont \u00e9galement engag\u00e9s en faveur de la durabilit\u00e9.<\/p>\n\n\n\n<p class=\"has-medium-font-size\"><strong>Dates des prochaines sessions :<\/strong><\/p>\n\n\n\n<div class=\"wp-block-buttons is-layout-flex wp-block-buttons-is-layout-flex\">\n<div class=\"wp-block-button\"><a class=\"wp-block-button__link\" href=\"https:\/\/docs.google.com\/forms\/d\/e\/1FAIpQLSeKvdNpp4uOu-MSM2ZQvhX-ZAZ63JstLkRWdZjwH7A1QW7yfQ\/viewform\" target=\"_blank\" rel=\"noreferrer noopener\">24\/03\/2022 &#8211; PRIMERA SESSI\u00d3 REALITZADA<\/a><\/div>\n\n\n\n<div class=\"wp-block-button\"><a class=\"wp-block-button__link\">SETEMBRE &#8211; Digitalitzaci\u00f3 per a la Sostenibilitat del teu negoci tur\u00edstic<\/a><\/div>\n\n\n\n<div class=\"wp-block-button\"><a class=\"wp-block-button__link\">pendent de programar &#8211; JORNADA SOBRE CICLOTURISME<\/a><\/div>\n<\/div>\n\n\n\n<p class=\"has-large-font-size\"><strong>Vous avez r\u00e9alis\u00e9 toutes les d\u00e9marches ?<\/strong><\/p>\n\n\n\n<p>En novembre, le Bureau de la durabilit\u00e9 \u00e9valuera tout le travail effectu\u00e9 au fil de l\u2019ann\u00e9e, puis l\u2019<em><a href=\"https:\/\/www.responsibletourisminstitute.com\/es\" target=\"_blank\" rel=\"noreferrer noopener\">Institut du tourisme responsable<\/a><\/em> acceptera votre adh\u00e9sion si vous remplissez les conditions requises.<\/p>\n\n\n\n<p><strong>En cas d\u2019acceptation, nous vous donnerons les labels au d\u00e9but de l\u2019ann\u00e9e 2023.<\/strong><\/p>\n\n<\/div><\/div><\/div>\n\n<div class=\"gb-grid-column gb-grid-column-b5751b31\"><div class=\"gb-container gb-container-b5751b31\"><div class=\"gb-inside-container\">\n\n<p class=\"has-text-align-center has-white-color has-text-color has-background\" style=\"background-color:#00a1a3\"><strong>RENOUVELLEMENT<\/strong><\/p>\n\n\n\n<p><strong>1. <strong>Remplir le document de renouvellement de votre adh\u00e9sion (1 document)<\/strong><\/strong><\/p>\n\n\n\n<div class=\"wp-block-buttons is-layout-flex wp-block-buttons-is-layout-flex\">\n<div class=\"wp-block-button\"><a class=\"wp-block-button__link\">Documents de 2022 \u00e0 publier<\/a><\/div>\n<\/div>\n\n\n\n<p>D\u00e8s que les documents sont remplis et sign\u00e9s, vous pouvez les int\u00e9grer \u00e0 la <a href=\"https:\/\/www.biospheretourism.com\/es\" target=\"_blank\" rel=\"noreferrer noopener\">plateforme <\/a>ou les envoyer \u00e0 l\u2019adresse <strong>turisme@vallesoriental.cat<\/strong> et nous les int\u00e9grerons nous-m\u00eames.<\/p>\n\n\n\n<hr class=\"wp-block-separator\"\/>\n\n\n\n<p><strong>2. Remplir le questionnaire disponible sur <a href=\"https:\/\/www.biospheretourism.com\/es\" target=\"_blank\" rel=\"noreferrer noopener\">biosphere tourism<\/a><\/strong><\/p>\n\n\n\n<p id=\"block-a9dbc23d-a688-4b1d-8e4a-976c134ee332\">Vous devez r\u00e9pondre \u00e0 toutes les questions, mais ne vous inqui\u00e9tez pas, la consultante vous conseillera et vous aidera \u00e0 tout moment.<\/p>\n\n\n\n<p class=\"has-medium-font-size\"><strong>\u00c9tat du questionnaire 2022:<\/strong><\/p>\n\n\n\n<div class=\"wp-block-buttons is-layout-flex wp-block-buttons-is-layout-flex\">\n<div class=\"wp-block-button\"><a class=\"wp-block-button__link\" href=\"https:\/\/www.biospheretourism.com\/es\" target=\"_blank\" rel=\"noreferrer noopener\">ferm\u00e9<\/a><\/div>\n\n\n\n<div class=\"wp-block-button is-style-fill\"><a class=\"wp-block-button__link\">PROCHAINE OUVERTURE AU PRINTEMPS 2022<\/a><\/div>\n<\/div>\n\n\n\n<hr class=\"wp-block-separator\"\/>\n\n\n\n<p><strong>3. Recevoir la visite de la consultante<\/strong><\/p>\n\n\n\n<p>La consultante v\u00e9rifiera si vous avez bien r\u00e9pondu \u00e0 toutes les questions, si vous avez r\u00e9alis\u00e9 les actions d\u2019am\u00e9lioration de l\u2019ann\u00e9e pr\u00e9c\u00e9dente et si vous avez pr\u00e9vu un minimum de 3 actions d\u2019am\u00e9lioration pour l\u2019ann\u00e9e prochaine.<\/p>\n\n\n\n<p class=\"has-medium-font-size\"><strong>Visites 2022:<\/strong><\/p>\n\n\n\n<div class=\"wp-block-buttons is-layout-flex wp-block-buttons-is-layout-flex\">\n<div class=\"wp-block-button is-style-fill\"><a class=\"wp-block-button__link\">Entreprise \u00e0 d\u00e9terminer pour 2022<\/a><\/div>\n\n\n\n<div class=\"wp-block-button\"><a class=\"wp-block-button__link\">Calendrier des visites \u00e0 programmer<\/a><\/div>\n<\/div>\n\n\n\n<div class=\"wp-block-buttons is-layout-flex wp-block-buttons-is-layout-flex\"><\/div>\n\n\n\n<hr class=\"wp-block-separator\"\/>\n\n\n\n<p><strong>4. Suivre une formation au choix (4 h minimum)<\/strong><\/p>\n\n\n\n<p>Vous disposez de l\u2019offre gratuite des <a href=\"https:\/\/www.cambrabcn.org\/tallers_turisme\" target=\"_blank\" rel=\"noreferrer noopener\"><strong>Ateliers du tourisme<\/strong><\/a>, o\u00f9 l\u2019on sp\u00e9cifie quels cours sont reconnus pour l\u2019obtention du label.<\/p>\n\n\n\n<p>Mais vous avez \u00e9galement la possibilit\u00e9 de suivre une formation que vous aurez choisie vous-m\u00eame, \u00e0 condition de joindre l\u2019attestation de pr\u00e9sence \u00e0 la question correspondante du <a href=\"https:\/\/www.biospheretourism.com\/es\" target=\"_blank\" rel=\"noreferrer noopener\">questionnaire<\/a>.<\/p>\n\n\n\n<hr class=\"wp-block-separator\"\/>\n\n\n\n<p><strong>5.Participer \u00e0 l\u2019Atelier sur la destination<\/strong><\/p>\n\n\n\n<p>Au cours de cet atelier, vous apprendrez les aspects cl\u00e9s de la durabilit\u00e9, que vous pourrez appliquer au sein de votre entit\u00e9, et conna\u00eetrez en outre d\u2019autres acteurs du territoire qui sont \u00e9galement engag\u00e9s en faveur de la durabilit\u00e9.<\/p>\n\n\n\n<p class=\"has-medium-font-size\"><strong>Dates des prochaines sessions :<\/strong><\/p>\n\n\n\n<div class=\"wp-block-buttons is-layout-flex wp-block-buttons-is-layout-flex\">\n<div class=\"wp-block-button\"><a class=\"wp-block-button__link\" href=\"https:\/\/docs.google.com\/forms\/d\/e\/1FAIpQLSeKvdNpp4uOu-MSM2ZQvhX-ZAZ63JstLkRWdZjwH7A1QW7yfQ\/viewform\" target=\"_blank\" rel=\"noreferrer noopener\">24\/03\/2022 &#8211; PRIMERA SESSI\u00d3 REALITZADA<\/a><\/div>\n\n\n\n<div class=\"wp-block-button\"><a class=\"wp-block-button__link\">SETEMBRE &#8211; Digitalitzaci\u00f3 per a la Sostenibilitat del teu negoci tur\u00edstic<\/a><\/div>\n\n\n\n<div class=\"wp-block-button\"><a class=\"wp-block-button__link\">pendent de programar &#8211; JORNADA SOBRE CICLOTURISME<\/a><\/div>\n<\/div>\n\n\n\n<hr class=\"wp-block-separator\"\/>\n\n\n\n<p class=\"has-large-font-size\"><strong>Vous avez r\u00e9alis\u00e9 toutes les d\u00e9marches ?<\/strong><\/p>\n\n\n\n<p id=\"block-9d764b35-6ca1-4232-8090-3d382885fdc4\">En novembre, le Bureau de la durabilit\u00e9 \u00e9valuera tout le travail effectu\u00e9 au fil de l\u2019ann\u00e9e, puis l\u2019<em><a href=\"https:\/\/www.responsibletourisminstitute.com\/es\" target=\"_blank\" rel=\"noreferrer noopener\">Institut du tourisme responsable<\/a><\/em> acceptera votre adh\u00e9sion si vous remplissez les conditions requises.<\/p>\n\n\n\n<p id=\"block-3aec6c66-956f-45b4-ad96-5455d524e052\"><strong>En cas d\u2019acceptation, nous vous donnerons les labels au d\u00e9but de l\u2019ann\u00e9e 2023.<\/strong><\/p>\n\n<\/div><\/div><\/div>\n<\/div>","protected":false},"excerpt":{"rendered":"<p>Vous souhaitez adh\u00e9rer \u00e0 ce projet, ou vous y avez d\u00e9j\u00e0 adh\u00e9r\u00e9, et vous voulez savoir quelles sont les t\u00e2ches \u00e0 accomplir au fil de &#8230; <a title=\"Adh\u00e9sions \u00e0 l\u2019Engagement en faveur de la durabilit\u00e9 Biosphere\" class=\"read-more\" href=\"https:\/\/turismevalles.com\/fr\/adhesions-a-lengagement-en-faveur-de-la-durabilite-biosphere\/\" aria-label=\"More on Adh\u00e9sions \u00e0 l\u2019Engagement en faveur de la durabilit\u00e9 Biosphere\">Veure m\u00e9s<\/a><\/p>\n","protected":false},"author":5,"featured_media":0,"parent":0,"menu_order":0,"comment_status":"closed","ping_status":"closed","template":"","meta":{"_acf_changed":false,"inline_featured_image":false,"_uag_custom_page_level_css":"","footnotes":""},"class_list":{"0":"post-19227","1":"page","2":"type-page","3":"status-publish","5":"generate-columns","6":"tablet-grid-50","7":"mobile-grid-100","8":"grid-parent","9":"grid-33"},"acf":[],"yoast_head":"<!-- This site is optimized with the Yoast SEO plugin v26.4 - https:\/\/yoast.com\/wordpress\/plugins\/seo\/ -->\n<title>Adh\u00e9sions \u00e0 l\u2019Engagement en faveur de la durabilit\u00e9 Biosphere - Turisme Vall\u00e8s<\/title>\n<meta name=\"description\" content=\"Vous pouvez consulter l\u2019\u00e9tat de votre processus d\u2019adh\u00e9sion \u00e0 l\u2019Engagement Biosphere dans El Vall\u00e8s Oriental\" \/>\n<meta name=\"robots\" content=\"index, follow, max-snippet:-1, max-image-preview:large, max-video-preview:-1\" \/>\n<link rel=\"canonical\" href=\"https:\/\/turismevalles.com\/compromis-per-a-la-sostenibilitat-biosphere\/\" \/>\n<meta property=\"og:locale\" content=\"fr_FR\" \/>\n<meta property=\"og:type\" content=\"article\" \/>\n<meta property=\"og:title\" content=\"Adh\u00e9sions \u00e0 l\u2019Engagement en faveur de la durabilit\u00e9 Biosphere - Turisme Vall\u00e8s\" \/>\n<meta property=\"og:description\" content=\"Vous pouvez consulter l\u2019\u00e9tat de votre processus d\u2019adh\u00e9sion \u00e0 l\u2019Engagement Biosphere dans El Vall\u00e8s Oriental\" \/>\n<meta property=\"og:url\" content=\"https:\/\/turismevalles.com\/compromis-per-a-la-sostenibilitat-biosphere\/\" \/>\n<meta property=\"og:site_name\" content=\"Turisme Vall\u00e8s\" \/>\n<meta property=\"article:modified_time\" content=\"2022-04-28T12:18:08+00:00\" \/>\n<meta name=\"twitter:card\" content=\"summary_large_image\" \/>\n<meta name=\"twitter:label1\" content=\"Dur\u00e9e de lecture estim\u00e9e\" \/>\n\t<meta name=\"twitter:data1\" content=\"4 minutes\" \/>\n<script type=\"application\/ld+json\" class=\"yoast-schema-graph\">{\"@context\":\"https:\/\/schema.org\",\"@graph\":[{\"@type\":\"WebPage\",\"@id\":\"https:\/\/turismevalles.com\/compromis-per-a-la-sostenibilitat-biosphere\/\",\"url\":\"https:\/\/turismevalles.com\/compromis-per-a-la-sostenibilitat-biosphere\/\",\"name\":\"Adh\u00e9sions \u00e0 l\u2019Engagement en faveur de la durabilit\u00e9 Biosphere - Turisme Vall\u00e8s\",\"isPartOf\":{\"@id\":\"https:\/\/turismevalles.com\/en\/#website\"},\"datePublished\":\"2022-04-28T12:18:07+00:00\",\"dateModified\":\"2022-04-28T12:18:08+00:00\",\"description\":\"Vous pouvez consulter l\u2019\u00e9tat de votre processus d\u2019adh\u00e9sion \u00e0 l\u2019Engagement Biosphere dans El Vall\u00e8s Oriental\",\"breadcrumb\":{\"@id\":\"https:\/\/turismevalles.com\/compromis-per-a-la-sostenibilitat-biosphere\/#breadcrumb\"},\"inLanguage\":\"fr-FR\",\"potentialAction\":[{\"@type\":\"ReadAction\",\"target\":[\"https:\/\/turismevalles.com\/compromis-per-a-la-sostenibilitat-biosphere\/\"]}]},{\"@type\":\"BreadcrumbList\",\"@id\":\"https:\/\/turismevalles.com\/compromis-per-a-la-sostenibilitat-biosphere\/#breadcrumb\",\"itemListElement\":[{\"@type\":\"ListItem\",\"position\":1,\"name\":\"Inici\",\"item\":\"https:\/\/turismevalles.com\/fr\/\"},{\"@type\":\"ListItem\",\"position\":2,\"name\":\"Adh\u00e9sions \u00e0 l\u2019Engagement en faveur de la durabilit\u00e9 Biosphere\"}]},{\"@type\":\"WebSite\",\"@id\":\"https:\/\/turismevalles.com\/en\/#website\",\"url\":\"https:\/\/turismevalles.com\/en\/\",\"name\":\"Turisme Vall\u00e8s\",\"description\":\"\",\"publisher\":{\"@id\":\"https:\/\/turismevalles.com\/en\/#organization\"},\"potentialAction\":[{\"@type\":\"SearchAction\",\"target\":{\"@type\":\"EntryPoint\",\"urlTemplate\":\"https:\/\/turismevalles.com\/en\/?s={search_term_string}\"},\"query-input\":{\"@type\":\"PropertyValueSpecification\",\"valueRequired\":true,\"valueName\":\"search_term_string\"}}],\"inLanguage\":\"fr-FR\"},{\"@type\":\"Organization\",\"@id\":\"https:\/\/turismevalles.com\/en\/#organization\",\"name\":\"Turisme Vall\u00e8s\",\"url\":\"https:\/\/turismevalles.com\/en\/\",\"logo\":{\"@type\":\"ImageObject\",\"inLanguage\":\"fr-FR\",\"@id\":\"https:\/\/turismevalles.com\/en\/#\/schema\/logo\/image\/\",\"url\":\"https:\/\/turismevalles.com\/wp-content\/uploads\/2020\/08\/cropped-logo_ca-2.png\",\"contentUrl\":\"https:\/\/turismevalles.com\/wp-content\/uploads\/2020\/08\/cropped-logo_ca-2.png\",\"width\":314,\"height\":85,\"caption\":\"Turisme Vall\u00e8s\"},\"image\":{\"@id\":\"https:\/\/turismevalles.com\/en\/#\/schema\/logo\/image\/\"}}]}<\/script>\n<!-- \/ Yoast SEO plugin. -->","yoast_head_json":{"title":"Adh\u00e9sions \u00e0 l\u2019Engagement en faveur de la durabilit\u00e9 Biosphere - Turisme Vall\u00e8s","description":"Vous pouvez consulter l\u2019\u00e9tat de votre processus d\u2019adh\u00e9sion \u00e0 l\u2019Engagement Biosphere dans El Vall\u00e8s Oriental","robots":{"index":"index","follow":"follow","max-snippet":"max-snippet:-1","max-image-preview":"max-image-preview:large","max-video-preview":"max-video-preview:-1"},"canonical":"https:\/\/turismevalles.com\/compromis-per-a-la-sostenibilitat-biosphere\/","og_locale":"fr_FR","og_type":"article","og_title":"Adh\u00e9sions \u00e0 l\u2019Engagement en faveur de la durabilit\u00e9 Biosphere - Turisme Vall\u00e8s","og_description":"Vous pouvez consulter l\u2019\u00e9tat de votre processus d\u2019adh\u00e9sion \u00e0 l\u2019Engagement Biosphere dans El Vall\u00e8s Oriental","og_url":"https:\/\/turismevalles.com\/compromis-per-a-la-sostenibilitat-biosphere\/","og_site_name":"Turisme Vall\u00e8s","article_modified_time":"2022-04-28T12:18:08+00:00","twitter_card":"summary_large_image","twitter_misc":{"Dur\u00e9e de lecture estim\u00e9e":"4 minutes"},"schema":{"@context":"https:\/\/schema.org","@graph":[{"@type":"WebPage","@id":"https:\/\/turismevalles.com\/compromis-per-a-la-sostenibilitat-biosphere\/","url":"https:\/\/turismevalles.com\/compromis-per-a-la-sostenibilitat-biosphere\/","name":"Adh\u00e9sions \u00e0 l\u2019Engagement en faveur de la durabilit\u00e9 Biosphere - Turisme Vall\u00e8s","isPartOf":{"@id":"https:\/\/turismevalles.com\/en\/#website"},"datePublished":"2022-04-28T12:18:07+00:00","dateModified":"2022-04-28T12:18:08+00:00","description":"Vous pouvez consulter l\u2019\u00e9tat de votre processus d\u2019adh\u00e9sion \u00e0 l\u2019Engagement Biosphere dans El Vall\u00e8s Oriental","breadcrumb":{"@id":"https:\/\/turismevalles.com\/compromis-per-a-la-sostenibilitat-biosphere\/#breadcrumb"},"inLanguage":"fr-FR","potentialAction":[{"@type":"ReadAction","target":["https:\/\/turismevalles.com\/compromis-per-a-la-sostenibilitat-biosphere\/"]}]},{"@type":"BreadcrumbList","@id":"https:\/\/turismevalles.com\/compromis-per-a-la-sostenibilitat-biosphere\/#breadcrumb","itemListElement":[{"@type":"ListItem","position":1,"name":"Inici","item":"https:\/\/turismevalles.com\/fr\/"},{"@type":"ListItem","position":2,"name":"Adh\u00e9sions \u00e0 l\u2019Engagement en faveur de la durabilit\u00e9 Biosphere"}]},{"@type":"WebSite","@id":"https:\/\/turismevalles.com\/en\/#website","url":"https:\/\/turismevalles.com\/en\/","name":"Turisme Vall\u00e8s","description":"","publisher":{"@id":"https:\/\/turismevalles.com\/en\/#organization"},"potentialAction":[{"@type":"SearchAction","target":{"@type":"EntryPoint","urlTemplate":"https:\/\/turismevalles.com\/en\/?s={search_term_string}"},"query-input":{"@type":"PropertyValueSpecification","valueRequired":true,"valueName":"search_term_string"}}],"inLanguage":"fr-FR"},{"@type":"Organization","@id":"https:\/\/turismevalles.com\/en\/#organization","name":"Turisme Vall\u00e8s","url":"https:\/\/turismevalles.com\/en\/","logo":{"@type":"ImageObject","inLanguage":"fr-FR","@id":"https:\/\/turismevalles.com\/en\/#\/schema\/logo\/image\/","url":"https:\/\/turismevalles.com\/wp-content\/uploads\/2020\/08\/cropped-logo_ca-2.png","contentUrl":"https:\/\/turismevalles.com\/wp-content\/uploads\/2020\/08\/cropped-logo_ca-2.png","width":314,"height":85,"caption":"Turisme Vall\u00e8s"},"image":{"@id":"https:\/\/turismevalles.com\/en\/#\/schema\/logo\/image\/"}}]}},"uagb_featured_image_src":{"full":false,"thumbnail":false,"medium":false,"medium_large":false,"large":false,"thumblist":false,"meccarouselthumb":false,"gridsquare":false,"tileview":false,"1536x1536":false,"2048x2048":false},"uagb_author_info":{"display_name":"Turisme Valles","author_link":"https:\/\/turismevalles.com\/fr\/author\/turismevallesoriental\/"},"uagb_comment_info":0,"uagb_excerpt":"Vous souhaitez adh\u00e9rer \u00e0 ce projet, ou vous y avez d\u00e9j\u00e0 adh\u00e9r\u00e9, et vous voulez savoir quelles sont les t\u00e2ches \u00e0 accomplir au fil de ... Veure m\u00e9s","_links":{"self":[{"href":"https:\/\/turismevalles.com\/fr\/wp-json\/wp\/v2\/pages\/19227","targetHints":{"allow":["GET"]}}],"collection":[{"href":"https:\/\/turismevalles.com\/fr\/wp-json\/wp\/v2\/pages"}],"about":[{"href":"https:\/\/turismevalles.com\/fr\/wp-json\/wp\/v2\/types\/page"}],"author":[{"embeddable":true,"href":"https:\/\/turismevalles.com\/fr\/wp-json\/wp\/v2\/users\/5"}],"replies":[{"embeddable":true,"href":"https:\/\/turismevalles.com\/fr\/wp-json\/wp\/v2\/comments?post=19227"}],"version-history":[{"count":0,"href":"https:\/\/turismevalles.com\/fr\/wp-json\/wp\/v2\/pages\/19227\/revisions"}],"wp:attachment":[{"href":"https:\/\/turismevalles.com\/fr\/wp-json\/wp\/v2\/media?parent=19227"}],"curies":[{"name":"wp","href":"https:\/\/api.w.org\/{rel}","templated":true}]}}