{"id":19230,"date":"2022-04-28T15:44:16","date_gmt":"2022-04-28T13:44:16","guid":{"rendered":"http:\/\/turismevalles.com.mialias.net\/venez-et-decouvrez-le-valles-oriental\/"},"modified":"2022-04-28T15:44:17","modified_gmt":"2022-04-28T13:44:17","slug":"venez-et-decouvrez-le-valles-oriental","status":"publish","type":"page","link":"https:\/\/turismevalles.com\/fr\/venez-et-decouvrez-le-valles-oriental\/","title":{"rendered":"Venez et d\u00e9couvrez le Vall\u00e8s Oriental"},"content":{"rendered":"\n<div class=\"wp-block-column\">\n<figure class=\"wp-block-embed is-type-video is-provider-youtube wp-block-embed-youtube wp-embed-aspect-16-9 wp-has-aspect-ratio\"><div class=\"wp-block-embed__wrapper\">\n<iframe loading=\"lazy\" title=\"Apropa&#039;t i viu la Garriga\" width=\"1200\" height=\"675\" src=\"https:\/\/www.youtube.com\/embed\/PijND1rNtCI?feature=oembed\" frameborder=\"0\" allow=\"accelerometer; autoplay; clipboard-write; encrypted-media; gyroscope; picture-in-picture\" allowfullscreen><\/iframe>\n<\/div><\/figure>\n\n\n\n<p>Apropa&rsquo;t al Vall\u00e8s Oriental i viu el modernisme<!-- \/wp:column --><!-- wp:columns -->\n<div class=\"wp-block-columns\"><!-- wp:column -->\n<div class=\"wp-block-column\"><!-- wp:embed {\"url\":\"https:\/\/www.youtube.com\/watch?v=PijND1rNtCI\",\"type\":\"video\",\"providerNameSlug\":\"youtube\",\"responsive\":true,\"className\":\"wp-embed-aspect-16-9 wp-has-aspect-ratio\"} -->\n<figure class=\"wp-block-embed is-type-video is-provider-youtube wp-block-embed-youtube wp-embed-aspect-16-9 wp-has-aspect-ratio\"><div class=\"wp-block-embed__wrapper\">\n<iframe loading=\"lazy\" title=\"Apropa&#039;t i viu la Garriga\" width=\"1200\" height=\"675\" src=\"https:\/\/www.youtube.com\/embed\/PijND1rNtCI?feature=oembed\" frameborder=\"0\" allow=\"accelerometer; autoplay; clipboard-write; encrypted-media; gyroscope; picture-in-picture\" allowfullscreen><\/iframe>\n<\/div><\/figure>\n<!-- \/wp:embed -->\n\n<!-- wp:paragraph -->\n<p>Apropa&rsquo;t al Vall\u00e8s Oriental i viu el modernisme<!-- \/wp:post-content --><!-- \/wp:columns --><!-- wp:post-content --><!-- wp:embed {\"url\":\"https:\/\/www.youtube.com\/watch?v=tV-9Bu84Tj0\",\"type\":\"video\",\"providerNameSlug\":\"youtube\",\"responsive\":true,\"className\":\"wp-embed-aspect-16-9 wp-has-aspect-ratio\"} -->\n<figure class=\"wp-block-embed is-type-video is-provider-youtube wp-block-embed-youtube wp-embed-aspect-16-9 wp-has-aspect-ratio\"><div class=\"wp-block-embed__wrapper\">\n<iframe loading=\"lazy\" title=\"Apropa&#039;t i viu!\" width=\"1200\" height=\"675\" src=\"https:\/\/www.youtube.com\/embed\/tV-9Bu84Tj0?feature=oembed\" frameborder=\"0\" allow=\"accelerometer; autoplay; clipboard-write; encrypted-media; gyroscope; picture-in-picture\" allowfullscreen><\/iframe>\n<\/div><\/figure>\n<!-- \/wp:embed --><!-- wp:pullquote {\"translatedWithWPMLTM\":\"1\"} -->\n<figure class=\"wp-block-pullquote\"><blockquote><p>Venez dans le Vall\u00e8s Oriental et d\u00e9couvrez chacune des 39 communes de la r\u00e9gion. <\/p><cite>Dans ces vid\u00e9os, vous verrez que la r\u00e9gion du Vall\u00e8s Oriental a beaucoup \u00e0 vous offrir. Vivez les histoires que nous vous expliquons pour chacune des communes.<\/cite><\/blockquote><\/figure>\n<!-- \/wp:pullquote --><!-- wp:paragraph {\"fontSize\":\"normal\",\"translatedWithWPMLTM\":\"1\"} -->\n<p class=\"has-normal-font-size\">Toutes les vid\u00e9os sont disponibles sur les diff\u00e9rents r\u00e9seaux sociaux de <strong>@turismevalles<\/strong>:<\/p>\n<!-- \/wp:paragraph --><!-- wp:social-links {\"size\":\"has-large-icon-size\"} -->\n<ul class=\"wp-block-social-links has-large-icon-size\"><!-- wp:social-link {\"url\":\"https:\/\/www.instagram.com\/turismevalles\/\",\"service\":\"instagram\"} \/-->\n\n<!-- wp:social-link {\"url\":\"https:\/\/twitter.com\/Turismevalles\",\"service\":\"twitter\"} \/-->\n\n<!-- wp:social-link {\"url\":\"https:\/\/www.youtube.com\/turismevalles\",\"service\":\"youtube\"} \/-->\n\n<!-- wp:social-link {\"url\":\"https:\/\/www.facebook.com\/turismevalles\",\"service\":\"facebook\"} \/--><\/ul>\n<!-- \/wp:social-links --><!-- wp:separator -->\n<hr class=\"wp-block-separator\"\/>\n<!-- \/wp:separator --><!-- wp:columns -->\n<div class=\"wp-block-columns\"><!-- wp:column -->\n<div class=\"wp-block-column\"><!-- wp:embed {\"url\":\"https:\/\/www.youtube.com\/watch?v=7gZeHnrhJMw\\u0026t=4s\",\"type\":\"video\",\"providerNameSlug\":\"youtube\",\"responsive\":true,\"className\":\"wp-embed-aspect-16-9 wp-has-aspect-ratio\"} -->\n<figure class=\"wp-block-embed is-type-video is-provider-youtube wp-block-embed-youtube wp-embed-aspect-16-9 wp-has-aspect-ratio\"><div class=\"wp-block-embed__wrapper\">\n<iframe loading=\"lazy\" title=\"Apropa&#039;t i viu Aiguafreda\" width=\"1200\" height=\"675\" src=\"https:\/\/www.youtube.com\/embed\/7gZeHnrhJMw?start=4&#038;feature=oembed\" frameborder=\"0\" allow=\"accelerometer; autoplay; clipboard-write; encrypted-media; gyroscope; picture-in-picture\" allowfullscreen><\/iframe>\n<\/div><\/figure>\n<!-- \/wp:embed -->\n\n<!-- wp:paragraph {\"translatedWithWPMLTM\":\"1\"} -->\n<p>Venez dans le Vall\u00e8s Oriental et d\u00e9couvrez la vall\u00e9e du Congost \u00e0 Aiguafreda.<img loading=\"lazy\" decoding=\"async\" height=\"16\" width=\"16\" alt=\"&#x1F3DE;\" src=\"https:\/\/www.facebook.com\/images\/emoji.php\/v9\/tc\/1\/16\/1f3de.png\"\/><\/p>\n<!-- \/wp:paragraph -->\n\n<!-- wp:paragraph {\"translatedWithWPMLTM\":\"1\"} -->\n<p>D\u00e9couvrez le Montseny le plus sauvage<img loading=\"lazy\" decoding=\"async\" height=\"16\" width=\"16\" alt=\"&#x1F98A;\" src=\"https:\/\/www.facebook.com\/images\/emoji.php\/v9\/t3a\/1\/16\/1f98a.png\"\/> et m\u00e9connu, o\u00f9 vous profiterez d\u2019un patrimoine culturel<img loading=\"lazy\" decoding=\"async\" height=\"16\" width=\"16\" alt=\"&#x1F3AD;\" src=\"https:\/\/www.facebook.com\/images\/emoji.php\/v9\/tae\/1\/16\/1f3ad.png\"\/> et naturel<img loading=\"lazy\" decoding=\"async\" height=\"16\" width=\"16\" alt=\"&#x1F333;\" src=\"https:\/\/www.facebook.com\/images\/emoji.php\/v9\/t6b\/1\/16\/1f333.png\"\/> plein de petites merveilles<img loading=\"lazy\" decoding=\"async\" height=\"16\" width=\"16\" alt=\"&#x1F929;\" src=\"https:\/\/www.facebook.com\/images\/emoji.php\/v9\/t58\/1\/16\/1f929.png\"\/>. \u00c0 voir absolument !<\/p>\n<!-- \/wp:paragraph --><\/div>\n<!-- \/wp:column -->\n\n<!-- wp:column -->\n<div class=\"wp-block-column\"><!-- wp:embed {\"url\":\"https:\/\/www.youtube.com\/watch?v=H_5b5O1XbCo\\u0026t=66s\",\"type\":\"video\",\"providerNameSlug\":\"youtube\",\"responsive\":true,\"className\":\"wp-embed-aspect-16-9 wp-has-aspect-ratio\"} -->\n<figure class=\"wp-block-embed is-type-video is-provider-youtube wp-block-embed-youtube wp-embed-aspect-16-9 wp-has-aspect-ratio\"><div class=\"wp-block-embed__wrapper\">\n<iframe loading=\"lazy\" title=\"Apropa&#039;t i viu Bigues i Riells del Fai\" width=\"1200\" height=\"675\" src=\"https:\/\/www.youtube.com\/embed\/H_5b5O1XbCo?start=66&#038;feature=oembed\" frameborder=\"0\" allow=\"accelerometer; autoplay; clipboard-write; encrypted-media; gyroscope; picture-in-picture\" allowfullscreen><\/iframe>\n<\/div><\/figure>\n<!-- \/wp:embed -->\n\n<!-- wp:paragraph {\"translatedWithWPMLTM\":\"1\"} -->\n<p>Venez dans le Vall\u00e8s Oriental et vivez une journ\u00e9e en famille <img loading=\"lazy\" decoding=\"async\" height=\"16\" width=\"16\" alt=\"&#x1F467;\" src=\"https:\/\/static.xx.fbcdn.net\/images\/emoji.php\/v9\/t8d\/1\/16\/1f467.png\"\/><img loading=\"lazy\" decoding=\"async\" height=\"16\" width=\"16\" alt=\"&#x1F9D2;\" src=\"https:\/\/static.xx.fbcdn.net\/images\/emoji.php\/v9\/tdf\/1\/16\/1f9d2.png\"\/><img loading=\"lazy\" decoding=\"async\" height=\"16\" width=\"16\" alt=\"&#x1F466;\" src=\"https:\/\/static.xx.fbcdn.net\/images\/emoji.php\/v9\/tc\/1\/16\/1f466.png\"\/> \u00e0 Bigues i Riells del Fai. <\/p>\n<!-- \/wp:paragraph -->\n\n<!-- wp:paragraph {\"translatedWithWPMLTM\":\"1\"} -->\n<p>Accompagnez Arnau, Clara, Mart\u00ed, Abril et Anna dans leur recherche de la loutre<img loading=\"lazy\" decoding=\"async\" height=\"16\" width=\"16\" alt=\"&#x1F9A6;\" src=\"https:\/\/static.xx.fbcdn.net\/images\/emoji.php\/v9\/t6\/1\/16\/1f9a6.png\"\/> et d\u00e9couvrez le go\u00fbt si particulier de l\u2019huile produite \u00e0 partir de la vari\u00e9t\u00e9 d\u2019olives Vera del Vall\u00e8s.<img loading=\"lazy\" decoding=\"async\" height=\"16\" width=\"16\" alt=\"&#x1F924;\" src=\"https:\/\/static.xx.fbcdn.net\/images\/emoji.php\/v9\/td3\/1\/16\/1f924.png\"\/><\/p>\n<!-- \/wp:paragraph --><\/div>\n<!-- \/wp:column -->\n\n<!-- wp:column -->\n<div class=\"wp-block-column\"><!-- wp:embed {\"url\":\"https:\/\/www.youtube.com\/watch?v=E2puXoEqrVc\\u0026t=35s\",\"type\":\"video\",\"providerNameSlug\":\"youtube\",\"responsive\":true,\"className\":\"wp-embed-aspect-16-9 wp-has-aspect-ratio\"} -->\n<figure class=\"wp-block-embed is-type-video is-provider-youtube wp-block-embed-youtube wp-embed-aspect-16-9 wp-has-aspect-ratio\"><div class=\"wp-block-embed__wrapper\">\n<iframe loading=\"lazy\" title=\"Apropa&#039;t i viu Caldes de Montbui\" width=\"1200\" height=\"675\" src=\"https:\/\/www.youtube.com\/embed\/E2puXoEqrVc?start=35&#038;feature=oembed\" frameborder=\"0\" allow=\"accelerometer; autoplay; clipboard-write; encrypted-media; gyroscope; picture-in-picture\" allowfullscreen><\/iframe>\n<\/div><\/figure>\n<!-- \/wp:embed -->\n\n<!-- wp:paragraph {\"translatedWithWPMLTM\":\"1\"} -->\n<p>Venez dans le Vall\u00e8s Oriental et vivez une exp\u00e9rience thermale \u00e0 Caldes de Montbui.<img loading=\"lazy\" decoding=\"async\" height=\"16\" width=\"16\" alt=\"&#x1F4A7;\" src=\"https:\/\/static.xx.fbcdn.net\/images\/emoji.php\/v9\/t9b\/1.5\/16\/1f4a7.png\"\/> <\/p>\n<!-- \/wp:paragraph -->\n\n<!-- wp:paragraph {\"translatedWithWPMLTM\":\"1\"} -->\n<p>D\u00e9tendez-vous et d\u00e9connectez<img loading=\"lazy\" decoding=\"async\" height=\"16\" width=\"16\" alt=\"&#x1F9D6;\" src=\"https:\/\/static.xx.fbcdn.net\/images\/emoji.php\/v9\/t3c\/1.5\/16\/1f9d6.png\"\/><img loading=\"lazy\" decoding=\"async\" height=\"16\" width=\"16\" alt=\"&#x1F486;\" src=\"https:\/\/static.xx.fbcdn.net\/images\/emoji.php\/v9\/ta3\/1.5\/16\/1f486.png\"\/> dans une oasis de thermalisme et de patrimoine<img loading=\"lazy\" decoding=\"async\" height=\"16\" width=\"16\" alt=\"&#x1F3DB;\" src=\"https:\/\/static.xx.fbcdn.net\/images\/emoji.php\/v9\/te2\/1.5\/16\/1f3db.png\"\/> au c\u0153ur du Vall\u00e8s. Caldes de Montbui ne vous laissera pas indiff\u00e9rent.<img loading=\"lazy\" decoding=\"async\" height=\"16\" width=\"16\" alt=\"&#x1F60A;\" src=\"https:\/\/static.xx.fbcdn.net\/images\/emoji.php\/v9\/td8\/1.5\/16\/1f60a.png\"\/><\/p>\n<!-- \/wp:paragraph --><\/div>\n<!-- \/wp:column --><\/div>\n<!-- \/wp:columns --><!-- wp:columns -->\n<div class=\"wp-block-columns\"><!-- wp:column -->\n<div class=\"wp-block-column\"><!-- wp:embed {\"url\":\"https:\/\/www.youtube.com\/watch?v=PJl6_tm5ykQ\",\"type\":\"video\",\"providerNameSlug\":\"youtube\",\"responsive\":true,\"className\":\"wp-embed-aspect-16-9 wp-has-aspect-ratio\"} -->\n<figure class=\"wp-block-embed is-type-video is-provider-youtube wp-block-embed-youtube wp-embed-aspect-16-9 wp-has-aspect-ratio\"><div class=\"wp-block-embed__wrapper\">\n<iframe loading=\"lazy\" title=\"Apropa&#039;t i viu Campins\" width=\"1200\" height=\"675\" src=\"https:\/\/www.youtube.com\/embed\/PJl6_tm5ykQ?feature=oembed\" frameborder=\"0\" allow=\"accelerometer; autoplay; clipboard-write; encrypted-media; gyroscope; picture-in-picture\" allowfullscreen><\/iframe>\n<\/div><\/figure>\n<!-- \/wp:embed -->\n\n<!-- wp:paragraph {\"translatedWithWPMLTM\":\"1\"} -->\n<p>Venez dans le Vall\u00e8s Oriental et d\u00e9couvrez la campagne dans les environs de Campins.<img loading=\"lazy\" decoding=\"async\" height=\"16\" width=\"16\" alt=\"&#x1F60D;\" src=\"https:\/\/static.xx.fbcdn.net\/images\/emoji.php\/v9\/t2\/1\/16\/1f60d.png\"\/><\/p>\n<!-- \/wp:paragraph -->\n\n<!-- wp:paragraph {\"translatedWithWPMLTM\":\"1\"} -->\n<p>Allez voir le monument cr\u00e9\u00e9 par Josep Maria Jujol<img loading=\"lazy\" decoding=\"async\" height=\"16\" width=\"16\" alt=\"&#x1F468;&#x200D;&#x1F393;\" src=\"https:\/\/static.xx.fbcdn.net\/images\/emoji.php\/v9\/tb2\/1\/16\/1f468_200d_1f393.png\"\/>, ou d\u00e9couvrez l\u2019ermitage Sant Guillem avec son clocher-peigne<img loading=\"lazy\" decoding=\"async\" height=\"16\" width=\"16\" alt=\"&#x26EA;&#xFE0F;\" src=\"https:\/\/static.xx.fbcdn.net\/images\/emoji.php\/v9\/t9\/1\/16\/26ea.png\"\/> si sp\u00e9cial et participez \u00e0 la f\u00eate de Sant Guillem.<img loading=\"lazy\" decoding=\"async\" height=\"16\" width=\"16\" alt=\"&#x1F6B6;&#x200D;&#x2640;&#xFE0F;\" src=\"https:\/\/static.xx.fbcdn.net\/images\/emoji.php\/v9\/t90\/1\/16\/1f6b6_200d_2640.png\"\/><\/p>\n<!-- \/wp:paragraph --><\/div>\n<!-- \/wp:column -->\n\n<!-- wp:column -->\n<div class=\"wp-block-column\"><!-- wp:embed {\"url\":\"https:\/\/www.youtube.com\/watch?v=s9YcvhlSBB8\\u0026t=6s\",\"type\":\"video\",\"providerNameSlug\":\"youtube\",\"responsive\":true,\"className\":\"wp-embed-aspect-16-9 wp-has-aspect-ratio\"} -->\n<figure class=\"wp-block-embed is-type-video is-provider-youtube wp-block-embed-youtube wp-embed-aspect-16-9 wp-has-aspect-ratio\"><div class=\"wp-block-embed__wrapper\">\n<iframe loading=\"lazy\" title=\"Apropa&#039;t i viu Canovelles\" width=\"1200\" height=\"675\" src=\"https:\/\/www.youtube.com\/embed\/s9YcvhlSBB8?start=6&#038;feature=oembed\" frameborder=\"0\" allow=\"accelerometer; autoplay; clipboard-write; encrypted-media; gyroscope; picture-in-picture\" allowfullscreen><\/iframe>\n<\/div><\/figure>\n<!-- \/wp:embed -->\n\n<!-- wp:paragraph {\"translatedWithWPMLTM\":\"1\"} -->\n<p>Venez dans le Vall\u00e8s Oriental et d\u00e9couvrez la nature<img loading=\"lazy\" decoding=\"async\" height=\"16\" width=\"16\" alt=\"&#x1F989;\" src=\"https:\/\/static.xx.fbcdn.net\/images\/emoji.php\/v9\/t12\/1\/16\/1f989.png\"\/>, l\u2019histoire<img loading=\"lazy\" decoding=\"async\" height=\"16\" width=\"16\" alt=\"&#x1F54D;\" src=\"https:\/\/static.xx.fbcdn.net\/images\/emoji.php\/v9\/t3d\/1\/16\/1f54d.png\"\/> et la gastronomie<img loading=\"lazy\" decoding=\"async\" height=\"16\" width=\"16\" alt=\"&#x1F9C0;\" src=\"https:\/\/static.xx.fbcdn.net\/images\/emoji.php\/v9\/t3e\/1\/16\/1f9c0.png\"\/> \u00e0 Canovelles.<\/p>\n<!-- \/wp:paragraph -->\n\n<!-- wp:paragraph {\"translatedWithWPMLTM\":\"1\"} -->\n<p>\u00c9coutez la conversation entre Anna et Joan <img loading=\"lazy\" decoding=\"async\" height=\"16\" width=\"16\" alt=\"&#x1F4AC;\" src=\"https:\/\/static.xx.fbcdn.net\/images\/emoji.php\/v9\/t6e\/1\/16\/1f4ac.png\"\/> et venez explorer les endroits les plus int\u00e9ressants de la commune.<img loading=\"lazy\" decoding=\"async\" height=\"16\" width=\"16\" alt=\"&#x1F4F8;\" src=\"https:\/\/static.xx.fbcdn.net\/images\/emoji.php\/v9\/tde\/1\/16\/1f4f8.png\"\/><\/p>\n<!-- \/wp:paragraph --><\/div>\n<!-- \/wp:column -->\n\n<!-- wp:column -->\n<div class=\"wp-block-column\"><!-- wp:embed {\"url\":\"https:\/\/www.youtube.com\/watch?v=5PXou1j528Q\",\"type\":\"video\",\"providerNameSlug\":\"youtube\",\"responsive\":true,\"className\":\"wp-embed-aspect-16-9 wp-has-aspect-ratio\"} -->\n<figure class=\"wp-block-embed is-type-video is-provider-youtube wp-block-embed-youtube wp-embed-aspect-16-9 wp-has-aspect-ratio\"><div class=\"wp-block-embed__wrapper\">\n<iframe loading=\"lazy\" title=\"Apropa&#039;t i viu C\u00e0noves i Samal\u00fas\" width=\"1200\" height=\"675\" src=\"https:\/\/www.youtube.com\/embed\/5PXou1j528Q?feature=oembed\" frameborder=\"0\" allow=\"accelerometer; autoplay; clipboard-write; encrypted-media; gyroscope; picture-in-picture\" allowfullscreen><\/iframe>\n<\/div><\/figure>\n<!-- \/wp:embed -->\n\n<!-- wp:paragraph {\"translatedWithWPMLTM\":\"1\"} -->\n<p>Apropa&rsquo;t al Vall\u00e8s Oriental i viu la Carbonera<img loading=\"lazy\" decoding=\"async\" height=\"16\" width=\"16\" alt=\"&#x1F469;&#x200D;&#x1F33E;\" src=\"https:\/\/static.xx.fbcdn.net\/images\/emoji.php\/v9\/t9\/1\/16\/1f469_200d_1f33e.png\"\/> a C\u00e0noves i Samal\u00fas.<\/p>\n<!-- \/wp:paragraph -->\n\n<!-- wp:paragraph {\"translatedWithWPMLTM\":\"1\"} -->\n<p>Descobreix de qu\u00e8 tracta aquest ofici<img loading=\"lazy\" decoding=\"async\" height=\"16\" width=\"16\" alt=\"&#x1F575;&#xFE0F;&#x200D;&#x2640;&#xFE0F;\" src=\"https:\/\/static.xx.fbcdn.net\/images\/emoji.php\/v9\/td9\/1\/16\/1f575_200d_2640.png\"\/> i uneix-te a aquesta tradici\u00f3 tan \u00fanica de la nostra terra.<img loading=\"lazy\" decoding=\"async\" height=\"16\" width=\"16\" alt=\"&#x1F525;\" src=\"https:\/\/static.xx.fbcdn.net\/images\/emoji.php\/v9\/t50\/1\/16\/1f525.png\"\/><\/p>\n<!-- \/wp:paragraph --><\/div>\n<!-- \/wp:column --><\/div>\n<!-- \/wp:columns --><!-- wp:columns -->\n<div class=\"wp-block-columns\"><!-- wp:column -->\n<div class=\"wp-block-column\"><!-- wp:embed {\"url\":\"https:\/\/www.youtube.com\/watch?v=7KwhGW-YhjY\\u0026t=3s\",\"type\":\"video\",\"providerNameSlug\":\"youtube\",\"responsive\":true,\"className\":\"wp-embed-aspect-16-9 wp-has-aspect-ratio\"} -->\n<figure class=\"wp-block-embed is-type-video is-provider-youtube wp-block-embed-youtube wp-embed-aspect-16-9 wp-has-aspect-ratio\"><div class=\"wp-block-embed__wrapper\">\n<iframe loading=\"lazy\" title=\"Apropa&#039;t i viu Cardedeu\" width=\"1200\" height=\"675\" src=\"https:\/\/www.youtube.com\/embed\/7KwhGW-YhjY?start=3&#038;feature=oembed\" frameborder=\"0\" allow=\"accelerometer; autoplay; clipboard-write; encrypted-media; gyroscope; picture-in-picture\" allowfullscreen><\/iframe>\n<\/div><\/figure>\n<!-- \/wp:embed -->\n\n<!-- wp:paragraph {\"translatedWithWPMLTM\":\"1\"} -->\n<p>Venez dans le Vall\u00e8s Oriental et d\u00e9couvrez l\u2019histoire <img loading=\"lazy\" decoding=\"async\" height=\"16\" width=\"16\" alt=\"&#x1F3DB;\" src=\"https:\/\/www.facebook.com\/images\/emoji.php\/v9\/t89\/1\/16\/1f3db.png\"\/> et le modernisme<img loading=\"lazy\" decoding=\"async\" height=\"16\" width=\"16\" alt=\"&#x1F570;\" src=\"https:\/\/www.facebook.com\/images\/emoji.php\/v9\/te6\/1\/16\/1f570.png\"\/> \u00e0 Cardedeu.<\/p>\n<!-- \/wp:paragraph -->\n\n<!-- wp:paragraph {\"translatedWithWPMLTM\":\"1\"} -->\n<p>Connaissez-vous ce dicton de la bourgeoisie barcelonaise qui dit que celui qui a une loge au th\u00e9\u00e2tre du Liceu a une villa \u00e0 Cardedeu ?<img loading=\"lazy\" decoding=\"async\" height=\"16\" width=\"16\" alt=\"&#x1F914;\" src=\"https:\/\/www.facebook.com\/images\/emoji.php\/v9\/t34\/1\/16\/1f914.png\"\/>Accompagnez-nous et voyez par vous-m\u00eame.<img loading=\"lazy\" decoding=\"async\" height=\"16\" width=\"16\" alt=\"&#x1F60D;\" src=\"https:\/\/www.facebook.com\/images\/emoji.php\/v9\/t2\/1\/16\/1f60d.png\"\/><\/p>\n<!-- \/wp:paragraph --><\/div>\n<!-- \/wp:column -->\n\n<!-- wp:column -->\n<div class=\"wp-block-column\"><!-- wp:embed {\"url\":\"https:\/\/www.youtube.com\/watch?v=Lsy_MvhBgZY\",\"type\":\"video\",\"providerNameSlug\":\"youtube\",\"responsive\":true,\"className\":\"wp-embed-aspect-16-9 wp-has-aspect-ratio\"} -->\n<figure class=\"wp-block-embed is-type-video is-provider-youtube wp-block-embed-youtube wp-embed-aspect-16-9 wp-has-aspect-ratio\"><div class=\"wp-block-embed__wrapper\">\n<iframe loading=\"lazy\" title=\"Apropa&#039;t i viu Figar\u00f3-Montmany\" width=\"1200\" height=\"675\" src=\"https:\/\/www.youtube.com\/embed\/Lsy_MvhBgZY?feature=oembed\" frameborder=\"0\" allow=\"accelerometer; autoplay; clipboard-write; encrypted-media; gyroscope; picture-in-picture\" allowfullscreen><\/iframe>\n<\/div><\/figure>\n<!-- \/wp:embed -->\n\n<!-- wp:paragraph {\"translatedWithWPMLTM\":\"1\"} -->\n<p>Venez dans le Vall\u00e8s Oriental et vivez un voyage dans le temps \u00e0 Figar\u00f3-Montmany.<img loading=\"lazy\" decoding=\"async\" height=\"16\" width=\"16\" alt=\"&#x1F570;\" src=\"https:\/\/static.xx.fbcdn.net\/images\/emoji.php\/v9\/te6\/1\/16\/1f570.png\"\/><\/p>\n<!-- \/wp:paragraph -->\n\n<!-- wp:paragraph {\"translatedWithWPMLTM\":\"1\"} -->\n<p>La nature<img loading=\"lazy\" decoding=\"async\" height=\"16\" width=\"16\" alt=\"&#x1F333;\" src=\"https:\/\/static.xx.fbcdn.net\/images\/emoji.php\/v9\/t6b\/1\/16\/1f333.png\"\/> et le patrimoine<img loading=\"lazy\" decoding=\"async\" height=\"16\" width=\"16\" alt=\"&#x1F3DB;\" src=\"https:\/\/static.xx.fbcdn.net\/images\/emoji.php\/v9\/t89\/1\/16\/1f3db.png\"\/> ous attendent dans cette commune pour vous apprendre plein de choses et vous faire profiter de la randonn\u00e9e.<img loading=\"lazy\" decoding=\"async\" height=\"16\" width=\"16\" alt=\"&#x1F6B6;&#x200D;&#x2640;&#xFE0F;\" src=\"https:\/\/static.xx.fbcdn.net\/images\/emoji.php\/v9\/t90\/1\/16\/1f6b6_200d_2640.png\"\/><\/p>\n<!-- \/wp:paragraph --><\/div>\n<!-- \/wp:column -->\n\n<!-- wp:column -->\n<div class=\"wp-block-column\"><!-- wp:embed {\"url\":\"https:\/\/www.youtube.com\/watch?v=9vANtfNs_mY\",\"type\":\"video\",\"providerNameSlug\":\"youtube\",\"responsive\":true,\"className\":\"wp-embed-aspect-16-9 wp-has-aspect-ratio\"} -->\n<figure class=\"wp-block-embed is-type-video is-provider-youtube wp-block-embed-youtube wp-embed-aspect-16-9 wp-has-aspect-ratio\"><div class=\"wp-block-embed__wrapper\">\n<iframe loading=\"lazy\" title=\"Apropa&#039;t i viu Fogars de Montcl\u00fas\" width=\"1200\" height=\"675\" src=\"https:\/\/www.youtube.com\/embed\/9vANtfNs_mY?feature=oembed\" frameborder=\"0\" allow=\"accelerometer; autoplay; clipboard-write; encrypted-media; gyroscope; picture-in-picture\" allowfullscreen><\/iframe>\n<\/div><\/figure>\n<!-- \/wp:embed -->\n\n<!-- wp:paragraph {\"translatedWithWPMLTM\":\"1\"} -->\n<p>Venez dans le Vall\u00e8s Oriental et d\u00e9couvrez la nature \u00e0 Fogars de Montcl\u00fas.<img loading=\"lazy\" decoding=\"async\" height=\"16\" width=\"16\" alt=\"&#x1F333;\" src=\"https:\/\/static.xx.fbcdn.net\/images\/emoji.php\/v9\/t6b\/1\/16\/1f333.png\"\/><img loading=\"lazy\" decoding=\"async\" height=\"16\" width=\"16\" alt=\"&#x1F333;\" src=\"https:\/\/static.xx.fbcdn.net\/images\/emoji.php\/v9\/t6b\/1\/16\/1f333.png\"\/><\/p>\n<!-- \/wp:paragraph -->\n\n<!-- wp:paragraph {\"translatedWithWPMLTM\":\"1\"} -->\n<p>D\u00e9couvrez la tradition agricole<img loading=\"lazy\" decoding=\"async\" height=\"16\" width=\"16\" alt=\"&#x1F42E;\" src=\"https:\/\/static.xx.fbcdn.net\/images\/emoji.php\/v9\/t3f\/1\/16\/1f42e.png\"\/> qui a surv\u00e9cu sur le massif du Montseny et p\u00e9n\u00e9trez dans cet espace naturel embl\u00e9matique qui captivera tous vos sens.<img loading=\"lazy\" decoding=\"async\" height=\"16\" width=\"16\" alt=\"&#x1F970;\" src=\"https:\/\/static.xx.fbcdn.net\/images\/emoji.php\/v9\/tea\/1\/16\/1f970.png\"\/><\/p>\n<!-- \/wp:paragraph --><\/div>\n<!-- \/wp:column --><\/div>\n<!-- \/wp:columns --><!-- wp:columns -->\n<div class=\"wp-block-columns\"><!-- wp:column -->\n<div class=\"wp-block-column\"><!-- wp:embed {\"url\":\"https:\/\/www.youtube.com\/watch?v=TCYbAiLw1w8\\u0026t=36s\",\"type\":\"video\",\"providerNameSlug\":\"youtube\",\"responsive\":true,\"className\":\"wp-embed-aspect-16-9 wp-has-aspect-ratio\"} -->\n<figure class=\"wp-block-embed is-type-video is-provider-youtube wp-block-embed-youtube wp-embed-aspect-16-9 wp-has-aspect-ratio\"><div class=\"wp-block-embed__wrapper\">\n<iframe loading=\"lazy\" title=\"Apropa&#039;t i viu Granollers\" width=\"1200\" height=\"675\" src=\"https:\/\/www.youtube.com\/embed\/TCYbAiLw1w8?start=36&#038;feature=oembed\" frameborder=\"0\" allow=\"accelerometer; autoplay; clipboard-write; encrypted-media; gyroscope; picture-in-picture\" allowfullscreen><\/iframe>\n<\/div><\/figure>\n<!-- \/wp:embed -->\n\n<!-- wp:paragraph {\"translatedWithWPMLTM\":\"1\"} -->\n<p>Venez dans le Vall\u00e8s Oriental et d\u00e9couvrez l\u2019atmosph\u00e8re urbaine de Granollers. <img loading=\"lazy\" decoding=\"async\" height=\"16\" width=\"16\" alt=\"&#x1F3D9;\" src=\"https:\/\/static.xx.fbcdn.net\/images\/emoji.php\/v9\/te0\/1\/16\/1f3d9.png\"\/><\/p>\n<!-- \/wp:paragraph -->\n\n<!-- wp:paragraph {\"translatedWithWPMLTM\":\"1\"} -->\n<p>Faites du tourisme urbain et fl\u00e2nez dans les petites rues les plus charmantes<img loading=\"lazy\" decoding=\"async\" height=\"16\" width=\"16\" alt=\"&#x1F6B6;&#x200D;&#x2640;&#xFE0F;\" src=\"https:\/\/static.xx.fbcdn.net\/images\/emoji.php\/v9\/t90\/1\/16\/1f6b6_200d_2640.png\"\/>, qui vous offriront toutes sortes de propositions pour passer un bon moment.<img loading=\"lazy\" decoding=\"async\" height=\"16\" width=\"16\" alt=\"&#x1F929;\" src=\"https:\/\/static.xx.fbcdn.net\/images\/emoji.php\/v9\/t58\/1\/16\/1f929.png\"\/><\/p>\n<!-- \/wp:paragraph --><\/div>\n<!-- \/wp:column -->\n\n<!-- wp:column -->\n<div class=\"wp-block-column\"><!-- wp:embed {\"url\":\"https:\/\/www.youtube.com\/watch?v=ug5n7l8qp_o\\u0026t=4s\",\"type\":\"video\",\"providerNameSlug\":\"youtube\",\"responsive\":true,\"className\":\"wp-embed-aspect-16-9 wp-has-aspect-ratio\"} -->\n<figure class=\"wp-block-embed is-type-video is-provider-youtube wp-block-embed-youtube wp-embed-aspect-16-9 wp-has-aspect-ratio\"><div class=\"wp-block-embed__wrapper\">\n<iframe loading=\"lazy\" title=\"Apropa&#039;t i viu Gualba\" width=\"1200\" height=\"675\" src=\"https:\/\/www.youtube.com\/embed\/ug5n7l8qp_o?start=4&#038;feature=oembed\" frameborder=\"0\" allow=\"accelerometer; autoplay; clipboard-write; encrypted-media; gyroscope; picture-in-picture\" allowfullscreen><\/iframe>\n<\/div><\/figure>\n<!-- \/wp:embed -->\n\n<!-- wp:paragraph {\"translatedWithWPMLTM\":\"1\"} -->\n<p>Venez dans le Vall\u00e8s Oriental et d\u00e9couvrez \u00ab les eaux blanches \u00bb<img loading=\"lazy\" decoding=\"async\" height=\"16\" width=\"16\" alt=\"&#x1F30A;\" src=\"https:\/\/static.xx.fbcdn.net\/images\/emoji.php\/v9\/tbc\/1\/16\/1f30a.png\"\/> \u00e0 Gualba.<\/p>\n<!-- \/wp:paragraph -->\n\n<!-- wp:paragraph {\"translatedWithWPMLTM\":\"1\"} -->\n<p>Laissez-vous toucher par les l\u00e9gendes de sorci\u00e8res<img loading=\"lazy\" decoding=\"async\" height=\"16\" width=\"16\" alt=\"&#x1F9D9;&#x200D;&#x2640;&#xFE0F;\" src=\"https:\/\/static.xx.fbcdn.net\/images\/emoji.php\/v9\/t14\/1\/16\/1f9d9_200d_2640.png\"\/> qui courent dans ce petit village et f\u00eatez-les \u00e0 la Foire aux sorci\u00e8res<img loading=\"lazy\" decoding=\"async\" height=\"16\" width=\"16\" alt=\"&#x1F989;\" src=\"https:\/\/static.xx.fbcdn.net\/images\/emoji.php\/v9\/t12\/1\/16\/1f989.png\"\/> qui a lieu en \u00e9t\u00e9.<img loading=\"lazy\" decoding=\"async\" height=\"16\" width=\"16\" alt=\"&#x2600;&#xFE0F;\" src=\"https:\/\/static.xx.fbcdn.net\/images\/emoji.php\/v9\/t6d\/1\/16\/2600.png\"\/><\/p>\n<!-- \/wp:paragraph --><\/div>\n<!-- \/wp:column -->\n\n<!-- wp:column -->\n<div class=\"wp-block-column\"><!-- wp:embed {\"url\":\"https:\/\/www.youtube.com\/watch?v=A8j-K1eTvzk\",\"type\":\"video\",\"providerNameSlug\":\"youtube\",\"responsive\":true,\"className\":\"wp-embed-aspect-16-9 wp-has-aspect-ratio\"} -->\n<figure class=\"wp-block-embed is-type-video is-provider-youtube wp-block-embed-youtube wp-embed-aspect-16-9 wp-has-aspect-ratio\"><div class=\"wp-block-embed__wrapper\">\n<iframe loading=\"lazy\" title=\"Apropa&#039;t i viu l&#039;Ametlla del Vall\u00e8s\" width=\"1200\" height=\"675\" src=\"https:\/\/www.youtube.com\/embed\/A8j-K1eTvzk?feature=oembed\" frameborder=\"0\" allow=\"accelerometer; autoplay; clipboard-write; encrypted-media; gyroscope; picture-in-picture\" allowfullscreen><\/iframe>\n<\/div><\/figure>\n<!-- \/wp:embed -->\n\n<!-- wp:paragraph {\"translatedWithWPMLTM\":\"1\"} -->\n<p>Venez dans le Vall\u00e8s Oriental et d\u00e9couvrez les foires et les traditions<img loading=\"lazy\" decoding=\"async\" height=\"16\" width=\"16\" alt=\"&#x1F452;\" src=\"https:\/\/static.xx.fbcdn.net\/images\/emoji.php\/v9\/t69\/1\/16\/1f452.png\"\/> \u00e0 L\u2019Ametlla del Vall\u00e8s.<\/p>\n<!-- \/wp:paragraph -->\n\n<!-- wp:paragraph {\"translatedWithWPMLTM\":\"1\"} -->\n<p>D\u00e9connectez dans cette <img loading=\"lazy\" decoding=\"async\" height=\"16\" width=\"16\" alt=\"&#x1F603;\" src=\"https:\/\/static.xx.fbcdn.net\/images\/emoji.php\/v9\/t51\/1\/16\/1f603.png\"\/> petite ville situ\u00e9e au c\u0153ur d\u2019un environnement naturel<img loading=\"lazy\" decoding=\"async\" height=\"16\" width=\"16\" alt=\"&#x1F33E;\" src=\"https:\/\/static.xx.fbcdn.net\/images\/emoji.php\/v9\/t9d\/1\/16\/1f33e.png\"\/> et amusez-vous avec toutes ses propositions.<img loading=\"lazy\" decoding=\"async\" height=\"16\" width=\"16\" alt=\"&#x1F44F;\" src=\"https:\/\/static.xx.fbcdn.net\/images\/emoji.php\/v9\/tfe\/1\/16\/1f44f.png\"\/><\/p>\n<!-- \/wp:paragraph --><\/div>\n<!-- \/wp:column --><\/div>\n<!-- \/wp:columns --><!-- wp:columns -->\n<div class=\"wp-block-columns\"><!-- wp:column -->\n<div class=\"wp-block-column\"><!-- wp:embed {\"url\":\"https:\/\/www.youtube.com\/watch?v=PijND1rNtCI\",\"type\":\"video\",\"providerNameSlug\":\"youtube\",\"responsive\":true,\"className\":\"wp-embed-aspect-16-9 wp-has-aspect-ratio\"} -->\n<figure class=\"wp-block-embed is-type-video is-provider-youtube wp-block-embed-youtube wp-embed-aspect-16-9 wp-has-aspect-ratio\"><div class=\"wp-block-embed__wrapper\">\n<iframe loading=\"lazy\" title=\"Apropa&#039;t i viu la Garriga\" width=\"1200\" height=\"675\" src=\"https:\/\/www.youtube.com\/embed\/PijND1rNtCI?feature=oembed\" frameborder=\"0\" allow=\"accelerometer; autoplay; clipboard-write; encrypted-media; gyroscope; picture-in-picture\" allowfullscreen><\/iframe>\n<\/div><\/figure>\n<!-- \/wp:embed -->\n\n<!-- wp:paragraph -->\n<p>Apropa&rsquo;t al Vall\u00e8s Oriental i viu el modernisme<!-- \/wp:post-content -->","protected":false},"excerpt":{"rendered":"<p>Apropa&rsquo;t al Vall\u00e8s Oriental i viu el modernisme Venez dans le Vall\u00e8s Oriental et d\u00e9couvrez chacune des 39 communes de la r\u00e9gion. Dans ces vid\u00e9os, &#8230; <a title=\"Venez et d\u00e9couvrez le Vall\u00e8s Oriental\" class=\"read-more\" href=\"https:\/\/turismevalles.com\/fr\/venez-et-decouvrez-le-valles-oriental\/\" aria-label=\"More on Venez et d\u00e9couvrez le Vall\u00e8s Oriental\">Veure m\u00e9s<\/a><\/p>\n","protected":false},"author":5,"featured_media":0,"parent":0,"menu_order":0,"comment_status":"closed","ping_status":"closed","template":"","meta":{"_acf_changed":false,"inline_featured_image":false,"_uag_custom_page_level_css":"","footnotes":""},"class_list":{"0":"post-19230","1":"page","2":"type-page","3":"status-publish","5":"generate-columns","6":"tablet-grid-50","7":"mobile-grid-100","8":"grid-parent","9":"grid-33"},"acf":[],"yoast_head":"<!-- This site is optimized with the Yoast SEO plugin v26.4 - https:\/\/yoast.com\/wordpress\/plugins\/seo\/ -->\n<title>Venez et d\u00e9couvrez le Vall\u00e8s Oriental - Turisme Vall\u00e8s<\/title>\n<meta name=\"description\" content=\"Venez dans le Vall\u00e8s Oriental et d\u00e9couvrez chacune des 39 communes de la r\u00e9gion. Vous d\u00e9couvrirez que le Vall\u00e8s Oriental a beaucoup \u00e0 vous offrir.\" \/>\n<meta name=\"robots\" content=\"index, follow, max-snippet:-1, max-image-preview:large, max-video-preview:-1\" \/>\n<link rel=\"canonical\" href=\"https:\/\/turismevalles.com\/apropat-i-viu-el-valles-oriental\/\" \/>\n<meta property=\"og:locale\" content=\"fr_FR\" \/>\n<meta property=\"og:type\" content=\"article\" \/>\n<meta property=\"og:title\" content=\"Venez et d\u00e9couvrez le Vall\u00e8s Oriental - Turisme Vall\u00e8s\" \/>\n<meta property=\"og:description\" content=\"Venez dans le Vall\u00e8s Oriental et d\u00e9couvrez chacune des 39 communes de la r\u00e9gion. Vous d\u00e9couvrirez que le Vall\u00e8s Oriental a beaucoup \u00e0 vous offrir.\" \/>\n<meta property=\"og:url\" content=\"https:\/\/turismevalles.com\/apropat-i-viu-el-valles-oriental\/\" \/>\n<meta property=\"og:site_name\" content=\"Turisme Vall\u00e8s\" \/>\n<meta property=\"article:modified_time\" content=\"2022-04-28T13:44:17+00:00\" \/>\n<meta property=\"og:image\" content=\"https:\/\/www.facebook.com\/images\/emoji.php\/v9\/tc\/1\/16\/1f3de.png\" \/>\n<meta name=\"twitter:card\" content=\"summary_large_image\" \/>\n<meta name=\"twitter:label1\" content=\"Dur\u00e9e de lecture estim\u00e9e\" \/>\n\t<meta name=\"twitter:data1\" content=\"4 minutes\" \/>\n<script type=\"application\/ld+json\" class=\"yoast-schema-graph\">{\"@context\":\"https:\/\/schema.org\",\"@graph\":[{\"@type\":\"WebPage\",\"@id\":\"https:\/\/turismevalles.com\/apropat-i-viu-el-valles-oriental\/\",\"url\":\"https:\/\/turismevalles.com\/apropat-i-viu-el-valles-oriental\/\",\"name\":\"Venez et d\u00e9couvrez le Vall\u00e8s Oriental - Turisme Vall\u00e8s\",\"isPartOf\":{\"@id\":\"https:\/\/turismevalles.com\/en\/#website\"},\"primaryImageOfPage\":{\"@id\":\"https:\/\/turismevalles.com\/apropat-i-viu-el-valles-oriental\/#primaryimage\"},\"image\":{\"@id\":\"https:\/\/turismevalles.com\/apropat-i-viu-el-valles-oriental\/#primaryimage\"},\"thumbnailUrl\":\"https:\/\/www.facebook.com\/images\/emoji.php\/v9\/tc\/1\/16\/1f3de.png\",\"datePublished\":\"2022-04-28T13:44:16+00:00\",\"dateModified\":\"2022-04-28T13:44:17+00:00\",\"description\":\"Venez dans le Vall\u00e8s Oriental et d\u00e9couvrez chacune des 39 communes de la r\u00e9gion. Vous d\u00e9couvrirez que le Vall\u00e8s Oriental a beaucoup \u00e0 vous offrir.\",\"breadcrumb\":{\"@id\":\"https:\/\/turismevalles.com\/apropat-i-viu-el-valles-oriental\/#breadcrumb\"},\"inLanguage\":\"fr-FR\",\"potentialAction\":[{\"@type\":\"ReadAction\",\"target\":[\"https:\/\/turismevalles.com\/apropat-i-viu-el-valles-oriental\/\"]}]},{\"@type\":\"ImageObject\",\"inLanguage\":\"fr-FR\",\"@id\":\"https:\/\/turismevalles.com\/apropat-i-viu-el-valles-oriental\/#primaryimage\",\"url\":\"https:\/\/www.facebook.com\/images\/emoji.php\/v9\/tc\/1\/16\/1f3de.png\",\"contentUrl\":\"https:\/\/www.facebook.com\/images\/emoji.php\/v9\/tc\/1\/16\/1f3de.png\"},{\"@type\":\"BreadcrumbList\",\"@id\":\"https:\/\/turismevalles.com\/apropat-i-viu-el-valles-oriental\/#breadcrumb\",\"itemListElement\":[{\"@type\":\"ListItem\",\"position\":1,\"name\":\"Inici\",\"item\":\"https:\/\/turismevalles.com\/fr\/\"},{\"@type\":\"ListItem\",\"position\":2,\"name\":\"Venez et d\u00e9couvrez le Vall\u00e8s Oriental\"}]},{\"@type\":\"WebSite\",\"@id\":\"https:\/\/turismevalles.com\/en\/#website\",\"url\":\"https:\/\/turismevalles.com\/en\/\",\"name\":\"Turisme Vall\u00e8s\",\"description\":\"\",\"publisher\":{\"@id\":\"https:\/\/turismevalles.com\/en\/#organization\"},\"potentialAction\":[{\"@type\":\"SearchAction\",\"target\":{\"@type\":\"EntryPoint\",\"urlTemplate\":\"https:\/\/turismevalles.com\/en\/?s={search_term_string}\"},\"query-input\":{\"@type\":\"PropertyValueSpecification\",\"valueRequired\":true,\"valueName\":\"search_term_string\"}}],\"inLanguage\":\"fr-FR\"},{\"@type\":\"Organization\",\"@id\":\"https:\/\/turismevalles.com\/en\/#organization\",\"name\":\"Turisme Vall\u00e8s\",\"url\":\"https:\/\/turismevalles.com\/en\/\",\"logo\":{\"@type\":\"ImageObject\",\"inLanguage\":\"fr-FR\",\"@id\":\"https:\/\/turismevalles.com\/en\/#\/schema\/logo\/image\/\",\"url\":\"https:\/\/turismevalles.com\/wp-content\/uploads\/2020\/08\/cropped-logo_ca-2.png\",\"contentUrl\":\"https:\/\/turismevalles.com\/wp-content\/uploads\/2020\/08\/cropped-logo_ca-2.png\",\"width\":314,\"height\":85,\"caption\":\"Turisme Vall\u00e8s\"},\"image\":{\"@id\":\"https:\/\/turismevalles.com\/en\/#\/schema\/logo\/image\/\"}}]}<\/script>\n<!-- \/ Yoast SEO plugin. -->","yoast_head_json":{"title":"Venez et d\u00e9couvrez le Vall\u00e8s Oriental - Turisme Vall\u00e8s","description":"Venez dans le Vall\u00e8s Oriental et d\u00e9couvrez chacune des 39 communes de la r\u00e9gion. Vous d\u00e9couvrirez que le Vall\u00e8s Oriental a beaucoup \u00e0 vous offrir.","robots":{"index":"index","follow":"follow","max-snippet":"max-snippet:-1","max-image-preview":"max-image-preview:large","max-video-preview":"max-video-preview:-1"},"canonical":"https:\/\/turismevalles.com\/apropat-i-viu-el-valles-oriental\/","og_locale":"fr_FR","og_type":"article","og_title":"Venez et d\u00e9couvrez le Vall\u00e8s Oriental - Turisme Vall\u00e8s","og_description":"Venez dans le Vall\u00e8s Oriental et d\u00e9couvrez chacune des 39 communes de la r\u00e9gion. Vous d\u00e9couvrirez que le Vall\u00e8s Oriental a beaucoup \u00e0 vous offrir.","og_url":"https:\/\/turismevalles.com\/apropat-i-viu-el-valles-oriental\/","og_site_name":"Turisme Vall\u00e8s","article_modified_time":"2022-04-28T13:44:17+00:00","og_image":[{"url":"https:\/\/www.facebook.com\/images\/emoji.php\/v9\/tc\/1\/16\/1f3de.png","type":"","width":"","height":""}],"twitter_card":"summary_large_image","twitter_misc":{"Dur\u00e9e de lecture estim\u00e9e":"4 minutes"},"schema":{"@context":"https:\/\/schema.org","@graph":[{"@type":"WebPage","@id":"https:\/\/turismevalles.com\/apropat-i-viu-el-valles-oriental\/","url":"https:\/\/turismevalles.com\/apropat-i-viu-el-valles-oriental\/","name":"Venez et d\u00e9couvrez le Vall\u00e8s Oriental - Turisme Vall\u00e8s","isPartOf":{"@id":"https:\/\/turismevalles.com\/en\/#website"},"primaryImageOfPage":{"@id":"https:\/\/turismevalles.com\/apropat-i-viu-el-valles-oriental\/#primaryimage"},"image":{"@id":"https:\/\/turismevalles.com\/apropat-i-viu-el-valles-oriental\/#primaryimage"},"thumbnailUrl":"https:\/\/www.facebook.com\/images\/emoji.php\/v9\/tc\/1\/16\/1f3de.png","datePublished":"2022-04-28T13:44:16+00:00","dateModified":"2022-04-28T13:44:17+00:00","description":"Venez dans le Vall\u00e8s Oriental et d\u00e9couvrez chacune des 39 communes de la r\u00e9gion. Vous d\u00e9couvrirez que le Vall\u00e8s Oriental a beaucoup \u00e0 vous offrir.","breadcrumb":{"@id":"https:\/\/turismevalles.com\/apropat-i-viu-el-valles-oriental\/#breadcrumb"},"inLanguage":"fr-FR","potentialAction":[{"@type":"ReadAction","target":["https:\/\/turismevalles.com\/apropat-i-viu-el-valles-oriental\/"]}]},{"@type":"ImageObject","inLanguage":"fr-FR","@id":"https:\/\/turismevalles.com\/apropat-i-viu-el-valles-oriental\/#primaryimage","url":"https:\/\/www.facebook.com\/images\/emoji.php\/v9\/tc\/1\/16\/1f3de.png","contentUrl":"https:\/\/www.facebook.com\/images\/emoji.php\/v9\/tc\/1\/16\/1f3de.png"},{"@type":"BreadcrumbList","@id":"https:\/\/turismevalles.com\/apropat-i-viu-el-valles-oriental\/#breadcrumb","itemListElement":[{"@type":"ListItem","position":1,"name":"Inici","item":"https:\/\/turismevalles.com\/fr\/"},{"@type":"ListItem","position":2,"name":"Venez et d\u00e9couvrez le Vall\u00e8s Oriental"}]},{"@type":"WebSite","@id":"https:\/\/turismevalles.com\/en\/#website","url":"https:\/\/turismevalles.com\/en\/","name":"Turisme Vall\u00e8s","description":"","publisher":{"@id":"https:\/\/turismevalles.com\/en\/#organization"},"potentialAction":[{"@type":"SearchAction","target":{"@type":"EntryPoint","urlTemplate":"https:\/\/turismevalles.com\/en\/?s={search_term_string}"},"query-input":{"@type":"PropertyValueSpecification","valueRequired":true,"valueName":"search_term_string"}}],"inLanguage":"fr-FR"},{"@type":"Organization","@id":"https:\/\/turismevalles.com\/en\/#organization","name":"Turisme Vall\u00e8s","url":"https:\/\/turismevalles.com\/en\/","logo":{"@type":"ImageObject","inLanguage":"fr-FR","@id":"https:\/\/turismevalles.com\/en\/#\/schema\/logo\/image\/","url":"https:\/\/turismevalles.com\/wp-content\/uploads\/2020\/08\/cropped-logo_ca-2.png","contentUrl":"https:\/\/turismevalles.com\/wp-content\/uploads\/2020\/08\/cropped-logo_ca-2.png","width":314,"height":85,"caption":"Turisme Vall\u00e8s"},"image":{"@id":"https:\/\/turismevalles.com\/en\/#\/schema\/logo\/image\/"}}]}},"uagb_featured_image_src":{"full":false,"thumbnail":false,"medium":false,"medium_large":false,"large":false,"thumblist":false,"meccarouselthumb":false,"gridsquare":false,"tileview":false,"1536x1536":false,"2048x2048":false},"uagb_author_info":{"display_name":"Turisme Valles","author_link":"https:\/\/turismevalles.com\/fr\/author\/turismevallesoriental\/"},"uagb_comment_info":0,"uagb_excerpt":"Apropa&rsquo;t al Vall\u00e8s Oriental i viu el modernisme Venez dans le Vall\u00e8s Oriental et d\u00e9couvrez chacune des 39 communes de la r\u00e9gion. Dans ces vid\u00e9os, ... Veure m\u00e9s","_links":{"self":[{"href":"https:\/\/turismevalles.com\/fr\/wp-json\/wp\/v2\/pages\/19230","targetHints":{"allow":["GET"]}}],"collection":[{"href":"https:\/\/turismevalles.com\/fr\/wp-json\/wp\/v2\/pages"}],"about":[{"href":"https:\/\/turismevalles.com\/fr\/wp-json\/wp\/v2\/types\/page"}],"author":[{"embeddable":true,"href":"https:\/\/turismevalles.com\/fr\/wp-json\/wp\/v2\/users\/5"}],"replies":[{"embeddable":true,"href":"https:\/\/turismevalles.com\/fr\/wp-json\/wp\/v2\/comments?post=19230"}],"version-history":[{"count":0,"href":"https:\/\/turismevalles.com\/fr\/wp-json\/wp\/v2\/pages\/19230\/revisions"}],"wp:attachment":[{"href":"https:\/\/turismevalles.com\/fr\/wp-json\/wp\/v2\/media?parent=19230"}],"curies":[{"name":"wp","href":"https:\/\/api.w.org\/{rel}","templated":true}]}}