{"id":9298,"date":"2020-11-30T13:04:28","date_gmt":"2020-11-30T11:04:28","guid":{"rendered":"http:\/\/turismevalles.com.mialias.net\/carte\/"},"modified":"2021-06-07T16:20:08","modified_gmt":"2021-06-07T14:20:08","slug":"carte","status":"publish","type":"page","link":"https:\/\/turismevalles.com\/fr\/carte\/","title":{"rendered":"Carte"},"content":{"rendered":"<iframe loading=\"lazy\" style=\"display:block;margin:auto;\" src=\"https:\/\/www.google.com\/maps\/embed?pb=!1m14!1m8!1m3!1d47728.85878719592!2d2.294282!3d41.611351!3m2!1i1024!2i768!4f13.1!3m3!1m2!1s0x12a4c7c6f58696db%3A0x5e4a3c958e2a69f6!2sCarrer%20Miquel%20Ricom%C3%A0%2C%2046%2C%2008401%20Granollers%2C%20Barcelona%2C%20Espa%C3%B1a!5e0!3m2!1ses!2sus!4v1605167021271!5m2!1ses!2sus\" width=\"1000\" height=\"450\" frameborder=\"0\" allowfullscreen=\"\" aria-hidden=\"false\" tabindex=\"0\"><\/iframe>\r\n\n<hr class=\"wp-block-separator\"\/>\n<h2 class=\"gb-headline gb-headline-e91144b7 gb-headline-text\">T\u00e9l\u00e9chargez la carte touristique du Vall\u00e8s Oriental<\/h2>\n<div class=\"wp-block-media-text alignwide is-stacked-on-mobile\" style=\"grid-template-columns:30% auto\"><figure class=\"wp-block-media-text__media\"><img loading=\"lazy\" decoding=\"async\" width=\"702\" height=\"548\" src=\"http:\/\/turismevalles.com\/wp-content\/uploads\/2021\/06\/Captura.png\" alt=\"\" class=\"wp-image-14097 size-full\" srcset=\"https:\/\/turismevalles.com\/wp-content\/uploads\/2021\/06\/Captura.png 702w, https:\/\/turismevalles.com\/wp-content\/uploads\/2021\/06\/Captura-300x234.png 300w\" sizes=\"auto, (max-width: 702px) 100vw, 702px\" \/><\/figure><div class=\"wp-block-media-text__content\">\n<p class=\"has-large-font-size\">Vous pouvez choisir diff\u00e9rentes langues:<\/p>\n\n\n\n<div class=\"wp-block-file\"><a href=\"http:\/\/turismevalles.com\/wp-content\/uploads\/2021\/06\/MAPA_680_720.pdf\" class=\"wp-block-file__button\" download=\"\">CAT\/ESP<\/a><\/div>\n\n\n\n<div class=\"wp-block-file\"><a href=\"http:\/\/turismevalles.com\/wp-content\/uploads\/2021\/06\/MAPA_680-720_Fran_ing.pdf\" class=\"wp-block-file__button\" download=\"\">ENG\/FR<\/a><\/div>\n<\/div><\/div>\n\n<div style=\"height:57px\" aria-hidden=\"true\" class=\"wp-block-spacer\"><\/div>\n\n<hr class=\"wp-block-separator\"\/>\n<div class=\"gb-grid-wrapper gb-grid-wrapper-578f8ffe\">\n<div class=\"gb-grid-column gb-grid-column-7a9c6b97\"><div class=\"gb-container gb-container-7a9c6b97\"><div class=\"gb-inside-container\">\n<h2 class=\"gb-headline gb-headline-8891c882\">Villes<\/h2>\n\n<div class=\"gb-grid-wrapper gb-grid-wrapper-e030a3d1\">\n<div class=\"gb-grid-column gb-grid-column-9cb7f314\"><div class=\"gb-container gb-container-9cb7f314\"><div class=\"gb-inside-container\">\n\n<ul class=\"wp-block-list\"><li><a href=\"\/fr\/municipalit&#xE9;s\/aiguafreda\/\">Aiguafreda<\/a><\/li><li><a href=\"\/fr\/municipalit&#xE9;s\/bigues-i-riells\/\">Bigues i Riells<\/a><\/li><li><a href=\"\/fr\/municipalit&#xE9;s\/canoves-i-samalus\/\">C\u00e0noves i Samal\u00fas<\/a><\/li><li><a href=\"\/fr\/municipalit&#xE9;s\/caldes-de-montbui\/\">Caldes de Montbui<\/a><\/li><li><a href=\"\/fr\/municipalit&#xE9;s\/campins\/\">Campins<\/a><\/li><li><a href=\"\/fr\/municipalit&#xE9;s\/canovelles\/\">Canovelles<\/a><\/li><li><a href=\"\/fr\/municipalit&#xE9;s\/cardedeu\/\">Cardedeu<\/a><\/li><li><a href=\"\/fr\/municipalit&#xE9;s\/figaro-montmany\/\">Figar\u00f3-Montmany<\/a><\/li><li><a href=\"\/fr\/municipalit&#xE9;s\/fogars-de-montclus\/\">Fogars de Montcl\u00fas<\/a><\/li><li><a href=\"\/fr\/municipalit&#xE9;s\/granollers\/\">Granollers<\/a><\/li><li><a href=\"\/fr\/municipalit&#xE9;s\/gualba\/\">Gualba<\/a><\/li><li><a href=\"http:\/\/turismevalles.com\/ca\/valles-oriental\/l-ametlla-del-valles\/\">L&rsquo;Ame<\/a><a href=\"http:\/\/municipis\/lametlla-del-valles\/\">t<\/a><a href=\"\/municipis\/lametlla-del-valles\/\">lla del Vall\u00e8s<\/a><\/li><li><a href=\"\/fr\/municipalit&#xE9;s\/la-garriga\/\">La Garriga<\/a><\/li><li><a href=\"\/fr\/municipalit&#xE9;s\/la-llagosta\/\">La Llagosta<\/a><\/li><li><a href=\"\/fr\/municipalit&#xE9;s\/la-roca-del-valles\/\">La Roca del Vall\u00e8s<\/a><\/li><li><a href=\"\/fr\/municipalit&#xE9;s\/les-franqueses-del-valles\/\">Les Franqueses del Vall\u00e8s<\/a><\/li><li><a href=\"\/fr\/municipalit&#xE9;s\/llica-damunt\/\">Lli\u00e7\u00e0 d&rsquo;Amunt<\/a><\/li><li><a href=\"\/fr\/municipalit&#xE9;s\/llica-de-vall\/\">Lli\u00e7\u00e0 de Vall<\/a><\/li><li><a href=\"\/fr\/municipalit&#xE9;s\/llinars-del-valles\/\">Llinars del Vall\u00e8s<\/a><\/li><li><a href=\"http:\/\/fr\/municipalit&#xE9;s\/martorelles\/\">Martorelles<\/a><\/li><\/ul>\n\n<\/div><\/div><\/div>\n\n<div class=\"gb-grid-column gb-grid-column-e55dc19d\"><div class=\"gb-container gb-container-e55dc19d\"><div class=\"gb-inside-container\">\n\n<ul class=\"wp-block-list\" id=\"block-19d46c51-4323-4d9c-ac60-28b0a3d99634\"><li><a href=\"\/fr\/municipalit&#xE9;s\/mollet-del-valles\/\">Mollet del Vall\u00e8s<\/a><\/li><li><a href=\"\/fr\/municipalit&#xE9;s\/montmelo\/\">Montmel\u00f3<\/a><\/li><li><a href=\"\/fr\/municipalit&#xE9;s\/montornes-del-valles\/\">Montorn\u00e8s del Vall\u00e8s<\/a><\/li><li><a href=\"\/fr\/municipalit&#xE9;s\/montseny\/\">Montseny<\/a><\/li><li><a href=\"\/fr\/municipalit&#xE9;s\/parets-del-valles\/\">Parets del Vall\u00e8s<\/a><\/li><li><a href=\"\/fr\/municipalit&#xE9;s\/sant-antoni-de-vilamajor\/\">Sant Antoni de Vilamajor<\/a><\/li><li><a href=\"\/fr\/municipalit&#xE9;s\/sant-celoni\/\">Sant Celoni<\/a><\/li><li><a href=\"\/fr\/municipalit&#xE9;s\/sant-esteve-de-palautordera\/\">Sant Esteve de Palautordera<\/a><\/li><li><a href=\"\/fr\/municipalit&#xE9;s\/sant-feliu-de-codines\/\">Sant Feliu de Codines<\/a><\/li><li><a href=\"fr\/municipalit&#xE9;s\/sant-fost-de-campsentelles\/\">Sant Fost de Campsentelles<\/a><\/li><li><a href=\"\/fr\/municipalit&#xE9;s\/sant-pere-de-vilamajor\/\">Sant Pere de Vilamajor<\/a><\/li><li><a href=\"\/fr\/municipalit&#xE9;s\/santa-eulalia\/\">Santa Eul\u00e0lia de Ron\u00e7ana<\/a><\/li><li><a href=\"\/fr\/municipalit&#xE9;s\/santa-maria-de-martorelles\/\">Santa Maria de Martorelles<\/a><\/li><li><a href=\"\/fr\/municipalit&#xE9;s\/santa-maria-de-palautordera\/\">Santa Maria de Palautordera<\/a><\/li><li><a href=\"\/fr\/municipalit&#xE9;s\/tagamanent\/\">Tagamanent<\/a><\/li><li><a href=\"\/fr\/municipalit&#xE9;s\/vallgorguina\/\">Vallgorguina<\/a><\/li><li><a href=\"\/fr\/municipalit&#xE9;s\/vallromanes\/\">Vallromanes<\/a><\/li><li><a href=\"\/fr\/municipalit&#xE9;s\/vilalba-sasserra\/\">Vilalba Sasserra<\/a><\/li><li><a href=\"\/fr\/municipalit&#xE9;s\/vilanova-del-valles\/\">Vilanova del Vall\u00e8s<\/a><\/li><\/ul>\n\n<\/div><\/div><\/div>\n<\/div>\n<\/div><\/div><\/div>\n\n<div class=\"gb-grid-column gb-grid-column-6a0c6fb0\"><div class=\"gb-container gb-container-6a0c6fb0\"><div class=\"gb-inside-container\">\n\n<h2 class=\"wp-block-heading\">POUR ARRIVER<\/h2>\n\n\n\n<p>Granollers c&rsquo;est situ\u00e9 au 32 km NE de la ville du Barcelona.&#13;\n&#13;\nLa nostre r\u00e9gion est situ\u00e9 strat\u00e9giquement a pr\u00e9s du:<\/p>\n\n\n\n<ul class=\"wp-block-list\"><li>Aeroport de Barcelona (44 Km)<\/li><li>Aeroport de Girona (64 Km)<\/li><\/ul>\n\n\n\n<p>Trois importants autoroutes:<\/p>\n\n\n\n<ul class=\"wp-block-list\"><li>AP-7: Autoroute \u00e0 p\u00e9age, France-Girona-Granollers-Barcelona-Tarragona <\/li><li>C-17: Autoroute, Pirin\u00e9\u00e9s- Puigcerd\u00e0- Granollers- Barcelona.<\/li><li>C-60: Autoroute, Mer M\u00e9diterran\u00e9e, 20 min. a c\u00f4te du Granollers.<\/li><\/ul>\n\n\n\n<p>Lignes de busos regulars se connecter avec Barcelona, la Roca Village, le mer, les aeroports et les villes du region. V\u00e9rifier les horaires: www.sagales.com <\/p>\n\n\n\n<p>Trois lignes de trains (Rodal\u00edes). V\u00e9rifier les horaires: http:\/\/rodalies.gencat.cat<\/p>\n\n\n\n<ul class=\"wp-block-list\"><li>R2: Portbou-Girona-Ma\u00e7anet\/Massanes-Sant Celoni-Granollers-Barcelona-Aeroport de BCN.<\/li><li>R3: Pirin\u00e9\u00e9s-Puigcerd\u00e0-Vic-Granollers-Barcelona.<\/li><li>R8: Granollers-Universitat Auton\u00f2ma BCN-Martorell.<\/li><\/ul>\n\n<\/div><\/div><\/div>\n<\/div>","protected":false},"excerpt":{"rendered":"<p>T\u00e9l\u00e9chargez la carte touristique du Vall\u00e8s Oriental<\/p>\n","protected":false},"author":5,"featured_media":0,"parent":0,"menu_order":0,"comment_status":"closed","ping_status":"closed","template":"","meta":{"_acf_changed":false,"inline_featured_image":false,"_uag_custom_page_level_css":"","footnotes":""},"class_list":{"0":"post-9298","1":"page","2":"type-page","3":"status-publish","5":"generate-columns","6":"tablet-grid-50","7":"mobile-grid-100","8":"grid-parent","9":"grid-33"},"acf":[],"yoast_head":"<!-- This site is optimized with the Yoast SEO plugin v26.4 - https:\/\/yoast.com\/wordpress\/plugins\/seo\/ -->\n<title>Carte - Turisme Vall\u00e8s<\/title>\n<meta name=\"description\" content=\"Consulta el mapa de la comarca del Vall\u00e8s Oriental: poblaciones y comunicaciones. Carreteras ... Consultar horarios: http:\/\/rodalies.gencat.cat. C2: L\u00ednea ...\" \/>\n<meta name=\"robots\" content=\"index, follow, max-snippet:-1, max-image-preview:large, max-video-preview:-1\" \/>\n<link rel=\"canonical\" href=\"https:\/\/turismevalles.com\/mapa\/\" \/>\n<meta property=\"og:locale\" content=\"fr_FR\" \/>\n<meta property=\"og:type\" content=\"article\" \/>\n<meta property=\"og:title\" content=\"Carte - Turisme Vall\u00e8s\" \/>\n<meta property=\"og:description\" content=\"Consulta el mapa de la comarca del Vall\u00e8s Oriental: poblaciones y comunicaciones. Carreteras ... Consultar horarios: http:\/\/rodalies.gencat.cat. C2: L\u00ednea ...\" \/>\n<meta property=\"og:url\" content=\"https:\/\/turismevalles.com\/mapa\/\" \/>\n<meta property=\"og:site_name\" content=\"Turisme Vall\u00e8s\" \/>\n<meta property=\"article:modified_time\" content=\"2021-06-07T14:20:08+00:00\" \/>\n<meta property=\"og:image\" content=\"http:\/\/turismevalles.com\/wp-content\/uploads\/2021\/06\/Captura.png\" \/>\n<meta name=\"twitter:card\" content=\"summary_large_image\" \/>\n<meta name=\"twitter:label1\" content=\"Dur\u00e9e de lecture estim\u00e9e\" \/>\n\t<meta name=\"twitter:data1\" content=\"1 minute\" \/>\n<script type=\"application\/ld+json\" class=\"yoast-schema-graph\">{\"@context\":\"https:\/\/schema.org\",\"@graph\":[{\"@type\":\"WebPage\",\"@id\":\"https:\/\/turismevalles.com\/mapa\/\",\"url\":\"https:\/\/turismevalles.com\/mapa\/\",\"name\":\"Carte - Turisme Vall\u00e8s\",\"isPartOf\":{\"@id\":\"https:\/\/turismevalles.com\/en\/#website\"},\"primaryImageOfPage\":{\"@id\":\"https:\/\/turismevalles.com\/mapa\/#primaryimage\"},\"image\":{\"@id\":\"https:\/\/turismevalles.com\/mapa\/#primaryimage\"},\"thumbnailUrl\":\"http:\/\/turismevalles.com\/wp-content\/uploads\/2021\/06\/Captura.png\",\"datePublished\":\"2020-11-30T11:04:28+00:00\",\"dateModified\":\"2021-06-07T14:20:08+00:00\",\"description\":\"Consulta el mapa de la comarca del Vall\u00e8s Oriental: poblaciones y comunicaciones. Carreteras ... Consultar horarios: http:\/\/rodalies.gencat.cat. C2: L\u00ednea ...\",\"breadcrumb\":{\"@id\":\"https:\/\/turismevalles.com\/mapa\/#breadcrumb\"},\"inLanguage\":\"fr-FR\",\"potentialAction\":[{\"@type\":\"ReadAction\",\"target\":[\"https:\/\/turismevalles.com\/mapa\/\"]}]},{\"@type\":\"ImageObject\",\"inLanguage\":\"fr-FR\",\"@id\":\"https:\/\/turismevalles.com\/mapa\/#primaryimage\",\"url\":\"http:\/\/turismevalles.com\/wp-content\/uploads\/2021\/06\/Captura.png\",\"contentUrl\":\"http:\/\/turismevalles.com\/wp-content\/uploads\/2021\/06\/Captura.png\"},{\"@type\":\"BreadcrumbList\",\"@id\":\"https:\/\/turismevalles.com\/mapa\/#breadcrumb\",\"itemListElement\":[{\"@type\":\"ListItem\",\"position\":1,\"name\":\"Inici\",\"item\":\"https:\/\/turismevalles.com\/fr\/\"},{\"@type\":\"ListItem\",\"position\":2,\"name\":\"Carte\"}]},{\"@type\":\"WebSite\",\"@id\":\"https:\/\/turismevalles.com\/en\/#website\",\"url\":\"https:\/\/turismevalles.com\/en\/\",\"name\":\"Turisme Vall\u00e8s\",\"description\":\"\",\"publisher\":{\"@id\":\"https:\/\/turismevalles.com\/en\/#organization\"},\"potentialAction\":[{\"@type\":\"SearchAction\",\"target\":{\"@type\":\"EntryPoint\",\"urlTemplate\":\"https:\/\/turismevalles.com\/en\/?s={search_term_string}\"},\"query-input\":{\"@type\":\"PropertyValueSpecification\",\"valueRequired\":true,\"valueName\":\"search_term_string\"}}],\"inLanguage\":\"fr-FR\"},{\"@type\":\"Organization\",\"@id\":\"https:\/\/turismevalles.com\/en\/#organization\",\"name\":\"Turisme Vall\u00e8s\",\"url\":\"https:\/\/turismevalles.com\/en\/\",\"logo\":{\"@type\":\"ImageObject\",\"inLanguage\":\"fr-FR\",\"@id\":\"https:\/\/turismevalles.com\/en\/#\/schema\/logo\/image\/\",\"url\":\"https:\/\/turismevalles.com\/wp-content\/uploads\/2020\/08\/cropped-logo_ca-2.png\",\"contentUrl\":\"https:\/\/turismevalles.com\/wp-content\/uploads\/2020\/08\/cropped-logo_ca-2.png\",\"width\":314,\"height\":85,\"caption\":\"Turisme Vall\u00e8s\"},\"image\":{\"@id\":\"https:\/\/turismevalles.com\/en\/#\/schema\/logo\/image\/\"}}]}<\/script>\n<!-- \/ Yoast SEO plugin. -->","yoast_head_json":{"title":"Carte - Turisme Vall\u00e8s","description":"Consulta el mapa de la comarca del Vall\u00e8s Oriental: poblaciones y comunicaciones. Carreteras ... Consultar horarios: http:\/\/rodalies.gencat.cat. C2: L\u00ednea ...","robots":{"index":"index","follow":"follow","max-snippet":"max-snippet:-1","max-image-preview":"max-image-preview:large","max-video-preview":"max-video-preview:-1"},"canonical":"https:\/\/turismevalles.com\/mapa\/","og_locale":"fr_FR","og_type":"article","og_title":"Carte - Turisme Vall\u00e8s","og_description":"Consulta el mapa de la comarca del Vall\u00e8s Oriental: poblaciones y comunicaciones. Carreteras ... Consultar horarios: http:\/\/rodalies.gencat.cat. C2: L\u00ednea ...","og_url":"https:\/\/turismevalles.com\/mapa\/","og_site_name":"Turisme Vall\u00e8s","article_modified_time":"2021-06-07T14:20:08+00:00","og_image":[{"url":"http:\/\/turismevalles.com\/wp-content\/uploads\/2021\/06\/Captura.png","type":"","width":"","height":""}],"twitter_card":"summary_large_image","twitter_misc":{"Dur\u00e9e de lecture estim\u00e9e":"1 minute"},"schema":{"@context":"https:\/\/schema.org","@graph":[{"@type":"WebPage","@id":"https:\/\/turismevalles.com\/mapa\/","url":"https:\/\/turismevalles.com\/mapa\/","name":"Carte - Turisme Vall\u00e8s","isPartOf":{"@id":"https:\/\/turismevalles.com\/en\/#website"},"primaryImageOfPage":{"@id":"https:\/\/turismevalles.com\/mapa\/#primaryimage"},"image":{"@id":"https:\/\/turismevalles.com\/mapa\/#primaryimage"},"thumbnailUrl":"http:\/\/turismevalles.com\/wp-content\/uploads\/2021\/06\/Captura.png","datePublished":"2020-11-30T11:04:28+00:00","dateModified":"2021-06-07T14:20:08+00:00","description":"Consulta el mapa de la comarca del Vall\u00e8s Oriental: poblaciones y comunicaciones. Carreteras ... Consultar horarios: http:\/\/rodalies.gencat.cat. C2: L\u00ednea ...","breadcrumb":{"@id":"https:\/\/turismevalles.com\/mapa\/#breadcrumb"},"inLanguage":"fr-FR","potentialAction":[{"@type":"ReadAction","target":["https:\/\/turismevalles.com\/mapa\/"]}]},{"@type":"ImageObject","inLanguage":"fr-FR","@id":"https:\/\/turismevalles.com\/mapa\/#primaryimage","url":"http:\/\/turismevalles.com\/wp-content\/uploads\/2021\/06\/Captura.png","contentUrl":"http:\/\/turismevalles.com\/wp-content\/uploads\/2021\/06\/Captura.png"},{"@type":"BreadcrumbList","@id":"https:\/\/turismevalles.com\/mapa\/#breadcrumb","itemListElement":[{"@type":"ListItem","position":1,"name":"Inici","item":"https:\/\/turismevalles.com\/fr\/"},{"@type":"ListItem","position":2,"name":"Carte"}]},{"@type":"WebSite","@id":"https:\/\/turismevalles.com\/en\/#website","url":"https:\/\/turismevalles.com\/en\/","name":"Turisme Vall\u00e8s","description":"","publisher":{"@id":"https:\/\/turismevalles.com\/en\/#organization"},"potentialAction":[{"@type":"SearchAction","target":{"@type":"EntryPoint","urlTemplate":"https:\/\/turismevalles.com\/en\/?s={search_term_string}"},"query-input":{"@type":"PropertyValueSpecification","valueRequired":true,"valueName":"search_term_string"}}],"inLanguage":"fr-FR"},{"@type":"Organization","@id":"https:\/\/turismevalles.com\/en\/#organization","name":"Turisme Vall\u00e8s","url":"https:\/\/turismevalles.com\/en\/","logo":{"@type":"ImageObject","inLanguage":"fr-FR","@id":"https:\/\/turismevalles.com\/en\/#\/schema\/logo\/image\/","url":"https:\/\/turismevalles.com\/wp-content\/uploads\/2020\/08\/cropped-logo_ca-2.png","contentUrl":"https:\/\/turismevalles.com\/wp-content\/uploads\/2020\/08\/cropped-logo_ca-2.png","width":314,"height":85,"caption":"Turisme Vall\u00e8s"},"image":{"@id":"https:\/\/turismevalles.com\/en\/#\/schema\/logo\/image\/"}}]}},"uagb_featured_image_src":{"full":false,"thumbnail":false,"medium":false,"medium_large":false,"large":false,"thumblist":false,"meccarouselthumb":false,"gridsquare":false,"tileview":false,"1536x1536":false,"2048x2048":false},"uagb_author_info":{"display_name":"Turisme Valles","author_link":"https:\/\/turismevalles.com\/fr\/author\/turismevallesoriental\/"},"uagb_comment_info":0,"uagb_excerpt":"T\u00e9l\u00e9chargez la carte touristique du Vall\u00e8s Oriental","_links":{"self":[{"href":"https:\/\/turismevalles.com\/fr\/wp-json\/wp\/v2\/pages\/9298","targetHints":{"allow":["GET"]}}],"collection":[{"href":"https:\/\/turismevalles.com\/fr\/wp-json\/wp\/v2\/pages"}],"about":[{"href":"https:\/\/turismevalles.com\/fr\/wp-json\/wp\/v2\/types\/page"}],"author":[{"embeddable":true,"href":"https:\/\/turismevalles.com\/fr\/wp-json\/wp\/v2\/users\/5"}],"replies":[{"embeddable":true,"href":"https:\/\/turismevalles.com\/fr\/wp-json\/wp\/v2\/comments?post=9298"}],"version-history":[{"count":0,"href":"https:\/\/turismevalles.com\/fr\/wp-json\/wp\/v2\/pages\/9298\/revisions"}],"wp:attachment":[{"href":"https:\/\/turismevalles.com\/fr\/wp-json\/wp\/v2\/media?parent=9298"}],"curies":[{"name":"wp","href":"https:\/\/api.w.org\/{rel}","templated":true}]}}