{"id":12774,"date":"2021-03-31T11:34:41","date_gmt":"2021-03-31T09:34:41","guid":{"rendered":"http:\/\/turismevalles.com.mialias.net\/?post_type=ubicacio_dormir&#038;p=12774"},"modified":"2021-03-31T11:56:55","modified_gmt":"2021-03-31T09:56:55","slug":"lamagatall-de-cal-tonedor","status":"publish","type":"ubicacio_dormir","link":"https:\/\/turismevalles.com\/fr\/sommeil\/lamagatall-de-cal-tonedor\/","title":{"rendered":"L&rsquo;Amagatall de Cal Tonedor"},"content":{"rendered":"\n<p>L&rsquo;Amagatall de cal Tonedor est une mas\u00eda construite au d\u00e9but du s. XX compris dans le catalogue de mas\u00edas de Vallgorguina, situ\u00e9e entre deux parcs naturels dot\u00e9s d&rsquo;une grande et important de la beaut\u00e9 du paysage (le Parc naturel du Montnegre- Corredor et le Parc naturel du Montseny), et \u00e0 seulement 20 minutes de la mer.<br><br>La mas\u00eda cette entour\u00e9e de jardins avec des zones diverses : zone de barbecue, zone de jeux ( ping-pong, billards, Terrain de b\u00e1squet, etc.). Nous comptons \u00e9galement sur une salle polyvalente annex\u00e9e.<br><br>En outre, peuvent conclure tout type d&rsquo;\u00e9v\u00e9nement (mariage, d\u00e9nominations, communions, anniversaires, etc.).<br><br>Pour des c\u00e9l\u00e9brations, demander budget \u00e0 travers notre courrier \u00e9lectronique : <a href=\"mailto:info@lamagatalldecaltonedor.com\">info@lamagatalldecaltonedor.com<\/a><\/p>\n","protected":false},"featured_media":12778,"template":"","poblacions":[883],"establiment":[229],"tipus_turisme":[],"tipologia_estada":[263,266],"class_list":["post-12774","ubicacio_dormir","type-ubicacio_dormir","status-publish","has-post-thumbnail","hentry","poblacions-vallgorguina-fr","establiment-logement-a-usage-touristique","tipologia_estada-avec-des-amis","tipologia_estada-en-famille","generate-columns","tablet-grid-50","mobile-grid-100","grid-parent","grid-33"],"acf":{"photo_gallery":{"imatges":[[{"id":12778,"title":"HUT_L_amagatall_de_cal_tonador00","caption":"","full_image_url":"https:\/\/turismevalles.com\/wp-content\/uploads\/2021\/03\/HUT_L_amagatall_de_cal_tonador00.jpg","thumbnail_image_url":"https:\/\/turismevalles.com\/wp-content\/uploads\/2021\/03\/HUT_L_amagatall_de_cal_tonador00-150x150.jpg","large_srcset":"https:\/\/turismevalles.com\/wp-content\/uploads\/2021\/03\/HUT_L_amagatall_de_cal_tonador00.jpg 992w, https:\/\/turismevalles.com\/wp-content\/uploads\/2021\/03\/HUT_L_amagatall_de_cal_tonador00-300x124.jpg 300w, https:\/\/turismevalles.com\/wp-content\/uploads\/2021\/03\/HUT_L_amagatall_de_cal_tonador00-768x317.jpg 768w","medium_srcset":"https:\/\/turismevalles.com\/wp-content\/uploads\/2021\/03\/HUT_L_amagatall_de_cal_tonador00-300x124.jpg 300w, https:\/\/turismevalles.com\/wp-content\/uploads\/2021\/03\/HUT_L_amagatall_de_cal_tonador00-768x317.jpg 768w, https:\/\/turismevalles.com\/wp-content\/uploads\/2021\/03\/HUT_L_amagatall_de_cal_tonador00.jpg 992w","media_details":{"width":992,"height":409,"sizes":{"medium":{"file":"HUT_L_amagatall_de_cal_tonador00-300x124.jpg","width":300,"height":124,"mime-type":"image\/jpeg","source_url":"https:\/\/turismevalles.com\/wp-content\/uploads\/2021\/03\/HUT_L_amagatall_de_cal_tonador00-300x124.jpg"},"thumbnail":{"file":"HUT_L_amagatall_de_cal_tonador00-150x150.jpg","width":150,"height":150,"mime-type":"image\/jpeg","source_url":"https:\/\/turismevalles.com\/wp-content\/uploads\/2021\/03\/HUT_L_amagatall_de_cal_tonador00-150x150.jpg"},"medium_large":{"file":"HUT_L_amagatall_de_cal_tonador00-768x317.jpg","width":768,"height":317,"mime-type":"image\/jpeg","source_url":"https:\/\/turismevalles.com\/wp-content\/uploads\/2021\/03\/HUT_L_amagatall_de_cal_tonador00-768x317.jpg"},"thumblist":{"file":"HUT_L_amagatall_de_cal_tonador00-300x300.jpg","width":300,"height":300,"mime-type":"image\/jpeg","source_url":"https:\/\/turismevalles.com\/wp-content\/uploads\/2021\/03\/HUT_L_amagatall_de_cal_tonador00-300x300.jpg"},"meccarouselthumb":{"file":"HUT_L_amagatall_de_cal_tonador00-474x324.jpg","width":474,"height":324,"mime-type":"image\/jpeg","source_url":"https:\/\/turismevalles.com\/wp-content\/uploads\/2021\/03\/HUT_L_amagatall_de_cal_tonador00-474x324.jpg"},"gridsquare":{"file":"HUT_L_amagatall_de_cal_tonador00-391x260.jpg","width":391,"height":260,"mime-type":"image\/jpeg","source_url":"https:\/\/turismevalles.com\/wp-content\/uploads\/2021\/03\/HUT_L_amagatall_de_cal_tonador00-391x260.jpg"},"tileview":{"file":"HUT_L_amagatall_de_cal_tonador00-300x400.jpg","width":300,"height":400,"mime-type":"image\/jpeg","source_url":"https:\/\/turismevalles.com\/wp-content\/uploads\/2021\/03\/HUT_L_amagatall_de_cal_tonador00-300x400.jpg"}}},"alt_text":"","url":"","target":""},{"id":12803,"title":"HUT_L_amagatall_de_cal_tonador06","caption":"","full_image_url":"https:\/\/turismevalles.com\/wp-content\/uploads\/2021\/03\/HUT_L_amagatall_de_cal_tonador06.jpg","thumbnail_image_url":"https:\/\/turismevalles.com\/wp-content\/uploads\/2021\/03\/HUT_L_amagatall_de_cal_tonador06-150x150.jpg","large_srcset":"https:\/\/turismevalles.com\/wp-content\/uploads\/2021\/03\/HUT_L_amagatall_de_cal_tonador06.jpg 956w, https:\/\/turismevalles.com\/wp-content\/uploads\/2021\/03\/HUT_L_amagatall_de_cal_tonador06-300x156.jpg 300w, https:\/\/turismevalles.com\/wp-content\/uploads\/2021\/03\/HUT_L_amagatall_de_cal_tonador06-768x400.jpg 768w","medium_srcset":"https:\/\/turismevalles.com\/wp-content\/uploads\/2021\/03\/HUT_L_amagatall_de_cal_tonador06-300x156.jpg 300w, https:\/\/turismevalles.com\/wp-content\/uploads\/2021\/03\/HUT_L_amagatall_de_cal_tonador06-768x400.jpg 768w, https:\/\/turismevalles.com\/wp-content\/uploads\/2021\/03\/HUT_L_amagatall_de_cal_tonador06.jpg 956w","media_details":{"width":956,"height":498,"sizes":{"medium":{"file":"HUT_L_amagatall_de_cal_tonador06-300x156.jpg","width":300,"height":156,"mime-type":"image\/jpeg","source_url":"https:\/\/turismevalles.com\/wp-content\/uploads\/2021\/03\/HUT_L_amagatall_de_cal_tonador06-300x156.jpg"},"thumbnail":{"file":"HUT_L_amagatall_de_cal_tonador06-150x150.jpg","width":150,"height":150,"mime-type":"image\/jpeg","source_url":"https:\/\/turismevalles.com\/wp-content\/uploads\/2021\/03\/HUT_L_amagatall_de_cal_tonador06-150x150.jpg"},"medium_large":{"file":"HUT_L_amagatall_de_cal_tonador06-768x400.jpg","width":768,"height":400,"mime-type":"image\/jpeg","source_url":"https:\/\/turismevalles.com\/wp-content\/uploads\/2021\/03\/HUT_L_amagatall_de_cal_tonador06-768x400.jpg"},"thumblist":{"file":"HUT_L_amagatall_de_cal_tonador06-300x300.jpg","width":300,"height":300,"mime-type":"image\/jpeg","source_url":"https:\/\/turismevalles.com\/wp-content\/uploads\/2021\/03\/HUT_L_amagatall_de_cal_tonador06-300x300.jpg"},"meccarouselthumb":{"file":"HUT_L_amagatall_de_cal_tonador06-474x324.jpg","width":474,"height":324,"mime-type":"image\/jpeg","source_url":"https:\/\/turismevalles.com\/wp-content\/uploads\/2021\/03\/HUT_L_amagatall_de_cal_tonador06-474x324.jpg"},"gridsquare":{"file":"HUT_L_amagatall_de_cal_tonador06-391x260.jpg","width":391,"height":260,"mime-type":"image\/jpeg","source_url":"https:\/\/turismevalles.com\/wp-content\/uploads\/2021\/03\/HUT_L_amagatall_de_cal_tonador06-391x260.jpg"},"tileview":{"file":"HUT_L_amagatall_de_cal_tonador06-300x400.jpg","width":300,"height":400,"mime-type":"image\/jpeg","source_url":"https:\/\/turismevalles.com\/wp-content\/uploads\/2021\/03\/HUT_L_amagatall_de_cal_tonador06-300x400.jpg"}}},"alt_text":"","url":"","target":""},{"id":12799,"title":"HUT_L_amagatall_de_cal_tonador05","caption":"","full_image_url":"https:\/\/turismevalles.com\/wp-content\/uploads\/2021\/03\/HUT_L_amagatall_de_cal_tonador05.jpg","thumbnail_image_url":"https:\/\/turismevalles.com\/wp-content\/uploads\/2021\/03\/HUT_L_amagatall_de_cal_tonador05-150x150.jpg","large_srcset":"https:\/\/turismevalles.com\/wp-content\/uploads\/2021\/03\/HUT_L_amagatall_de_cal_tonador05.jpg 973w, https:\/\/turismevalles.com\/wp-content\/uploads\/2021\/03\/HUT_L_amagatall_de_cal_tonador05-300x158.jpg 300w, https:\/\/turismevalles.com\/wp-content\/uploads\/2021\/03\/HUT_L_amagatall_de_cal_tonador05-768x406.jpg 768w","medium_srcset":"https:\/\/turismevalles.com\/wp-content\/uploads\/2021\/03\/HUT_L_amagatall_de_cal_tonador05-300x158.jpg 300w, https:\/\/turismevalles.com\/wp-content\/uploads\/2021\/03\/HUT_L_amagatall_de_cal_tonador05-768x406.jpg 768w, https:\/\/turismevalles.com\/wp-content\/uploads\/2021\/03\/HUT_L_amagatall_de_cal_tonador05.jpg 973w","media_details":{"width":973,"height":514,"sizes":{"medium":{"file":"HUT_L_amagatall_de_cal_tonador05-300x158.jpg","width":300,"height":158,"mime-type":"image\/jpeg","source_url":"https:\/\/turismevalles.com\/wp-content\/uploads\/2021\/03\/HUT_L_amagatall_de_cal_tonador05-300x158.jpg"},"thumbnail":{"file":"HUT_L_amagatall_de_cal_tonador05-150x150.jpg","width":150,"height":150,"mime-type":"image\/jpeg","source_url":"https:\/\/turismevalles.com\/wp-content\/uploads\/2021\/03\/HUT_L_amagatall_de_cal_tonador05-150x150.jpg"},"medium_large":{"file":"HUT_L_amagatall_de_cal_tonador05-768x406.jpg","width":768,"height":406,"mime-type":"image\/jpeg","source_url":"https:\/\/turismevalles.com\/wp-content\/uploads\/2021\/03\/HUT_L_amagatall_de_cal_tonador05-768x406.jpg"},"thumblist":{"file":"HUT_L_amagatall_de_cal_tonador05-300x300.jpg","width":300,"height":300,"mime-type":"image\/jpeg","source_url":"https:\/\/turismevalles.com\/wp-content\/uploads\/2021\/03\/HUT_L_amagatall_de_cal_tonador05-300x300.jpg"},"meccarouselthumb":{"file":"HUT_L_amagatall_de_cal_tonador05-474x324.jpg","width":474,"height":324,"mime-type":"image\/jpeg","source_url":"https:\/\/turismevalles.com\/wp-content\/uploads\/2021\/03\/HUT_L_amagatall_de_cal_tonador05-474x324.jpg"},"gridsquare":{"file":"HUT_L_amagatall_de_cal_tonador05-391x260.jpg","width":391,"height":260,"mime-type":"image\/jpeg","source_url":"https:\/\/turismevalles.com\/wp-content\/uploads\/2021\/03\/HUT_L_amagatall_de_cal_tonador05-391x260.jpg"},"tileview":{"file":"HUT_L_amagatall_de_cal_tonador05-300x400.jpg","width":300,"height":400,"mime-type":"image\/jpeg","source_url":"https:\/\/turismevalles.com\/wp-content\/uploads\/2021\/03\/HUT_L_amagatall_de_cal_tonador05-300x400.jpg"}}},"alt_text":"","url":"","target":""},{"id":12795,"title":"HUT_L_amagatall_de_cal_tonador04","caption":"","full_image_url":"https:\/\/turismevalles.com\/wp-content\/uploads\/2021\/03\/HUT_L_amagatall_de_cal_tonador04.jpg","thumbnail_image_url":"https:\/\/turismevalles.com\/wp-content\/uploads\/2021\/03\/HUT_L_amagatall_de_cal_tonador04-150x150.jpg","large_srcset":"https:\/\/turismevalles.com\/wp-content\/uploads\/2021\/03\/HUT_L_amagatall_de_cal_tonador04.jpg 950w, https:\/\/turismevalles.com\/wp-content\/uploads\/2021\/03\/HUT_L_amagatall_de_cal_tonador04-300x163.jpg 300w, https:\/\/turismevalles.com\/wp-content\/uploads\/2021\/03\/HUT_L_amagatall_de_cal_tonador04-768x416.jpg 768w","medium_srcset":"https:\/\/turismevalles.com\/wp-content\/uploads\/2021\/03\/HUT_L_amagatall_de_cal_tonador04-300x163.jpg 300w, https:\/\/turismevalles.com\/wp-content\/uploads\/2021\/03\/HUT_L_amagatall_de_cal_tonador04-768x416.jpg 768w, https:\/\/turismevalles.com\/wp-content\/uploads\/2021\/03\/HUT_L_amagatall_de_cal_tonador04.jpg 950w","media_details":{"width":950,"height":515,"sizes":{"medium":{"file":"HUT_L_amagatall_de_cal_tonador04-300x163.jpg","width":300,"height":163,"mime-type":"image\/jpeg","source_url":"https:\/\/turismevalles.com\/wp-content\/uploads\/2021\/03\/HUT_L_amagatall_de_cal_tonador04-300x163.jpg"},"thumbnail":{"file":"HUT_L_amagatall_de_cal_tonador04-150x150.jpg","width":150,"height":150,"mime-type":"image\/jpeg","source_url":"https:\/\/turismevalles.com\/wp-content\/uploads\/2021\/03\/HUT_L_amagatall_de_cal_tonador04-150x150.jpg"},"medium_large":{"file":"HUT_L_amagatall_de_cal_tonador04-768x416.jpg","width":768,"height":416,"mime-type":"image\/jpeg","source_url":"https:\/\/turismevalles.com\/wp-content\/uploads\/2021\/03\/HUT_L_amagatall_de_cal_tonador04-768x416.jpg"},"thumblist":{"file":"HUT_L_amagatall_de_cal_tonador04-300x300.jpg","width":300,"height":300,"mime-type":"image\/jpeg","source_url":"https:\/\/turismevalles.com\/wp-content\/uploads\/2021\/03\/HUT_L_amagatall_de_cal_tonador04-300x300.jpg"},"meccarouselthumb":{"file":"HUT_L_amagatall_de_cal_tonador04-474x324.jpg","width":474,"height":324,"mime-type":"image\/jpeg","source_url":"https:\/\/turismevalles.com\/wp-content\/uploads\/2021\/03\/HUT_L_amagatall_de_cal_tonador04-474x324.jpg"},"gridsquare":{"file":"HUT_L_amagatall_de_cal_tonador04-391x260.jpg","width":391,"height":260,"mime-type":"image\/jpeg","source_url":"https:\/\/turismevalles.com\/wp-content\/uploads\/2021\/03\/HUT_L_amagatall_de_cal_tonador04-391x260.jpg"},"tileview":{"file":"HUT_L_amagatall_de_cal_tonador04-300x400.jpg","width":300,"height":400,"mime-type":"image\/jpeg","source_url":"https:\/\/turismevalles.com\/wp-content\/uploads\/2021\/03\/HUT_L_amagatall_de_cal_tonador04-300x400.jpg"}}},"alt_text":"","url":"","target":""},{"id":12791,"title":"HUT_L_amagatall_de_cal_tonador03","caption":"","full_image_url":"https:\/\/turismevalles.com\/wp-content\/uploads\/2021\/03\/HUT_L_amagatall_de_cal_tonador03.jpg","thumbnail_image_url":"https:\/\/turismevalles.com\/wp-content\/uploads\/2021\/03\/HUT_L_amagatall_de_cal_tonador03-150x150.jpg","large_srcset":"https:\/\/turismevalles.com\/wp-content\/uploads\/2021\/03\/HUT_L_amagatall_de_cal_tonador03.jpg 982w, https:\/\/turismevalles.com\/wp-content\/uploads\/2021\/03\/HUT_L_amagatall_de_cal_tonador03-300x157.jpg 300w, https:\/\/turismevalles.com\/wp-content\/uploads\/2021\/03\/HUT_L_amagatall_de_cal_tonador03-768x403.jpg 768w","medium_srcset":"https:\/\/turismevalles.com\/wp-content\/uploads\/2021\/03\/HUT_L_amagatall_de_cal_tonador03-300x157.jpg 300w, https:\/\/turismevalles.com\/wp-content\/uploads\/2021\/03\/HUT_L_amagatall_de_cal_tonador03-768x403.jpg 768w, https:\/\/turismevalles.com\/wp-content\/uploads\/2021\/03\/HUT_L_amagatall_de_cal_tonador03.jpg 982w","media_details":{"width":982,"height":515,"sizes":{"medium":{"file":"HUT_L_amagatall_de_cal_tonador03-300x157.jpg","width":300,"height":157,"mime-type":"image\/jpeg","source_url":"https:\/\/turismevalles.com\/wp-content\/uploads\/2021\/03\/HUT_L_amagatall_de_cal_tonador03-300x157.jpg"},"thumbnail":{"file":"HUT_L_amagatall_de_cal_tonador03-150x150.jpg","width":150,"height":150,"mime-type":"image\/jpeg","source_url":"https:\/\/turismevalles.com\/wp-content\/uploads\/2021\/03\/HUT_L_amagatall_de_cal_tonador03-150x150.jpg"},"medium_large":{"file":"HUT_L_amagatall_de_cal_tonador03-768x403.jpg","width":768,"height":403,"mime-type":"image\/jpeg","source_url":"https:\/\/turismevalles.com\/wp-content\/uploads\/2021\/03\/HUT_L_amagatall_de_cal_tonador03-768x403.jpg"},"thumblist":{"file":"HUT_L_amagatall_de_cal_tonador03-300x300.jpg","width":300,"height":300,"mime-type":"image\/jpeg","source_url":"https:\/\/turismevalles.com\/wp-content\/uploads\/2021\/03\/HUT_L_amagatall_de_cal_tonador03-300x300.jpg"},"meccarouselthumb":{"file":"HUT_L_amagatall_de_cal_tonador03-474x324.jpg","width":474,"height":324,"mime-type":"image\/jpeg","source_url":"https:\/\/turismevalles.com\/wp-content\/uploads\/2021\/03\/HUT_L_amagatall_de_cal_tonador03-474x324.jpg"},"gridsquare":{"file":"HUT_L_amagatall_de_cal_tonador03-391x260.jpg","width":391,"height":260,"mime-type":"image\/jpeg","source_url":"https:\/\/turismevalles.com\/wp-content\/uploads\/2021\/03\/HUT_L_amagatall_de_cal_tonador03-391x260.jpg"},"tileview":{"file":"HUT_L_amagatall_de_cal_tonador03-300x400.jpg","width":300,"height":400,"mime-type":"image\/jpeg","source_url":"https:\/\/turismevalles.com\/wp-content\/uploads\/2021\/03\/HUT_L_amagatall_de_cal_tonador03-300x400.jpg"}}},"alt_text":"","url":"","target":""},{"id":12787,"title":"HUT_L_amagatall_de_cal_tonador02","caption":"","full_image_url":"https:\/\/turismevalles.com\/wp-content\/uploads\/2021\/03\/HUT_L_amagatall_de_cal_tonador02.jpg","thumbnail_image_url":"https:\/\/turismevalles.com\/wp-content\/uploads\/2021\/03\/HUT_L_amagatall_de_cal_tonador02-150x150.jpg","large_srcset":"https:\/\/turismevalles.com\/wp-content\/uploads\/2021\/03\/HUT_L_amagatall_de_cal_tonador02.jpg 950w, https:\/\/turismevalles.com\/wp-content\/uploads\/2021\/03\/HUT_L_amagatall_de_cal_tonador02-300x188.jpg 300w, https:\/\/turismevalles.com\/wp-content\/uploads\/2021\/03\/HUT_L_amagatall_de_cal_tonador02-768x481.jpg 768w","medium_srcset":"https:\/\/turismevalles.com\/wp-content\/uploads\/2021\/03\/HUT_L_amagatall_de_cal_tonador02-300x188.jpg 300w, https:\/\/turismevalles.com\/wp-content\/uploads\/2021\/03\/HUT_L_amagatall_de_cal_tonador02-768x481.jpg 768w, https:\/\/turismevalles.com\/wp-content\/uploads\/2021\/03\/HUT_L_amagatall_de_cal_tonador02.jpg 950w","media_details":{"width":950,"height":595,"sizes":{"medium":{"file":"HUT_L_amagatall_de_cal_tonador02-300x188.jpg","width":300,"height":188,"mime-type":"image\/jpeg","source_url":"https:\/\/turismevalles.com\/wp-content\/uploads\/2021\/03\/HUT_L_amagatall_de_cal_tonador02-300x188.jpg"},"thumbnail":{"file":"HUT_L_amagatall_de_cal_tonador02-150x150.jpg","width":150,"height":150,"mime-type":"image\/jpeg","source_url":"https:\/\/turismevalles.com\/wp-content\/uploads\/2021\/03\/HUT_L_amagatall_de_cal_tonador02-150x150.jpg"},"medium_large":{"file":"HUT_L_amagatall_de_cal_tonador02-768x481.jpg","width":768,"height":481,"mime-type":"image\/jpeg","source_url":"https:\/\/turismevalles.com\/wp-content\/uploads\/2021\/03\/HUT_L_amagatall_de_cal_tonador02-768x481.jpg"},"thumblist":{"file":"HUT_L_amagatall_de_cal_tonador02-300x300.jpg","width":300,"height":300,"mime-type":"image\/jpeg","source_url":"https:\/\/turismevalles.com\/wp-content\/uploads\/2021\/03\/HUT_L_amagatall_de_cal_tonador02-300x300.jpg"},"meccarouselthumb":{"file":"HUT_L_amagatall_de_cal_tonador02-474x324.jpg","width":474,"height":324,"mime-type":"image\/jpeg","source_url":"https:\/\/turismevalles.com\/wp-content\/uploads\/2021\/03\/HUT_L_amagatall_de_cal_tonador02-474x324.jpg"},"gridsquare":{"file":"HUT_L_amagatall_de_cal_tonador02-391x260.jpg","width":391,"height":260,"mime-type":"image\/jpeg","source_url":"https:\/\/turismevalles.com\/wp-content\/uploads\/2021\/03\/HUT_L_amagatall_de_cal_tonador02-391x260.jpg"},"tileview":{"file":"HUT_L_amagatall_de_cal_tonador02-300x400.jpg","width":300,"height":400,"mime-type":"image\/jpeg","source_url":"https:\/\/turismevalles.com\/wp-content\/uploads\/2021\/03\/HUT_L_amagatall_de_cal_tonador02-300x400.jpg"}}},"alt_text":"","url":"","target":""}]]}},"yoast_head":"<!-- This site is optimized with the Yoast SEO plugin v26.4 - https:\/\/yoast.com\/wordpress\/plugins\/seo\/ -->\n<title>L&#039;Amagatall de Cal Tonedor - Turisme Vall\u00e8s<\/title>\n<meta name=\"robots\" content=\"index, follow, max-snippet:-1, max-image-preview:large, max-video-preview:-1\" \/>\n<link rel=\"canonical\" href=\"https:\/\/turismevalles.com\/fr\/sommeil\/lamagatall-de-cal-tonedor\/\" \/>\n<meta property=\"og:locale\" content=\"fr_FR\" \/>\n<meta property=\"og:type\" content=\"article\" \/>\n<meta property=\"og:title\" content=\"L&#039;Amagatall de Cal Tonedor - Turisme Vall\u00e8s\" \/>\n<meta property=\"og:description\" content=\"L&rsquo;Amagatall de cal Tonedor est une mas\u00eda construite au d\u00e9but du s. XX compris dans le catalogue de mas\u00edas de Vallgorguina, situ\u00e9e entre deux parcs ... Veure m\u00e9s\" \/>\n<meta property=\"og:url\" content=\"https:\/\/turismevalles.com\/fr\/sommeil\/lamagatall-de-cal-tonedor\/\" \/>\n<meta property=\"og:site_name\" content=\"Turisme Vall\u00e8s\" \/>\n<meta property=\"article:modified_time\" content=\"2021-03-31T09:56:55+00:00\" \/>\n<meta property=\"og:image\" content=\"https:\/\/turismevalles.com\/wp-content\/uploads\/2021\/03\/HUT_L_amagatall_de_cal_tonador00.jpg\" \/>\n\t<meta property=\"og:image:width\" content=\"992\" \/>\n\t<meta property=\"og:image:height\" content=\"409\" \/>\n\t<meta property=\"og:image:type\" content=\"image\/jpeg\" \/>\n<meta name=\"twitter:card\" content=\"summary_large_image\" \/>\n<meta name=\"twitter:label1\" content=\"Dur\u00e9e de lecture estim\u00e9e\" \/>\n\t<meta name=\"twitter:data1\" content=\"1 minute\" \/>\n<script type=\"application\/ld+json\" class=\"yoast-schema-graph\">{\"@context\":\"https:\/\/schema.org\",\"@graph\":[{\"@type\":\"WebPage\",\"@id\":\"https:\/\/turismevalles.com\/fr\/sommeil\/lamagatall-de-cal-tonedor\/\",\"url\":\"https:\/\/turismevalles.com\/fr\/sommeil\/lamagatall-de-cal-tonedor\/\",\"name\":\"L'Amagatall de Cal Tonedor - Turisme Vall\u00e8s\",\"isPartOf\":{\"@id\":\"https:\/\/turismevalles.com\/en\/#website\"},\"primaryImageOfPage\":{\"@id\":\"https:\/\/turismevalles.com\/fr\/sommeil\/lamagatall-de-cal-tonedor\/#primaryimage\"},\"image\":{\"@id\":\"https:\/\/turismevalles.com\/fr\/sommeil\/lamagatall-de-cal-tonedor\/#primaryimage\"},\"thumbnailUrl\":\"https:\/\/turismevalles.com\/wp-content\/uploads\/2021\/03\/HUT_L_amagatall_de_cal_tonador00.jpg\",\"datePublished\":\"2021-03-31T09:34:41+00:00\",\"dateModified\":\"2021-03-31T09:56:55+00:00\",\"breadcrumb\":{\"@id\":\"https:\/\/turismevalles.com\/fr\/sommeil\/lamagatall-de-cal-tonedor\/#breadcrumb\"},\"inLanguage\":\"fr-FR\",\"potentialAction\":[{\"@type\":\"ReadAction\",\"target\":[\"https:\/\/turismevalles.com\/fr\/sommeil\/lamagatall-de-cal-tonedor\/\"]}]},{\"@type\":\"ImageObject\",\"inLanguage\":\"fr-FR\",\"@id\":\"https:\/\/turismevalles.com\/fr\/sommeil\/lamagatall-de-cal-tonedor\/#primaryimage\",\"url\":\"https:\/\/turismevalles.com\/wp-content\/uploads\/2021\/03\/HUT_L_amagatall_de_cal_tonador00.jpg\",\"contentUrl\":\"https:\/\/turismevalles.com\/wp-content\/uploads\/2021\/03\/HUT_L_amagatall_de_cal_tonador00.jpg\",\"width\":992,\"height\":409,\"caption\":\"L'Amagatall de Cal Tonador a Vallgorguina\"},{\"@type\":\"BreadcrumbList\",\"@id\":\"https:\/\/turismevalles.com\/fr\/sommeil\/lamagatall-de-cal-tonedor\/#breadcrumb\",\"itemListElement\":[{\"@type\":\"ListItem\",\"position\":1,\"name\":\"Inici\",\"item\":\"https:\/\/turismevalles.com\/fr\/\"},{\"@type\":\"ListItem\",\"position\":2,\"name\":\"Places to sleep\",\"item\":\"https:\/\/turismevalles.com\/en\/sleep\/\"},{\"@type\":\"ListItem\",\"position\":3,\"name\":\"L&rsquo;Amagatall de Cal Tonedor\"}]},{\"@type\":\"WebSite\",\"@id\":\"https:\/\/turismevalles.com\/en\/#website\",\"url\":\"https:\/\/turismevalles.com\/en\/\",\"name\":\"Turisme Vall\u00e8s\",\"description\":\"\",\"publisher\":{\"@id\":\"https:\/\/turismevalles.com\/en\/#organization\"},\"potentialAction\":[{\"@type\":\"SearchAction\",\"target\":{\"@type\":\"EntryPoint\",\"urlTemplate\":\"https:\/\/turismevalles.com\/en\/?s={search_term_string}\"},\"query-input\":{\"@type\":\"PropertyValueSpecification\",\"valueRequired\":true,\"valueName\":\"search_term_string\"}}],\"inLanguage\":\"fr-FR\"},{\"@type\":\"Organization\",\"@id\":\"https:\/\/turismevalles.com\/en\/#organization\",\"name\":\"Turisme Vall\u00e8s\",\"url\":\"https:\/\/turismevalles.com\/en\/\",\"logo\":{\"@type\":\"ImageObject\",\"inLanguage\":\"fr-FR\",\"@id\":\"https:\/\/turismevalles.com\/en\/#\/schema\/logo\/image\/\",\"url\":\"https:\/\/turismevalles.com\/wp-content\/uploads\/2020\/08\/cropped-logo_ca-2.png\",\"contentUrl\":\"https:\/\/turismevalles.com\/wp-content\/uploads\/2020\/08\/cropped-logo_ca-2.png\",\"width\":314,\"height\":85,\"caption\":\"Turisme Vall\u00e8s\"},\"image\":{\"@id\":\"https:\/\/turismevalles.com\/en\/#\/schema\/logo\/image\/\"}}]}<\/script>\n<!-- \/ Yoast SEO plugin. -->","yoast_head_json":{"title":"L'Amagatall de Cal Tonedor - Turisme Vall\u00e8s","robots":{"index":"index","follow":"follow","max-snippet":"max-snippet:-1","max-image-preview":"max-image-preview:large","max-video-preview":"max-video-preview:-1"},"canonical":"https:\/\/turismevalles.com\/fr\/sommeil\/lamagatall-de-cal-tonedor\/","og_locale":"fr_FR","og_type":"article","og_title":"L'Amagatall de Cal Tonedor - Turisme Vall\u00e8s","og_description":"L&rsquo;Amagatall de cal Tonedor est une mas\u00eda construite au d\u00e9but du s. XX compris dans le catalogue de mas\u00edas de Vallgorguina, situ\u00e9e entre deux parcs ... Veure m\u00e9s","og_url":"https:\/\/turismevalles.com\/fr\/sommeil\/lamagatall-de-cal-tonedor\/","og_site_name":"Turisme Vall\u00e8s","article_modified_time":"2021-03-31T09:56:55+00:00","og_image":[{"width":992,"height":409,"url":"https:\/\/turismevalles.com\/wp-content\/uploads\/2021\/03\/HUT_L_amagatall_de_cal_tonador00.jpg","type":"image\/jpeg"}],"twitter_card":"summary_large_image","twitter_misc":{"Dur\u00e9e de lecture estim\u00e9e":"1 minute"},"schema":{"@context":"https:\/\/schema.org","@graph":[{"@type":"WebPage","@id":"https:\/\/turismevalles.com\/fr\/sommeil\/lamagatall-de-cal-tonedor\/","url":"https:\/\/turismevalles.com\/fr\/sommeil\/lamagatall-de-cal-tonedor\/","name":"L'Amagatall de Cal Tonedor - Turisme Vall\u00e8s","isPartOf":{"@id":"https:\/\/turismevalles.com\/en\/#website"},"primaryImageOfPage":{"@id":"https:\/\/turismevalles.com\/fr\/sommeil\/lamagatall-de-cal-tonedor\/#primaryimage"},"image":{"@id":"https:\/\/turismevalles.com\/fr\/sommeil\/lamagatall-de-cal-tonedor\/#primaryimage"},"thumbnailUrl":"https:\/\/turismevalles.com\/wp-content\/uploads\/2021\/03\/HUT_L_amagatall_de_cal_tonador00.jpg","datePublished":"2021-03-31T09:34:41+00:00","dateModified":"2021-03-31T09:56:55+00:00","breadcrumb":{"@id":"https:\/\/turismevalles.com\/fr\/sommeil\/lamagatall-de-cal-tonedor\/#breadcrumb"},"inLanguage":"fr-FR","potentialAction":[{"@type":"ReadAction","target":["https:\/\/turismevalles.com\/fr\/sommeil\/lamagatall-de-cal-tonedor\/"]}]},{"@type":"ImageObject","inLanguage":"fr-FR","@id":"https:\/\/turismevalles.com\/fr\/sommeil\/lamagatall-de-cal-tonedor\/#primaryimage","url":"https:\/\/turismevalles.com\/wp-content\/uploads\/2021\/03\/HUT_L_amagatall_de_cal_tonador00.jpg","contentUrl":"https:\/\/turismevalles.com\/wp-content\/uploads\/2021\/03\/HUT_L_amagatall_de_cal_tonador00.jpg","width":992,"height":409,"caption":"L'Amagatall de Cal Tonador a Vallgorguina"},{"@type":"BreadcrumbList","@id":"https:\/\/turismevalles.com\/fr\/sommeil\/lamagatall-de-cal-tonedor\/#breadcrumb","itemListElement":[{"@type":"ListItem","position":1,"name":"Inici","item":"https:\/\/turismevalles.com\/fr\/"},{"@type":"ListItem","position":2,"name":"Places to sleep","item":"https:\/\/turismevalles.com\/en\/sleep\/"},{"@type":"ListItem","position":3,"name":"L&rsquo;Amagatall de Cal Tonedor"}]},{"@type":"WebSite","@id":"https:\/\/turismevalles.com\/en\/#website","url":"https:\/\/turismevalles.com\/en\/","name":"Turisme Vall\u00e8s","description":"","publisher":{"@id":"https:\/\/turismevalles.com\/en\/#organization"},"potentialAction":[{"@type":"SearchAction","target":{"@type":"EntryPoint","urlTemplate":"https:\/\/turismevalles.com\/en\/?s={search_term_string}"},"query-input":{"@type":"PropertyValueSpecification","valueRequired":true,"valueName":"search_term_string"}}],"inLanguage":"fr-FR"},{"@type":"Organization","@id":"https:\/\/turismevalles.com\/en\/#organization","name":"Turisme Vall\u00e8s","url":"https:\/\/turismevalles.com\/en\/","logo":{"@type":"ImageObject","inLanguage":"fr-FR","@id":"https:\/\/turismevalles.com\/en\/#\/schema\/logo\/image\/","url":"https:\/\/turismevalles.com\/wp-content\/uploads\/2020\/08\/cropped-logo_ca-2.png","contentUrl":"https:\/\/turismevalles.com\/wp-content\/uploads\/2020\/08\/cropped-logo_ca-2.png","width":314,"height":85,"caption":"Turisme Vall\u00e8s"},"image":{"@id":"https:\/\/turismevalles.com\/en\/#\/schema\/logo\/image\/"}}]}},"uagb_featured_image_src":{"full":["https:\/\/turismevalles.com\/wp-content\/uploads\/2021\/03\/HUT_L_amagatall_de_cal_tonador00.jpg",992,409,false],"thumbnail":["https:\/\/turismevalles.com\/wp-content\/uploads\/2021\/03\/HUT_L_amagatall_de_cal_tonador00-150x150.jpg",150,150,true],"medium":["https:\/\/turismevalles.com\/wp-content\/uploads\/2021\/03\/HUT_L_amagatall_de_cal_tonador00-300x124.jpg",300,124,true],"medium_large":["https:\/\/turismevalles.com\/wp-content\/uploads\/2021\/03\/HUT_L_amagatall_de_cal_tonador00-768x317.jpg",768,317,true],"large":["https:\/\/turismevalles.com\/wp-content\/uploads\/2021\/03\/HUT_L_amagatall_de_cal_tonador00.jpg",992,409,false],"thumblist":["https:\/\/turismevalles.com\/wp-content\/uploads\/2021\/03\/HUT_L_amagatall_de_cal_tonador00-300x300.jpg",300,300,true],"meccarouselthumb":["https:\/\/turismevalles.com\/wp-content\/uploads\/2021\/03\/HUT_L_amagatall_de_cal_tonador00-474x324.jpg",474,324,true],"gridsquare":["https:\/\/turismevalles.com\/wp-content\/uploads\/2021\/03\/HUT_L_amagatall_de_cal_tonador00-391x260.jpg",391,260,true],"tileview":["https:\/\/turismevalles.com\/wp-content\/uploads\/2021\/03\/HUT_L_amagatall_de_cal_tonador00-300x400.jpg",300,400,true],"1536x1536":["https:\/\/turismevalles.com\/wp-content\/uploads\/2021\/03\/HUT_L_amagatall_de_cal_tonador00.jpg",992,409,false],"2048x2048":["https:\/\/turismevalles.com\/wp-content\/uploads\/2021\/03\/HUT_L_amagatall_de_cal_tonador00.jpg",992,409,false]},"uagb_author_info":{"display_name":"Turisme Valles","author_link":"https:\/\/turismevalles.com\/fr\/author\/"},"uagb_comment_info":0,"uagb_excerpt":"L&rsquo;Amagatall de cal Tonedor est une mas\u00eda construite au d\u00e9but du s. XX compris dans le catalogue de mas\u00edas de Vallgorguina, situ\u00e9e entre deux parcs ... Veure m\u00e9s","_links":{"self":[{"href":"https:\/\/turismevalles.com\/fr\/wp-json\/wp\/v2\/ubicacio_dormir\/12774","targetHints":{"allow":["GET"]}}],"collection":[{"href":"https:\/\/turismevalles.com\/fr\/wp-json\/wp\/v2\/ubicacio_dormir"}],"about":[{"href":"https:\/\/turismevalles.com\/fr\/wp-json\/wp\/v2\/types\/ubicacio_dormir"}],"wp:featuredmedia":[{"embeddable":true,"href":"https:\/\/turismevalles.com\/fr\/wp-json\/wp\/v2\/media\/12778"}],"wp:attachment":[{"href":"https:\/\/turismevalles.com\/fr\/wp-json\/wp\/v2\/media?parent=12774"}],"wp:term":[{"taxonomy":"poblacions","embeddable":true,"href":"https:\/\/turismevalles.com\/fr\/wp-json\/wp\/v2\/poblacions?post=12774"},{"taxonomy":"establiment","embeddable":true,"href":"https:\/\/turismevalles.com\/fr\/wp-json\/wp\/v2\/establiment?post=12774"},{"taxonomy":"tipus_turisme","embeddable":true,"href":"https:\/\/turismevalles.com\/fr\/wp-json\/wp\/v2\/tipus_turisme?post=12774"},{"taxonomy":"tipologia_estada","embeddable":true,"href":"https:\/\/turismevalles.com\/fr\/wp-json\/wp\/v2\/tipologia_estada?post=12774"}],"curies":[{"name":"wp","href":"https:\/\/api.w.org\/{rel}","templated":true}]}}