{"id":19167,"date":"2022-04-28T10:29:06","date_gmt":"2022-04-28T08:29:06","guid":{"rendered":"http:\/\/turismevalles.com.mialias.net\/dormir\/manso-esmandia\/"},"modified":"2022-04-28T10:29:06","modified_gmt":"2022-04-28T08:29:06","slug":"manso-esmandia","status":"publish","type":"ubicacio_dormir","link":"https:\/\/turismevalles.com\/fr\/sommeil\/manso-esmandia\/","title":{"rendered":"Manso Esmandia"},"content":{"rendered":"\n<p>Vous cherchez un espace unique\u00a0?<\/p>\n\n<p>Manso Esmandia loue ses espaces et ses h\u00e9bergements pour les r\u00e9unions et les c\u00e9l\u00e9brations en collaborant avec ses clients pour faire de leur \u00e9v\u00e9nement quelque chose de tr\u00e8s sp\u00e9cial. L\u2019\u00e9difice se situe \u00e0 environ 35\u00a0km de Barcelone, tout pr\u00e8s de Cardedeu, au c\u0153ur de la nature, des for\u00eats et des champs, dans un environnement idyllique o\u00f9 r\u00e8gne la magie et le calme.<\/p>\n\n<p>Vous serez s\u00e9duit par ce lieu o\u00f9 les sens s\u2019\u00e9veillent<\/p>\n\n<p>\u00c0 PARTIR DE 200\u00a0\u20ac\/JOUR<\/p>\n\n<p>Vous disposez de\u00a0:<\/p>\n\n<ul class=\"wp-block-list\"><li>8\u00a0lits,<\/li><li>8\u00a0000\u00a0m2,<\/li><li>35\u00a0places de parking,<\/li><li>6\u00a0salles de bain<\/li><li>capacit\u00e9 de 150\u00a0personnes.<\/li><\/ul>\n\n<p><strong>\u00a0POURQUOI MANSO ESMANDIA EST-IL UN LIEU AUSSI ATTRAYANT\u00a0?<\/strong><\/p>\n\n<ul class=\"wp-block-list\"><li><strong>Manso Esmandia est un lieu qui inspire<\/strong>, un mas historique pour son architecture, mais moderne pour ses services et son confort, avec de grands espaces adaptables, aussi bien int\u00e9rieurs qu\u2019ext\u00e9rieurs.<\/li><li><strong>En raison de sa situation privil\u00e9gi\u00e9e<\/strong>, \u00e0 la fois au c\u0153ur de la nature et proche de la ville, de la mer et de la montagne, Manso Esmandia offre un cadre id\u00e9al pour les \u00e9v\u00e9nements, les c\u00e9l\u00e9brations ou les pr\u00e9sentations et s\u2019adapte parfaitement \u00e0 votre mesure et \u00e0 votre rythme.<\/li><li><strong>Manso Esmandia ne cesse de se r\u00e9inventer et de se transformer pour chaque \u00e9v\u00e9nement<\/strong>\u00a0tout en gardant comme axe central le manoir avec ses 6\u00a0chambres, sa galerie et ses b\u00e2timents ext\u00e9rieurs au sein d\u2019un vaste paysage et d\u2019un jardin romantique<strong>.<\/strong><\/li><\/ul>\n\n<ul class=\"wp-block-list\"><li><strong>Manso Esmandia est un lieu exclusif<\/strong>\u00a0qui invite \u00e0 s\u2019\u00e9mouvoir, s\u2019\u00e9tonner et f\u00eater des moments sp\u00e9ciaux, ainsi qu\u2019une enclave strat\u00e9gique pour que les \u00e9v\u00e9nements d\u2019entreprise se d\u00e9roulent dans une ambiance confortable et d\u00e9tendue.<\/li><li><strong>Nous collaborons<\/strong>\u00a0\u00a0\u00e0 l\u2019organisation et \u00e0 la coordination de tous types de projets avec nos clients.<\/li><\/ul>\n\n<p>BIEN QUE NOUS SOYONS S\u00c9PAR\u00c9S, NOUS EN VENONS \u00c0 BOUT ENSEMBLE.\u00a0Protocole de d\u00e9sinfection et distance de s\u00e9curit\u00e9.\u00a0Mat\u00e9riel disponible.<strong> TOUT EST PENS\u00c9 POUR OFFRIR UNE EXP\u00c9RIENCE COMPL\u00c8TE\u00a0!\u00a0<\/strong><\/p>\n\n<p>SI VOUS AVEZ ENVIE D\u2019EN SAVOIR PLUS, VISITEZ LE SITE INTERNET\u00a0: <a href=\"https:\/\/mansoesmandia.com\/\" target=\"_blank\" rel=\"noreferrer noopener\">https:\/\/mansoesmandia.com\/<\/a><\/p>\n","protected":false},"featured_media":17679,"template":"","poblacions":[394],"establiment":[219],"tipus_turisme":[241],"tipologia_estada":[263,266,297],"class_list":["post-19167","ubicacio_dormir","type-ubicacio_dormir","status-publish","has-post-thumbnail","hentry","poblacions-cardedeu-fr","establiment-tourisme-rural","tipus_turisme-tourisme-evenementiel","tipologia_estada-avec-des-amis","tipologia_estada-en-famille","tipologia_estada-entreprise","generate-columns","tablet-grid-50","mobile-grid-100","grid-parent","grid-33"],"acf":{"photo_gallery":{"imatges":[[{"id":17691,"title":"small-entrada-masia-1024x682","caption":"","full_image_url":"https:\/\/turismevalles.com\/wp-content\/uploads\/2022\/01\/small-entrada-masia-1024x682-1.jpg","thumbnail_image_url":"https:\/\/turismevalles.com\/wp-content\/uploads\/2022\/01\/small-entrada-masia-1024x682-1-150x150.jpg","large_srcset":"https:\/\/turismevalles.com\/wp-content\/uploads\/2022\/01\/small-entrada-masia-1024x682-1.jpg 1024w, https:\/\/turismevalles.com\/wp-content\/uploads\/2022\/01\/small-entrada-masia-1024x682-1-300x200.jpg 300w, https:\/\/turismevalles.com\/wp-content\/uploads\/2022\/01\/small-entrada-masia-1024x682-1-768x512.jpg 768w, https:\/\/turismevalles.com\/wp-content\/uploads\/2022\/01\/small-entrada-masia-1024x682-1-391x260.jpg 391w","medium_srcset":"https:\/\/turismevalles.com\/wp-content\/uploads\/2022\/01\/small-entrada-masia-1024x682-1-300x200.jpg 300w, https:\/\/turismevalles.com\/wp-content\/uploads\/2022\/01\/small-entrada-masia-1024x682-1-768x512.jpg 768w, https:\/\/turismevalles.com\/wp-content\/uploads\/2022\/01\/small-entrada-masia-1024x682-1-391x260.jpg 391w, https:\/\/turismevalles.com\/wp-content\/uploads\/2022\/01\/small-entrada-masia-1024x682-1.jpg 1024w","media_details":{"width":1024,"height":682,"sizes":{"medium":{"file":"small-entrada-masia-1024x682-1-300x200.jpg","width":300,"height":200,"mime-type":"image\/jpeg","source_url":"https:\/\/turismevalles.com\/wp-content\/uploads\/2022\/01\/small-entrada-masia-1024x682-1-300x200.jpg"},"thumbnail":{"file":"small-entrada-masia-1024x682-1-150x150.jpg","width":150,"height":150,"mime-type":"image\/jpeg","source_url":"https:\/\/turismevalles.com\/wp-content\/uploads\/2022\/01\/small-entrada-masia-1024x682-1-150x150.jpg"},"medium_large":{"file":"small-entrada-masia-1024x682-1-768x512.jpg","width":768,"height":512,"mime-type":"image\/jpeg","source_url":"https:\/\/turismevalles.com\/wp-content\/uploads\/2022\/01\/small-entrada-masia-1024x682-1-768x512.jpg"},"thumblist":{"file":"small-entrada-masia-1024x682-1-300x300.jpg","width":300,"height":300,"mime-type":"image\/jpeg","source_url":"https:\/\/turismevalles.com\/wp-content\/uploads\/2022\/01\/small-entrada-masia-1024x682-1-300x300.jpg"},"meccarouselthumb":{"file":"small-entrada-masia-1024x682-1-474x324.jpg","width":474,"height":324,"mime-type":"image\/jpeg","source_url":"https:\/\/turismevalles.com\/wp-content\/uploads\/2022\/01\/small-entrada-masia-1024x682-1-474x324.jpg"},"gridsquare":{"file":"small-entrada-masia-1024x682-1-391x260.jpg","width":391,"height":260,"mime-type":"image\/jpeg","source_url":"https:\/\/turismevalles.com\/wp-content\/uploads\/2022\/01\/small-entrada-masia-1024x682-1-391x260.jpg"},"tileview":{"file":"small-entrada-masia-1024x682-1-300x400.jpg","width":300,"height":400,"mime-type":"image\/jpeg","source_url":"https:\/\/turismevalles.com\/wp-content\/uploads\/2022\/01\/small-entrada-masia-1024x682-1-300x400.jpg"}}},"alt_text":"","url":"","target":""},{"id":17687,"title":"small-9006-683x1024","caption":"","full_image_url":"https:\/\/turismevalles.com\/wp-content\/uploads\/2022\/01\/small-9006-683x1024-1.jpg","thumbnail_image_url":"https:\/\/turismevalles.com\/wp-content\/uploads\/2022\/01\/small-9006-683x1024-1-150x150.jpg","large_srcset":"https:\/\/turismevalles.com\/wp-content\/uploads\/2022\/01\/small-9006-683x1024-1.jpg 683w, https:\/\/turismevalles.com\/wp-content\/uploads\/2022\/01\/small-9006-683x1024-1-200x300.jpg 200w","medium_srcset":"https:\/\/turismevalles.com\/wp-content\/uploads\/2022\/01\/small-9006-683x1024-1-200x300.jpg 200w, https:\/\/turismevalles.com\/wp-content\/uploads\/2022\/01\/small-9006-683x1024-1.jpg 683w","media_details":{"width":683,"height":1024,"sizes":{"medium":{"file":"small-9006-683x1024-1-200x300.jpg","width":200,"height":300,"mime-type":"image\/jpeg","source_url":"https:\/\/turismevalles.com\/wp-content\/uploads\/2022\/01\/small-9006-683x1024-1-200x300.jpg"},"thumbnail":{"file":"small-9006-683x1024-1-150x150.jpg","width":150,"height":150,"mime-type":"image\/jpeg","source_url":"https:\/\/turismevalles.com\/wp-content\/uploads\/2022\/01\/small-9006-683x1024-1-150x150.jpg"},"thumblist":{"file":"small-9006-683x1024-1-300x300.jpg","width":300,"height":300,"mime-type":"image\/jpeg","source_url":"https:\/\/turismevalles.com\/wp-content\/uploads\/2022\/01\/small-9006-683x1024-1-300x300.jpg"},"meccarouselthumb":{"file":"small-9006-683x1024-1-474x324.jpg","width":474,"height":324,"mime-type":"image\/jpeg","source_url":"https:\/\/turismevalles.com\/wp-content\/uploads\/2022\/01\/small-9006-683x1024-1-474x324.jpg"},"gridsquare":{"file":"small-9006-683x1024-1-391x260.jpg","width":391,"height":260,"mime-type":"image\/jpeg","source_url":"https:\/\/turismevalles.com\/wp-content\/uploads\/2022\/01\/small-9006-683x1024-1-391x260.jpg"},"tileview":{"file":"small-9006-683x1024-1-300x400.jpg","width":300,"height":400,"mime-type":"image\/jpeg","source_url":"https:\/\/turismevalles.com\/wp-content\/uploads\/2022\/01\/small-9006-683x1024-1-300x400.jpg"}}},"alt_text":"","url":"","target":""},{"id":17683,"title":"small-8671-1024x683","caption":"","full_image_url":"https:\/\/turismevalles.com\/wp-content\/uploads\/2022\/01\/small-8671-1024x683-1.jpg","thumbnail_image_url":"https:\/\/turismevalles.com\/wp-content\/uploads\/2022\/01\/small-8671-1024x683-1-150x150.jpg","large_srcset":"https:\/\/turismevalles.com\/wp-content\/uploads\/2022\/01\/small-8671-1024x683-1.jpg 1024w, https:\/\/turismevalles.com\/wp-content\/uploads\/2022\/01\/small-8671-1024x683-1-300x200.jpg 300w, https:\/\/turismevalles.com\/wp-content\/uploads\/2022\/01\/small-8671-1024x683-1-768x512.jpg 768w, https:\/\/turismevalles.com\/wp-content\/uploads\/2022\/01\/small-8671-1024x683-1-391x260.jpg 391w","medium_srcset":"https:\/\/turismevalles.com\/wp-content\/uploads\/2022\/01\/small-8671-1024x683-1-300x200.jpg 300w, https:\/\/turismevalles.com\/wp-content\/uploads\/2022\/01\/small-8671-1024x683-1-768x512.jpg 768w, https:\/\/turismevalles.com\/wp-content\/uploads\/2022\/01\/small-8671-1024x683-1-391x260.jpg 391w, https:\/\/turismevalles.com\/wp-content\/uploads\/2022\/01\/small-8671-1024x683-1.jpg 1024w","media_details":{"width":1024,"height":683,"sizes":{"medium":{"file":"small-8671-1024x683-1-300x200.jpg","width":300,"height":200,"mime-type":"image\/jpeg","source_url":"https:\/\/turismevalles.com\/wp-content\/uploads\/2022\/01\/small-8671-1024x683-1-300x200.jpg"},"thumbnail":{"file":"small-8671-1024x683-1-150x150.jpg","width":150,"height":150,"mime-type":"image\/jpeg","source_url":"https:\/\/turismevalles.com\/wp-content\/uploads\/2022\/01\/small-8671-1024x683-1-150x150.jpg"},"medium_large":{"file":"small-8671-1024x683-1-768x512.jpg","width":768,"height":512,"mime-type":"image\/jpeg","source_url":"https:\/\/turismevalles.com\/wp-content\/uploads\/2022\/01\/small-8671-1024x683-1-768x512.jpg"},"thumblist":{"file":"small-8671-1024x683-1-300x300.jpg","width":300,"height":300,"mime-type":"image\/jpeg","source_url":"https:\/\/turismevalles.com\/wp-content\/uploads\/2022\/01\/small-8671-1024x683-1-300x300.jpg"},"meccarouselthumb":{"file":"small-8671-1024x683-1-474x324.jpg","width":474,"height":324,"mime-type":"image\/jpeg","source_url":"https:\/\/turismevalles.com\/wp-content\/uploads\/2022\/01\/small-8671-1024x683-1-474x324.jpg"},"gridsquare":{"file":"small-8671-1024x683-1-391x260.jpg","width":391,"height":260,"mime-type":"image\/jpeg","source_url":"https:\/\/turismevalles.com\/wp-content\/uploads\/2022\/01\/small-8671-1024x683-1-391x260.jpg"},"tileview":{"file":"small-8671-1024x683-1-300x400.jpg","width":300,"height":400,"mime-type":"image\/jpeg","source_url":"https:\/\/turismevalles.com\/wp-content\/uploads\/2022\/01\/small-8671-1024x683-1-300x400.jpg"}}},"alt_text":"","url":"","target":""},{"id":17679,"title":"small-8431-300x300","caption":"Manso Esmandia","full_image_url":"https:\/\/turismevalles.com\/wp-content\/uploads\/2022\/01\/small-8431-300x300-1-e1724155767131.jpg","thumbnail_image_url":"https:\/\/turismevalles.com\/wp-content\/uploads\/2022\/01\/small-8431-300x300-1-150x150.jpg","large_srcset":false,"medium_srcset":false,"media_details":{"width":300,"height":300,"sizes":{"thumbnail":{"file":"small-8431-300x300-1-150x150.jpg","width":150,"height":150,"mime-type":"image\/jpeg","source_url":"https:\/\/turismevalles.com\/wp-content\/uploads\/2022\/01\/small-8431-300x300-1-150x150.jpg"},"gridsquare":{"file":"small-8431-300x300-1-300x260.jpg","width":300,"height":260,"mime-type":"image\/jpeg","source_url":"https:\/\/turismevalles.com\/wp-content\/uploads\/2022\/01\/small-8431-300x300-1-300x260.jpg"}}},"alt_text":"Manso Esmandia","url":"","target":""},{"id":17675,"title":"small--1024x683","caption":"","full_image_url":"https:\/\/turismevalles.com\/wp-content\/uploads\/2022\/01\/small-1024x683-1.jpg","thumbnail_image_url":"https:\/\/turismevalles.com\/wp-content\/uploads\/2022\/01\/small-1024x683-1-150x150.jpg","large_srcset":"https:\/\/turismevalles.com\/wp-content\/uploads\/2022\/01\/small-1024x683-1.jpg 1024w, https:\/\/turismevalles.com\/wp-content\/uploads\/2022\/01\/small-1024x683-1-300x200.jpg 300w, https:\/\/turismevalles.com\/wp-content\/uploads\/2022\/01\/small-1024x683-1-768x512.jpg 768w, https:\/\/turismevalles.com\/wp-content\/uploads\/2022\/01\/small-1024x683-1-391x260.jpg 391w","medium_srcset":"https:\/\/turismevalles.com\/wp-content\/uploads\/2022\/01\/small-1024x683-1-300x200.jpg 300w, https:\/\/turismevalles.com\/wp-content\/uploads\/2022\/01\/small-1024x683-1-768x512.jpg 768w, https:\/\/turismevalles.com\/wp-content\/uploads\/2022\/01\/small-1024x683-1-391x260.jpg 391w, https:\/\/turismevalles.com\/wp-content\/uploads\/2022\/01\/small-1024x683-1.jpg 1024w","media_details":{"width":1024,"height":683,"sizes":{"medium":{"file":"small-1024x683-1-300x200.jpg","width":300,"height":200,"mime-type":"image\/jpeg","source_url":"https:\/\/turismevalles.com\/wp-content\/uploads\/2022\/01\/small-1024x683-1-300x200.jpg"},"thumbnail":{"file":"small-1024x683-1-150x150.jpg","width":150,"height":150,"mime-type":"image\/jpeg","source_url":"https:\/\/turismevalles.com\/wp-content\/uploads\/2022\/01\/small-1024x683-1-150x150.jpg"},"medium_large":{"file":"small-1024x683-1-768x512.jpg","width":768,"height":512,"mime-type":"image\/jpeg","source_url":"https:\/\/turismevalles.com\/wp-content\/uploads\/2022\/01\/small-1024x683-1-768x512.jpg"},"thumblist":{"file":"small-1024x683-1-300x300.jpg","width":300,"height":300,"mime-type":"image\/jpeg","source_url":"https:\/\/turismevalles.com\/wp-content\/uploads\/2022\/01\/small-1024x683-1-300x300.jpg"},"meccarouselthumb":{"file":"small-1024x683-1-474x324.jpg","width":474,"height":324,"mime-type":"image\/jpeg","source_url":"https:\/\/turismevalles.com\/wp-content\/uploads\/2022\/01\/small-1024x683-1-474x324.jpg"},"gridsquare":{"file":"small-1024x683-1-391x260.jpg","width":391,"height":260,"mime-type":"image\/jpeg","source_url":"https:\/\/turismevalles.com\/wp-content\/uploads\/2022\/01\/small-1024x683-1-391x260.jpg"},"tileview":{"file":"small-1024x683-1-300x400.jpg","width":300,"height":400,"mime-type":"image\/jpeg","source_url":"https:\/\/turismevalles.com\/wp-content\/uploads\/2022\/01\/small-1024x683-1-300x400.jpg"}}},"alt_text":"","url":"","target":""},{"id":17671,"title":"mazanas-en-jardin-685x1024","caption":"","full_image_url":"https:\/\/turismevalles.com\/wp-content\/uploads\/2022\/01\/mazanas-en-jardin-685x1024-1.jpg","thumbnail_image_url":"https:\/\/turismevalles.com\/wp-content\/uploads\/2022\/01\/mazanas-en-jardin-685x1024-1-150x150.jpg","large_srcset":"https:\/\/turismevalles.com\/wp-content\/uploads\/2022\/01\/mazanas-en-jardin-685x1024-1.jpg 685w, https:\/\/turismevalles.com\/wp-content\/uploads\/2022\/01\/mazanas-en-jardin-685x1024-1-201x300.jpg 201w","medium_srcset":"https:\/\/turismevalles.com\/wp-content\/uploads\/2022\/01\/mazanas-en-jardin-685x1024-1-201x300.jpg 201w, https:\/\/turismevalles.com\/wp-content\/uploads\/2022\/01\/mazanas-en-jardin-685x1024-1.jpg 685w","media_details":{"width":685,"height":1024,"sizes":{"medium":{"file":"mazanas-en-jardin-685x1024-1-201x300.jpg","width":201,"height":300,"mime-type":"image\/jpeg","source_url":"https:\/\/turismevalles.com\/wp-content\/uploads\/2022\/01\/mazanas-en-jardin-685x1024-1-201x300.jpg"},"thumbnail":{"file":"mazanas-en-jardin-685x1024-1-150x150.jpg","width":150,"height":150,"mime-type":"image\/jpeg","source_url":"https:\/\/turismevalles.com\/wp-content\/uploads\/2022\/01\/mazanas-en-jardin-685x1024-1-150x150.jpg"},"thumblist":{"file":"mazanas-en-jardin-685x1024-1-300x300.jpg","width":300,"height":300,"mime-type":"image\/jpeg","source_url":"https:\/\/turismevalles.com\/wp-content\/uploads\/2022\/01\/mazanas-en-jardin-685x1024-1-300x300.jpg"},"meccarouselthumb":{"file":"mazanas-en-jardin-685x1024-1-474x324.jpg","width":474,"height":324,"mime-type":"image\/jpeg","source_url":"https:\/\/turismevalles.com\/wp-content\/uploads\/2022\/01\/mazanas-en-jardin-685x1024-1-474x324.jpg"},"gridsquare":{"file":"mazanas-en-jardin-685x1024-1-391x260.jpg","width":391,"height":260,"mime-type":"image\/jpeg","source_url":"https:\/\/turismevalles.com\/wp-content\/uploads\/2022\/01\/mazanas-en-jardin-685x1024-1-391x260.jpg"},"tileview":{"file":"mazanas-en-jardin-685x1024-1-300x400.jpg","width":300,"height":400,"mime-type":"image\/jpeg","source_url":"https:\/\/turismevalles.com\/wp-content\/uploads\/2022\/01\/mazanas-en-jardin-685x1024-1-300x400.jpg"}}},"alt_text":"","url":"","target":""},{"id":17667,"title":"Galeria-longitud-4mp-1024x685","caption":"","full_image_url":"https:\/\/turismevalles.com\/wp-content\/uploads\/2022\/01\/Galeria-longitud-4mp-1024x685-1.jpg","thumbnail_image_url":"https:\/\/turismevalles.com\/wp-content\/uploads\/2022\/01\/Galeria-longitud-4mp-1024x685-1-150x150.jpg","large_srcset":"https:\/\/turismevalles.com\/wp-content\/uploads\/2022\/01\/Galeria-longitud-4mp-1024x685-1.jpg 1024w, https:\/\/turismevalles.com\/wp-content\/uploads\/2022\/01\/Galeria-longitud-4mp-1024x685-1-300x201.jpg 300w, https:\/\/turismevalles.com\/wp-content\/uploads\/2022\/01\/Galeria-longitud-4mp-1024x685-1-768x514.jpg 768w","medium_srcset":"https:\/\/turismevalles.com\/wp-content\/uploads\/2022\/01\/Galeria-longitud-4mp-1024x685-1-300x201.jpg 300w, https:\/\/turismevalles.com\/wp-content\/uploads\/2022\/01\/Galeria-longitud-4mp-1024x685-1-768x514.jpg 768w, https:\/\/turismevalles.com\/wp-content\/uploads\/2022\/01\/Galeria-longitud-4mp-1024x685-1.jpg 1024w","media_details":{"width":1024,"height":685,"sizes":{"medium":{"file":"Galeria-longitud-4mp-1024x685-1-300x201.jpg","width":300,"height":201,"mime-type":"image\/jpeg","source_url":"https:\/\/turismevalles.com\/wp-content\/uploads\/2022\/01\/Galeria-longitud-4mp-1024x685-1-300x201.jpg"},"thumbnail":{"file":"Galeria-longitud-4mp-1024x685-1-150x150.jpg","width":150,"height":150,"mime-type":"image\/jpeg","source_url":"https:\/\/turismevalles.com\/wp-content\/uploads\/2022\/01\/Galeria-longitud-4mp-1024x685-1-150x150.jpg"},"medium_large":{"file":"Galeria-longitud-4mp-1024x685-1-768x514.jpg","width":768,"height":514,"mime-type":"image\/jpeg","source_url":"https:\/\/turismevalles.com\/wp-content\/uploads\/2022\/01\/Galeria-longitud-4mp-1024x685-1-768x514.jpg"},"thumblist":{"file":"Galeria-longitud-4mp-1024x685-1-300x300.jpg","width":300,"height":300,"mime-type":"image\/jpeg","source_url":"https:\/\/turismevalles.com\/wp-content\/uploads\/2022\/01\/Galeria-longitud-4mp-1024x685-1-300x300.jpg"},"meccarouselthumb":{"file":"Galeria-longitud-4mp-1024x685-1-474x324.jpg","width":474,"height":324,"mime-type":"image\/jpeg","source_url":"https:\/\/turismevalles.com\/wp-content\/uploads\/2022\/01\/Galeria-longitud-4mp-1024x685-1-474x324.jpg"},"gridsquare":{"file":"Galeria-longitud-4mp-1024x685-1-391x260.jpg","width":391,"height":260,"mime-type":"image\/jpeg","source_url":"https:\/\/turismevalles.com\/wp-content\/uploads\/2022\/01\/Galeria-longitud-4mp-1024x685-1-391x260.jpg"},"tileview":{"file":"Galeria-longitud-4mp-1024x685-1-300x400.jpg","width":300,"height":400,"mime-type":"image\/jpeg","source_url":"https:\/\/turismevalles.com\/wp-content\/uploads\/2022\/01\/Galeria-longitud-4mp-1024x685-1-300x400.jpg"}}},"alt_text":"","url":"","target":""},{"id":17663,"title":"DSC_4572-1024x685","caption":"","full_image_url":"https:\/\/turismevalles.com\/wp-content\/uploads\/2022\/01\/DSC_4572-1024x685-1.jpg","thumbnail_image_url":"https:\/\/turismevalles.com\/wp-content\/uploads\/2022\/01\/DSC_4572-1024x685-1-150x150.jpg","large_srcset":"https:\/\/turismevalles.com\/wp-content\/uploads\/2022\/01\/DSC_4572-1024x685-1.jpg 1024w, https:\/\/turismevalles.com\/wp-content\/uploads\/2022\/01\/DSC_4572-1024x685-1-300x201.jpg 300w, https:\/\/turismevalles.com\/wp-content\/uploads\/2022\/01\/DSC_4572-1024x685-1-768x514.jpg 768w","medium_srcset":"https:\/\/turismevalles.com\/wp-content\/uploads\/2022\/01\/DSC_4572-1024x685-1-300x201.jpg 300w, https:\/\/turismevalles.com\/wp-content\/uploads\/2022\/01\/DSC_4572-1024x685-1-768x514.jpg 768w, https:\/\/turismevalles.com\/wp-content\/uploads\/2022\/01\/DSC_4572-1024x685-1.jpg 1024w","media_details":{"width":1024,"height":685,"sizes":{"medium":{"file":"DSC_4572-1024x685-1-300x201.jpg","width":300,"height":201,"mime-type":"image\/jpeg","source_url":"https:\/\/turismevalles.com\/wp-content\/uploads\/2022\/01\/DSC_4572-1024x685-1-300x201.jpg"},"thumbnail":{"file":"DSC_4572-1024x685-1-150x150.jpg","width":150,"height":150,"mime-type":"image\/jpeg","source_url":"https:\/\/turismevalles.com\/wp-content\/uploads\/2022\/01\/DSC_4572-1024x685-1-150x150.jpg"},"medium_large":{"file":"DSC_4572-1024x685-1-768x514.jpg","width":768,"height":514,"mime-type":"image\/jpeg","source_url":"https:\/\/turismevalles.com\/wp-content\/uploads\/2022\/01\/DSC_4572-1024x685-1-768x514.jpg"},"thumblist":{"file":"DSC_4572-1024x685-1-300x300.jpg","width":300,"height":300,"mime-type":"image\/jpeg","source_url":"https:\/\/turismevalles.com\/wp-content\/uploads\/2022\/01\/DSC_4572-1024x685-1-300x300.jpg"},"meccarouselthumb":{"file":"DSC_4572-1024x685-1-474x324.jpg","width":474,"height":324,"mime-type":"image\/jpeg","source_url":"https:\/\/turismevalles.com\/wp-content\/uploads\/2022\/01\/DSC_4572-1024x685-1-474x324.jpg"},"gridsquare":{"file":"DSC_4572-1024x685-1-391x260.jpg","width":391,"height":260,"mime-type":"image\/jpeg","source_url":"https:\/\/turismevalles.com\/wp-content\/uploads\/2022\/01\/DSC_4572-1024x685-1-391x260.jpg"},"tileview":{"file":"DSC_4572-1024x685-1-300x400.jpg","width":300,"height":400,"mime-type":"image\/jpeg","source_url":"https:\/\/turismevalles.com\/wp-content\/uploads\/2022\/01\/DSC_4572-1024x685-1-300x400.jpg"}}},"alt_text":"","url":"","target":""}]]}},"yoast_head":"<!-- This site is optimized with the Yoast SEO plugin v26.4 - https:\/\/yoast.com\/wordpress\/plugins\/seo\/ -->\n<title>Manso Esmandia - Turisme Vall\u00e8s<\/title>\n<meta name=\"description\" content=\"Manso Esmandia loue ses espaces et ses h\u00e9bergements pour les r\u00e9unions et les c\u00e9l\u00e9brations en collaborant avec ses clients afin que chaque \u00e9v\u00e9nement soit tr\u00e8s sp\u00e9cial.\" \/>\n<meta name=\"robots\" content=\"index, follow, max-snippet:-1, max-image-preview:large, max-video-preview:-1\" \/>\n<link rel=\"canonical\" href=\"https:\/\/turismevalles.com\/fr\/sommeil\/manso-esmandia\/\" \/>\n<meta property=\"og:locale\" content=\"fr_FR\" \/>\n<meta property=\"og:type\" content=\"article\" \/>\n<meta property=\"og:title\" content=\"Manso Esmandia - Turisme Vall\u00e8s\" \/>\n<meta property=\"og:description\" content=\"Manso Esmandia loue ses espaces et ses h\u00e9bergements pour les r\u00e9unions et les c\u00e9l\u00e9brations en collaborant avec ses clients afin que chaque \u00e9v\u00e9nement soit tr\u00e8s sp\u00e9cial.\" \/>\n<meta property=\"og:url\" content=\"https:\/\/turismevalles.com\/fr\/sommeil\/manso-esmandia\/\" \/>\n<meta property=\"og:site_name\" content=\"Turisme Vall\u00e8s\" \/>\n<meta property=\"og:image\" content=\"https:\/\/turismevalles.com\/wp-content\/uploads\/2022\/01\/small-8431-300x300-1-e1724155767131.jpg\" \/>\n\t<meta property=\"og:image:width\" content=\"300\" \/>\n\t<meta property=\"og:image:height\" content=\"300\" \/>\n\t<meta property=\"og:image:type\" content=\"image\/jpeg\" \/>\n<meta name=\"twitter:card\" content=\"summary_large_image\" \/>\n<meta name=\"twitter:label1\" content=\"Dur\u00e9e de lecture estim\u00e9e\" \/>\n\t<meta name=\"twitter:data1\" content=\"2 minutes\" \/>\n<script type=\"application\/ld+json\" class=\"yoast-schema-graph\">{\"@context\":\"https:\/\/schema.org\",\"@graph\":[{\"@type\":\"WebPage\",\"@id\":\"https:\/\/turismevalles.com\/fr\/sommeil\/manso-esmandia\/\",\"url\":\"https:\/\/turismevalles.com\/fr\/sommeil\/manso-esmandia\/\",\"name\":\"Manso Esmandia - Turisme Vall\u00e8s\",\"isPartOf\":{\"@id\":\"https:\/\/turismevalles.com\/en\/#website\"},\"primaryImageOfPage\":{\"@id\":\"https:\/\/turismevalles.com\/fr\/sommeil\/manso-esmandia\/#primaryimage\"},\"image\":{\"@id\":\"https:\/\/turismevalles.com\/fr\/sommeil\/manso-esmandia\/#primaryimage\"},\"thumbnailUrl\":\"https:\/\/turismevalles.com\/wp-content\/uploads\/2022\/01\/small-8431-300x300-1-e1724155767131.jpg\",\"datePublished\":\"2022-04-28T08:29:06+00:00\",\"description\":\"Manso Esmandia loue ses espaces et ses h\u00e9bergements pour les r\u00e9unions et les c\u00e9l\u00e9brations en collaborant avec ses clients afin que chaque \u00e9v\u00e9nement soit tr\u00e8s sp\u00e9cial.\",\"breadcrumb\":{\"@id\":\"https:\/\/turismevalles.com\/fr\/sommeil\/manso-esmandia\/#breadcrumb\"},\"inLanguage\":\"fr-FR\",\"potentialAction\":[{\"@type\":\"ReadAction\",\"target\":[\"https:\/\/turismevalles.com\/fr\/sommeil\/manso-esmandia\/\"]}]},{\"@type\":\"ImageObject\",\"inLanguage\":\"fr-FR\",\"@id\":\"https:\/\/turismevalles.com\/fr\/sommeil\/manso-esmandia\/#primaryimage\",\"url\":\"https:\/\/turismevalles.com\/wp-content\/uploads\/2022\/01\/small-8431-300x300-1-e1724155767131.jpg\",\"contentUrl\":\"https:\/\/turismevalles.com\/wp-content\/uploads\/2022\/01\/small-8431-300x300-1-e1724155767131.jpg\",\"width\":300,\"height\":300,\"caption\":\"Manso Esmandia\"},{\"@type\":\"BreadcrumbList\",\"@id\":\"https:\/\/turismevalles.com\/fr\/sommeil\/manso-esmandia\/#breadcrumb\",\"itemListElement\":[{\"@type\":\"ListItem\",\"position\":1,\"name\":\"Inici\",\"item\":\"https:\/\/turismevalles.com\/fr\/\"},{\"@type\":\"ListItem\",\"position\":2,\"name\":\"Places to sleep\",\"item\":\"https:\/\/turismevalles.com\/en\/sleep\/\"},{\"@type\":\"ListItem\",\"position\":3,\"name\":\"Manso Esmandia\"}]},{\"@type\":\"WebSite\",\"@id\":\"https:\/\/turismevalles.com\/en\/#website\",\"url\":\"https:\/\/turismevalles.com\/en\/\",\"name\":\"Turisme Vall\u00e8s\",\"description\":\"\",\"publisher\":{\"@id\":\"https:\/\/turismevalles.com\/en\/#organization\"},\"potentialAction\":[{\"@type\":\"SearchAction\",\"target\":{\"@type\":\"EntryPoint\",\"urlTemplate\":\"https:\/\/turismevalles.com\/en\/?s={search_term_string}\"},\"query-input\":{\"@type\":\"PropertyValueSpecification\",\"valueRequired\":true,\"valueName\":\"search_term_string\"}}],\"inLanguage\":\"fr-FR\"},{\"@type\":\"Organization\",\"@id\":\"https:\/\/turismevalles.com\/en\/#organization\",\"name\":\"Turisme Vall\u00e8s\",\"url\":\"https:\/\/turismevalles.com\/en\/\",\"logo\":{\"@type\":\"ImageObject\",\"inLanguage\":\"fr-FR\",\"@id\":\"https:\/\/turismevalles.com\/en\/#\/schema\/logo\/image\/\",\"url\":\"https:\/\/turismevalles.com\/wp-content\/uploads\/2020\/08\/cropped-logo_ca-2.png\",\"contentUrl\":\"https:\/\/turismevalles.com\/wp-content\/uploads\/2020\/08\/cropped-logo_ca-2.png\",\"width\":314,\"height\":85,\"caption\":\"Turisme Vall\u00e8s\"},\"image\":{\"@id\":\"https:\/\/turismevalles.com\/en\/#\/schema\/logo\/image\/\"}}]}<\/script>\n<!-- \/ Yoast SEO plugin. -->","yoast_head_json":{"title":"Manso Esmandia - Turisme Vall\u00e8s","description":"Manso Esmandia loue ses espaces et ses h\u00e9bergements pour les r\u00e9unions et les c\u00e9l\u00e9brations en collaborant avec ses clients afin que chaque \u00e9v\u00e9nement soit tr\u00e8s sp\u00e9cial.","robots":{"index":"index","follow":"follow","max-snippet":"max-snippet:-1","max-image-preview":"max-image-preview:large","max-video-preview":"max-video-preview:-1"},"canonical":"https:\/\/turismevalles.com\/fr\/sommeil\/manso-esmandia\/","og_locale":"fr_FR","og_type":"article","og_title":"Manso Esmandia - Turisme Vall\u00e8s","og_description":"Manso Esmandia loue ses espaces et ses h\u00e9bergements pour les r\u00e9unions et les c\u00e9l\u00e9brations en collaborant avec ses clients afin que chaque \u00e9v\u00e9nement soit tr\u00e8s sp\u00e9cial.","og_url":"https:\/\/turismevalles.com\/fr\/sommeil\/manso-esmandia\/","og_site_name":"Turisme Vall\u00e8s","og_image":[{"width":300,"height":300,"url":"https:\/\/turismevalles.com\/wp-content\/uploads\/2022\/01\/small-8431-300x300-1-e1724155767131.jpg","type":"image\/jpeg"}],"twitter_card":"summary_large_image","twitter_misc":{"Dur\u00e9e de lecture estim\u00e9e":"2 minutes"},"schema":{"@context":"https:\/\/schema.org","@graph":[{"@type":"WebPage","@id":"https:\/\/turismevalles.com\/fr\/sommeil\/manso-esmandia\/","url":"https:\/\/turismevalles.com\/fr\/sommeil\/manso-esmandia\/","name":"Manso Esmandia - Turisme Vall\u00e8s","isPartOf":{"@id":"https:\/\/turismevalles.com\/en\/#website"},"primaryImageOfPage":{"@id":"https:\/\/turismevalles.com\/fr\/sommeil\/manso-esmandia\/#primaryimage"},"image":{"@id":"https:\/\/turismevalles.com\/fr\/sommeil\/manso-esmandia\/#primaryimage"},"thumbnailUrl":"https:\/\/turismevalles.com\/wp-content\/uploads\/2022\/01\/small-8431-300x300-1-e1724155767131.jpg","datePublished":"2022-04-28T08:29:06+00:00","description":"Manso Esmandia loue ses espaces et ses h\u00e9bergements pour les r\u00e9unions et les c\u00e9l\u00e9brations en collaborant avec ses clients afin que chaque \u00e9v\u00e9nement soit tr\u00e8s sp\u00e9cial.","breadcrumb":{"@id":"https:\/\/turismevalles.com\/fr\/sommeil\/manso-esmandia\/#breadcrumb"},"inLanguage":"fr-FR","potentialAction":[{"@type":"ReadAction","target":["https:\/\/turismevalles.com\/fr\/sommeil\/manso-esmandia\/"]}]},{"@type":"ImageObject","inLanguage":"fr-FR","@id":"https:\/\/turismevalles.com\/fr\/sommeil\/manso-esmandia\/#primaryimage","url":"https:\/\/turismevalles.com\/wp-content\/uploads\/2022\/01\/small-8431-300x300-1-e1724155767131.jpg","contentUrl":"https:\/\/turismevalles.com\/wp-content\/uploads\/2022\/01\/small-8431-300x300-1-e1724155767131.jpg","width":300,"height":300,"caption":"Manso Esmandia"},{"@type":"BreadcrumbList","@id":"https:\/\/turismevalles.com\/fr\/sommeil\/manso-esmandia\/#breadcrumb","itemListElement":[{"@type":"ListItem","position":1,"name":"Inici","item":"https:\/\/turismevalles.com\/fr\/"},{"@type":"ListItem","position":2,"name":"Places to sleep","item":"https:\/\/turismevalles.com\/en\/sleep\/"},{"@type":"ListItem","position":3,"name":"Manso Esmandia"}]},{"@type":"WebSite","@id":"https:\/\/turismevalles.com\/en\/#website","url":"https:\/\/turismevalles.com\/en\/","name":"Turisme Vall\u00e8s","description":"","publisher":{"@id":"https:\/\/turismevalles.com\/en\/#organization"},"potentialAction":[{"@type":"SearchAction","target":{"@type":"EntryPoint","urlTemplate":"https:\/\/turismevalles.com\/en\/?s={search_term_string}"},"query-input":{"@type":"PropertyValueSpecification","valueRequired":true,"valueName":"search_term_string"}}],"inLanguage":"fr-FR"},{"@type":"Organization","@id":"https:\/\/turismevalles.com\/en\/#organization","name":"Turisme Vall\u00e8s","url":"https:\/\/turismevalles.com\/en\/","logo":{"@type":"ImageObject","inLanguage":"fr-FR","@id":"https:\/\/turismevalles.com\/en\/#\/schema\/logo\/image\/","url":"https:\/\/turismevalles.com\/wp-content\/uploads\/2020\/08\/cropped-logo_ca-2.png","contentUrl":"https:\/\/turismevalles.com\/wp-content\/uploads\/2020\/08\/cropped-logo_ca-2.png","width":314,"height":85,"caption":"Turisme Vall\u00e8s"},"image":{"@id":"https:\/\/turismevalles.com\/en\/#\/schema\/logo\/image\/"}}]}},"uagb_featured_image_src":{"full":["https:\/\/turismevalles.com\/wp-content\/uploads\/2022\/01\/small-8431-300x300-1-e1724155767131.jpg",300,300,false],"thumbnail":["https:\/\/turismevalles.com\/wp-content\/uploads\/2022\/01\/small-8431-300x300-1-150x150.jpg",150,150,true],"medium":["https:\/\/turismevalles.com\/wp-content\/uploads\/2022\/01\/small-8431-300x300-1-e1724155767131.jpg",300,300,false],"medium_large":["https:\/\/turismevalles.com\/wp-content\/uploads\/2022\/01\/small-8431-300x300-1-e1724155767131.jpg",300,300,false],"large":["https:\/\/turismevalles.com\/wp-content\/uploads\/2022\/01\/small-8431-300x300-1-e1724155767131.jpg",300,300,false],"thumblist":["https:\/\/turismevalles.com\/wp-content\/uploads\/2022\/01\/small-8431-300x300-1-e1724155767131.jpg",300,300,false],"meccarouselthumb":["https:\/\/turismevalles.com\/wp-content\/uploads\/2022\/01\/small-8431-300x300-1-e1724155767131.jpg",300,300,false],"gridsquare":["https:\/\/turismevalles.com\/wp-content\/uploads\/2022\/01\/small-8431-300x300-1-300x260.jpg",300,260,true],"tileview":["https:\/\/turismevalles.com\/wp-content\/uploads\/2022\/01\/small-8431-300x300-1-e1724155767131.jpg",300,300,false],"1536x1536":["https:\/\/turismevalles.com\/wp-content\/uploads\/2022\/01\/small-8431-300x300-1-e1724155767131.jpg",300,300,false],"2048x2048":["https:\/\/turismevalles.com\/wp-content\/uploads\/2022\/01\/small-8431-300x300-1-e1724155767131.jpg",300,300,false]},"uagb_author_info":{"display_name":"Turisme Valles","author_link":"https:\/\/turismevalles.com\/fr\/author\/"},"uagb_comment_info":0,"uagb_excerpt":"Vous cherchez un espace unique\u00a0? Manso Esmandia loue ses espaces et ses h\u00e9bergements pour les r\u00e9unions et les c\u00e9l\u00e9brations en collaborant avec ses clients pour ... Veure m\u00e9s","_links":{"self":[{"href":"https:\/\/turismevalles.com\/fr\/wp-json\/wp\/v2\/ubicacio_dormir\/19167","targetHints":{"allow":["GET"]}}],"collection":[{"href":"https:\/\/turismevalles.com\/fr\/wp-json\/wp\/v2\/ubicacio_dormir"}],"about":[{"href":"https:\/\/turismevalles.com\/fr\/wp-json\/wp\/v2\/types\/ubicacio_dormir"}],"wp:featuredmedia":[{"embeddable":true,"href":"https:\/\/turismevalles.com\/fr\/wp-json\/wp\/v2\/media\/17679"}],"wp:attachment":[{"href":"https:\/\/turismevalles.com\/fr\/wp-json\/wp\/v2\/media?parent=19167"}],"wp:term":[{"taxonomy":"poblacions","embeddable":true,"href":"https:\/\/turismevalles.com\/fr\/wp-json\/wp\/v2\/poblacions?post=19167"},{"taxonomy":"establiment","embeddable":true,"href":"https:\/\/turismevalles.com\/fr\/wp-json\/wp\/v2\/establiment?post=19167"},{"taxonomy":"tipus_turisme","embeddable":true,"href":"https:\/\/turismevalles.com\/fr\/wp-json\/wp\/v2\/tipus_turisme?post=19167"},{"taxonomy":"tipologia_estada","embeddable":true,"href":"https:\/\/turismevalles.com\/fr\/wp-json\/wp\/v2\/tipologia_estada?post=19167"}],"curies":[{"name":"wp","href":"https:\/\/api.w.org\/{rel}","templated":true}]}}