{"id":19168,"date":"2022-04-28T10:29:13","date_gmt":"2022-04-28T08:29:13","guid":{"rendered":"http:\/\/turismevalles.com.mialias.net\/dormir\/maison-de-colonies-de-vacances-la-trauna\/"},"modified":"2022-04-28T10:29:14","modified_gmt":"2022-04-28T08:29:14","slug":"maison-de-colonies-de-vacances-la-trauna","status":"publish","type":"ubicacio_dormir","link":"https:\/\/turismevalles.com\/fr\/sommeil\/maison-de-colonies-de-vacances-la-trauna\/","title":{"rendered":"Maison de colonies de vacances La Tra\u00fcna"},"content":{"rendered":"\n<p>La Tra\u00fcna est un\u00a0<strong>mas de montagne<\/strong> situ\u00e9 sur le versant sud du Tur\u00f3 de l\u2019Home, au <strong>c\u0153ur d\u2019une for\u00eat<\/strong>\u00a0de ch\u00eanes verts et caducifoli\u00e9s, de h\u00eatres et de ch\u00e2taigniers centenaires.<\/p>\n\n<p>Un endroit au c\u0153ur de la nature exub\u00e9rante, o\u00f9\u00a0<strong>l\u2019on respire le calme et le silence<\/strong>. La nature \u00e0 l\u2019\u00e9tat pur.<\/p>\n\n<p>La Tra\u00fcna met en \u0153uvre diff\u00e9rentes mesures en faveur de la durabilit\u00e9 et a obtenu le label\u00a0<a href=\"https:\/\/www.biospheretourism.com\/es\">BIOSPHERE<\/a>. Nous vous invitons \u00e0 lire notre\u00a0<a href=\"https:\/\/cases.fundesplai.org\/politica-de-turisme-responsable\/\">politique de tourisme durable<\/a>.<\/p>\n\n<p><strong>Un paysage magnifique pour d\u00e9couvrir le Montseny en famille, faire des excursions, participer \u00e0 des ateliers nature, venir en colonie de vacances et bien plus\u00a0!<\/strong><\/p>\n\n<p>Le mas dispose de \u00a0:<\/p>\n\n<ul class=\"wp-block-list\"><li>42\u00a0places dans 4\u00a0chambres<\/li><li>1\u00a0chambre de 6\u00a0personnes<\/li><li>3\u00a0chambre de 12\u00a0personnes<\/li><\/ul>\n\n<h3 class=\"wp-block-heading\">Info COVID-19<\/h3>\n\n<p>\u00a0Toutes les activit\u00e9s sont organis\u00e9es\u00a0<strong>en appliquant de strictes mesures d\u2019hygi\u00e8ne et de pr\u00e9vention de la COVID-19<\/strong>\u00a0et en suivant les\u00a0<strong>indications des autorit\u00e9s sanitaires<\/strong>.\u00a0<a href=\"https:\/\/escoles.fundesplai.org\/mesures-de-prevencio-del-covid-19\/\" target=\"_blank\" rel=\"noreferrer noopener\">Consultez ici les mesures contre la COVID-19<\/a>.<\/p>\n\n<h2 class=\"wp-block-heading\">COMMENT Y ARRIVER EN VOITURE<\/h2>\n\n<p>Suivre la route BV-5301 de Santa Maria de Palautordera \u00e0 Seva, puis prendre la route foresti\u00e8re qui commence apr\u00e8s le PK 15. La maison se situe \u00e0 5\u00a0km.<\/p>\n","protected":false},"featured_media":17708,"template":"","poblacions":[403],"establiment":[226],"tipus_turisme":[257,247,254,942,1633],"tipologia_estada":[294,266,297],"class_list":["post-19168","ubicacio_dormir","type-ubicacio_dormir","status-publish","has-post-thumbnail","hentry","poblacions-montseny-fr","establiment-maison-de-vacance","tipus_turisme-tourisme-actif","tipus_turisme-tourisme-de-bien-etre-de-sante-et-de-bien-etre","tipus_turisme-tourisme-de-nature","tipus_turisme-tourisme-durable","tipus_turisme-tourisme-familial","tipologia_estada-ecoles","tipologia_estada-en-famille","tipologia_estada-entreprise","generate-columns","tablet-grid-50","mobile-grid-100","grid-parent","grid-33"],"acf":{"photo_gallery":{"imatges":[[{"id":17716,"title":"la-trauna-saleta-amb-llar-de-foc-1200x675","caption":"","full_image_url":"https:\/\/turismevalles.com\/wp-content\/uploads\/2022\/01\/la-trauna-saleta-amb-llar-de-foc-1200x675-1.jpg","thumbnail_image_url":"https:\/\/turismevalles.com\/wp-content\/uploads\/2022\/01\/la-trauna-saleta-amb-llar-de-foc-1200x675-1-150x150.jpg","large_srcset":"https:\/\/turismevalles.com\/wp-content\/uploads\/2022\/01\/la-trauna-saleta-amb-llar-de-foc-1200x675-1-1024x576.jpg 1024w, https:\/\/turismevalles.com\/wp-content\/uploads\/2022\/01\/la-trauna-saleta-amb-llar-de-foc-1200x675-1-300x169.jpg 300w, https:\/\/turismevalles.com\/wp-content\/uploads\/2022\/01\/la-trauna-saleta-amb-llar-de-foc-1200x675-1-768x432.jpg 768w, https:\/\/turismevalles.com\/wp-content\/uploads\/2022\/01\/la-trauna-saleta-amb-llar-de-foc-1200x675-1.jpg 1200w","medium_srcset":"https:\/\/turismevalles.com\/wp-content\/uploads\/2022\/01\/la-trauna-saleta-amb-llar-de-foc-1200x675-1-300x169.jpg 300w, https:\/\/turismevalles.com\/wp-content\/uploads\/2022\/01\/la-trauna-saleta-amb-llar-de-foc-1200x675-1-1024x576.jpg 1024w, https:\/\/turismevalles.com\/wp-content\/uploads\/2022\/01\/la-trauna-saleta-amb-llar-de-foc-1200x675-1-768x432.jpg 768w, https:\/\/turismevalles.com\/wp-content\/uploads\/2022\/01\/la-trauna-saleta-amb-llar-de-foc-1200x675-1.jpg 1200w","media_details":{"width":1200,"height":675,"sizes":{"medium":{"file":"la-trauna-saleta-amb-llar-de-foc-1200x675-1-300x169.jpg","width":300,"height":169,"mime-type":"image\/jpeg","source_url":"https:\/\/turismevalles.com\/wp-content\/uploads\/2022\/01\/la-trauna-saleta-amb-llar-de-foc-1200x675-1-300x169.jpg"},"large":{"file":"la-trauna-saleta-amb-llar-de-foc-1200x675-1-1024x576.jpg","width":1024,"height":576,"mime-type":"image\/jpeg","source_url":"https:\/\/turismevalles.com\/wp-content\/uploads\/2022\/01\/la-trauna-saleta-amb-llar-de-foc-1200x675-1-1024x576.jpg"},"thumbnail":{"file":"la-trauna-saleta-amb-llar-de-foc-1200x675-1-150x150.jpg","width":150,"height":150,"mime-type":"image\/jpeg","source_url":"https:\/\/turismevalles.com\/wp-content\/uploads\/2022\/01\/la-trauna-saleta-amb-llar-de-foc-1200x675-1-150x150.jpg"},"medium_large":{"file":"la-trauna-saleta-amb-llar-de-foc-1200x675-1-768x432.jpg","width":768,"height":432,"mime-type":"image\/jpeg","source_url":"https:\/\/turismevalles.com\/wp-content\/uploads\/2022\/01\/la-trauna-saleta-amb-llar-de-foc-1200x675-1-768x432.jpg"},"thumblist":{"file":"la-trauna-saleta-amb-llar-de-foc-1200x675-1-300x300.jpg","width":300,"height":300,"mime-type":"image\/jpeg","source_url":"https:\/\/turismevalles.com\/wp-content\/uploads\/2022\/01\/la-trauna-saleta-amb-llar-de-foc-1200x675-1-300x300.jpg"},"meccarouselthumb":{"file":"la-trauna-saleta-amb-llar-de-foc-1200x675-1-474x324.jpg","width":474,"height":324,"mime-type":"image\/jpeg","source_url":"https:\/\/turismevalles.com\/wp-content\/uploads\/2022\/01\/la-trauna-saleta-amb-llar-de-foc-1200x675-1-474x324.jpg"},"gridsquare":{"file":"la-trauna-saleta-amb-llar-de-foc-1200x675-1-391x260.jpg","width":391,"height":260,"mime-type":"image\/jpeg","source_url":"https:\/\/turismevalles.com\/wp-content\/uploads\/2022\/01\/la-trauna-saleta-amb-llar-de-foc-1200x675-1-391x260.jpg"},"tileview":{"file":"la-trauna-saleta-amb-llar-de-foc-1200x675-1-300x400.jpg","width":300,"height":400,"mime-type":"image\/jpeg","source_url":"https:\/\/turismevalles.com\/wp-content\/uploads\/2022\/01\/la-trauna-saleta-amb-llar-de-foc-1200x675-1-300x400.jpg"}}},"alt_text":"","url":"","target":""},{"id":17712,"title":"la-trauna-piscina-1-1200x675","caption":"","full_image_url":"https:\/\/turismevalles.com\/wp-content\/uploads\/2022\/01\/la-trauna-piscina-1-1200x675-1.jpg","thumbnail_image_url":"https:\/\/turismevalles.com\/wp-content\/uploads\/2022\/01\/la-trauna-piscina-1-1200x675-1-150x150.jpg","large_srcset":"https:\/\/turismevalles.com\/wp-content\/uploads\/2022\/01\/la-trauna-piscina-1-1200x675-1-1024x576.jpg 1024w, https:\/\/turismevalles.com\/wp-content\/uploads\/2022\/01\/la-trauna-piscina-1-1200x675-1-300x169.jpg 300w, https:\/\/turismevalles.com\/wp-content\/uploads\/2022\/01\/la-trauna-piscina-1-1200x675-1-768x432.jpg 768w, https:\/\/turismevalles.com\/wp-content\/uploads\/2022\/01\/la-trauna-piscina-1-1200x675-1.jpg 1200w","medium_srcset":"https:\/\/turismevalles.com\/wp-content\/uploads\/2022\/01\/la-trauna-piscina-1-1200x675-1-300x169.jpg 300w, https:\/\/turismevalles.com\/wp-content\/uploads\/2022\/01\/la-trauna-piscina-1-1200x675-1-1024x576.jpg 1024w, https:\/\/turismevalles.com\/wp-content\/uploads\/2022\/01\/la-trauna-piscina-1-1200x675-1-768x432.jpg 768w, https:\/\/turismevalles.com\/wp-content\/uploads\/2022\/01\/la-trauna-piscina-1-1200x675-1.jpg 1200w","media_details":{"width":1200,"height":675,"sizes":{"medium":{"file":"la-trauna-piscina-1-1200x675-1-300x169.jpg","width":300,"height":169,"mime-type":"image\/jpeg","source_url":"https:\/\/turismevalles.com\/wp-content\/uploads\/2022\/01\/la-trauna-piscina-1-1200x675-1-300x169.jpg"},"large":{"file":"la-trauna-piscina-1-1200x675-1-1024x576.jpg","width":1024,"height":576,"mime-type":"image\/jpeg","source_url":"https:\/\/turismevalles.com\/wp-content\/uploads\/2022\/01\/la-trauna-piscina-1-1200x675-1-1024x576.jpg"},"thumbnail":{"file":"la-trauna-piscina-1-1200x675-1-150x150.jpg","width":150,"height":150,"mime-type":"image\/jpeg","source_url":"https:\/\/turismevalles.com\/wp-content\/uploads\/2022\/01\/la-trauna-piscina-1-1200x675-1-150x150.jpg"},"medium_large":{"file":"la-trauna-piscina-1-1200x675-1-768x432.jpg","width":768,"height":432,"mime-type":"image\/jpeg","source_url":"https:\/\/turismevalles.com\/wp-content\/uploads\/2022\/01\/la-trauna-piscina-1-1200x675-1-768x432.jpg"},"thumblist":{"file":"la-trauna-piscina-1-1200x675-1-300x300.jpg","width":300,"height":300,"mime-type":"image\/jpeg","source_url":"https:\/\/turismevalles.com\/wp-content\/uploads\/2022\/01\/la-trauna-piscina-1-1200x675-1-300x300.jpg"},"meccarouselthumb":{"file":"la-trauna-piscina-1-1200x675-1-474x324.jpg","width":474,"height":324,"mime-type":"image\/jpeg","source_url":"https:\/\/turismevalles.com\/wp-content\/uploads\/2022\/01\/la-trauna-piscina-1-1200x675-1-474x324.jpg"},"gridsquare":{"file":"la-trauna-piscina-1-1200x675-1-391x260.jpg","width":391,"height":260,"mime-type":"image\/jpeg","source_url":"https:\/\/turismevalles.com\/wp-content\/uploads\/2022\/01\/la-trauna-piscina-1-1200x675-1-391x260.jpg"},"tileview":{"file":"la-trauna-piscina-1-1200x675-1-300x400.jpg","width":300,"height":400,"mime-type":"image\/jpeg","source_url":"https:\/\/turismevalles.com\/wp-content\/uploads\/2022\/01\/la-trauna-piscina-1-1200x675-1-300x400.jpg"}}},"alt_text":"","url":"","target":""},{"id":17708,"title":"la-trauna-facana-principal_NEU-1024x681","caption":"","full_image_url":"https:\/\/turismevalles.com\/wp-content\/uploads\/2022\/01\/la-trauna-facana-principal_NEU-1024x681-1.jpg","thumbnail_image_url":"https:\/\/turismevalles.com\/wp-content\/uploads\/2022\/01\/la-trauna-facana-principal_NEU-1024x681-1-150x150.jpg","large_srcset":"https:\/\/turismevalles.com\/wp-content\/uploads\/2022\/01\/la-trauna-facana-principal_NEU-1024x681-1.jpg 1024w, https:\/\/turismevalles.com\/wp-content\/uploads\/2022\/01\/la-trauna-facana-principal_NEU-1024x681-1-300x200.jpg 300w, https:\/\/turismevalles.com\/wp-content\/uploads\/2022\/01\/la-trauna-facana-principal_NEU-1024x681-1-768x511.jpg 768w, https:\/\/turismevalles.com\/wp-content\/uploads\/2022\/01\/la-trauna-facana-principal_NEU-1024x681-1-391x260.jpg 391w","medium_srcset":"https:\/\/turismevalles.com\/wp-content\/uploads\/2022\/01\/la-trauna-facana-principal_NEU-1024x681-1-300x200.jpg 300w, https:\/\/turismevalles.com\/wp-content\/uploads\/2022\/01\/la-trauna-facana-principal_NEU-1024x681-1-768x511.jpg 768w, https:\/\/turismevalles.com\/wp-content\/uploads\/2022\/01\/la-trauna-facana-principal_NEU-1024x681-1-391x260.jpg 391w, https:\/\/turismevalles.com\/wp-content\/uploads\/2022\/01\/la-trauna-facana-principal_NEU-1024x681-1.jpg 1024w","media_details":{"width":1024,"height":681,"sizes":{"medium":{"file":"la-trauna-facana-principal_NEU-1024x681-1-300x200.jpg","width":300,"height":200,"mime-type":"image\/jpeg","source_url":"https:\/\/turismevalles.com\/wp-content\/uploads\/2022\/01\/la-trauna-facana-principal_NEU-1024x681-1-300x200.jpg"},"thumbnail":{"file":"la-trauna-facana-principal_NEU-1024x681-1-150x150.jpg","width":150,"height":150,"mime-type":"image\/jpeg","source_url":"https:\/\/turismevalles.com\/wp-content\/uploads\/2022\/01\/la-trauna-facana-principal_NEU-1024x681-1-150x150.jpg"},"medium_large":{"file":"la-trauna-facana-principal_NEU-1024x681-1-768x511.jpg","width":768,"height":511,"mime-type":"image\/jpeg","source_url":"https:\/\/turismevalles.com\/wp-content\/uploads\/2022\/01\/la-trauna-facana-principal_NEU-1024x681-1-768x511.jpg"},"thumblist":{"file":"la-trauna-facana-principal_NEU-1024x681-1-300x300.jpg","width":300,"height":300,"mime-type":"image\/jpeg","source_url":"https:\/\/turismevalles.com\/wp-content\/uploads\/2022\/01\/la-trauna-facana-principal_NEU-1024x681-1-300x300.jpg"},"meccarouselthumb":{"file":"la-trauna-facana-principal_NEU-1024x681-1-474x324.jpg","width":474,"height":324,"mime-type":"image\/jpeg","source_url":"https:\/\/turismevalles.com\/wp-content\/uploads\/2022\/01\/la-trauna-facana-principal_NEU-1024x681-1-474x324.jpg"},"gridsquare":{"file":"la-trauna-facana-principal_NEU-1024x681-1-391x260.jpg","width":391,"height":260,"mime-type":"image\/jpeg","source_url":"https:\/\/turismevalles.com\/wp-content\/uploads\/2022\/01\/la-trauna-facana-principal_NEU-1024x681-1-391x260.jpg"},"tileview":{"file":"la-trauna-facana-principal_NEU-1024x681-1-300x400.jpg","width":300,"height":400,"mime-type":"image\/jpeg","source_url":"https:\/\/turismevalles.com\/wp-content\/uploads\/2022\/01\/la-trauna-facana-principal_NEU-1024x681-1-300x400.jpg"}}},"alt_text":"","url":"","target":""},{"id":17704,"title":"la-trauna-balco-1200x675","caption":"","full_image_url":"https:\/\/turismevalles.com\/wp-content\/uploads\/2022\/01\/la-trauna-balco-1200x675-1.jpg","thumbnail_image_url":"https:\/\/turismevalles.com\/wp-content\/uploads\/2022\/01\/la-trauna-balco-1200x675-1-150x150.jpg","large_srcset":"https:\/\/turismevalles.com\/wp-content\/uploads\/2022\/01\/la-trauna-balco-1200x675-1-1024x576.jpg 1024w, https:\/\/turismevalles.com\/wp-content\/uploads\/2022\/01\/la-trauna-balco-1200x675-1-300x169.jpg 300w, https:\/\/turismevalles.com\/wp-content\/uploads\/2022\/01\/la-trauna-balco-1200x675-1-768x432.jpg 768w, https:\/\/turismevalles.com\/wp-content\/uploads\/2022\/01\/la-trauna-balco-1200x675-1.jpg 1200w","medium_srcset":"https:\/\/turismevalles.com\/wp-content\/uploads\/2022\/01\/la-trauna-balco-1200x675-1-300x169.jpg 300w, https:\/\/turismevalles.com\/wp-content\/uploads\/2022\/01\/la-trauna-balco-1200x675-1-1024x576.jpg 1024w, https:\/\/turismevalles.com\/wp-content\/uploads\/2022\/01\/la-trauna-balco-1200x675-1-768x432.jpg 768w, https:\/\/turismevalles.com\/wp-content\/uploads\/2022\/01\/la-trauna-balco-1200x675-1.jpg 1200w","media_details":{"width":1200,"height":675,"sizes":{"medium":{"file":"la-trauna-balco-1200x675-1-300x169.jpg","width":300,"height":169,"mime-type":"image\/jpeg","source_url":"https:\/\/turismevalles.com\/wp-content\/uploads\/2022\/01\/la-trauna-balco-1200x675-1-300x169.jpg"},"large":{"file":"la-trauna-balco-1200x675-1-1024x576.jpg","width":1024,"height":576,"mime-type":"image\/jpeg","source_url":"https:\/\/turismevalles.com\/wp-content\/uploads\/2022\/01\/la-trauna-balco-1200x675-1-1024x576.jpg"},"thumbnail":{"file":"la-trauna-balco-1200x675-1-150x150.jpg","width":150,"height":150,"mime-type":"image\/jpeg","source_url":"https:\/\/turismevalles.com\/wp-content\/uploads\/2022\/01\/la-trauna-balco-1200x675-1-150x150.jpg"},"medium_large":{"file":"la-trauna-balco-1200x675-1-768x432.jpg","width":768,"height":432,"mime-type":"image\/jpeg","source_url":"https:\/\/turismevalles.com\/wp-content\/uploads\/2022\/01\/la-trauna-balco-1200x675-1-768x432.jpg"},"thumblist":{"file":"la-trauna-balco-1200x675-1-300x300.jpg","width":300,"height":300,"mime-type":"image\/jpeg","source_url":"https:\/\/turismevalles.com\/wp-content\/uploads\/2022\/01\/la-trauna-balco-1200x675-1-300x300.jpg"},"meccarouselthumb":{"file":"la-trauna-balco-1200x675-1-474x324.jpg","width":474,"height":324,"mime-type":"image\/jpeg","source_url":"https:\/\/turismevalles.com\/wp-content\/uploads\/2022\/01\/la-trauna-balco-1200x675-1-474x324.jpg"},"gridsquare":{"file":"la-trauna-balco-1200x675-1-391x260.jpg","width":391,"height":260,"mime-type":"image\/jpeg","source_url":"https:\/\/turismevalles.com\/wp-content\/uploads\/2022\/01\/la-trauna-balco-1200x675-1-391x260.jpg"},"tileview":{"file":"la-trauna-balco-1200x675-1-300x400.jpg","width":300,"height":400,"mime-type":"image\/jpeg","source_url":"https:\/\/turismevalles.com\/wp-content\/uploads\/2022\/01\/la-trauna-balco-1200x675-1-300x400.jpg"}}},"alt_text":"","url":"","target":""},{"id":17700,"title":"La-trauna_exterior_2-1200x675","caption":"","full_image_url":"https:\/\/turismevalles.com\/wp-content\/uploads\/2022\/01\/La-trauna_exterior_2-1200x675-1.jpg","thumbnail_image_url":"https:\/\/turismevalles.com\/wp-content\/uploads\/2022\/01\/La-trauna_exterior_2-1200x675-1-150x150.jpg","large_srcset":"https:\/\/turismevalles.com\/wp-content\/uploads\/2022\/01\/La-trauna_exterior_2-1200x675-1-1024x576.jpg 1024w, https:\/\/turismevalles.com\/wp-content\/uploads\/2022\/01\/La-trauna_exterior_2-1200x675-1-300x169.jpg 300w, https:\/\/turismevalles.com\/wp-content\/uploads\/2022\/01\/La-trauna_exterior_2-1200x675-1-768x432.jpg 768w, https:\/\/turismevalles.com\/wp-content\/uploads\/2022\/01\/La-trauna_exterior_2-1200x675-1.jpg 1200w","medium_srcset":"https:\/\/turismevalles.com\/wp-content\/uploads\/2022\/01\/La-trauna_exterior_2-1200x675-1-300x169.jpg 300w, https:\/\/turismevalles.com\/wp-content\/uploads\/2022\/01\/La-trauna_exterior_2-1200x675-1-1024x576.jpg 1024w, https:\/\/turismevalles.com\/wp-content\/uploads\/2022\/01\/La-trauna_exterior_2-1200x675-1-768x432.jpg 768w, https:\/\/turismevalles.com\/wp-content\/uploads\/2022\/01\/La-trauna_exterior_2-1200x675-1.jpg 1200w","media_details":{"width":1200,"height":675,"sizes":{"medium":{"file":"La-trauna_exterior_2-1200x675-1-300x169.jpg","width":300,"height":169,"mime-type":"image\/jpeg","source_url":"https:\/\/turismevalles.com\/wp-content\/uploads\/2022\/01\/La-trauna_exterior_2-1200x675-1-300x169.jpg"},"large":{"file":"La-trauna_exterior_2-1200x675-1-1024x576.jpg","width":1024,"height":576,"mime-type":"image\/jpeg","source_url":"https:\/\/turismevalles.com\/wp-content\/uploads\/2022\/01\/La-trauna_exterior_2-1200x675-1-1024x576.jpg"},"thumbnail":{"file":"La-trauna_exterior_2-1200x675-1-150x150.jpg","width":150,"height":150,"mime-type":"image\/jpeg","source_url":"https:\/\/turismevalles.com\/wp-content\/uploads\/2022\/01\/La-trauna_exterior_2-1200x675-1-150x150.jpg"},"medium_large":{"file":"La-trauna_exterior_2-1200x675-1-768x432.jpg","width":768,"height":432,"mime-type":"image\/jpeg","source_url":"https:\/\/turismevalles.com\/wp-content\/uploads\/2022\/01\/La-trauna_exterior_2-1200x675-1-768x432.jpg"},"thumblist":{"file":"La-trauna_exterior_2-1200x675-1-300x300.jpg","width":300,"height":300,"mime-type":"image\/jpeg","source_url":"https:\/\/turismevalles.com\/wp-content\/uploads\/2022\/01\/La-trauna_exterior_2-1200x675-1-300x300.jpg"},"meccarouselthumb":{"file":"La-trauna_exterior_2-1200x675-1-474x324.jpg","width":474,"height":324,"mime-type":"image\/jpeg","source_url":"https:\/\/turismevalles.com\/wp-content\/uploads\/2022\/01\/La-trauna_exterior_2-1200x675-1-474x324.jpg"},"gridsquare":{"file":"La-trauna_exterior_2-1200x675-1-391x260.jpg","width":391,"height":260,"mime-type":"image\/jpeg","source_url":"https:\/\/turismevalles.com\/wp-content\/uploads\/2022\/01\/La-trauna_exterior_2-1200x675-1-391x260.jpg"},"tileview":{"file":"La-trauna_exterior_2-1200x675-1-300x400.jpg","width":300,"height":400,"mime-type":"image\/jpeg","source_url":"https:\/\/turismevalles.com\/wp-content\/uploads\/2022\/01\/La-trauna_exterior_2-1200x675-1-300x400.jpg"}}},"alt_text":"","url":"","target":""}]]}},"yoast_head":"<!-- This site is optimized with the Yoast SEO plugin v26.4 - https:\/\/yoast.com\/wordpress\/plugins\/seo\/ -->\n<title>Maison de colonies de vacances La Tra\u00fcna - Turisme Vall\u00e8s<\/title>\n<meta name=\"description\" content=\"La Tra\u00fcna est un mas de montagne situ\u00e9 sur le versant sud du Tur\u00f3 de l\u2019Home, au c\u0153ur d\u2019une for\u00eat de ch\u00eanes verts et caducifoli\u00e9s, de h\u00eatres et de ch\u00e2taigniers centenaires.\" \/>\n<meta name=\"robots\" content=\"index, follow, max-snippet:-1, max-image-preview:large, max-video-preview:-1\" \/>\n<link rel=\"canonical\" href=\"https:\/\/turismevalles.com\/fr\/sommeil\/maison-de-colonies-de-vacances-la-trauna\/\" \/>\n<meta property=\"og:locale\" content=\"fr_FR\" \/>\n<meta property=\"og:type\" content=\"article\" \/>\n<meta property=\"og:title\" content=\"Maison de colonies de vacances La Tra\u00fcna - Turisme Vall\u00e8s\" \/>\n<meta property=\"og:description\" content=\"La Tra\u00fcna est un mas de montagne situ\u00e9 sur le versant sud du Tur\u00f3 de l\u2019Home, au c\u0153ur d\u2019une for\u00eat de ch\u00eanes verts et caducifoli\u00e9s, de h\u00eatres et de ch\u00e2taigniers centenaires.\" \/>\n<meta property=\"og:url\" content=\"https:\/\/turismevalles.com\/fr\/sommeil\/maison-de-colonies-de-vacances-la-trauna\/\" \/>\n<meta property=\"og:site_name\" content=\"Turisme Vall\u00e8s\" \/>\n<meta property=\"article:modified_time\" content=\"2022-04-28T08:29:14+00:00\" \/>\n<meta property=\"og:image\" content=\"https:\/\/turismevalles.com\/wp-content\/uploads\/2022\/01\/la-trauna-facana-principal_NEU-1024x681-1.jpg\" \/>\n\t<meta property=\"og:image:width\" content=\"1024\" \/>\n\t<meta property=\"og:image:height\" content=\"681\" \/>\n\t<meta property=\"og:image:type\" content=\"image\/jpeg\" \/>\n<meta name=\"twitter:card\" content=\"summary_large_image\" \/>\n<meta name=\"twitter:label1\" content=\"Dur\u00e9e de lecture estim\u00e9e\" \/>\n\t<meta name=\"twitter:data1\" content=\"1 minute\" \/>\n<script type=\"application\/ld+json\" class=\"yoast-schema-graph\">{\"@context\":\"https:\/\/schema.org\",\"@graph\":[{\"@type\":\"WebPage\",\"@id\":\"https:\/\/turismevalles.com\/fr\/sommeil\/maison-de-colonies-de-vacances-la-trauna\/\",\"url\":\"https:\/\/turismevalles.com\/fr\/sommeil\/maison-de-colonies-de-vacances-la-trauna\/\",\"name\":\"Maison de colonies de vacances La Tra\u00fcna - Turisme Vall\u00e8s\",\"isPartOf\":{\"@id\":\"https:\/\/turismevalles.com\/en\/#website\"},\"primaryImageOfPage\":{\"@id\":\"https:\/\/turismevalles.com\/fr\/sommeil\/maison-de-colonies-de-vacances-la-trauna\/#primaryimage\"},\"image\":{\"@id\":\"https:\/\/turismevalles.com\/fr\/sommeil\/maison-de-colonies-de-vacances-la-trauna\/#primaryimage\"},\"thumbnailUrl\":\"https:\/\/turismevalles.com\/wp-content\/uploads\/2022\/01\/la-trauna-facana-principal_NEU-1024x681-1.jpg\",\"datePublished\":\"2022-04-28T08:29:13+00:00\",\"dateModified\":\"2022-04-28T08:29:14+00:00\",\"description\":\"La Tra\u00fcna est un mas de montagne situ\u00e9 sur le versant sud du Tur\u00f3 de l\u2019Home, au c\u0153ur d\u2019une for\u00eat de ch\u00eanes verts et caducifoli\u00e9s, de h\u00eatres et de ch\u00e2taigniers centenaires.\",\"breadcrumb\":{\"@id\":\"https:\/\/turismevalles.com\/fr\/sommeil\/maison-de-colonies-de-vacances-la-trauna\/#breadcrumb\"},\"inLanguage\":\"fr-FR\",\"potentialAction\":[{\"@type\":\"ReadAction\",\"target\":[\"https:\/\/turismevalles.com\/fr\/sommeil\/maison-de-colonies-de-vacances-la-trauna\/\"]}]},{\"@type\":\"ImageObject\",\"inLanguage\":\"fr-FR\",\"@id\":\"https:\/\/turismevalles.com\/fr\/sommeil\/maison-de-colonies-de-vacances-la-trauna\/#primaryimage\",\"url\":\"https:\/\/turismevalles.com\/wp-content\/uploads\/2022\/01\/la-trauna-facana-principal_NEU-1024x681-1.jpg\",\"contentUrl\":\"https:\/\/turismevalles.com\/wp-content\/uploads\/2022\/01\/la-trauna-facana-principal_NEU-1024x681-1.jpg\",\"width\":1024,\"height\":681},{\"@type\":\"BreadcrumbList\",\"@id\":\"https:\/\/turismevalles.com\/fr\/sommeil\/maison-de-colonies-de-vacances-la-trauna\/#breadcrumb\",\"itemListElement\":[{\"@type\":\"ListItem\",\"position\":1,\"name\":\"Inici\",\"item\":\"https:\/\/turismevalles.com\/fr\/\"},{\"@type\":\"ListItem\",\"position\":2,\"name\":\"Places to sleep\",\"item\":\"https:\/\/turismevalles.com\/en\/sleep\/\"},{\"@type\":\"ListItem\",\"position\":3,\"name\":\"Maison de colonies de vacances La Tra\u00fcna\"}]},{\"@type\":\"WebSite\",\"@id\":\"https:\/\/turismevalles.com\/en\/#website\",\"url\":\"https:\/\/turismevalles.com\/en\/\",\"name\":\"Turisme Vall\u00e8s\",\"description\":\"\",\"publisher\":{\"@id\":\"https:\/\/turismevalles.com\/en\/#organization\"},\"potentialAction\":[{\"@type\":\"SearchAction\",\"target\":{\"@type\":\"EntryPoint\",\"urlTemplate\":\"https:\/\/turismevalles.com\/en\/?s={search_term_string}\"},\"query-input\":{\"@type\":\"PropertyValueSpecification\",\"valueRequired\":true,\"valueName\":\"search_term_string\"}}],\"inLanguage\":\"fr-FR\"},{\"@type\":\"Organization\",\"@id\":\"https:\/\/turismevalles.com\/en\/#organization\",\"name\":\"Turisme Vall\u00e8s\",\"url\":\"https:\/\/turismevalles.com\/en\/\",\"logo\":{\"@type\":\"ImageObject\",\"inLanguage\":\"fr-FR\",\"@id\":\"https:\/\/turismevalles.com\/en\/#\/schema\/logo\/image\/\",\"url\":\"https:\/\/turismevalles.com\/wp-content\/uploads\/2020\/08\/cropped-logo_ca-2.png\",\"contentUrl\":\"https:\/\/turismevalles.com\/wp-content\/uploads\/2020\/08\/cropped-logo_ca-2.png\",\"width\":314,\"height\":85,\"caption\":\"Turisme Vall\u00e8s\"},\"image\":{\"@id\":\"https:\/\/turismevalles.com\/en\/#\/schema\/logo\/image\/\"}}]}<\/script>\n<!-- \/ Yoast SEO plugin. -->","yoast_head_json":{"title":"Maison de colonies de vacances La Tra\u00fcna - Turisme Vall\u00e8s","description":"La Tra\u00fcna est un mas de montagne situ\u00e9 sur le versant sud du Tur\u00f3 de l\u2019Home, au c\u0153ur d\u2019une for\u00eat de ch\u00eanes verts et caducifoli\u00e9s, de h\u00eatres et de ch\u00e2taigniers centenaires.","robots":{"index":"index","follow":"follow","max-snippet":"max-snippet:-1","max-image-preview":"max-image-preview:large","max-video-preview":"max-video-preview:-1"},"canonical":"https:\/\/turismevalles.com\/fr\/sommeil\/maison-de-colonies-de-vacances-la-trauna\/","og_locale":"fr_FR","og_type":"article","og_title":"Maison de colonies de vacances La Tra\u00fcna - Turisme Vall\u00e8s","og_description":"La Tra\u00fcna est un mas de montagne situ\u00e9 sur le versant sud du Tur\u00f3 de l\u2019Home, au c\u0153ur d\u2019une for\u00eat de ch\u00eanes verts et caducifoli\u00e9s, de h\u00eatres et de ch\u00e2taigniers centenaires.","og_url":"https:\/\/turismevalles.com\/fr\/sommeil\/maison-de-colonies-de-vacances-la-trauna\/","og_site_name":"Turisme Vall\u00e8s","article_modified_time":"2022-04-28T08:29:14+00:00","og_image":[{"width":1024,"height":681,"url":"https:\/\/turismevalles.com\/wp-content\/uploads\/2022\/01\/la-trauna-facana-principal_NEU-1024x681-1.jpg","type":"image\/jpeg"}],"twitter_card":"summary_large_image","twitter_misc":{"Dur\u00e9e de lecture estim\u00e9e":"1 minute"},"schema":{"@context":"https:\/\/schema.org","@graph":[{"@type":"WebPage","@id":"https:\/\/turismevalles.com\/fr\/sommeil\/maison-de-colonies-de-vacances-la-trauna\/","url":"https:\/\/turismevalles.com\/fr\/sommeil\/maison-de-colonies-de-vacances-la-trauna\/","name":"Maison de colonies de vacances La Tra\u00fcna - Turisme Vall\u00e8s","isPartOf":{"@id":"https:\/\/turismevalles.com\/en\/#website"},"primaryImageOfPage":{"@id":"https:\/\/turismevalles.com\/fr\/sommeil\/maison-de-colonies-de-vacances-la-trauna\/#primaryimage"},"image":{"@id":"https:\/\/turismevalles.com\/fr\/sommeil\/maison-de-colonies-de-vacances-la-trauna\/#primaryimage"},"thumbnailUrl":"https:\/\/turismevalles.com\/wp-content\/uploads\/2022\/01\/la-trauna-facana-principal_NEU-1024x681-1.jpg","datePublished":"2022-04-28T08:29:13+00:00","dateModified":"2022-04-28T08:29:14+00:00","description":"La Tra\u00fcna est un mas de montagne situ\u00e9 sur le versant sud du Tur\u00f3 de l\u2019Home, au c\u0153ur d\u2019une for\u00eat de ch\u00eanes verts et caducifoli\u00e9s, de h\u00eatres et de ch\u00e2taigniers centenaires.","breadcrumb":{"@id":"https:\/\/turismevalles.com\/fr\/sommeil\/maison-de-colonies-de-vacances-la-trauna\/#breadcrumb"},"inLanguage":"fr-FR","potentialAction":[{"@type":"ReadAction","target":["https:\/\/turismevalles.com\/fr\/sommeil\/maison-de-colonies-de-vacances-la-trauna\/"]}]},{"@type":"ImageObject","inLanguage":"fr-FR","@id":"https:\/\/turismevalles.com\/fr\/sommeil\/maison-de-colonies-de-vacances-la-trauna\/#primaryimage","url":"https:\/\/turismevalles.com\/wp-content\/uploads\/2022\/01\/la-trauna-facana-principal_NEU-1024x681-1.jpg","contentUrl":"https:\/\/turismevalles.com\/wp-content\/uploads\/2022\/01\/la-trauna-facana-principal_NEU-1024x681-1.jpg","width":1024,"height":681},{"@type":"BreadcrumbList","@id":"https:\/\/turismevalles.com\/fr\/sommeil\/maison-de-colonies-de-vacances-la-trauna\/#breadcrumb","itemListElement":[{"@type":"ListItem","position":1,"name":"Inici","item":"https:\/\/turismevalles.com\/fr\/"},{"@type":"ListItem","position":2,"name":"Places to sleep","item":"https:\/\/turismevalles.com\/en\/sleep\/"},{"@type":"ListItem","position":3,"name":"Maison de colonies de vacances La Tra\u00fcna"}]},{"@type":"WebSite","@id":"https:\/\/turismevalles.com\/en\/#website","url":"https:\/\/turismevalles.com\/en\/","name":"Turisme Vall\u00e8s","description":"","publisher":{"@id":"https:\/\/turismevalles.com\/en\/#organization"},"potentialAction":[{"@type":"SearchAction","target":{"@type":"EntryPoint","urlTemplate":"https:\/\/turismevalles.com\/en\/?s={search_term_string}"},"query-input":{"@type":"PropertyValueSpecification","valueRequired":true,"valueName":"search_term_string"}}],"inLanguage":"fr-FR"},{"@type":"Organization","@id":"https:\/\/turismevalles.com\/en\/#organization","name":"Turisme Vall\u00e8s","url":"https:\/\/turismevalles.com\/en\/","logo":{"@type":"ImageObject","inLanguage":"fr-FR","@id":"https:\/\/turismevalles.com\/en\/#\/schema\/logo\/image\/","url":"https:\/\/turismevalles.com\/wp-content\/uploads\/2020\/08\/cropped-logo_ca-2.png","contentUrl":"https:\/\/turismevalles.com\/wp-content\/uploads\/2020\/08\/cropped-logo_ca-2.png","width":314,"height":85,"caption":"Turisme Vall\u00e8s"},"image":{"@id":"https:\/\/turismevalles.com\/en\/#\/schema\/logo\/image\/"}}]}},"uagb_featured_image_src":{"full":["https:\/\/turismevalles.com\/wp-content\/uploads\/2022\/01\/la-trauna-facana-principal_NEU-1024x681-1.jpg",1024,681,false],"thumbnail":["https:\/\/turismevalles.com\/wp-content\/uploads\/2022\/01\/la-trauna-facana-principal_NEU-1024x681-1-150x150.jpg",150,150,true],"medium":["https:\/\/turismevalles.com\/wp-content\/uploads\/2022\/01\/la-trauna-facana-principal_NEU-1024x681-1-300x200.jpg",300,200,true],"medium_large":["https:\/\/turismevalles.com\/wp-content\/uploads\/2022\/01\/la-trauna-facana-principal_NEU-1024x681-1-768x511.jpg",768,511,true],"large":["https:\/\/turismevalles.com\/wp-content\/uploads\/2022\/01\/la-trauna-facana-principal_NEU-1024x681-1.jpg",1024,681,false],"thumblist":["https:\/\/turismevalles.com\/wp-content\/uploads\/2022\/01\/la-trauna-facana-principal_NEU-1024x681-1-300x300.jpg",300,300,true],"meccarouselthumb":["https:\/\/turismevalles.com\/wp-content\/uploads\/2022\/01\/la-trauna-facana-principal_NEU-1024x681-1-474x324.jpg",474,324,true],"gridsquare":["https:\/\/turismevalles.com\/wp-content\/uploads\/2022\/01\/la-trauna-facana-principal_NEU-1024x681-1-391x260.jpg",391,260,true],"tileview":["https:\/\/turismevalles.com\/wp-content\/uploads\/2022\/01\/la-trauna-facana-principal_NEU-1024x681-1-300x400.jpg",300,400,true],"1536x1536":["https:\/\/turismevalles.com\/wp-content\/uploads\/2022\/01\/la-trauna-facana-principal_NEU-1024x681-1.jpg",1024,681,false],"2048x2048":["https:\/\/turismevalles.com\/wp-content\/uploads\/2022\/01\/la-trauna-facana-principal_NEU-1024x681-1.jpg",1024,681,false]},"uagb_author_info":{"display_name":"Turisme Valles","author_link":"https:\/\/turismevalles.com\/fr\/author\/"},"uagb_comment_info":0,"uagb_excerpt":"La Tra\u00fcna est un\u00a0mas de montagne situ\u00e9 sur le versant sud du Tur\u00f3 de l\u2019Home, au c\u0153ur d\u2019une for\u00eat\u00a0de ch\u00eanes verts et caducifoli\u00e9s, de h\u00eatres ... Veure m\u00e9s","_links":{"self":[{"href":"https:\/\/turismevalles.com\/fr\/wp-json\/wp\/v2\/ubicacio_dormir\/19168","targetHints":{"allow":["GET"]}}],"collection":[{"href":"https:\/\/turismevalles.com\/fr\/wp-json\/wp\/v2\/ubicacio_dormir"}],"about":[{"href":"https:\/\/turismevalles.com\/fr\/wp-json\/wp\/v2\/types\/ubicacio_dormir"}],"wp:featuredmedia":[{"embeddable":true,"href":"https:\/\/turismevalles.com\/fr\/wp-json\/wp\/v2\/media\/17708"}],"wp:attachment":[{"href":"https:\/\/turismevalles.com\/fr\/wp-json\/wp\/v2\/media?parent=19168"}],"wp:term":[{"taxonomy":"poblacions","embeddable":true,"href":"https:\/\/turismevalles.com\/fr\/wp-json\/wp\/v2\/poblacions?post=19168"},{"taxonomy":"establiment","embeddable":true,"href":"https:\/\/turismevalles.com\/fr\/wp-json\/wp\/v2\/establiment?post=19168"},{"taxonomy":"tipus_turisme","embeddable":true,"href":"https:\/\/turismevalles.com\/fr\/wp-json\/wp\/v2\/tipus_turisme?post=19168"},{"taxonomy":"tipologia_estada","embeddable":true,"href":"https:\/\/turismevalles.com\/fr\/wp-json\/wp\/v2\/tipologia_estada?post=19168"}],"curies":[{"name":"wp","href":"https:\/\/api.w.org\/{rel}","templated":true}]}}