{"id":9120,"date":"2020-11-24T11:43:12","date_gmt":"2020-11-24T09:43:12","guid":{"rendered":"http:\/\/turismevalles.com.mialias.net\/dormir\/hotel-can-cuch\/"},"modified":"2021-03-01T12:55:26","modified_gmt":"2021-03-01T11:55:26","slug":"hotel-can-cuch","status":"publish","type":"ubicacio_dormir","link":"https:\/\/turismevalles.com\/fr\/sommeil\/hotel-can-cuch\/","title":{"rendered":"Hotel Can Cuch"},"content":{"rendered":"\n<p>Dans un lieu cach\u00e9 et inconnu du parc naturel du Montseny, se trouve <strong>CAN CUCH<\/strong>.<\/p>\n\n\n\n<p>C&rsquo;est une ferme catalane ant\u00e9rieure au X\u00e8 si\u00e8cle situ\u00e9e parmi des for\u00eats de ch\u00eanes et des paturages. Elle a \u00e9t\u00e9 r\u00e9nov\u00e9e et transform\u00e9e avec beaucoup d&rsquo;attachement et de romantisme en un endroit exclusif et plein de charme.<\/p>\n\n\n\n<p>Une cachette au <strong>Montseny<\/strong>qui \u00e9voque de grands souvenirs, des \u00e9motions uniques et des saveurs qui jusqu&rsquo;\u00e0 maintenant \u00e9taient inimaginables.<\/p>\n\n\n\n<p>Venez et profitez du Montseny dans son \u00e9tat le plus pur. Profitez-en pour faire des <strong>activit\u00e9s d&rsquo;aventure<\/strong> comme de la randonn\u00e9e, du segway ou faire du cheval. Vous pouvez \u00e9galement en profiter pour vous d\u00e9tendre avec une bonne <strong>d\u00e9gustation de vins<\/strong> dans notre cave faite de roche naturelle ainsi qu&rsquo;avec un bon massage dans notre <strong>espace zen<\/strong> ou bien simplement en prenant un verre.<\/p>\n\n\n\n<figure class=\"wp-block-embed is-type-video is-provider-vimeo wp-block-embed-vimeo wp-embed-aspect-16-9 wp-has-aspect-ratio\"><div class=\"wp-block-embed__wrapper\">\n<iframe loading=\"lazy\" title=\"Hotel Can Cuch\" src=\"https:\/\/player.vimeo.com\/video\/67117128?dnt=1&amp;app_id=122963\" width=\"640\" height=\"360\" frameborder=\"0\" allow=\"autoplay; fullscreen\" allowfullscreen><\/iframe>\n<\/div><\/figure>\n\n\n\n<p><\/p>\n","protected":false},"featured_media":5978,"template":"","poblacions":[442],"establiment":[213],"tipus_turisme":[241,257,254],"tipologia_estada":[269],"class_list":["post-9120","ubicacio_dormir","type-ubicacio_dormir","status-publish","has-post-thumbnail","hentry","poblacions-canoves-i-samalus-fr","establiment-hotel-fr-2","tipus_turisme-tourisme-evenementiel","tipus_turisme-tourisme-actif","tipus_turisme-tourisme-de-nature","tipologia_estada-in-couple","generate-columns","tablet-grid-50","mobile-grid-100","grid-parent","grid-33"],"acf":{"photo_gallery":{"imatges":[[{"id":5984,"title":"turismevalles339","caption":"","full_image_url":"https:\/\/turismevalles.com\/wp-content\/uploads\/2020\/11\/turismevalles339-1.jpg","thumbnail_image_url":"https:\/\/turismevalles.com\/wp-content\/uploads\/2020\/11\/turismevalles339-1-150x150.jpg","large_srcset":"https:\/\/turismevalles.com\/wp-content\/uploads\/2020\/11\/turismevalles339-1.jpg 720w, https:\/\/turismevalles.com\/wp-content\/uploads\/2020\/11\/turismevalles339-1-300x126.jpg 300w","medium_srcset":"https:\/\/turismevalles.com\/wp-content\/uploads\/2020\/11\/turismevalles339-1-300x126.jpg 300w, https:\/\/turismevalles.com\/wp-content\/uploads\/2020\/11\/turismevalles339-1.jpg 720w","media_details":{"width":720,"height":302,"sizes":{"medium":{"file":"turismevalles339-1-300x126.jpg","width":300,"height":126,"mime-type":"image\/jpeg","source_url":"https:\/\/turismevalles.com\/wp-content\/uploads\/2020\/11\/turismevalles339-1-300x126.jpg"},"thumbnail":{"file":"turismevalles339-1-150x150.jpg","width":150,"height":150,"mime-type":"image\/jpeg","source_url":"https:\/\/turismevalles.com\/wp-content\/uploads\/2020\/11\/turismevalles339-1-150x150.jpg"}}},"alt_text":"","url":"","target":""},{"id":5981,"title":"turismevalles338","caption":"","full_image_url":"https:\/\/turismevalles.com\/wp-content\/uploads\/2020\/11\/turismevalles338-1.jpg","thumbnail_image_url":"https:\/\/turismevalles.com\/wp-content\/uploads\/2020\/11\/turismevalles338-1-150x150.jpg","large_srcset":"https:\/\/turismevalles.com\/wp-content\/uploads\/2020\/11\/turismevalles338-1.jpg 720w, https:\/\/turismevalles.com\/wp-content\/uploads\/2020\/11\/turismevalles338-1-300x126.jpg 300w","medium_srcset":"https:\/\/turismevalles.com\/wp-content\/uploads\/2020\/11\/turismevalles338-1-300x126.jpg 300w, https:\/\/turismevalles.com\/wp-content\/uploads\/2020\/11\/turismevalles338-1.jpg 720w","media_details":{"width":720,"height":302,"sizes":{"medium":{"file":"turismevalles338-1-300x126.jpg","width":300,"height":126,"mime-type":"image\/jpeg","source_url":"https:\/\/turismevalles.com\/wp-content\/uploads\/2020\/11\/turismevalles338-1-300x126.jpg"},"thumbnail":{"file":"turismevalles338-1-150x150.jpg","width":150,"height":150,"mime-type":"image\/jpeg","source_url":"https:\/\/turismevalles.com\/wp-content\/uploads\/2020\/11\/turismevalles338-1-150x150.jpg"}}},"alt_text":"","url":"","target":""},{"id":5978,"title":"turismevalles337","caption":"","full_image_url":"https:\/\/turismevalles.com\/wp-content\/uploads\/2020\/11\/turismevalles337-2.jpg","thumbnail_image_url":"https:\/\/turismevalles.com\/wp-content\/uploads\/2020\/11\/turismevalles337-2-150x150.jpg","large_srcset":"https:\/\/turismevalles.com\/wp-content\/uploads\/2020\/11\/turismevalles337-2.jpg 720w, https:\/\/turismevalles.com\/wp-content\/uploads\/2020\/11\/turismevalles337-2-300x126.jpg 300w","medium_srcset":"https:\/\/turismevalles.com\/wp-content\/uploads\/2020\/11\/turismevalles337-2-300x126.jpg 300w, https:\/\/turismevalles.com\/wp-content\/uploads\/2020\/11\/turismevalles337-2.jpg 720w","media_details":{"width":720,"height":302,"sizes":{"medium":{"file":"turismevalles337-2-300x126.jpg","width":300,"height":126,"mime-type":"image\/jpeg","source_url":"https:\/\/turismevalles.com\/wp-content\/uploads\/2020\/11\/turismevalles337-2-300x126.jpg"},"thumbnail":{"file":"turismevalles337-2-150x150.jpg","width":150,"height":150,"mime-type":"image\/jpeg","source_url":"https:\/\/turismevalles.com\/wp-content\/uploads\/2020\/11\/turismevalles337-2-150x150.jpg"}}},"alt_text":"Hotel Can Cuch","url":"","target":""}]]}},"yoast_head":"<!-- This site is optimized with the Yoast SEO plugin v26.4 - https:\/\/yoast.com\/wordpress\/plugins\/seo\/ -->\n<title>Hotel Can Cuch - Turisme Vall\u00e8s<\/title>\n<meta name=\"description\" content=\"Venez \u00e0 l&#039;h\u00f4tel Can Cuch et profitez du Montseny dans son \u00e9tat le plus pur. Profitez des activit\u00e9s d&#039;aventure telles que la randonn\u00e9e, le segway ou l&#039;\u00e9quitation.\" \/>\n<meta name=\"robots\" content=\"index, follow, max-snippet:-1, max-image-preview:large, max-video-preview:-1\" \/>\n<link rel=\"canonical\" href=\"https:\/\/turismevalles.com\/fr\/sommeil\/hotel-can-cuch\/\" \/>\n<meta property=\"og:locale\" content=\"fr_FR\" \/>\n<meta property=\"og:type\" content=\"article\" \/>\n<meta property=\"og:title\" content=\"Hotel Can Cuch - Turisme Vall\u00e8s\" \/>\n<meta property=\"og:description\" content=\"Venez \u00e0 l&#039;h\u00f4tel Can Cuch et profitez du Montseny dans son \u00e9tat le plus pur. Profitez des activit\u00e9s d&#039;aventure telles que la randonn\u00e9e, le segway ou l&#039;\u00e9quitation.\" \/>\n<meta property=\"og:url\" content=\"https:\/\/turismevalles.com\/fr\/sommeil\/hotel-can-cuch\/\" \/>\n<meta property=\"og:site_name\" content=\"Turisme Vall\u00e8s\" \/>\n<meta property=\"article:modified_time\" content=\"2021-03-01T11:55:26+00:00\" \/>\n<meta property=\"og:image\" content=\"https:\/\/turismevalles.com\/wp-content\/uploads\/2020\/11\/turismevalles337-2.jpg\" \/>\n\t<meta property=\"og:image:width\" content=\"720\" \/>\n\t<meta property=\"og:image:height\" content=\"302\" \/>\n\t<meta property=\"og:image:type\" content=\"image\/jpeg\" \/>\n<meta name=\"twitter:card\" content=\"summary_large_image\" \/>\n<meta name=\"twitter:label1\" content=\"Dur\u00e9e de lecture estim\u00e9e\" \/>\n\t<meta name=\"twitter:data1\" content=\"1 minute\" \/>\n<script type=\"application\/ld+json\" class=\"yoast-schema-graph\">{\"@context\":\"https:\/\/schema.org\",\"@graph\":[{\"@type\":\"WebPage\",\"@id\":\"https:\/\/turismevalles.com\/fr\/sommeil\/hotel-can-cuch\/\",\"url\":\"https:\/\/turismevalles.com\/fr\/sommeil\/hotel-can-cuch\/\",\"name\":\"Hotel Can Cuch - Turisme Vall\u00e8s\",\"isPartOf\":{\"@id\":\"https:\/\/turismevalles.com\/en\/#website\"},\"primaryImageOfPage\":{\"@id\":\"https:\/\/turismevalles.com\/fr\/sommeil\/hotel-can-cuch\/#primaryimage\"},\"image\":{\"@id\":\"https:\/\/turismevalles.com\/fr\/sommeil\/hotel-can-cuch\/#primaryimage\"},\"thumbnailUrl\":\"https:\/\/turismevalles.com\/wp-content\/uploads\/2020\/11\/turismevalles337-2.jpg\",\"datePublished\":\"2020-11-24T09:43:12+00:00\",\"dateModified\":\"2021-03-01T11:55:26+00:00\",\"description\":\"Venez \u00e0 l'h\u00f4tel Can Cuch et profitez du Montseny dans son \u00e9tat le plus pur. Profitez des activit\u00e9s d'aventure telles que la randonn\u00e9e, le segway ou l'\u00e9quitation.\",\"breadcrumb\":{\"@id\":\"https:\/\/turismevalles.com\/fr\/sommeil\/hotel-can-cuch\/#breadcrumb\"},\"inLanguage\":\"fr-FR\",\"potentialAction\":[{\"@type\":\"ReadAction\",\"target\":[\"https:\/\/turismevalles.com\/fr\/sommeil\/hotel-can-cuch\/\"]}]},{\"@type\":\"ImageObject\",\"inLanguage\":\"fr-FR\",\"@id\":\"https:\/\/turismevalles.com\/fr\/sommeil\/hotel-can-cuch\/#primaryimage\",\"url\":\"https:\/\/turismevalles.com\/wp-content\/uploads\/2020\/11\/turismevalles337-2.jpg\",\"contentUrl\":\"https:\/\/turismevalles.com\/wp-content\/uploads\/2020\/11\/turismevalles337-2.jpg\",\"width\":720,\"height\":302,\"caption\":\"Hotel Can Cuch\"},{\"@type\":\"BreadcrumbList\",\"@id\":\"https:\/\/turismevalles.com\/fr\/sommeil\/hotel-can-cuch\/#breadcrumb\",\"itemListElement\":[{\"@type\":\"ListItem\",\"position\":1,\"name\":\"Inici\",\"item\":\"https:\/\/turismevalles.com\/fr\/\"},{\"@type\":\"ListItem\",\"position\":2,\"name\":\"Places to sleep\",\"item\":\"https:\/\/turismevalles.com\/en\/sleep\/\"},{\"@type\":\"ListItem\",\"position\":3,\"name\":\"Hotel Can Cuch\"}]},{\"@type\":\"WebSite\",\"@id\":\"https:\/\/turismevalles.com\/en\/#website\",\"url\":\"https:\/\/turismevalles.com\/en\/\",\"name\":\"Turisme Vall\u00e8s\",\"description\":\"\",\"publisher\":{\"@id\":\"https:\/\/turismevalles.com\/en\/#organization\"},\"potentialAction\":[{\"@type\":\"SearchAction\",\"target\":{\"@type\":\"EntryPoint\",\"urlTemplate\":\"https:\/\/turismevalles.com\/en\/?s={search_term_string}\"},\"query-input\":{\"@type\":\"PropertyValueSpecification\",\"valueRequired\":true,\"valueName\":\"search_term_string\"}}],\"inLanguage\":\"fr-FR\"},{\"@type\":\"Organization\",\"@id\":\"https:\/\/turismevalles.com\/en\/#organization\",\"name\":\"Turisme Vall\u00e8s\",\"url\":\"https:\/\/turismevalles.com\/en\/\",\"logo\":{\"@type\":\"ImageObject\",\"inLanguage\":\"fr-FR\",\"@id\":\"https:\/\/turismevalles.com\/en\/#\/schema\/logo\/image\/\",\"url\":\"https:\/\/turismevalles.com\/wp-content\/uploads\/2020\/08\/cropped-logo_ca-2.png\",\"contentUrl\":\"https:\/\/turismevalles.com\/wp-content\/uploads\/2020\/08\/cropped-logo_ca-2.png\",\"width\":314,\"height\":85,\"caption\":\"Turisme Vall\u00e8s\"},\"image\":{\"@id\":\"https:\/\/turismevalles.com\/en\/#\/schema\/logo\/image\/\"}}]}<\/script>\n<!-- \/ Yoast SEO plugin. -->","yoast_head_json":{"title":"Hotel Can Cuch - Turisme Vall\u00e8s","description":"Venez \u00e0 l'h\u00f4tel Can Cuch et profitez du Montseny dans son \u00e9tat le plus pur. Profitez des activit\u00e9s d'aventure telles que la randonn\u00e9e, le segway ou l'\u00e9quitation.","robots":{"index":"index","follow":"follow","max-snippet":"max-snippet:-1","max-image-preview":"max-image-preview:large","max-video-preview":"max-video-preview:-1"},"canonical":"https:\/\/turismevalles.com\/fr\/sommeil\/hotel-can-cuch\/","og_locale":"fr_FR","og_type":"article","og_title":"Hotel Can Cuch - Turisme Vall\u00e8s","og_description":"Venez \u00e0 l'h\u00f4tel Can Cuch et profitez du Montseny dans son \u00e9tat le plus pur. Profitez des activit\u00e9s d'aventure telles que la randonn\u00e9e, le segway ou l'\u00e9quitation.","og_url":"https:\/\/turismevalles.com\/fr\/sommeil\/hotel-can-cuch\/","og_site_name":"Turisme Vall\u00e8s","article_modified_time":"2021-03-01T11:55:26+00:00","og_image":[{"width":720,"height":302,"url":"https:\/\/turismevalles.com\/wp-content\/uploads\/2020\/11\/turismevalles337-2.jpg","type":"image\/jpeg"}],"twitter_card":"summary_large_image","twitter_misc":{"Dur\u00e9e de lecture estim\u00e9e":"1 minute"},"schema":{"@context":"https:\/\/schema.org","@graph":[{"@type":"WebPage","@id":"https:\/\/turismevalles.com\/fr\/sommeil\/hotel-can-cuch\/","url":"https:\/\/turismevalles.com\/fr\/sommeil\/hotel-can-cuch\/","name":"Hotel Can Cuch - Turisme Vall\u00e8s","isPartOf":{"@id":"https:\/\/turismevalles.com\/en\/#website"},"primaryImageOfPage":{"@id":"https:\/\/turismevalles.com\/fr\/sommeil\/hotel-can-cuch\/#primaryimage"},"image":{"@id":"https:\/\/turismevalles.com\/fr\/sommeil\/hotel-can-cuch\/#primaryimage"},"thumbnailUrl":"https:\/\/turismevalles.com\/wp-content\/uploads\/2020\/11\/turismevalles337-2.jpg","datePublished":"2020-11-24T09:43:12+00:00","dateModified":"2021-03-01T11:55:26+00:00","description":"Venez \u00e0 l'h\u00f4tel Can Cuch et profitez du Montseny dans son \u00e9tat le plus pur. Profitez des activit\u00e9s d'aventure telles que la randonn\u00e9e, le segway ou l'\u00e9quitation.","breadcrumb":{"@id":"https:\/\/turismevalles.com\/fr\/sommeil\/hotel-can-cuch\/#breadcrumb"},"inLanguage":"fr-FR","potentialAction":[{"@type":"ReadAction","target":["https:\/\/turismevalles.com\/fr\/sommeil\/hotel-can-cuch\/"]}]},{"@type":"ImageObject","inLanguage":"fr-FR","@id":"https:\/\/turismevalles.com\/fr\/sommeil\/hotel-can-cuch\/#primaryimage","url":"https:\/\/turismevalles.com\/wp-content\/uploads\/2020\/11\/turismevalles337-2.jpg","contentUrl":"https:\/\/turismevalles.com\/wp-content\/uploads\/2020\/11\/turismevalles337-2.jpg","width":720,"height":302,"caption":"Hotel Can Cuch"},{"@type":"BreadcrumbList","@id":"https:\/\/turismevalles.com\/fr\/sommeil\/hotel-can-cuch\/#breadcrumb","itemListElement":[{"@type":"ListItem","position":1,"name":"Inici","item":"https:\/\/turismevalles.com\/fr\/"},{"@type":"ListItem","position":2,"name":"Places to sleep","item":"https:\/\/turismevalles.com\/en\/sleep\/"},{"@type":"ListItem","position":3,"name":"Hotel Can Cuch"}]},{"@type":"WebSite","@id":"https:\/\/turismevalles.com\/en\/#website","url":"https:\/\/turismevalles.com\/en\/","name":"Turisme Vall\u00e8s","description":"","publisher":{"@id":"https:\/\/turismevalles.com\/en\/#organization"},"potentialAction":[{"@type":"SearchAction","target":{"@type":"EntryPoint","urlTemplate":"https:\/\/turismevalles.com\/en\/?s={search_term_string}"},"query-input":{"@type":"PropertyValueSpecification","valueRequired":true,"valueName":"search_term_string"}}],"inLanguage":"fr-FR"},{"@type":"Organization","@id":"https:\/\/turismevalles.com\/en\/#organization","name":"Turisme Vall\u00e8s","url":"https:\/\/turismevalles.com\/en\/","logo":{"@type":"ImageObject","inLanguage":"fr-FR","@id":"https:\/\/turismevalles.com\/en\/#\/schema\/logo\/image\/","url":"https:\/\/turismevalles.com\/wp-content\/uploads\/2020\/08\/cropped-logo_ca-2.png","contentUrl":"https:\/\/turismevalles.com\/wp-content\/uploads\/2020\/08\/cropped-logo_ca-2.png","width":314,"height":85,"caption":"Turisme Vall\u00e8s"},"image":{"@id":"https:\/\/turismevalles.com\/en\/#\/schema\/logo\/image\/"}}]}},"uagb_featured_image_src":{"full":["https:\/\/turismevalles.com\/wp-content\/uploads\/2020\/11\/turismevalles337-2.jpg",720,302,false],"thumbnail":["https:\/\/turismevalles.com\/wp-content\/uploads\/2020\/11\/turismevalles337-2-150x150.jpg",150,150,true],"medium":["https:\/\/turismevalles.com\/wp-content\/uploads\/2020\/11\/turismevalles337-2-300x126.jpg",300,126,true],"medium_large":["https:\/\/turismevalles.com\/wp-content\/uploads\/2020\/11\/turismevalles337-2.jpg",720,302,false],"large":["https:\/\/turismevalles.com\/wp-content\/uploads\/2020\/11\/turismevalles337-2.jpg",720,302,false],"thumblist":["https:\/\/turismevalles.com\/wp-content\/uploads\/2020\/11\/turismevalles337-2.jpg",300,126,false],"meccarouselthumb":["https:\/\/turismevalles.com\/wp-content\/uploads\/2020\/11\/turismevalles337-2.jpg",474,199,false],"gridsquare":["https:\/\/turismevalles.com\/wp-content\/uploads\/2020\/11\/turismevalles337-2.jpg",391,164,false],"tileview":["https:\/\/turismevalles.com\/wp-content\/uploads\/2020\/11\/turismevalles337-2.jpg",300,126,false],"1536x1536":["https:\/\/turismevalles.com\/wp-content\/uploads\/2020\/11\/turismevalles337-2.jpg",720,302,false],"2048x2048":["https:\/\/turismevalles.com\/wp-content\/uploads\/2020\/11\/turismevalles337-2.jpg",720,302,false]},"uagb_author_info":{"display_name":"Turisme Valles","author_link":"https:\/\/turismevalles.com\/fr\/author\/"},"uagb_comment_info":0,"uagb_excerpt":"Dans un lieu cach\u00e9 et inconnu du parc naturel du Montseny, se trouve CAN CUCH. C&rsquo;est une ferme catalane ant\u00e9rieure au X\u00e8 si\u00e8cle situ\u00e9e parmi ... Veure m\u00e9s","_links":{"self":[{"href":"https:\/\/turismevalles.com\/fr\/wp-json\/wp\/v2\/ubicacio_dormir\/9120","targetHints":{"allow":["GET"]}}],"collection":[{"href":"https:\/\/turismevalles.com\/fr\/wp-json\/wp\/v2\/ubicacio_dormir"}],"about":[{"href":"https:\/\/turismevalles.com\/fr\/wp-json\/wp\/v2\/types\/ubicacio_dormir"}],"wp:featuredmedia":[{"embeddable":true,"href":"https:\/\/turismevalles.com\/fr\/wp-json\/wp\/v2\/media\/5978"}],"wp:attachment":[{"href":"https:\/\/turismevalles.com\/fr\/wp-json\/wp\/v2\/media?parent=9120"}],"wp:term":[{"taxonomy":"poblacions","embeddable":true,"href":"https:\/\/turismevalles.com\/fr\/wp-json\/wp\/v2\/poblacions?post=9120"},{"taxonomy":"establiment","embeddable":true,"href":"https:\/\/turismevalles.com\/fr\/wp-json\/wp\/v2\/establiment?post=9120"},{"taxonomy":"tipus_turisme","embeddable":true,"href":"https:\/\/turismevalles.com\/fr\/wp-json\/wp\/v2\/tipus_turisme?post=9120"},{"taxonomy":"tipologia_estada","embeddable":true,"href":"https:\/\/turismevalles.com\/fr\/wp-json\/wp\/v2\/tipologia_estada?post=9120"}],"curies":[{"name":"wp","href":"https:\/\/api.w.org\/{rel}","templated":true}]}}