{"id":9194,"date":"2020-11-26T10:28:35","date_gmt":"2020-11-26T08:28:35","guid":{"rendered":"http:\/\/turismevalles.com.mialias.net\/dormir\/hotel-som-lom\/"},"modified":"2026-05-28T13:53:13","modified_gmt":"2026-05-28T11:53:13","slug":"hotel-som-lom","status":"publish","type":"ubicacio_dormir","link":"https:\/\/turismevalles.com\/fr\/sommeil\/hotel-som-lom\/","title":{"rendered":"Hotel Som l&rsquo;Om"},"content":{"rendered":"\n<p>R\u00e9servez une chambre d&rsquo;h\u00f4tel au pied du <strong>Montseny<\/strong>, class\u00e9 r\u00e9serve de la biosph\u00e8re par l&rsquo;UNESCO, et profitez des nombreuses activit\u00e9s \u00e0 r\u00e9aliser \u00e0 l&rsquo;air libre comme le t<strong>rekking, le VTT, gravel, le cyclisme<\/strong>, etc.<\/p>\n\n\n\n<p>Profitez d&rsquo;un moment de d\u00e9tente gr\u00e2ce \u00e0 nos diff\u00e9rents types de massage propos\u00e9s: <strong>les massages manuels, le massage relaxant, les massages th\u00e9rapeutiques comme la r\u00e9flexologie, le balancing et le shiatsu.<\/strong><\/p>\n\n\n\n<p>Les chambres <strong>sont construites<\/strong> <strong>avec du bois provenant<\/strong> du cercle polaire <strong>arctique et utilise des \u00e9nergies renouvelables<\/strong> telles que l&rsquo;\u00e9nergie solaire et l&rsquo;\u00e9nergie g\u00e9othermique.<\/p>\n\n\n\n<p>Les 8 chambres sont dot\u00e9es de l&rsquo;air <strong>conditionn\u00e9<\/strong>, de <strong>chauffage<\/strong>, d&rsquo;une connexion <strong>wi-fi gratuite<\/strong>, de la t\u00e9l\u00e9vision par satellite, d&rsquo;un four \u00e0 micro-ondes, d&rsquo;un grille-pain, d&rsquo;une bouilloire et d&rsquo;une musique d&rsquo;ambiance L&rsquo;h\u00f4tel se trouve \u00e0 50 km de Barcelone et de G\u00e9rone et \u00e0 20 km des plages. Vous pourrez prendre le train pour <strong>Barcelone<\/strong>depuis la gare de <strong>Santa Mar\u00eda Palautordera. <\/strong> Le centre commercial La Roca Village se trouve \u00e0 15 minutes en voiture, et le Circuit de Catalunya \u00e0 20 minutes.<\/p>\n\n\n\n<h2 class=\"wp-block-heading\">Les conditions de r\u00e9servation:<\/h2>\n\n\n\n<p><strong>-Fichiers \u00e0 t\u00e9l\u00e9charger<\/strong><\/p>\n\n\n\n<div class=\"wp-block-file\"><a href=\"http:\/\/turismevalles.com\/wp-content\/uploads\/2020\/11\/turismevalles2883.pdf\">turismevalles2883<\/a><a href=\"http:\/\/turismevalles.com\/wp-content\/uploads\/2020\/11\/turismevalles2883.pdf\" class=\"wp-block-file__button wp-element-button\" download>T\u00e9l\u00e9charger<\/a><\/div>\n\n\n\n<p><\/p>\n","protected":false},"featured_media":6425,"template":"","poblacions":[437],"establiment":[213],"tipus_turisme":[257,247,254],"tipologia_estada":[1669,269],"class_list":["post-9194","ubicacio_dormir","type-ubicacio_dormir","status-publish","has-post-thumbnail","hentry","poblacions-sant-esteve-de-palautordera-fr","establiment-hotel-fr-2","tipus_turisme-tourisme-actif","tipus_turisme-tourisme-de-bien-etre-de-sante-et-de-bien-etre","tipus_turisme-tourisme-de-nature","tipologia_estada-cycliste","tipologia_estada-in-couple","generate-columns","tablet-grid-50","mobile-grid-100","grid-parent","grid-33"],"acf":{"photo_gallery":{"imatges":[[{"id":6416,"title":"turismevalles441","caption":"","full_image_url":"https:\/\/turismevalles.com\/wp-content\/uploads\/2020\/11\/turismevalles441.jpg","thumbnail_image_url":"https:\/\/turismevalles.com\/wp-content\/uploads\/2020\/11\/turismevalles441-150x150.jpg","large_srcset":"https:\/\/turismevalles.com\/wp-content\/uploads\/2020\/11\/turismevalles441.jpg 720w, https:\/\/turismevalles.com\/wp-content\/uploads\/2020\/11\/turismevalles441-300x126.jpg 300w","medium_srcset":"https:\/\/turismevalles.com\/wp-content\/uploads\/2020\/11\/turismevalles441-300x126.jpg 300w, https:\/\/turismevalles.com\/wp-content\/uploads\/2020\/11\/turismevalles441.jpg 720w","media_details":{"width":720,"height":302,"sizes":{"medium":{"file":"turismevalles441-300x126.jpg","width":300,"height":126,"mime-type":"image\/jpeg","source_url":"https:\/\/turismevalles.com\/wp-content\/uploads\/2020\/11\/turismevalles441-300x126.jpg"},"thumbnail":{"file":"turismevalles441-150x150.jpg","width":150,"height":150,"mime-type":"image\/jpeg","source_url":"https:\/\/turismevalles.com\/wp-content\/uploads\/2020\/11\/turismevalles441-150x150.jpg"}}},"alt_text":"","url":"","target":""},{"id":6413,"title":"turismevalles440","caption":"","full_image_url":"https:\/\/turismevalles.com\/wp-content\/uploads\/2020\/11\/turismevalles440.jpg","thumbnail_image_url":"https:\/\/turismevalles.com\/wp-content\/uploads\/2020\/11\/turismevalles440-150x150.jpg","large_srcset":"https:\/\/turismevalles.com\/wp-content\/uploads\/2020\/11\/turismevalles440.jpg 720w, https:\/\/turismevalles.com\/wp-content\/uploads\/2020\/11\/turismevalles440-300x126.jpg 300w","medium_srcset":"https:\/\/turismevalles.com\/wp-content\/uploads\/2020\/11\/turismevalles440-300x126.jpg 300w, https:\/\/turismevalles.com\/wp-content\/uploads\/2020\/11\/turismevalles440.jpg 720w","media_details":{"width":720,"height":302,"sizes":{"medium":{"file":"turismevalles440-300x126.jpg","width":300,"height":126,"mime-type":"image\/jpeg","source_url":"https:\/\/turismevalles.com\/wp-content\/uploads\/2020\/11\/turismevalles440-300x126.jpg"},"thumbnail":{"file":"turismevalles440-150x150.jpg","width":150,"height":150,"mime-type":"image\/jpeg","source_url":"https:\/\/turismevalles.com\/wp-content\/uploads\/2020\/11\/turismevalles440-150x150.jpg"}}},"alt_text":"","url":"","target":""},{"id":6410,"title":"turismevalles439","caption":"","full_image_url":"https:\/\/turismevalles.com\/wp-content\/uploads\/2020\/11\/turismevalles439.jpg","thumbnail_image_url":"https:\/\/turismevalles.com\/wp-content\/uploads\/2020\/11\/turismevalles439-150x150.jpg","large_srcset":"https:\/\/turismevalles.com\/wp-content\/uploads\/2020\/11\/turismevalles439.jpg 720w, https:\/\/turismevalles.com\/wp-content\/uploads\/2020\/11\/turismevalles439-300x126.jpg 300w","medium_srcset":"https:\/\/turismevalles.com\/wp-content\/uploads\/2020\/11\/turismevalles439-300x126.jpg 300w, https:\/\/turismevalles.com\/wp-content\/uploads\/2020\/11\/turismevalles439.jpg 720w","media_details":{"width":720,"height":302,"sizes":{"medium":{"file":"turismevalles439-300x126.jpg","width":300,"height":126,"mime-type":"image\/jpeg","source_url":"https:\/\/turismevalles.com\/wp-content\/uploads\/2020\/11\/turismevalles439-300x126.jpg"},"thumbnail":{"file":"turismevalles439-150x150.jpg","width":150,"height":150,"mime-type":"image\/jpeg","source_url":"https:\/\/turismevalles.com\/wp-content\/uploads\/2020\/11\/turismevalles439-150x150.jpg"}}},"alt_text":"","url":"","target":""},{"id":6407,"title":"turismevalles438","caption":"","full_image_url":"https:\/\/turismevalles.com\/wp-content\/uploads\/2020\/11\/turismevalles438.jpg","thumbnail_image_url":"https:\/\/turismevalles.com\/wp-content\/uploads\/2020\/11\/turismevalles438-150x150.jpg","large_srcset":"https:\/\/turismevalles.com\/wp-content\/uploads\/2020\/11\/turismevalles438.jpg 720w, https:\/\/turismevalles.com\/wp-content\/uploads\/2020\/11\/turismevalles438-300x126.jpg 300w","medium_srcset":"https:\/\/turismevalles.com\/wp-content\/uploads\/2020\/11\/turismevalles438-300x126.jpg 300w, https:\/\/turismevalles.com\/wp-content\/uploads\/2020\/11\/turismevalles438.jpg 720w","media_details":{"width":720,"height":302,"sizes":{"medium":{"file":"turismevalles438-300x126.jpg","width":300,"height":126,"mime-type":"image\/jpeg","source_url":"https:\/\/turismevalles.com\/wp-content\/uploads\/2020\/11\/turismevalles438-300x126.jpg"},"thumbnail":{"file":"turismevalles438-150x150.jpg","width":150,"height":150,"mime-type":"image\/jpeg","source_url":"https:\/\/turismevalles.com\/wp-content\/uploads\/2020\/11\/turismevalles438-150x150.jpg"}}},"alt_text":"","url":"","target":""},{"id":6404,"title":"turismevalles437","caption":"","full_image_url":"https:\/\/turismevalles.com\/wp-content\/uploads\/2020\/11\/turismevalles437.jpg","thumbnail_image_url":"https:\/\/turismevalles.com\/wp-content\/uploads\/2020\/11\/turismevalles437-150x150.jpg","large_srcset":"https:\/\/turismevalles.com\/wp-content\/uploads\/2020\/11\/turismevalles437.jpg 720w, https:\/\/turismevalles.com\/wp-content\/uploads\/2020\/11\/turismevalles437-300x126.jpg 300w","medium_srcset":"https:\/\/turismevalles.com\/wp-content\/uploads\/2020\/11\/turismevalles437-300x126.jpg 300w, https:\/\/turismevalles.com\/wp-content\/uploads\/2020\/11\/turismevalles437.jpg 720w","media_details":{"width":720,"height":302,"sizes":{"medium":{"file":"turismevalles437-300x126.jpg","width":300,"height":126,"mime-type":"image\/jpeg","source_url":"https:\/\/turismevalles.com\/wp-content\/uploads\/2020\/11\/turismevalles437-300x126.jpg"},"thumbnail":{"file":"turismevalles437-150x150.jpg","width":150,"height":150,"mime-type":"image\/jpeg","source_url":"https:\/\/turismevalles.com\/wp-content\/uploads\/2020\/11\/turismevalles437-150x150.jpg"}}},"alt_text":"","url":"","target":""}]]}},"yoast_head":"<!-- This site is optimized with the Yoast SEO plugin v26.4 - https:\/\/yoast.com\/wordpress\/plugins\/seo\/ -->\n<title>Hotel Som l&#039;Om - Turisme Vall\u00e8s<\/title>\n<meta name=\"description\" content=\"R\u00e9servez une chambre d&#039;h\u00f4tel au pied du Montseny, et profitez des nombreuses activit\u00e9s \u00e0 r\u00e9aliser \u00e0 l&#039;air libre comme le trekking, le VTT, le cyclisme, etc.\" \/>\n<meta name=\"robots\" content=\"index, follow, max-snippet:-1, max-image-preview:large, max-video-preview:-1\" \/>\n<link rel=\"canonical\" href=\"https:\/\/turismevalles.com\/fr\/sommeil\/hotel-som-lom\/\" \/>\n<meta property=\"og:locale\" content=\"fr_FR\" \/>\n<meta property=\"og:type\" content=\"article\" \/>\n<meta property=\"og:title\" content=\"Hotel Som l&#039;Om - Turisme Vall\u00e8s\" \/>\n<meta property=\"og:description\" content=\"R\u00e9servez une chambre d&#039;h\u00f4tel au pied du Montseny, et profitez des nombreuses activit\u00e9s \u00e0 r\u00e9aliser \u00e0 l&#039;air libre comme le trekking, le VTT, le cyclisme, etc.\" \/>\n<meta property=\"og:url\" content=\"https:\/\/turismevalles.com\/fr\/sommeil\/hotel-som-lom\/\" \/>\n<meta property=\"og:site_name\" content=\"Turisme Vall\u00e8s\" \/>\n<meta property=\"article:modified_time\" content=\"2026-05-28T11:53:13+00:00\" \/>\n<meta property=\"og:image\" content=\"https:\/\/turismevalles.com\/wp-content\/uploads\/2020\/11\/turismevalles440-1.jpg\" \/>\n\t<meta property=\"og:image:width\" content=\"720\" \/>\n\t<meta property=\"og:image:height\" content=\"302\" \/>\n\t<meta property=\"og:image:type\" content=\"image\/jpeg\" \/>\n<meta name=\"twitter:card\" content=\"summary_large_image\" \/>\n<meta name=\"twitter:label1\" content=\"Dur\u00e9e de lecture estim\u00e9e\" \/>\n\t<meta name=\"twitter:data1\" content=\"2 minutes\" \/>\n<script type=\"application\/ld+json\" class=\"yoast-schema-graph\">{\"@context\":\"https:\/\/schema.org\",\"@graph\":[{\"@type\":\"WebPage\",\"@id\":\"https:\/\/turismevalles.com\/fr\/sommeil\/hotel-som-lom\/\",\"url\":\"https:\/\/turismevalles.com\/fr\/sommeil\/hotel-som-lom\/\",\"name\":\"Hotel Som l'Om - Turisme Vall\u00e8s\",\"isPartOf\":{\"@id\":\"https:\/\/turismevalles.com\/en\/#website\"},\"primaryImageOfPage\":{\"@id\":\"https:\/\/turismevalles.com\/fr\/sommeil\/hotel-som-lom\/#primaryimage\"},\"image\":{\"@id\":\"https:\/\/turismevalles.com\/fr\/sommeil\/hotel-som-lom\/#primaryimage\"},\"thumbnailUrl\":\"https:\/\/turismevalles.com\/wp-content\/uploads\/2020\/11\/turismevalles440-1.jpg\",\"datePublished\":\"2020-11-26T08:28:35+00:00\",\"dateModified\":\"2026-05-28T11:53:13+00:00\",\"description\":\"R\u00e9servez une chambre d'h\u00f4tel au pied du Montseny, et profitez des nombreuses activit\u00e9s \u00e0 r\u00e9aliser \u00e0 l'air libre comme le trekking, le VTT, le cyclisme, etc.\",\"breadcrumb\":{\"@id\":\"https:\/\/turismevalles.com\/fr\/sommeil\/hotel-som-lom\/#breadcrumb\"},\"inLanguage\":\"fr-FR\",\"potentialAction\":[{\"@type\":\"ReadAction\",\"target\":[\"https:\/\/turismevalles.com\/fr\/sommeil\/hotel-som-lom\/\"]}]},{\"@type\":\"ImageObject\",\"inLanguage\":\"fr-FR\",\"@id\":\"https:\/\/turismevalles.com\/fr\/sommeil\/hotel-som-lom\/#primaryimage\",\"url\":\"https:\/\/turismevalles.com\/wp-content\/uploads\/2020\/11\/turismevalles440-1.jpg\",\"contentUrl\":\"https:\/\/turismevalles.com\/wp-content\/uploads\/2020\/11\/turismevalles440-1.jpg\",\"width\":720,\"height\":302,\"caption\":\"Hotel Som l\u2019Om\"},{\"@type\":\"BreadcrumbList\",\"@id\":\"https:\/\/turismevalles.com\/fr\/sommeil\/hotel-som-lom\/#breadcrumb\",\"itemListElement\":[{\"@type\":\"ListItem\",\"position\":1,\"name\":\"Inici\",\"item\":\"https:\/\/turismevalles.com\/fr\/\"},{\"@type\":\"ListItem\",\"position\":2,\"name\":\"Places to sleep\",\"item\":\"https:\/\/turismevalles.com\/en\/sleep\/\"},{\"@type\":\"ListItem\",\"position\":3,\"name\":\"Hotel Som l&#8217;Om\"}]},{\"@type\":\"WebSite\",\"@id\":\"https:\/\/turismevalles.com\/en\/#website\",\"url\":\"https:\/\/turismevalles.com\/en\/\",\"name\":\"Turisme Vall\u00e8s\",\"description\":\"\",\"publisher\":{\"@id\":\"https:\/\/turismevalles.com\/en\/#organization\"},\"potentialAction\":[{\"@type\":\"SearchAction\",\"target\":{\"@type\":\"EntryPoint\",\"urlTemplate\":\"https:\/\/turismevalles.com\/en\/?s={search_term_string}\"},\"query-input\":{\"@type\":\"PropertyValueSpecification\",\"valueRequired\":true,\"valueName\":\"search_term_string\"}}],\"inLanguage\":\"fr-FR\"},{\"@type\":\"Organization\",\"@id\":\"https:\/\/turismevalles.com\/en\/#organization\",\"name\":\"Turisme Vall\u00e8s\",\"url\":\"https:\/\/turismevalles.com\/en\/\",\"logo\":{\"@type\":\"ImageObject\",\"inLanguage\":\"fr-FR\",\"@id\":\"https:\/\/turismevalles.com\/en\/#\/schema\/logo\/image\/\",\"url\":\"https:\/\/turismevalles.com\/wp-content\/uploads\/2020\/08\/cropped-logo_ca-2.png\",\"contentUrl\":\"https:\/\/turismevalles.com\/wp-content\/uploads\/2020\/08\/cropped-logo_ca-2.png\",\"width\":314,\"height\":85,\"caption\":\"Turisme Vall\u00e8s\"},\"image\":{\"@id\":\"https:\/\/turismevalles.com\/en\/#\/schema\/logo\/image\/\"}}]}<\/script>\n<!-- \/ Yoast SEO plugin. -->","yoast_head_json":{"title":"Hotel Som l'Om - Turisme Vall\u00e8s","description":"R\u00e9servez une chambre d'h\u00f4tel au pied du Montseny, et profitez des nombreuses activit\u00e9s \u00e0 r\u00e9aliser \u00e0 l'air libre comme le trekking, le VTT, le cyclisme, etc.","robots":{"index":"index","follow":"follow","max-snippet":"max-snippet:-1","max-image-preview":"max-image-preview:large","max-video-preview":"max-video-preview:-1"},"canonical":"https:\/\/turismevalles.com\/fr\/sommeil\/hotel-som-lom\/","og_locale":"fr_FR","og_type":"article","og_title":"Hotel Som l'Om - Turisme Vall\u00e8s","og_description":"R\u00e9servez une chambre d'h\u00f4tel au pied du Montseny, et profitez des nombreuses activit\u00e9s \u00e0 r\u00e9aliser \u00e0 l'air libre comme le trekking, le VTT, le cyclisme, etc.","og_url":"https:\/\/turismevalles.com\/fr\/sommeil\/hotel-som-lom\/","og_site_name":"Turisme Vall\u00e8s","article_modified_time":"2026-05-28T11:53:13+00:00","og_image":[{"width":720,"height":302,"url":"https:\/\/turismevalles.com\/wp-content\/uploads\/2020\/11\/turismevalles440-1.jpg","type":"image\/jpeg"}],"twitter_card":"summary_large_image","twitter_misc":{"Dur\u00e9e de lecture estim\u00e9e":"2 minutes"},"schema":{"@context":"https:\/\/schema.org","@graph":[{"@type":"WebPage","@id":"https:\/\/turismevalles.com\/fr\/sommeil\/hotel-som-lom\/","url":"https:\/\/turismevalles.com\/fr\/sommeil\/hotel-som-lom\/","name":"Hotel Som l'Om - Turisme Vall\u00e8s","isPartOf":{"@id":"https:\/\/turismevalles.com\/en\/#website"},"primaryImageOfPage":{"@id":"https:\/\/turismevalles.com\/fr\/sommeil\/hotel-som-lom\/#primaryimage"},"image":{"@id":"https:\/\/turismevalles.com\/fr\/sommeil\/hotel-som-lom\/#primaryimage"},"thumbnailUrl":"https:\/\/turismevalles.com\/wp-content\/uploads\/2020\/11\/turismevalles440-1.jpg","datePublished":"2020-11-26T08:28:35+00:00","dateModified":"2026-05-28T11:53:13+00:00","description":"R\u00e9servez une chambre d'h\u00f4tel au pied du Montseny, et profitez des nombreuses activit\u00e9s \u00e0 r\u00e9aliser \u00e0 l'air libre comme le trekking, le VTT, le cyclisme, etc.","breadcrumb":{"@id":"https:\/\/turismevalles.com\/fr\/sommeil\/hotel-som-lom\/#breadcrumb"},"inLanguage":"fr-FR","potentialAction":[{"@type":"ReadAction","target":["https:\/\/turismevalles.com\/fr\/sommeil\/hotel-som-lom\/"]}]},{"@type":"ImageObject","inLanguage":"fr-FR","@id":"https:\/\/turismevalles.com\/fr\/sommeil\/hotel-som-lom\/#primaryimage","url":"https:\/\/turismevalles.com\/wp-content\/uploads\/2020\/11\/turismevalles440-1.jpg","contentUrl":"https:\/\/turismevalles.com\/wp-content\/uploads\/2020\/11\/turismevalles440-1.jpg","width":720,"height":302,"caption":"Hotel Som l\u2019Om"},{"@type":"BreadcrumbList","@id":"https:\/\/turismevalles.com\/fr\/sommeil\/hotel-som-lom\/#breadcrumb","itemListElement":[{"@type":"ListItem","position":1,"name":"Inici","item":"https:\/\/turismevalles.com\/fr\/"},{"@type":"ListItem","position":2,"name":"Places to sleep","item":"https:\/\/turismevalles.com\/en\/sleep\/"},{"@type":"ListItem","position":3,"name":"Hotel Som l&#8217;Om"}]},{"@type":"WebSite","@id":"https:\/\/turismevalles.com\/en\/#website","url":"https:\/\/turismevalles.com\/en\/","name":"Turisme Vall\u00e8s","description":"","publisher":{"@id":"https:\/\/turismevalles.com\/en\/#organization"},"potentialAction":[{"@type":"SearchAction","target":{"@type":"EntryPoint","urlTemplate":"https:\/\/turismevalles.com\/en\/?s={search_term_string}"},"query-input":{"@type":"PropertyValueSpecification","valueRequired":true,"valueName":"search_term_string"}}],"inLanguage":"fr-FR"},{"@type":"Organization","@id":"https:\/\/turismevalles.com\/en\/#organization","name":"Turisme Vall\u00e8s","url":"https:\/\/turismevalles.com\/en\/","logo":{"@type":"ImageObject","inLanguage":"fr-FR","@id":"https:\/\/turismevalles.com\/en\/#\/schema\/logo\/image\/","url":"https:\/\/turismevalles.com\/wp-content\/uploads\/2020\/08\/cropped-logo_ca-2.png","contentUrl":"https:\/\/turismevalles.com\/wp-content\/uploads\/2020\/08\/cropped-logo_ca-2.png","width":314,"height":85,"caption":"Turisme Vall\u00e8s"},"image":{"@id":"https:\/\/turismevalles.com\/en\/#\/schema\/logo\/image\/"}}]}},"uagb_featured_image_src":{"full":["https:\/\/turismevalles.com\/wp-content\/uploads\/2020\/11\/turismevalles440-1.jpg",720,302,false],"thumbnail":["https:\/\/turismevalles.com\/wp-content\/uploads\/2020\/11\/turismevalles440-1-150x150.jpg",150,150,true],"medium":["https:\/\/turismevalles.com\/wp-content\/uploads\/2020\/11\/turismevalles440-1-300x126.jpg",300,126,true],"medium_large":["https:\/\/turismevalles.com\/wp-content\/uploads\/2020\/11\/turismevalles440-1.jpg",720,302,false],"large":["https:\/\/turismevalles.com\/wp-content\/uploads\/2020\/11\/turismevalles440-1.jpg",720,302,false],"thumblist":["https:\/\/turismevalles.com\/wp-content\/uploads\/2020\/11\/turismevalles440-1.jpg",300,126,false],"meccarouselthumb":["https:\/\/turismevalles.com\/wp-content\/uploads\/2020\/11\/turismevalles440-1.jpg",474,199,false],"gridsquare":["https:\/\/turismevalles.com\/wp-content\/uploads\/2020\/11\/turismevalles440-1.jpg",391,164,false],"tileview":["https:\/\/turismevalles.com\/wp-content\/uploads\/2020\/11\/turismevalles440-1.jpg",300,126,false],"1536x1536":["https:\/\/turismevalles.com\/wp-content\/uploads\/2020\/11\/turismevalles440-1.jpg",720,302,false],"2048x2048":["https:\/\/turismevalles.com\/wp-content\/uploads\/2020\/11\/turismevalles440-1.jpg",720,302,false]},"uagb_author_info":{"display_name":"Turisme Valles","author_link":"https:\/\/turismevalles.com\/fr\/author\/"},"uagb_comment_info":0,"uagb_excerpt":"R\u00e9servez une chambre d&rsquo;h\u00f4tel au pied du Montseny, class\u00e9 r\u00e9serve de la biosph\u00e8re par l&rsquo;UNESCO, et profitez des nombreuses activit\u00e9s \u00e0 r\u00e9aliser \u00e0 l&rsquo;air libre ... Veure m\u00e9s","_links":{"self":[{"href":"https:\/\/turismevalles.com\/fr\/wp-json\/wp\/v2\/ubicacio_dormir\/9194","targetHints":{"allow":["GET"]}}],"collection":[{"href":"https:\/\/turismevalles.com\/fr\/wp-json\/wp\/v2\/ubicacio_dormir"}],"about":[{"href":"https:\/\/turismevalles.com\/fr\/wp-json\/wp\/v2\/types\/ubicacio_dormir"}],"wp:featuredmedia":[{"embeddable":true,"href":"https:\/\/turismevalles.com\/fr\/wp-json\/wp\/v2\/media\/6425"}],"wp:attachment":[{"href":"https:\/\/turismevalles.com\/fr\/wp-json\/wp\/v2\/media?parent=9194"}],"wp:term":[{"taxonomy":"poblacions","embeddable":true,"href":"https:\/\/turismevalles.com\/fr\/wp-json\/wp\/v2\/poblacions?post=9194"},{"taxonomy":"establiment","embeddable":true,"href":"https:\/\/turismevalles.com\/fr\/wp-json\/wp\/v2\/establiment?post=9194"},{"taxonomy":"tipus_turisme","embeddable":true,"href":"https:\/\/turismevalles.com\/fr\/wp-json\/wp\/v2\/tipus_turisme?post=9194"},{"taxonomy":"tipologia_estada","embeddable":true,"href":"https:\/\/turismevalles.com\/fr\/wp-json\/wp\/v2\/tipologia_estada?post=9194"}],"curies":[{"name":"wp","href":"https:\/\/api.w.org\/{rel}","templated":true}]}}