{"id":19149,"date":"2022-04-28T10:27:15","date_gmt":"2022-04-28T08:27:15","guid":{"rendered":"http:\/\/turismevalles.com.mialias.net\/valles_oriental\/musees-et-centres-dinterpretation\/"},"modified":"2022-04-28T10:27:16","modified_gmt":"2022-04-28T08:27:16","slug":"musees-et-centres-dinterpretation","status":"publish","type":"valles_oriental","link":"https:\/\/turismevalles.com\/fr\/valles_oriental\/musees-et-centres-dinterpretation\/","title":{"rendered":"Mus\u00e9es et centres d\u2019interpr\u00e9tation"},"content":{"rendered":"\n<p>Si vous \u00eates un amoureux de la culture et que vous aimez d\u00e9couvrir les origines et l\u2019art d\u2019un territoire, ne manquez pas ces propositions.<\/p>\n\n<div class=\"wp-block-columns rutesvalles is-layout-flex wp-container-core-columns-is-layout-9d6595d7 wp-block-columns-is-layout-flex\">\n<div class=\"wp-block-column is-layout-flow wp-block-column-is-layout-flow\">\n<div class=\"wp-block-image\"><figure class=\"aligncenter size-large\"><img loading=\"lazy\" decoding=\"async\" width=\"1024\" height=\"683\" src=\"http:\/\/turismevalles.com\/wp-content\/uploads\/2021\/08\/Abello-1-1024x683.jpg\" alt=\"\" class=\"wp-image-15374\" srcset=\"https:\/\/turismevalles.com\/wp-content\/uploads\/2021\/08\/Abello-1-1024x683.jpg 1024w, https:\/\/turismevalles.com\/wp-content\/uploads\/2021\/08\/Abello-1-300x200.jpg 300w, https:\/\/turismevalles.com\/wp-content\/uploads\/2021\/08\/Abello-1-768x512.jpg 768w, https:\/\/turismevalles.com\/wp-content\/uploads\/2021\/08\/Abello-1-391x260.jpg 391w, https:\/\/turismevalles.com\/wp-content\/uploads\/2021\/08\/Abello-1.jpg 1296w\" sizes=\"auto, (max-width: 1024px) 100vw, 1024px\" \/><\/figure><\/div>\n\n\n\n<h2 class=\"gb-headline gb-headline-8e884d61 gb-headline-text\"><a href=\"http:\/\/turismevalles.com\/activitats\/casa-del-pintor-abello\/\" target=\"_blank\" rel=\"noreferrer noopener\">Maison du peintre Abell\u00f3<\/a><\/h2>\n\n\n\n<p>Maison natale du peintre Joan Abell\u00f3 de Mollet, qui accueille des milliers de pi\u00e8ces, objets et \u0153uvres d\u2019art.<\/p>\n<\/div>\n\n\n\n<div class=\"wp-block-column is-layout-flow wp-block-column-is-layout-flow\">\n<div class=\"wp-block-image\"><figure class=\"aligncenter size-large\"><img loading=\"lazy\" decoding=\"async\" width=\"1024\" height=\"681\" src=\"http:\/\/turismevalles.com\/wp-content\/uploads\/2021\/08\/Abello-2-1024x681.jpg\" alt=\"\" class=\"wp-image-15282\" srcset=\"https:\/\/turismevalles.com\/wp-content\/uploads\/2021\/08\/Abello-2-1024x681.jpg 1024w, https:\/\/turismevalles.com\/wp-content\/uploads\/2021\/08\/Abello-2-300x200.jpg 300w, https:\/\/turismevalles.com\/wp-content\/uploads\/2021\/08\/Abello-2-768x511.jpg 768w, https:\/\/turismevalles.com\/wp-content\/uploads\/2021\/08\/Abello-2-391x260.jpg 391w, https:\/\/turismevalles.com\/wp-content\/uploads\/2021\/08\/Abello-2.jpg 1296w\" sizes=\"auto, (max-width: 1024px) 100vw, 1024px\" \/><\/figure><\/div>\n\n\n\n<h2 class=\"gb-headline gb-headline-b4cf2d2b gb-headline-text\"><a href=\"http:\/\/turismevalles.com\/activitats\/museu-abello\/\" target=\"_blank\" rel=\"noreferrer noopener\">Mus\u00e9e Abell\u00f3<\/a><\/h2>\n\n\n\n<p>Repr\u00e9sentation de l\u2019\u0153uvre du peintre Joan Abell\u00f3 natif de Mollet.<\/p>\n<\/div>\n\n\n\n<div class=\"wp-block-column is-layout-flow wp-block-column-is-layout-flow\">\n<div class=\"wp-block-image\"><figure class=\"aligncenter size-large\"><img loading=\"lazy\" decoding=\"async\" width=\"1024\" height=\"682\" src=\"http:\/\/turismevalles.com\/wp-content\/uploads\/2021\/12\/Screenshot_2-1024x682.jpg\" alt=\"\" class=\"wp-image-16945\" srcset=\"https:\/\/turismevalles.com\/wp-content\/uploads\/2021\/12\/Screenshot_2-1024x682.jpg 1024w, https:\/\/turismevalles.com\/wp-content\/uploads\/2021\/12\/Screenshot_2-300x200.jpg 300w, https:\/\/turismevalles.com\/wp-content\/uploads\/2021\/12\/Screenshot_2-768x511.jpg 768w, https:\/\/turismevalles.com\/wp-content\/uploads\/2021\/12\/Screenshot_2-391x260.jpg 391w, https:\/\/turismevalles.com\/wp-content\/uploads\/2021\/12\/Screenshot_2.jpg 1337w\" sizes=\"auto, (max-width: 1024px) 100vw, 1024px\" \/><\/figure><\/div>\n\n\n\n<h2 class=\"gb-headline gb-headline-72c1d6cb gb-headline-text\"><a href=\"http:\/\/turismevalles.com\/activitats\/museu-arxiu-tomas-balvey\/\" target=\"_blank\" rel=\"noreferrer noopener\">Mus\u00e9e-Archives Tom\u00e0s Balvey<\/a><\/h2>\n\n\n\n<p>Ancienne maison de vacances de la famille Daurella, situ\u00e9e au centre de Cardedeu.<\/p>\n<\/div>\n<\/div>\n\n<div class=\"wp-block-columns rutesvalles is-layout-flex wp-container-core-columns-is-layout-9d6595d7 wp-block-columns-is-layout-flex\">\n<div class=\"wp-block-column is-layout-flow wp-block-column-is-layout-flow\">\n<div class=\"wp-block-image\"><figure class=\"aligncenter size-large\"><img loading=\"lazy\" decoding=\"async\" width=\"1024\" height=\"697\" src=\"http:\/\/turismevalles.com\/wp-content\/uploads\/2021\/08\/119-1024x697.jpg\" alt=\"\" class=\"wp-image-15413\" srcset=\"https:\/\/turismevalles.com\/wp-content\/uploads\/2021\/08\/119-1024x697.jpg 1024w, https:\/\/turismevalles.com\/wp-content\/uploads\/2021\/08\/119-300x204.jpg 300w, https:\/\/turismevalles.com\/wp-content\/uploads\/2021\/08\/119-768x523.jpg 768w, https:\/\/turismevalles.com\/wp-content\/uploads\/2021\/08\/119-474x324.jpg 474w, https:\/\/turismevalles.com\/wp-content\/uploads\/2021\/08\/119-1536x1046.jpg 1536w, https:\/\/turismevalles.com\/wp-content\/uploads\/2021\/08\/119.jpg 2000w\" sizes=\"auto, (max-width: 1024px) 100vw, 1024px\" \/><\/figure><\/div>\n\n\n\n<h2 class=\"gb-headline gb-headline-a11b7a46 gb-headline-text\"><a href=\"http:\/\/turismevalles.com\/activitats\/museu-de-granollers\/\" target=\"_blank\" rel=\"noreferrer noopener\">Mus\u00e9e de Granollers<\/a><\/h2>\n\n\n\n<p>Arch\u00e9ologie, art, ethnographie et numismatique de la commune de Granollers.<\/p>\n<\/div>\n\n\n\n<div class=\"wp-block-column is-layout-flow wp-block-column-is-layout-flow\">\n<div class=\"wp-block-image\"><figure class=\"aligncenter size-large\"><img loading=\"lazy\" decoding=\"async\" width=\"1024\" height=\"682\" src=\"http:\/\/turismevalles.com\/wp-content\/uploads\/2021\/12\/Imagen1-1-1024x682.png\" alt=\"\" class=\"wp-image-16954\" srcset=\"https:\/\/turismevalles.com\/wp-content\/uploads\/2021\/12\/Imagen1-1-1024x682.png 1024w, https:\/\/turismevalles.com\/wp-content\/uploads\/2021\/12\/Imagen1-1-300x200.png 300w, https:\/\/turismevalles.com\/wp-content\/uploads\/2021\/12\/Imagen1-1-768x512.png 768w, https:\/\/turismevalles.com\/wp-content\/uploads\/2021\/12\/Imagen1-1-391x260.png 391w, https:\/\/turismevalles.com\/wp-content\/uploads\/2021\/12\/Imagen1-1-1536x1024.png 1536w, https:\/\/turismevalles.com\/wp-content\/uploads\/2021\/12\/Imagen1-1.png 1688w\" sizes=\"auto, (max-width: 1024px) 100vw, 1024px\" \/><\/figure><\/div>\n\n\n\n<h2 class=\"gb-headline gb-headline-eae9d4ab gb-headline-text\"><a href=\"http:\/\/turismevalles.com\/activitats\/museu-de-montmelo\/\" target=\"_blank\" rel=\"noreferrer noopener\">Mus\u00e9e de Montmel\u00f3<\/a><\/h2>\n\n\n\n<p>Sous le titre \u00ab\u00a0Montmel\u00f3, chemins et ann\u00e9es\u00a0\u00bb, le mus\u00e9e retrace l\u2019\u00e9volution historique de la commune dans le contexte d\u2019El Vall\u00e8s et de la Catalogne.<\/p>\n<\/div>\n\n\n\n<div class=\"wp-block-column is-layout-flow wp-block-column-is-layout-flow\">\n<div class=\"wp-block-image\"><figure class=\"aligncenter size-large\"><img loading=\"lazy\" decoding=\"async\" width=\"1024\" height=\"683\" src=\"http:\/\/turismevalles.com\/wp-content\/uploads\/2021\/08\/1-1-expo-manolo-1024x683.jpg\" alt=\"\" class=\"wp-image-16950\" srcset=\"https:\/\/turismevalles.com\/wp-content\/uploads\/2021\/08\/1-1-expo-manolo-1024x683.jpg 1024w, https:\/\/turismevalles.com\/wp-content\/uploads\/2021\/08\/1-1-expo-manolo-300x200.jpg 300w, https:\/\/turismevalles.com\/wp-content\/uploads\/2021\/08\/1-1-expo-manolo-768x512.jpg 768w, https:\/\/turismevalles.com\/wp-content\/uploads\/2021\/08\/1-1-expo-manolo-391x260.jpg 391w, https:\/\/turismevalles.com\/wp-content\/uploads\/2021\/08\/1-1-expo-manolo-1536x1024.jpg 1536w, https:\/\/turismevalles.com\/wp-content\/uploads\/2021\/08\/1-1-expo-manolo-2048x1365.jpg 2048w\" sizes=\"auto, (max-width: 1024px) 100vw, 1024px\" \/><\/figure><\/div>\n\n\n\n<h2 class=\"gb-headline gb-headline-b91892d7 gb-headline-text\"><a href=\"http:\/\/turismevalles.com\/activitats\/manolo-hugue-i-pablo-picasso-al-museu-thermalia\/\" target=\"_blank\" rel=\"noreferrer noopener\">Mus\u00e9e Thermalia<\/a><\/h2>\n\n\n\n<p>Plusieurs \u00e9difices et collections qui r\u00e9sument les traits historiques essentiels de Caldes de Montbui\u00a0: des thermes romains, une chapelle romane, un \u00e9difice gothique civil et un manoir du XVIIIe si\u00e8cle.<\/p>\n<\/div>\n<\/div>\n\n<div class=\"wp-block-columns rutesvalles is-layout-flex wp-container-core-columns-is-layout-9d6595d7 wp-block-columns-is-layout-flex\">\n<div class=\"wp-block-column is-layout-flow wp-block-column-is-layout-flow\">\n<div class=\"wp-block-image\"><figure class=\"aligncenter size-large\"><img loading=\"lazy\" decoding=\"async\" width=\"641\" height=\"396\" src=\"http:\/\/turismevalles.com\/wp-content\/uploads\/2021\/12\/Museu_del_bosc_Vallgorguina01.jpg\" alt=\"\" class=\"wp-image-16958\" srcset=\"https:\/\/turismevalles.com\/wp-content\/uploads\/2021\/12\/Museu_del_bosc_Vallgorguina01.jpg 641w, https:\/\/turismevalles.com\/wp-content\/uploads\/2021\/12\/Museu_del_bosc_Vallgorguina01-300x185.jpg 300w\" sizes=\"auto, (max-width: 641px) 100vw, 641px\" \/><\/figure><\/div>\n\n\n\n<h2 class=\"gb-headline gb-headline-2521c1b3 gb-headline-text\"><a href=\"http:\/\/turismevalles.com\/activitats\/museu-del-bosc-i-la-pagesia\/\" target=\"_blank\" rel=\"noreferrer noopener\">Mus\u00e9e de la for\u00eat et de la paysannerie<\/a><\/h2>\n\n\n\n<p>M\u00e9tiers et traditions de la commune de Vallgorguina pr\u00e9sent\u00e9s \u00e0 partir des objets que les habitants ont apport\u00e9s.<\/p>\n<\/div>\n\n\n\n<div class=\"wp-block-column is-layout-flow wp-block-column-is-layout-flow\"><\/div>\n\n\n\n<div class=\"wp-block-column is-layout-flow wp-block-column-is-layout-flow\"><\/div>\n<\/div>\n\n<hr class=\"wp-block-separator\"\/>\n\n<div style=\"height:32px\" aria-hidden=\"true\" class=\"wp-block-spacer\"><\/div>\n\n<h2 class=\"wp-block-heading\">Connaissez-vous le PassMuseum\u00a0?<\/h2>\n\n<div class=\"wp-block-media-text alignwide is-stacked-on-mobile\"><figure class=\"wp-block-media-text__media\"><img loading=\"lazy\" decoding=\"async\" width=\"720\" height=\"302\" src=\"http:\/\/turismevalles.com\/wp-content\/uploads\/2021\/08\/turismevalles4935.jpeg\" alt=\"\" class=\"wp-image-15278 size-full\" srcset=\"https:\/\/turismevalles.com\/wp-content\/uploads\/2021\/08\/turismevalles4935.jpeg 720w, https:\/\/turismevalles.com\/wp-content\/uploads\/2021\/08\/turismevalles4935-300x126.jpeg 300w\" sizes=\"auto, (max-width: 720px) 100vw, 720px\" \/><\/figure><div class=\"wp-block-media-text__content\">\n<p>Si vous \u00eates passionn\u00e9s par la culture et la gastronomie, sachez que le PassMuseum allie les visites guid\u00e9es au<strong> <a href=\"http:\/\/turismevalles.com\/activitats\/manolo-hugue-i-pablo-picasso-al-museu-thermalia\/\" target=\"_blank\" rel=\"noreferrer noopener\">Mus\u00e9e Thermalia<\/a><\/strong>\u00a0de Caldes de Montbui, au\u00a0<strong><a href=\"http:\/\/turismevalles.com\/activitats\/museu-arxiu-tomas-balvey\/\" target=\"_blank\" rel=\"noreferrer noopener\">Mus\u00e9e-Archives Tom\u00e0s Balvey<\/a><\/strong>\u00a0de Cardedeu, au\u00a0<strong><a href=\"http:\/\/turismevalles.com\/activitats\/museu-de-granollers\/\" target=\"_blank\" rel=\"noreferrer noopener\">Mus\u00e9e de Granollers<\/a><\/strong>, au\u00a0<strong><a href=\"http:\/\/turismevalles.com\/activitats\/museu-abello\/\" target=\"_blank\" rel=\"noreferrer noopener\">Mus\u00e9e Abell\u00f3<\/a><\/strong>\u00a0de Mollet del Vall\u00e8s et au\u00a0<strong><a href=\"http:\/\/turismevalles.com\/activitats\/museu-de-montmelo\/\" target=\"_blank\" rel=\"noreferrer noopener\">Mus\u00e9e de Montmel\u00f3<\/a><\/strong> avec les d\u00e9gustations gastronomiques et les activit\u00e9s de d\u00e9couverte des environs.<\/p>\n\n\n\n<p>Pour plus d\u2019informations, cliquez <strong><a href=\"http:\/\/turismevalles.com\/fr\/activit&#xE9;s\/passmuseum\/\" target=\"_blank\" rel=\"noreferrer noopener\">ici<\/a><\/strong>.<\/p>\n<\/div><\/div>\n","protected":false},"featured_media":0,"template":"","poblacions":[],"valles_oriental_contingut":[317],"tipologia_estada":[],"class_list":["post-19149","valles_oriental","type-valles_oriental","status-publish","hentry","valles_oriental_contingut-patrimoine-architectural-et-archeologique","generate-columns","tablet-grid-50","mobile-grid-100","grid-parent","grid-33"],"acf":[],"yoast_head":"<!-- This site is optimized with the Yoast SEO plugin v26.4 - https:\/\/yoast.com\/wordpress\/plugins\/seo\/ -->\n<title>Mus\u00e9es et centres d\u2019interpr\u00e9tation - Turisme Vall\u00e8s<\/title>\n<meta name=\"description\" content=\"Si vous \u00eates un amoureux de la culture et que vous aimez d\u00e9couvrir les origines et l\u2019art d\u2019un territoire, ne manquez pas les propositions culturelles d\u2019El Vall\u00e8s Oriental.\" \/>\n<meta name=\"robots\" content=\"index, follow, max-snippet:-1, max-image-preview:large, max-video-preview:-1\" \/>\n<link rel=\"canonical\" href=\"https:\/\/turismevalles.com\/fr\/valles_oriental\/musees-et-centres-dinterpretation\/\" \/>\n<meta property=\"og:locale\" content=\"fr_FR\" \/>\n<meta property=\"og:type\" content=\"article\" \/>\n<meta property=\"og:title\" content=\"Mus\u00e9es et centres d\u2019interpr\u00e9tation - Turisme Vall\u00e8s\" \/>\n<meta property=\"og:description\" content=\"Si vous \u00eates un amoureux de la culture et que vous aimez d\u00e9couvrir les origines et l\u2019art d\u2019un territoire, ne manquez pas les propositions culturelles d\u2019El Vall\u00e8s Oriental.\" \/>\n<meta property=\"og:url\" content=\"https:\/\/turismevalles.com\/fr\/valles_oriental\/musees-et-centres-dinterpretation\/\" \/>\n<meta property=\"og:site_name\" content=\"Turisme Vall\u00e8s\" \/>\n<meta property=\"article:modified_time\" content=\"2022-04-28T08:27:16+00:00\" \/>\n<meta property=\"og:image\" content=\"http:\/\/turismevalles.com\/wp-content\/uploads\/2021\/08\/Abello-1-1024x683.jpg\" \/>\n<meta name=\"twitter:card\" content=\"summary_large_image\" \/>\n<meta name=\"twitter:label1\" content=\"Dur\u00e9e de lecture estim\u00e9e\" \/>\n\t<meta name=\"twitter:data1\" content=\"1 minute\" \/>\n<script type=\"application\/ld+json\" class=\"yoast-schema-graph\">{\"@context\":\"https:\/\/schema.org\",\"@graph\":[{\"@type\":\"WebPage\",\"@id\":\"https:\/\/turismevalles.com\/fr\/valles_oriental\/musees-et-centres-dinterpretation\/\",\"url\":\"https:\/\/turismevalles.com\/fr\/valles_oriental\/musees-et-centres-dinterpretation\/\",\"name\":\"Mus\u00e9es et centres d\u2019interpr\u00e9tation - Turisme Vall\u00e8s\",\"isPartOf\":{\"@id\":\"https:\/\/turismevalles.com\/en\/#website\"},\"primaryImageOfPage\":{\"@id\":\"https:\/\/turismevalles.com\/fr\/valles_oriental\/musees-et-centres-dinterpretation\/#primaryimage\"},\"image\":{\"@id\":\"https:\/\/turismevalles.com\/fr\/valles_oriental\/musees-et-centres-dinterpretation\/#primaryimage\"},\"thumbnailUrl\":\"http:\/\/turismevalles.com\/wp-content\/uploads\/2021\/08\/Abello-1-1024x683.jpg\",\"datePublished\":\"2022-04-28T08:27:15+00:00\",\"dateModified\":\"2022-04-28T08:27:16+00:00\",\"description\":\"Si vous \u00eates un amoureux de la culture et que vous aimez d\u00e9couvrir les origines et l\u2019art d\u2019un territoire, ne manquez pas les propositions culturelles d\u2019El Vall\u00e8s Oriental.\",\"breadcrumb\":{\"@id\":\"https:\/\/turismevalles.com\/fr\/valles_oriental\/musees-et-centres-dinterpretation\/#breadcrumb\"},\"inLanguage\":\"fr-FR\",\"potentialAction\":[{\"@type\":\"ReadAction\",\"target\":[\"https:\/\/turismevalles.com\/fr\/valles_oriental\/musees-et-centres-dinterpretation\/\"]}]},{\"@type\":\"ImageObject\",\"inLanguage\":\"fr-FR\",\"@id\":\"https:\/\/turismevalles.com\/fr\/valles_oriental\/musees-et-centres-dinterpretation\/#primaryimage\",\"url\":\"http:\/\/turismevalles.com\/wp-content\/uploads\/2021\/08\/Abello-1-1024x683.jpg\",\"contentUrl\":\"http:\/\/turismevalles.com\/wp-content\/uploads\/2021\/08\/Abello-1-1024x683.jpg\"},{\"@type\":\"BreadcrumbList\",\"@id\":\"https:\/\/turismevalles.com\/fr\/valles_oriental\/musees-et-centres-dinterpretation\/#breadcrumb\",\"itemListElement\":[{\"@type\":\"ListItem\",\"position\":1,\"name\":\"Inici\",\"item\":\"https:\/\/turismevalles.com\/fr\/\"},{\"@type\":\"ListItem\",\"position\":2,\"name\":\"Vall\u00e8s Oriental\",\"item\":\"https:\/\/turismevalles.com\/valles_oriental\/\"},{\"@type\":\"ListItem\",\"position\":3,\"name\":\"Mus\u00e9es et centres d\u2019interpr\u00e9tation\"}]},{\"@type\":\"WebSite\",\"@id\":\"https:\/\/turismevalles.com\/en\/#website\",\"url\":\"https:\/\/turismevalles.com\/en\/\",\"name\":\"Turisme Vall\u00e8s\",\"description\":\"\",\"publisher\":{\"@id\":\"https:\/\/turismevalles.com\/en\/#organization\"},\"potentialAction\":[{\"@type\":\"SearchAction\",\"target\":{\"@type\":\"EntryPoint\",\"urlTemplate\":\"https:\/\/turismevalles.com\/en\/?s={search_term_string}\"},\"query-input\":{\"@type\":\"PropertyValueSpecification\",\"valueRequired\":true,\"valueName\":\"search_term_string\"}}],\"inLanguage\":\"fr-FR\"},{\"@type\":\"Organization\",\"@id\":\"https:\/\/turismevalles.com\/en\/#organization\",\"name\":\"Turisme Vall\u00e8s\",\"url\":\"https:\/\/turismevalles.com\/en\/\",\"logo\":{\"@type\":\"ImageObject\",\"inLanguage\":\"fr-FR\",\"@id\":\"https:\/\/turismevalles.com\/en\/#\/schema\/logo\/image\/\",\"url\":\"https:\/\/turismevalles.com\/wp-content\/uploads\/2020\/08\/cropped-logo_ca-2.png\",\"contentUrl\":\"https:\/\/turismevalles.com\/wp-content\/uploads\/2020\/08\/cropped-logo_ca-2.png\",\"width\":314,\"height\":85,\"caption\":\"Turisme Vall\u00e8s\"},\"image\":{\"@id\":\"https:\/\/turismevalles.com\/en\/#\/schema\/logo\/image\/\"}}]}<\/script>\n<!-- \/ Yoast SEO plugin. -->","yoast_head_json":{"title":"Mus\u00e9es et centres d\u2019interpr\u00e9tation - Turisme Vall\u00e8s","description":"Si vous \u00eates un amoureux de la culture et que vous aimez d\u00e9couvrir les origines et l\u2019art d\u2019un territoire, ne manquez pas les propositions culturelles d\u2019El Vall\u00e8s Oriental.","robots":{"index":"index","follow":"follow","max-snippet":"max-snippet:-1","max-image-preview":"max-image-preview:large","max-video-preview":"max-video-preview:-1"},"canonical":"https:\/\/turismevalles.com\/fr\/valles_oriental\/musees-et-centres-dinterpretation\/","og_locale":"fr_FR","og_type":"article","og_title":"Mus\u00e9es et centres d\u2019interpr\u00e9tation - Turisme Vall\u00e8s","og_description":"Si vous \u00eates un amoureux de la culture et que vous aimez d\u00e9couvrir les origines et l\u2019art d\u2019un territoire, ne manquez pas les propositions culturelles d\u2019El Vall\u00e8s Oriental.","og_url":"https:\/\/turismevalles.com\/fr\/valles_oriental\/musees-et-centres-dinterpretation\/","og_site_name":"Turisme Vall\u00e8s","article_modified_time":"2022-04-28T08:27:16+00:00","og_image":[{"url":"http:\/\/turismevalles.com\/wp-content\/uploads\/2021\/08\/Abello-1-1024x683.jpg","type":"","width":"","height":""}],"twitter_card":"summary_large_image","twitter_misc":{"Dur\u00e9e de lecture estim\u00e9e":"1 minute"},"schema":{"@context":"https:\/\/schema.org","@graph":[{"@type":"WebPage","@id":"https:\/\/turismevalles.com\/fr\/valles_oriental\/musees-et-centres-dinterpretation\/","url":"https:\/\/turismevalles.com\/fr\/valles_oriental\/musees-et-centres-dinterpretation\/","name":"Mus\u00e9es et centres d\u2019interpr\u00e9tation - Turisme Vall\u00e8s","isPartOf":{"@id":"https:\/\/turismevalles.com\/en\/#website"},"primaryImageOfPage":{"@id":"https:\/\/turismevalles.com\/fr\/valles_oriental\/musees-et-centres-dinterpretation\/#primaryimage"},"image":{"@id":"https:\/\/turismevalles.com\/fr\/valles_oriental\/musees-et-centres-dinterpretation\/#primaryimage"},"thumbnailUrl":"http:\/\/turismevalles.com\/wp-content\/uploads\/2021\/08\/Abello-1-1024x683.jpg","datePublished":"2022-04-28T08:27:15+00:00","dateModified":"2022-04-28T08:27:16+00:00","description":"Si vous \u00eates un amoureux de la culture et que vous aimez d\u00e9couvrir les origines et l\u2019art d\u2019un territoire, ne manquez pas les propositions culturelles d\u2019El Vall\u00e8s Oriental.","breadcrumb":{"@id":"https:\/\/turismevalles.com\/fr\/valles_oriental\/musees-et-centres-dinterpretation\/#breadcrumb"},"inLanguage":"fr-FR","potentialAction":[{"@type":"ReadAction","target":["https:\/\/turismevalles.com\/fr\/valles_oriental\/musees-et-centres-dinterpretation\/"]}]},{"@type":"ImageObject","inLanguage":"fr-FR","@id":"https:\/\/turismevalles.com\/fr\/valles_oriental\/musees-et-centres-dinterpretation\/#primaryimage","url":"http:\/\/turismevalles.com\/wp-content\/uploads\/2021\/08\/Abello-1-1024x683.jpg","contentUrl":"http:\/\/turismevalles.com\/wp-content\/uploads\/2021\/08\/Abello-1-1024x683.jpg"},{"@type":"BreadcrumbList","@id":"https:\/\/turismevalles.com\/fr\/valles_oriental\/musees-et-centres-dinterpretation\/#breadcrumb","itemListElement":[{"@type":"ListItem","position":1,"name":"Inici","item":"https:\/\/turismevalles.com\/fr\/"},{"@type":"ListItem","position":2,"name":"Vall\u00e8s Oriental","item":"https:\/\/turismevalles.com\/valles_oriental\/"},{"@type":"ListItem","position":3,"name":"Mus\u00e9es et centres d\u2019interpr\u00e9tation"}]},{"@type":"WebSite","@id":"https:\/\/turismevalles.com\/en\/#website","url":"https:\/\/turismevalles.com\/en\/","name":"Turisme Vall\u00e8s","description":"","publisher":{"@id":"https:\/\/turismevalles.com\/en\/#organization"},"potentialAction":[{"@type":"SearchAction","target":{"@type":"EntryPoint","urlTemplate":"https:\/\/turismevalles.com\/en\/?s={search_term_string}"},"query-input":{"@type":"PropertyValueSpecification","valueRequired":true,"valueName":"search_term_string"}}],"inLanguage":"fr-FR"},{"@type":"Organization","@id":"https:\/\/turismevalles.com\/en\/#organization","name":"Turisme Vall\u00e8s","url":"https:\/\/turismevalles.com\/en\/","logo":{"@type":"ImageObject","inLanguage":"fr-FR","@id":"https:\/\/turismevalles.com\/en\/#\/schema\/logo\/image\/","url":"https:\/\/turismevalles.com\/wp-content\/uploads\/2020\/08\/cropped-logo_ca-2.png","contentUrl":"https:\/\/turismevalles.com\/wp-content\/uploads\/2020\/08\/cropped-logo_ca-2.png","width":314,"height":85,"caption":"Turisme Vall\u00e8s"},"image":{"@id":"https:\/\/turismevalles.com\/en\/#\/schema\/logo\/image\/"}}]}},"uagb_featured_image_src":{"full":false,"thumbnail":false,"medium":false,"medium_large":false,"large":false,"thumblist":false,"meccarouselthumb":false,"gridsquare":false,"tileview":false,"1536x1536":false,"2048x2048":false},"uagb_author_info":{"display_name":"Turisme Valles","author_link":"https:\/\/turismevalles.com\/fr\/author\/"},"uagb_comment_info":0,"uagb_excerpt":"Si vous \u00eates un amoureux de la culture et que vous aimez d\u00e9couvrir les origines et l\u2019art d\u2019un territoire, ne manquez pas ces propositions. Maison ... Veure m\u00e9s","_links":{"self":[{"href":"https:\/\/turismevalles.com\/fr\/wp-json\/wp\/v2\/valles_oriental\/19149","targetHints":{"allow":["GET"]}}],"collection":[{"href":"https:\/\/turismevalles.com\/fr\/wp-json\/wp\/v2\/valles_oriental"}],"about":[{"href":"https:\/\/turismevalles.com\/fr\/wp-json\/wp\/v2\/types\/valles_oriental"}],"wp:attachment":[{"href":"https:\/\/turismevalles.com\/fr\/wp-json\/wp\/v2\/media?parent=19149"}],"wp:term":[{"taxonomy":"poblacions","embeddable":true,"href":"https:\/\/turismevalles.com\/fr\/wp-json\/wp\/v2\/poblacions?post=19149"},{"taxonomy":"valles_oriental_contingut","embeddable":true,"href":"https:\/\/turismevalles.com\/fr\/wp-json\/wp\/v2\/valles_oriental_contingut?post=19149"},{"taxonomy":"tipologia_estada","embeddable":true,"href":"https:\/\/turismevalles.com\/fr\/wp-json\/wp\/v2\/tipologia_estada?post=19149"}],"curies":[{"name":"wp","href":"https:\/\/api.w.org\/{rel}","templated":true}]}}