{"id":9797,"date":"2020-12-02T10:50:34","date_gmt":"2020-12-02T08:50:34","guid":{"rendered":"http:\/\/turismevalles.com.mialias.net\/valles_oriental\/cardedeu\/"},"modified":"2020-12-02T10:50:34","modified_gmt":"2020-12-02T08:50:34","slug":"cardedeu","status":"publish","type":"valles_oriental","link":"https:\/\/turismevalles.com\/fr\/valles_oriental\/cardedeu\/","title":{"rendered":"Cardedeu"},"content":{"rendered":"\n<p>La commune de\u00a0<strong>Cardedeu\u00a0<\/strong>est situ\u00e9e au centre de la d\u00e9pression du Vall\u00e8s, dans le bas de la rivi\u00e8re de C\u00e0noves qui traverse son terme municipal. Elle constitue un point strat\u00e9gique pour les voies de communications entre Barcelone et G\u00e9rone, fait qui a marqu\u00e9 son d\u00e9veloppement historique.<\/p>\n\n<p>R\u00e9pertori\u00e9e d\u00e8s l\u2019\u00e9poque m\u00e9di\u00e9vale,\u00a0<strong>Cardedeu\u00a0<\/strong>acquiert son caract\u00e8re urbain \u00e0 partir du XIII\u00e8me si\u00e8cle, lorsque le roi Jacques Ier lui accorde le titre de mairie. Mais la transformation de\u00a0<strong>Cardedeu\u00a0<\/strong>en ville moderne n\u2019a lieu que fin du XIX\u00e8me si\u00e8cle, avec la construction de la ligne de train (1860) et de la route r\u00e9gionale (1865). La ville va grandir autour de ces nouvelles voies, dot\u00e9e d\u2019un urbanisme tout-\u00e0-fait particulier et de\u00a0<strong>magnifiques villas modernistes<\/strong>\u00a0b\u00e2ties pour des estivants barcelonais. Ce qui fait aujourd\u2019hui de la localit\u00e9 une commune r\u00e9sidentielle.&#13;\nOn remarquera les villas de la grand route et sp\u00e9cialement la Torre Gual ou Montserrat, \u0153uvre de l\u2019architecte Balcells, l\u2019Alqueria Cloelia et, dans le centre ville, les maisons Arquer et Golferichs, \u0153uvres de l\u2019architecte municipal <strong>M.J. Raspall.<\/strong><\/p>\n\n<p><a href=\"http:\/\/www.museudecardedeu.cat\/\">Plus d&rsquo;informations<\/a><\/p>\n","protected":false},"featured_media":56804,"template":"","poblacions":[394],"valles_oriental_contingut":[323],"tipologia_estada":[],"class_list":["post-9797","valles_oriental","type-valles_oriental","status-publish","has-post-thumbnail","hentry","poblacions-cardedeu-fr","valles_oriental_contingut-modernisme-fr","generate-columns","tablet-grid-50","mobile-grid-100","grid-parent","grid-33"],"acf":[],"yoast_head":"<!-- This site is optimized with the Yoast SEO plugin v26.4 - https:\/\/yoast.com\/wordpress\/plugins\/seo\/ -->\n<title>Cardedeu - Turisme Vall\u00e8s<\/title>\n<meta name=\"robots\" content=\"index, follow, max-snippet:-1, max-image-preview:large, max-video-preview:-1\" \/>\n<link rel=\"canonical\" href=\"https:\/\/turismevalles.com\/valles_oriental\/cardedeu\/\" \/>\n<meta property=\"og:locale\" content=\"fr_FR\" \/>\n<meta property=\"og:type\" content=\"article\" \/>\n<meta property=\"og:title\" content=\"Cardedeu - Turisme Vall\u00e8s\" \/>\n<meta property=\"og:description\" content=\"La commune de\u00a0Cardedeu\u00a0est situ\u00e9e au centre de la d\u00e9pression du Vall\u00e8s, dans le bas de la rivi\u00e8re de C\u00e0noves qui traverse son terme municipal. Elle ... Veure m\u00e9s\" \/>\n<meta property=\"og:url\" content=\"https:\/\/turismevalles.com\/valles_oriental\/cardedeu\/\" \/>\n<meta property=\"og:site_name\" content=\"Turisme Vall\u00e8s\" \/>\n<meta property=\"og:image\" content=\"https:\/\/turismevalles.com\/wp-content\/uploads\/2020\/11\/Casa-Viader-Foto-Cornellas-scaled.jpg\" \/>\n\t<meta property=\"og:image:width\" content=\"1707\" \/>\n\t<meta property=\"og:image:height\" content=\"2560\" \/>\n\t<meta property=\"og:image:type\" content=\"image\/jpeg\" \/>\n<meta name=\"twitter:card\" content=\"summary_large_image\" \/>\n<meta name=\"twitter:label1\" content=\"Dur\u00e9e de lecture estim\u00e9e\" \/>\n\t<meta name=\"twitter:data1\" content=\"1 minute\" \/>\n<script type=\"application\/ld+json\" class=\"yoast-schema-graph\">{\"@context\":\"https:\/\/schema.org\",\"@graph\":[{\"@type\":\"WebPage\",\"@id\":\"https:\/\/turismevalles.com\/valles_oriental\/cardedeu\/\",\"url\":\"https:\/\/turismevalles.com\/valles_oriental\/cardedeu\/\",\"name\":\"Cardedeu - Turisme Vall\u00e8s\",\"isPartOf\":{\"@id\":\"https:\/\/turismevalles.com\/en\/#website\"},\"primaryImageOfPage\":{\"@id\":\"https:\/\/turismevalles.com\/valles_oriental\/cardedeu\/#primaryimage\"},\"image\":{\"@id\":\"https:\/\/turismevalles.com\/valles_oriental\/cardedeu\/#primaryimage\"},\"thumbnailUrl\":\"https:\/\/turismevalles.com\/wp-content\/uploads\/2020\/11\/Casa-Viader-Foto-Cornellas-scaled.jpg\",\"datePublished\":\"2020-12-02T08:50:34+00:00\",\"breadcrumb\":{\"@id\":\"https:\/\/turismevalles.com\/valles_oriental\/cardedeu\/#breadcrumb\"},\"inLanguage\":\"fr-FR\",\"potentialAction\":[{\"@type\":\"ReadAction\",\"target\":[\"https:\/\/turismevalles.com\/valles_oriental\/cardedeu\/\"]}]},{\"@type\":\"ImageObject\",\"inLanguage\":\"fr-FR\",\"@id\":\"https:\/\/turismevalles.com\/valles_oriental\/cardedeu\/#primaryimage\",\"url\":\"https:\/\/turismevalles.com\/wp-content\/uploads\/2020\/11\/Casa-Viader-Foto-Cornellas-scaled.jpg\",\"contentUrl\":\"https:\/\/turismevalles.com\/wp-content\/uploads\/2020\/11\/Casa-Viader-Foto-Cornellas-scaled.jpg\",\"width\":1707,\"height\":2560,\"caption\":\"Arquitectura Modernista de Cardedeu - Casa Viader\"},{\"@type\":\"BreadcrumbList\",\"@id\":\"https:\/\/turismevalles.com\/valles_oriental\/cardedeu\/#breadcrumb\",\"itemListElement\":[{\"@type\":\"ListItem\",\"position\":1,\"name\":\"Inici\",\"item\":\"https:\/\/turismevalles.com\/fr\/\"},{\"@type\":\"ListItem\",\"position\":2,\"name\":\"Vall\u00e8s Oriental\",\"item\":\"https:\/\/turismevalles.com\/valles_oriental\/\"},{\"@type\":\"ListItem\",\"position\":3,\"name\":\"Cardedeu\"}]},{\"@type\":\"WebSite\",\"@id\":\"https:\/\/turismevalles.com\/en\/#website\",\"url\":\"https:\/\/turismevalles.com\/en\/\",\"name\":\"Turisme Vall\u00e8s\",\"description\":\"\",\"publisher\":{\"@id\":\"https:\/\/turismevalles.com\/en\/#organization\"},\"potentialAction\":[{\"@type\":\"SearchAction\",\"target\":{\"@type\":\"EntryPoint\",\"urlTemplate\":\"https:\/\/turismevalles.com\/en\/?s={search_term_string}\"},\"query-input\":{\"@type\":\"PropertyValueSpecification\",\"valueRequired\":true,\"valueName\":\"search_term_string\"}}],\"inLanguage\":\"fr-FR\"},{\"@type\":\"Organization\",\"@id\":\"https:\/\/turismevalles.com\/en\/#organization\",\"name\":\"Turisme Vall\u00e8s\",\"url\":\"https:\/\/turismevalles.com\/en\/\",\"logo\":{\"@type\":\"ImageObject\",\"inLanguage\":\"fr-FR\",\"@id\":\"https:\/\/turismevalles.com\/en\/#\/schema\/logo\/image\/\",\"url\":\"https:\/\/turismevalles.com\/wp-content\/uploads\/2020\/08\/cropped-logo_ca-2.png\",\"contentUrl\":\"https:\/\/turismevalles.com\/wp-content\/uploads\/2020\/08\/cropped-logo_ca-2.png\",\"width\":314,\"height\":85,\"caption\":\"Turisme Vall\u00e8s\"},\"image\":{\"@id\":\"https:\/\/turismevalles.com\/en\/#\/schema\/logo\/image\/\"}}]}<\/script>\n<!-- \/ Yoast SEO plugin. -->","yoast_head_json":{"title":"Cardedeu - Turisme Vall\u00e8s","robots":{"index":"index","follow":"follow","max-snippet":"max-snippet:-1","max-image-preview":"max-image-preview:large","max-video-preview":"max-video-preview:-1"},"canonical":"https:\/\/turismevalles.com\/valles_oriental\/cardedeu\/","og_locale":"fr_FR","og_type":"article","og_title":"Cardedeu - Turisme Vall\u00e8s","og_description":"La commune de\u00a0Cardedeu\u00a0est situ\u00e9e au centre de la d\u00e9pression du Vall\u00e8s, dans le bas de la rivi\u00e8re de C\u00e0noves qui traverse son terme municipal. Elle ... Veure m\u00e9s","og_url":"https:\/\/turismevalles.com\/valles_oriental\/cardedeu\/","og_site_name":"Turisme Vall\u00e8s","og_image":[{"width":1707,"height":2560,"url":"https:\/\/turismevalles.com\/wp-content\/uploads\/2020\/11\/Casa-Viader-Foto-Cornellas-scaled.jpg","type":"image\/jpeg"}],"twitter_card":"summary_large_image","twitter_misc":{"Dur\u00e9e de lecture estim\u00e9e":"1 minute"},"schema":{"@context":"https:\/\/schema.org","@graph":[{"@type":"WebPage","@id":"https:\/\/turismevalles.com\/valles_oriental\/cardedeu\/","url":"https:\/\/turismevalles.com\/valles_oriental\/cardedeu\/","name":"Cardedeu - Turisme Vall\u00e8s","isPartOf":{"@id":"https:\/\/turismevalles.com\/en\/#website"},"primaryImageOfPage":{"@id":"https:\/\/turismevalles.com\/valles_oriental\/cardedeu\/#primaryimage"},"image":{"@id":"https:\/\/turismevalles.com\/valles_oriental\/cardedeu\/#primaryimage"},"thumbnailUrl":"https:\/\/turismevalles.com\/wp-content\/uploads\/2020\/11\/Casa-Viader-Foto-Cornellas-scaled.jpg","datePublished":"2020-12-02T08:50:34+00:00","breadcrumb":{"@id":"https:\/\/turismevalles.com\/valles_oriental\/cardedeu\/#breadcrumb"},"inLanguage":"fr-FR","potentialAction":[{"@type":"ReadAction","target":["https:\/\/turismevalles.com\/valles_oriental\/cardedeu\/"]}]},{"@type":"ImageObject","inLanguage":"fr-FR","@id":"https:\/\/turismevalles.com\/valles_oriental\/cardedeu\/#primaryimage","url":"https:\/\/turismevalles.com\/wp-content\/uploads\/2020\/11\/Casa-Viader-Foto-Cornellas-scaled.jpg","contentUrl":"https:\/\/turismevalles.com\/wp-content\/uploads\/2020\/11\/Casa-Viader-Foto-Cornellas-scaled.jpg","width":1707,"height":2560,"caption":"Arquitectura Modernista de Cardedeu - Casa Viader"},{"@type":"BreadcrumbList","@id":"https:\/\/turismevalles.com\/valles_oriental\/cardedeu\/#breadcrumb","itemListElement":[{"@type":"ListItem","position":1,"name":"Inici","item":"https:\/\/turismevalles.com\/fr\/"},{"@type":"ListItem","position":2,"name":"Vall\u00e8s Oriental","item":"https:\/\/turismevalles.com\/valles_oriental\/"},{"@type":"ListItem","position":3,"name":"Cardedeu"}]},{"@type":"WebSite","@id":"https:\/\/turismevalles.com\/en\/#website","url":"https:\/\/turismevalles.com\/en\/","name":"Turisme Vall\u00e8s","description":"","publisher":{"@id":"https:\/\/turismevalles.com\/en\/#organization"},"potentialAction":[{"@type":"SearchAction","target":{"@type":"EntryPoint","urlTemplate":"https:\/\/turismevalles.com\/en\/?s={search_term_string}"},"query-input":{"@type":"PropertyValueSpecification","valueRequired":true,"valueName":"search_term_string"}}],"inLanguage":"fr-FR"},{"@type":"Organization","@id":"https:\/\/turismevalles.com\/en\/#organization","name":"Turisme Vall\u00e8s","url":"https:\/\/turismevalles.com\/en\/","logo":{"@type":"ImageObject","inLanguage":"fr-FR","@id":"https:\/\/turismevalles.com\/en\/#\/schema\/logo\/image\/","url":"https:\/\/turismevalles.com\/wp-content\/uploads\/2020\/08\/cropped-logo_ca-2.png","contentUrl":"https:\/\/turismevalles.com\/wp-content\/uploads\/2020\/08\/cropped-logo_ca-2.png","width":314,"height":85,"caption":"Turisme Vall\u00e8s"},"image":{"@id":"https:\/\/turismevalles.com\/en\/#\/schema\/logo\/image\/"}}]}},"uagb_featured_image_src":{"full":["https:\/\/turismevalles.com\/wp-content\/uploads\/2020\/11\/Casa-Viader-Foto-Cornellas-scaled.jpg",1707,2560,false],"thumbnail":["https:\/\/turismevalles.com\/wp-content\/uploads\/2020\/11\/Casa-Viader-Foto-Cornellas-150x150.jpg",150,150,true],"medium":["https:\/\/turismevalles.com\/wp-content\/uploads\/2020\/11\/Casa-Viader-Foto-Cornellas-200x300.jpg",200,300,true],"medium_large":["https:\/\/turismevalles.com\/wp-content\/uploads\/2020\/11\/Casa-Viader-Foto-Cornellas-768x1152.jpg",768,1152,true],"large":["https:\/\/turismevalles.com\/wp-content\/uploads\/2020\/11\/Casa-Viader-Foto-Cornellas-683x1024.jpg",683,1024,true],"thumblist":["https:\/\/turismevalles.com\/wp-content\/uploads\/2020\/11\/Casa-Viader-Foto-Cornellas-300x300.jpg",300,300,true],"meccarouselthumb":["https:\/\/turismevalles.com\/wp-content\/uploads\/2020\/11\/Casa-Viader-Foto-Cornellas-474x324.jpg",474,324,true],"gridsquare":["https:\/\/turismevalles.com\/wp-content\/uploads\/2020\/11\/Casa-Viader-Foto-Cornellas-391x260.jpg",391,260,true],"tileview":["https:\/\/turismevalles.com\/wp-content\/uploads\/2020\/11\/Casa-Viader-Foto-Cornellas-300x400.jpg",300,400,true],"1536x1536":["https:\/\/turismevalles.com\/wp-content\/uploads\/2020\/11\/Casa-Viader-Foto-Cornellas-1024x1536.jpg",1024,1536,true],"2048x2048":["https:\/\/turismevalles.com\/wp-content\/uploads\/2020\/11\/Casa-Viader-Foto-Cornellas-1365x2048.jpg",1365,2048,true]},"uagb_author_info":{"display_name":"Turisme Valles","author_link":"https:\/\/turismevalles.com\/fr\/author\/"},"uagb_comment_info":0,"uagb_excerpt":"La commune de\u00a0Cardedeu\u00a0est situ\u00e9e au centre de la d\u00e9pression du Vall\u00e8s, dans le bas de la rivi\u00e8re de C\u00e0noves qui traverse son terme municipal. Elle ... Veure m\u00e9s","_links":{"self":[{"href":"https:\/\/turismevalles.com\/fr\/wp-json\/wp\/v2\/valles_oriental\/9797","targetHints":{"allow":["GET"]}}],"collection":[{"href":"https:\/\/turismevalles.com\/fr\/wp-json\/wp\/v2\/valles_oriental"}],"about":[{"href":"https:\/\/turismevalles.com\/fr\/wp-json\/wp\/v2\/types\/valles_oriental"}],"wp:featuredmedia":[{"embeddable":true,"href":"https:\/\/turismevalles.com\/fr\/wp-json\/wp\/v2\/media\/56804"}],"wp:attachment":[{"href":"https:\/\/turismevalles.com\/fr\/wp-json\/wp\/v2\/media?parent=9797"}],"wp:term":[{"taxonomy":"poblacions","embeddable":true,"href":"https:\/\/turismevalles.com\/fr\/wp-json\/wp\/v2\/poblacions?post=9797"},{"taxonomy":"valles_oriental_contingut","embeddable":true,"href":"https:\/\/turismevalles.com\/fr\/wp-json\/wp\/v2\/valles_oriental_contingut?post=9797"},{"taxonomy":"tipologia_estada","embeddable":true,"href":"https:\/\/turismevalles.com\/fr\/wp-json\/wp\/v2\/tipologia_estada?post=9797"}],"curies":[{"name":"wp","href":"https:\/\/api.w.org\/{rel}","templated":true}]}}