{"id":9800,"date":"2020-12-02T10:55:43","date_gmt":"2020-12-02T08:55:43","guid":{"rendered":"http:\/\/turismevalles.com.mialias.net\/valles_oriental\/figaro-montmany\/"},"modified":"2020-12-02T10:55:44","modified_gmt":"2020-12-02T08:55:44","slug":"figaro-montmany","status":"publish","type":"valles_oriental","link":"https:\/\/turismevalles.com\/fr\/valles_oriental\/figaro-montmany\/","title":{"rendered":"Figar\u00f3-Montmany"},"content":{"rendered":"\n<p><strong>Figar\u00f3-Montmany<\/strong>\u00a0est le nom actuel de la localit\u00e9 qui englobe les limites du ch\u00e2teau m\u00e9di\u00e9val de Montmany et les paroisses de Montmany, Vallc\u00e0rquera et Monteugues.<\/p>\n\n<p>Le centre urbain de Figar\u00f3 s\u2019est peu \u00e0 peu form\u00e9 \u00e0 partir du XIV\u00e8me si\u00e8cle autour de l\u2019auberge de la famille Figero jusqu\u2019\u00e0 devenir, pour la contr\u00e9e du Congost, un des principaux centre de services de la grand route allant de Barcelone \u00e0 Vic, \u00e0 l\u2019\u00e9poque moderne. Avec l\u2019arriv\u00e9e du chemin de fer, el Figar\u00f3 est devenu une destination de vill\u00e9giature, renforc\u00e9e par les projets architecturaux et urbanistiques de\u00a0<strong>M.J. Raspall<\/strong>\u00a0et d\u2019autres architectes du moment.<\/p>\n\n<p>L\u2019h\u00e9ritage architectural de vill\u00e9giature combine le modernisme avec des \u00e9l\u00e9ments art nouveau, contrastant avec l\u2019entourage champ\u00eatre et montagneux du Montseny et des Cingles de Bert\u00ed.<\/p>\n\n<p><a href=\"http:\/\/www.elfigaro.net\/\">Plus d&rsquo;informations<\/a><\/p>\n","protected":false},"featured_media":56812,"template":"","poblacions":[444],"valles_oriental_contingut":[323],"tipologia_estada":[],"class_list":["post-9800","valles_oriental","type-valles_oriental","status-publish","has-post-thumbnail","hentry","poblacions-figaro-montmany-fr","valles_oriental_contingut-modernisme-fr","generate-columns","tablet-grid-50","mobile-grid-100","grid-parent","grid-33"],"acf":[],"yoast_head":"<!-- This site is optimized with the Yoast SEO plugin v26.4 - https:\/\/yoast.com\/wordpress\/plugins\/seo\/ -->\n<title>Figar\u00f3-Montmany - Turisme Vall\u00e8s<\/title>\n<meta name=\"robots\" content=\"index, follow, max-snippet:-1, max-image-preview:large, max-video-preview:-1\" \/>\n<link rel=\"canonical\" href=\"https:\/\/turismevalles.com\/valles_oriental\/figaro-montmany\/\" \/>\n<meta property=\"og:locale\" content=\"fr_FR\" \/>\n<meta property=\"og:type\" content=\"article\" \/>\n<meta property=\"og:title\" content=\"Figar\u00f3-Montmany - Turisme Vall\u00e8s\" \/>\n<meta property=\"og:description\" content=\"Figar\u00f3-Montmany\u00a0est le nom actuel de la localit\u00e9 qui englobe les limites du ch\u00e2teau m\u00e9di\u00e9val de Montmany et les paroisses de Montmany, Vallc\u00e0rquera et Monteugues. Le ... Veure m\u00e9s\" \/>\n<meta property=\"og:url\" content=\"https:\/\/turismevalles.com\/valles_oriental\/figaro-montmany\/\" \/>\n<meta property=\"og:site_name\" content=\"Turisme Vall\u00e8s\" \/>\n<meta property=\"article:modified_time\" content=\"2020-12-02T08:55:44+00:00\" \/>\n<meta property=\"og:image\" content=\"https:\/\/turismevalles.com\/wp-content\/uploads\/2020\/11\/Villa-Pepita-Villa-Rosita-07-Manel-Cuesta-scaled.jpg\" \/>\n\t<meta property=\"og:image:width\" content=\"1707\" \/>\n\t<meta property=\"og:image:height\" content=\"2560\" \/>\n\t<meta property=\"og:image:type\" content=\"image\/jpeg\" \/>\n<meta name=\"twitter:card\" content=\"summary_large_image\" \/>\n<meta name=\"twitter:label1\" content=\"Dur\u00e9e de lecture estim\u00e9e\" \/>\n\t<meta name=\"twitter:data1\" content=\"1 minute\" \/>\n<script type=\"application\/ld+json\" class=\"yoast-schema-graph\">{\"@context\":\"https:\/\/schema.org\",\"@graph\":[{\"@type\":\"WebPage\",\"@id\":\"https:\/\/turismevalles.com\/valles_oriental\/figaro-montmany\/\",\"url\":\"https:\/\/turismevalles.com\/valles_oriental\/figaro-montmany\/\",\"name\":\"Figar\u00f3-Montmany - Turisme Vall\u00e8s\",\"isPartOf\":{\"@id\":\"https:\/\/turismevalles.com\/en\/#website\"},\"primaryImageOfPage\":{\"@id\":\"https:\/\/turismevalles.com\/valles_oriental\/figaro-montmany\/#primaryimage\"},\"image\":{\"@id\":\"https:\/\/turismevalles.com\/valles_oriental\/figaro-montmany\/#primaryimage\"},\"thumbnailUrl\":\"https:\/\/turismevalles.com\/wp-content\/uploads\/2020\/11\/Villa-Pepita-Villa-Rosita-07-Manel-Cuesta-scaled.jpg\",\"datePublished\":\"2020-12-02T08:55:43+00:00\",\"dateModified\":\"2020-12-02T08:55:44+00:00\",\"breadcrumb\":{\"@id\":\"https:\/\/turismevalles.com\/valles_oriental\/figaro-montmany\/#breadcrumb\"},\"inLanguage\":\"fr-FR\",\"potentialAction\":[{\"@type\":\"ReadAction\",\"target\":[\"https:\/\/turismevalles.com\/valles_oriental\/figaro-montmany\/\"]}]},{\"@type\":\"ImageObject\",\"inLanguage\":\"fr-FR\",\"@id\":\"https:\/\/turismevalles.com\/valles_oriental\/figaro-montmany\/#primaryimage\",\"url\":\"https:\/\/turismevalles.com\/wp-content\/uploads\/2020\/11\/Villa-Pepita-Villa-Rosita-07-Manel-Cuesta-scaled.jpg\",\"contentUrl\":\"https:\/\/turismevalles.com\/wp-content\/uploads\/2020\/11\/Villa-Pepita-Villa-Rosita-07-Manel-Cuesta-scaled.jpg\",\"width\":1707,\"height\":2560,\"caption\":\"Villa Rosita - Arquitectura modernista de Figar\u00f3-Montmany\"},{\"@type\":\"BreadcrumbList\",\"@id\":\"https:\/\/turismevalles.com\/valles_oriental\/figaro-montmany\/#breadcrumb\",\"itemListElement\":[{\"@type\":\"ListItem\",\"position\":1,\"name\":\"Inici\",\"item\":\"https:\/\/turismevalles.com\/fr\/\"},{\"@type\":\"ListItem\",\"position\":2,\"name\":\"Vall\u00e8s Oriental\",\"item\":\"https:\/\/turismevalles.com\/valles_oriental\/\"},{\"@type\":\"ListItem\",\"position\":3,\"name\":\"Figar\u00f3-Montmany\"}]},{\"@type\":\"WebSite\",\"@id\":\"https:\/\/turismevalles.com\/en\/#website\",\"url\":\"https:\/\/turismevalles.com\/en\/\",\"name\":\"Turisme Vall\u00e8s\",\"description\":\"\",\"publisher\":{\"@id\":\"https:\/\/turismevalles.com\/en\/#organization\"},\"potentialAction\":[{\"@type\":\"SearchAction\",\"target\":{\"@type\":\"EntryPoint\",\"urlTemplate\":\"https:\/\/turismevalles.com\/en\/?s={search_term_string}\"},\"query-input\":{\"@type\":\"PropertyValueSpecification\",\"valueRequired\":true,\"valueName\":\"search_term_string\"}}],\"inLanguage\":\"fr-FR\"},{\"@type\":\"Organization\",\"@id\":\"https:\/\/turismevalles.com\/en\/#organization\",\"name\":\"Turisme Vall\u00e8s\",\"url\":\"https:\/\/turismevalles.com\/en\/\",\"logo\":{\"@type\":\"ImageObject\",\"inLanguage\":\"fr-FR\",\"@id\":\"https:\/\/turismevalles.com\/en\/#\/schema\/logo\/image\/\",\"url\":\"https:\/\/turismevalles.com\/wp-content\/uploads\/2020\/08\/cropped-logo_ca-2.png\",\"contentUrl\":\"https:\/\/turismevalles.com\/wp-content\/uploads\/2020\/08\/cropped-logo_ca-2.png\",\"width\":314,\"height\":85,\"caption\":\"Turisme Vall\u00e8s\"},\"image\":{\"@id\":\"https:\/\/turismevalles.com\/en\/#\/schema\/logo\/image\/\"}}]}<\/script>\n<!-- \/ Yoast SEO plugin. -->","yoast_head_json":{"title":"Figar\u00f3-Montmany - Turisme Vall\u00e8s","robots":{"index":"index","follow":"follow","max-snippet":"max-snippet:-1","max-image-preview":"max-image-preview:large","max-video-preview":"max-video-preview:-1"},"canonical":"https:\/\/turismevalles.com\/valles_oriental\/figaro-montmany\/","og_locale":"fr_FR","og_type":"article","og_title":"Figar\u00f3-Montmany - Turisme Vall\u00e8s","og_description":"Figar\u00f3-Montmany\u00a0est le nom actuel de la localit\u00e9 qui englobe les limites du ch\u00e2teau m\u00e9di\u00e9val de Montmany et les paroisses de Montmany, Vallc\u00e0rquera et Monteugues. Le ... Veure m\u00e9s","og_url":"https:\/\/turismevalles.com\/valles_oriental\/figaro-montmany\/","og_site_name":"Turisme Vall\u00e8s","article_modified_time":"2020-12-02T08:55:44+00:00","og_image":[{"width":1707,"height":2560,"url":"https:\/\/turismevalles.com\/wp-content\/uploads\/2020\/11\/Villa-Pepita-Villa-Rosita-07-Manel-Cuesta-scaled.jpg","type":"image\/jpeg"}],"twitter_card":"summary_large_image","twitter_misc":{"Dur\u00e9e de lecture estim\u00e9e":"1 minute"},"schema":{"@context":"https:\/\/schema.org","@graph":[{"@type":"WebPage","@id":"https:\/\/turismevalles.com\/valles_oriental\/figaro-montmany\/","url":"https:\/\/turismevalles.com\/valles_oriental\/figaro-montmany\/","name":"Figar\u00f3-Montmany - Turisme Vall\u00e8s","isPartOf":{"@id":"https:\/\/turismevalles.com\/en\/#website"},"primaryImageOfPage":{"@id":"https:\/\/turismevalles.com\/valles_oriental\/figaro-montmany\/#primaryimage"},"image":{"@id":"https:\/\/turismevalles.com\/valles_oriental\/figaro-montmany\/#primaryimage"},"thumbnailUrl":"https:\/\/turismevalles.com\/wp-content\/uploads\/2020\/11\/Villa-Pepita-Villa-Rosita-07-Manel-Cuesta-scaled.jpg","datePublished":"2020-12-02T08:55:43+00:00","dateModified":"2020-12-02T08:55:44+00:00","breadcrumb":{"@id":"https:\/\/turismevalles.com\/valles_oriental\/figaro-montmany\/#breadcrumb"},"inLanguage":"fr-FR","potentialAction":[{"@type":"ReadAction","target":["https:\/\/turismevalles.com\/valles_oriental\/figaro-montmany\/"]}]},{"@type":"ImageObject","inLanguage":"fr-FR","@id":"https:\/\/turismevalles.com\/valles_oriental\/figaro-montmany\/#primaryimage","url":"https:\/\/turismevalles.com\/wp-content\/uploads\/2020\/11\/Villa-Pepita-Villa-Rosita-07-Manel-Cuesta-scaled.jpg","contentUrl":"https:\/\/turismevalles.com\/wp-content\/uploads\/2020\/11\/Villa-Pepita-Villa-Rosita-07-Manel-Cuesta-scaled.jpg","width":1707,"height":2560,"caption":"Villa Rosita - Arquitectura modernista de Figar\u00f3-Montmany"},{"@type":"BreadcrumbList","@id":"https:\/\/turismevalles.com\/valles_oriental\/figaro-montmany\/#breadcrumb","itemListElement":[{"@type":"ListItem","position":1,"name":"Inici","item":"https:\/\/turismevalles.com\/fr\/"},{"@type":"ListItem","position":2,"name":"Vall\u00e8s Oriental","item":"https:\/\/turismevalles.com\/valles_oriental\/"},{"@type":"ListItem","position":3,"name":"Figar\u00f3-Montmany"}]},{"@type":"WebSite","@id":"https:\/\/turismevalles.com\/en\/#website","url":"https:\/\/turismevalles.com\/en\/","name":"Turisme Vall\u00e8s","description":"","publisher":{"@id":"https:\/\/turismevalles.com\/en\/#organization"},"potentialAction":[{"@type":"SearchAction","target":{"@type":"EntryPoint","urlTemplate":"https:\/\/turismevalles.com\/en\/?s={search_term_string}"},"query-input":{"@type":"PropertyValueSpecification","valueRequired":true,"valueName":"search_term_string"}}],"inLanguage":"fr-FR"},{"@type":"Organization","@id":"https:\/\/turismevalles.com\/en\/#organization","name":"Turisme Vall\u00e8s","url":"https:\/\/turismevalles.com\/en\/","logo":{"@type":"ImageObject","inLanguage":"fr-FR","@id":"https:\/\/turismevalles.com\/en\/#\/schema\/logo\/image\/","url":"https:\/\/turismevalles.com\/wp-content\/uploads\/2020\/08\/cropped-logo_ca-2.png","contentUrl":"https:\/\/turismevalles.com\/wp-content\/uploads\/2020\/08\/cropped-logo_ca-2.png","width":314,"height":85,"caption":"Turisme Vall\u00e8s"},"image":{"@id":"https:\/\/turismevalles.com\/en\/#\/schema\/logo\/image\/"}}]}},"uagb_featured_image_src":{"full":["https:\/\/turismevalles.com\/wp-content\/uploads\/2020\/11\/Villa-Pepita-Villa-Rosita-07-Manel-Cuesta-scaled.jpg",1707,2560,false],"thumbnail":["https:\/\/turismevalles.com\/wp-content\/uploads\/2020\/11\/Villa-Pepita-Villa-Rosita-07-Manel-Cuesta-150x150.jpg",150,150,true],"medium":["https:\/\/turismevalles.com\/wp-content\/uploads\/2020\/11\/Villa-Pepita-Villa-Rosita-07-Manel-Cuesta-200x300.jpg",200,300,true],"medium_large":["https:\/\/turismevalles.com\/wp-content\/uploads\/2020\/11\/Villa-Pepita-Villa-Rosita-07-Manel-Cuesta-768x1152.jpg",768,1152,true],"large":["https:\/\/turismevalles.com\/wp-content\/uploads\/2020\/11\/Villa-Pepita-Villa-Rosita-07-Manel-Cuesta-683x1024.jpg",683,1024,true],"thumblist":["https:\/\/turismevalles.com\/wp-content\/uploads\/2020\/11\/Villa-Pepita-Villa-Rosita-07-Manel-Cuesta-300x300.jpg",300,300,true],"meccarouselthumb":["https:\/\/turismevalles.com\/wp-content\/uploads\/2020\/11\/Villa-Pepita-Villa-Rosita-07-Manel-Cuesta-474x324.jpg",474,324,true],"gridsquare":["https:\/\/turismevalles.com\/wp-content\/uploads\/2020\/11\/Villa-Pepita-Villa-Rosita-07-Manel-Cuesta-391x260.jpg",391,260,true],"tileview":["https:\/\/turismevalles.com\/wp-content\/uploads\/2020\/11\/Villa-Pepita-Villa-Rosita-07-Manel-Cuesta-300x400.jpg",300,400,true],"1536x1536":["https:\/\/turismevalles.com\/wp-content\/uploads\/2020\/11\/Villa-Pepita-Villa-Rosita-07-Manel-Cuesta-1024x1536.jpg",1024,1536,true],"2048x2048":["https:\/\/turismevalles.com\/wp-content\/uploads\/2020\/11\/Villa-Pepita-Villa-Rosita-07-Manel-Cuesta-1365x2048.jpg",1365,2048,true]},"uagb_author_info":{"display_name":"Turisme Valles","author_link":"https:\/\/turismevalles.com\/fr\/author\/"},"uagb_comment_info":0,"uagb_excerpt":"Figar\u00f3-Montmany\u00a0est le nom actuel de la localit\u00e9 qui englobe les limites du ch\u00e2teau m\u00e9di\u00e9val de Montmany et les paroisses de Montmany, Vallc\u00e0rquera et Monteugues. Le ... Veure m\u00e9s","_links":{"self":[{"href":"https:\/\/turismevalles.com\/fr\/wp-json\/wp\/v2\/valles_oriental\/9800","targetHints":{"allow":["GET"]}}],"collection":[{"href":"https:\/\/turismevalles.com\/fr\/wp-json\/wp\/v2\/valles_oriental"}],"about":[{"href":"https:\/\/turismevalles.com\/fr\/wp-json\/wp\/v2\/types\/valles_oriental"}],"wp:featuredmedia":[{"embeddable":true,"href":"https:\/\/turismevalles.com\/fr\/wp-json\/wp\/v2\/media\/56812"}],"wp:attachment":[{"href":"https:\/\/turismevalles.com\/fr\/wp-json\/wp\/v2\/media?parent=9800"}],"wp:term":[{"taxonomy":"poblacions","embeddable":true,"href":"https:\/\/turismevalles.com\/fr\/wp-json\/wp\/v2\/poblacions?post=9800"},{"taxonomy":"valles_oriental_contingut","embeddable":true,"href":"https:\/\/turismevalles.com\/fr\/wp-json\/wp\/v2\/valles_oriental_contingut?post=9800"},{"taxonomy":"tipologia_estada","embeddable":true,"href":"https:\/\/turismevalles.com\/fr\/wp-json\/wp\/v2\/tipologia_estada?post=9800"}],"curies":[{"name":"wp","href":"https:\/\/api.w.org\/{rel}","templated":true}]}}