{"id":9803,"date":"2020-12-02T11:00:18","date_gmt":"2020-12-02T09:00:18","guid":{"rendered":"http:\/\/turismevalles.com.mialias.net\/valles_oriental\/lametlla-del-valles\/"},"modified":"2020-12-02T11:00:18","modified_gmt":"2020-12-02T09:00:18","slug":"lametlla-del-valles","status":"publish","type":"valles_oriental","link":"https:\/\/turismevalles.com\/fr\/valles_oriental\/lametlla-del-valles\/","title":{"rendered":"L&rsquo;Ametlla del Vall\u00e8s"},"content":{"rendered":"\n<p>Situ\u00e9e entre les vall\u00e9es du Congost et du Tenes, l\u2019<strong>Ametlla del Vall\u00e8s<\/strong>\u00a0\u00e9tait, \u00e0 ses origines m\u00e9di\u00e9vales, sous la domination comtale du ch\u00e2teau de Montbui. Avec une population rurale et \u00e9parse, le noyau central du village n\u2019a commenc\u00e9 \u00e0 se former pr\u00e9s de l\u2019\u00e9glise qu\u2019autour du XVI\u00e8me si\u00e8cle.<\/p>\n\n<p>Et ce n\u2019est qu\u2019au d\u00e9but du XX\u00e8me si\u00e8cle qu\u2019elle perd son caract\u00e8re rural en devenant lieu de vill\u00e9giature et, plus tard, centre de secondes r\u00e9sidences. Le caract\u00e8re r\u00e9sidentiel de la localit\u00e9 s\u2019est vu renforc\u00e9 par les projets urbanistiques et architecturaux de\u00a0<strong>M.J. Raspall<\/strong>, architecte municipal de l\u2019Ametlla de 1906 (juste \u00e0 la fin de ses \u00e9tudes) jusqu\u2019en 1912. Les \u0153uvres de l\u2019architecte correspondent ici \u00e0 sa premi\u00e8re \u00e9tape, consid\u00e9r\u00e9e comme la plus moderniste, avec des restaurations et des nouvelles constructions comme\u00a0<strong>Can Millet<\/strong>,\u00a0<strong>Le Caf\u00e9<\/strong>\u00a0ou la\u00a0<strong>Maison Communale<\/strong>.<\/p>\n\n<p><a href=\"http:\/\/www.ametlla.org\/\">Plus d&rsquo;informations<\/a><\/p>\n","protected":false},"featured_media":7679,"template":"","poblacions":[],"valles_oriental_contingut":[323],"tipologia_estada":[],"class_list":["post-9803","valles_oriental","type-valles_oriental","status-publish","has-post-thumbnail","hentry","valles_oriental_contingut-modernisme-fr","generate-columns","tablet-grid-50","mobile-grid-100","grid-parent","grid-33"],"acf":[],"yoast_head":"<!-- This site is optimized with the Yoast SEO plugin v26.4 - https:\/\/yoast.com\/wordpress\/plugins\/seo\/ -->\n<title>L&#039;Ametlla del Vall\u00e8s - Turisme Vall\u00e8s<\/title>\n<meta name=\"robots\" content=\"index, follow, max-snippet:-1, max-image-preview:large, max-video-preview:-1\" \/>\n<link rel=\"canonical\" href=\"https:\/\/turismevalles.com\/fr\/valles_oriental\/lametlla-del-valles\/\" \/>\n<meta property=\"og:locale\" content=\"fr_FR\" \/>\n<meta property=\"og:type\" content=\"article\" \/>\n<meta property=\"og:title\" content=\"L&#039;Ametlla del Vall\u00e8s - Turisme Vall\u00e8s\" \/>\n<meta property=\"og:description\" content=\"Situ\u00e9e entre les vall\u00e9es du Congost et du Tenes, l\u2019Ametlla del Vall\u00e8s\u00a0\u00e9tait, \u00e0 ses origines m\u00e9di\u00e9vales, sous la domination comtale du ch\u00e2teau de Montbui. Avec ... Veure m\u00e9s\" \/>\n<meta property=\"og:url\" content=\"https:\/\/turismevalles.com\/fr\/valles_oriental\/lametlla-del-valles\/\" \/>\n<meta property=\"og:site_name\" content=\"Turisme Vall\u00e8s\" \/>\n<meta property=\"og:image\" content=\"https:\/\/turismevalles.com\/wp-content\/uploads\/2020\/11\/turismevalles133.jpg\" \/>\n\t<meta property=\"og:image:width\" content=\"640\" \/>\n\t<meta property=\"og:image:height\" content=\"427\" \/>\n\t<meta property=\"og:image:type\" content=\"image\/jpeg\" \/>\n<meta name=\"twitter:card\" content=\"summary_large_image\" \/>\n<meta name=\"twitter:label1\" content=\"Dur\u00e9e de lecture estim\u00e9e\" \/>\n\t<meta name=\"twitter:data1\" content=\"1 minute\" \/>\n<script type=\"application\/ld+json\" class=\"yoast-schema-graph\">{\"@context\":\"https:\/\/schema.org\",\"@graph\":[{\"@type\":\"WebPage\",\"@id\":\"https:\/\/turismevalles.com\/fr\/valles_oriental\/lametlla-del-valles\/\",\"url\":\"https:\/\/turismevalles.com\/fr\/valles_oriental\/lametlla-del-valles\/\",\"name\":\"L'Ametlla del Vall\u00e8s - Turisme Vall\u00e8s\",\"isPartOf\":{\"@id\":\"https:\/\/turismevalles.com\/en\/#website\"},\"primaryImageOfPage\":{\"@id\":\"https:\/\/turismevalles.com\/fr\/valles_oriental\/lametlla-del-valles\/#primaryimage\"},\"image\":{\"@id\":\"https:\/\/turismevalles.com\/fr\/valles_oriental\/lametlla-del-valles\/#primaryimage\"},\"thumbnailUrl\":\"https:\/\/turismevalles.com\/wp-content\/uploads\/2020\/11\/turismevalles133.jpg\",\"datePublished\":\"2020-12-02T09:00:18+00:00\",\"breadcrumb\":{\"@id\":\"https:\/\/turismevalles.com\/fr\/valles_oriental\/lametlla-del-valles\/#breadcrumb\"},\"inLanguage\":\"fr-FR\",\"potentialAction\":[{\"@type\":\"ReadAction\",\"target\":[\"https:\/\/turismevalles.com\/fr\/valles_oriental\/lametlla-del-valles\/\"]}]},{\"@type\":\"ImageObject\",\"inLanguage\":\"fr-FR\",\"@id\":\"https:\/\/turismevalles.com\/fr\/valles_oriental\/lametlla-del-valles\/#primaryimage\",\"url\":\"https:\/\/turismevalles.com\/wp-content\/uploads\/2020\/11\/turismevalles133.jpg\",\"contentUrl\":\"https:\/\/turismevalles.com\/wp-content\/uploads\/2020\/11\/turismevalles133.jpg\",\"width\":640,\"height\":427},{\"@type\":\"BreadcrumbList\",\"@id\":\"https:\/\/turismevalles.com\/fr\/valles_oriental\/lametlla-del-valles\/#breadcrumb\",\"itemListElement\":[{\"@type\":\"ListItem\",\"position\":1,\"name\":\"Inici\",\"item\":\"https:\/\/turismevalles.com\/fr\/\"},{\"@type\":\"ListItem\",\"position\":2,\"name\":\"Vall\u00e8s Oriental\",\"item\":\"https:\/\/turismevalles.com\/valles_oriental\/\"},{\"@type\":\"ListItem\",\"position\":3,\"name\":\"L&rsquo;Ametlla del Vall\u00e8s\"}]},{\"@type\":\"WebSite\",\"@id\":\"https:\/\/turismevalles.com\/en\/#website\",\"url\":\"https:\/\/turismevalles.com\/en\/\",\"name\":\"Turisme Vall\u00e8s\",\"description\":\"\",\"publisher\":{\"@id\":\"https:\/\/turismevalles.com\/en\/#organization\"},\"potentialAction\":[{\"@type\":\"SearchAction\",\"target\":{\"@type\":\"EntryPoint\",\"urlTemplate\":\"https:\/\/turismevalles.com\/en\/?s={search_term_string}\"},\"query-input\":{\"@type\":\"PropertyValueSpecification\",\"valueRequired\":true,\"valueName\":\"search_term_string\"}}],\"inLanguage\":\"fr-FR\"},{\"@type\":\"Organization\",\"@id\":\"https:\/\/turismevalles.com\/en\/#organization\",\"name\":\"Turisme Vall\u00e8s\",\"url\":\"https:\/\/turismevalles.com\/en\/\",\"logo\":{\"@type\":\"ImageObject\",\"inLanguage\":\"fr-FR\",\"@id\":\"https:\/\/turismevalles.com\/en\/#\/schema\/logo\/image\/\",\"url\":\"https:\/\/turismevalles.com\/wp-content\/uploads\/2020\/08\/cropped-logo_ca-2.png\",\"contentUrl\":\"https:\/\/turismevalles.com\/wp-content\/uploads\/2020\/08\/cropped-logo_ca-2.png\",\"width\":314,\"height\":85,\"caption\":\"Turisme Vall\u00e8s\"},\"image\":{\"@id\":\"https:\/\/turismevalles.com\/en\/#\/schema\/logo\/image\/\"}}]}<\/script>\n<!-- \/ Yoast SEO plugin. -->","yoast_head_json":{"title":"L'Ametlla del Vall\u00e8s - Turisme Vall\u00e8s","robots":{"index":"index","follow":"follow","max-snippet":"max-snippet:-1","max-image-preview":"max-image-preview:large","max-video-preview":"max-video-preview:-1"},"canonical":"https:\/\/turismevalles.com\/fr\/valles_oriental\/lametlla-del-valles\/","og_locale":"fr_FR","og_type":"article","og_title":"L'Ametlla del Vall\u00e8s - Turisme Vall\u00e8s","og_description":"Situ\u00e9e entre les vall\u00e9es du Congost et du Tenes, l\u2019Ametlla del Vall\u00e8s\u00a0\u00e9tait, \u00e0 ses origines m\u00e9di\u00e9vales, sous la domination comtale du ch\u00e2teau de Montbui. Avec ... Veure m\u00e9s","og_url":"https:\/\/turismevalles.com\/fr\/valles_oriental\/lametlla-del-valles\/","og_site_name":"Turisme Vall\u00e8s","og_image":[{"width":640,"height":427,"url":"https:\/\/turismevalles.com\/wp-content\/uploads\/2020\/11\/turismevalles133.jpg","type":"image\/jpeg"}],"twitter_card":"summary_large_image","twitter_misc":{"Dur\u00e9e de lecture estim\u00e9e":"1 minute"},"schema":{"@context":"https:\/\/schema.org","@graph":[{"@type":"WebPage","@id":"https:\/\/turismevalles.com\/fr\/valles_oriental\/lametlla-del-valles\/","url":"https:\/\/turismevalles.com\/fr\/valles_oriental\/lametlla-del-valles\/","name":"L'Ametlla del Vall\u00e8s - Turisme Vall\u00e8s","isPartOf":{"@id":"https:\/\/turismevalles.com\/en\/#website"},"primaryImageOfPage":{"@id":"https:\/\/turismevalles.com\/fr\/valles_oriental\/lametlla-del-valles\/#primaryimage"},"image":{"@id":"https:\/\/turismevalles.com\/fr\/valles_oriental\/lametlla-del-valles\/#primaryimage"},"thumbnailUrl":"https:\/\/turismevalles.com\/wp-content\/uploads\/2020\/11\/turismevalles133.jpg","datePublished":"2020-12-02T09:00:18+00:00","breadcrumb":{"@id":"https:\/\/turismevalles.com\/fr\/valles_oriental\/lametlla-del-valles\/#breadcrumb"},"inLanguage":"fr-FR","potentialAction":[{"@type":"ReadAction","target":["https:\/\/turismevalles.com\/fr\/valles_oriental\/lametlla-del-valles\/"]}]},{"@type":"ImageObject","inLanguage":"fr-FR","@id":"https:\/\/turismevalles.com\/fr\/valles_oriental\/lametlla-del-valles\/#primaryimage","url":"https:\/\/turismevalles.com\/wp-content\/uploads\/2020\/11\/turismevalles133.jpg","contentUrl":"https:\/\/turismevalles.com\/wp-content\/uploads\/2020\/11\/turismevalles133.jpg","width":640,"height":427},{"@type":"BreadcrumbList","@id":"https:\/\/turismevalles.com\/fr\/valles_oriental\/lametlla-del-valles\/#breadcrumb","itemListElement":[{"@type":"ListItem","position":1,"name":"Inici","item":"https:\/\/turismevalles.com\/fr\/"},{"@type":"ListItem","position":2,"name":"Vall\u00e8s Oriental","item":"https:\/\/turismevalles.com\/valles_oriental\/"},{"@type":"ListItem","position":3,"name":"L&rsquo;Ametlla del Vall\u00e8s"}]},{"@type":"WebSite","@id":"https:\/\/turismevalles.com\/en\/#website","url":"https:\/\/turismevalles.com\/en\/","name":"Turisme Vall\u00e8s","description":"","publisher":{"@id":"https:\/\/turismevalles.com\/en\/#organization"},"potentialAction":[{"@type":"SearchAction","target":{"@type":"EntryPoint","urlTemplate":"https:\/\/turismevalles.com\/en\/?s={search_term_string}"},"query-input":{"@type":"PropertyValueSpecification","valueRequired":true,"valueName":"search_term_string"}}],"inLanguage":"fr-FR"},{"@type":"Organization","@id":"https:\/\/turismevalles.com\/en\/#organization","name":"Turisme Vall\u00e8s","url":"https:\/\/turismevalles.com\/en\/","logo":{"@type":"ImageObject","inLanguage":"fr-FR","@id":"https:\/\/turismevalles.com\/en\/#\/schema\/logo\/image\/","url":"https:\/\/turismevalles.com\/wp-content\/uploads\/2020\/08\/cropped-logo_ca-2.png","contentUrl":"https:\/\/turismevalles.com\/wp-content\/uploads\/2020\/08\/cropped-logo_ca-2.png","width":314,"height":85,"caption":"Turisme Vall\u00e8s"},"image":{"@id":"https:\/\/turismevalles.com\/en\/#\/schema\/logo\/image\/"}}]}},"uagb_featured_image_src":{"full":["https:\/\/turismevalles.com\/wp-content\/uploads\/2020\/11\/turismevalles133.jpg",640,427,false],"thumbnail":["https:\/\/turismevalles.com\/wp-content\/uploads\/2020\/11\/turismevalles133-150x150.jpg",150,150,true],"medium":["https:\/\/turismevalles.com\/wp-content\/uploads\/2020\/11\/turismevalles133-300x200.jpg",300,200,true],"medium_large":["https:\/\/turismevalles.com\/wp-content\/uploads\/2020\/11\/turismevalles133.jpg",640,427,false],"large":["https:\/\/turismevalles.com\/wp-content\/uploads\/2020\/11\/turismevalles133.jpg",640,427,false],"thumblist":["https:\/\/turismevalles.com\/wp-content\/uploads\/2020\/11\/turismevalles133.jpg",300,200,false],"meccarouselthumb":["https:\/\/turismevalles.com\/wp-content\/uploads\/2020\/11\/turismevalles133.jpg",474,316,false],"gridsquare":["https:\/\/turismevalles.com\/wp-content\/uploads\/2020\/11\/turismevalles133.jpg",391,260,false],"tileview":["https:\/\/turismevalles.com\/wp-content\/uploads\/2020\/11\/turismevalles133.jpg",300,200,false],"1536x1536":["https:\/\/turismevalles.com\/wp-content\/uploads\/2020\/11\/turismevalles133.jpg",640,427,false],"2048x2048":["https:\/\/turismevalles.com\/wp-content\/uploads\/2020\/11\/turismevalles133.jpg",640,427,false]},"uagb_author_info":{"display_name":"Turisme Valles","author_link":"https:\/\/turismevalles.com\/fr\/author\/"},"uagb_comment_info":0,"uagb_excerpt":"Situ\u00e9e entre les vall\u00e9es du Congost et du Tenes, l\u2019Ametlla del Vall\u00e8s\u00a0\u00e9tait, \u00e0 ses origines m\u00e9di\u00e9vales, sous la domination comtale du ch\u00e2teau de Montbui. Avec ... Veure m\u00e9s","_links":{"self":[{"href":"https:\/\/turismevalles.com\/fr\/wp-json\/wp\/v2\/valles_oriental\/9803","targetHints":{"allow":["GET"]}}],"collection":[{"href":"https:\/\/turismevalles.com\/fr\/wp-json\/wp\/v2\/valles_oriental"}],"about":[{"href":"https:\/\/turismevalles.com\/fr\/wp-json\/wp\/v2\/types\/valles_oriental"}],"wp:featuredmedia":[{"embeddable":true,"href":"https:\/\/turismevalles.com\/fr\/wp-json\/wp\/v2\/media\/7679"}],"wp:attachment":[{"href":"https:\/\/turismevalles.com\/fr\/wp-json\/wp\/v2\/media?parent=9803"}],"wp:term":[{"taxonomy":"poblacions","embeddable":true,"href":"https:\/\/turismevalles.com\/fr\/wp-json\/wp\/v2\/poblacions?post=9803"},{"taxonomy":"valles_oriental_contingut","embeddable":true,"href":"https:\/\/turismevalles.com\/fr\/wp-json\/wp\/v2\/valles_oriental_contingut?post=9803"},{"taxonomy":"tipologia_estada","embeddable":true,"href":"https:\/\/turismevalles.com\/fr\/wp-json\/wp\/v2\/tipologia_estada?post=9803"}],"curies":[{"name":"wp","href":"https:\/\/api.w.org\/{rel}","templated":true}]}}