{"id":9817,"date":"2020-12-02T11:23:24","date_gmt":"2020-12-02T09:23:24","guid":{"rendered":"http:\/\/turismevalles.com.mialias.net\/valles_oriental\/parc-du-montnegre-et-le-corredor\/"},"modified":"2020-12-02T11:23:25","modified_gmt":"2020-12-02T09:23:25","slug":"parc-du-montnegre-et-le-corredor","status":"publish","type":"valles_oriental","link":"https:\/\/turismevalles.com\/fr\/valles_oriental\/parc-du-montnegre-et-le-corredor\/","title":{"rendered":"Parc du Montnegre et le Corredor"},"content":{"rendered":"\n<p>Sur le versant appartenant au Vall\u00e8s, le parc met en \u00e9vidence ses plantations de ch\u00eanes, de ch\u00eanes verts et de ch\u00eanes-li\u00e8ges, qui se transforment comme par magie en splendides pin\u00e8des sur le versant littoral.&#13;\nEn plus d\u2019offrir une nature exub\u00e9rante, ce parc rec\u00e8le de vestiges des cultures les plus anciennes de notre histoire : les dolmens n\u00e9olithiques, les vestiges ib\u00e9riques et les \u00e9glises m\u00e9di\u00e9vales se fondent dans ce paysage vari\u00e9, compos\u00e9 de cultures, de bois et de mas, et devenu le produit des usages agro-forestiers des derniers si\u00e8cles.&#13;\n&#13;\nL\u2019ensemble g\u00e9ographique est form\u00e9 de deux massifs : celui du Montnegre, plus grand, plus abrupte et plus imp\u00e9n\u00e9trable, et celui du Corredor, aux formes plus douces et arrondies par l\u2019\u00e9rosion. Son point le plus haut est Sant Marti de Montnegre, d\u2019o\u00f9 l\u2019on jouit d\u2019une vue spectaculaire sur le littoral catalan.<\/p>\n\n<p>Ce parc b\u00e9n\u00e9ficie \u00e9galement du programme Vivez le Parc, avec de nombreuses propositions d\u2019activit\u00e9s adapt\u00e9es \u00e0 n\u2019importe quel public.&#13;\n&#13;\n<\/p>\n\n<p><a href=\"http:\/\/parcs.diba.cat\/\">Plus d&rsquo;informations<\/a><\/p>\n","protected":false},"featured_media":7676,"template":"","poblacions":[],"valles_oriental_contingut":[326],"tipologia_estada":[],"class_list":["post-9817","valles_oriental","type-valles_oriental","status-publish","has-post-thumbnail","hentry","valles_oriental_contingut-nature-fr","generate-columns","tablet-grid-50","mobile-grid-100","grid-parent","grid-33"],"acf":[],"yoast_head":"<!-- This site is optimized with the Yoast SEO plugin v26.4 - https:\/\/yoast.com\/wordpress\/plugins\/seo\/ -->\n<title>Parc du Montnegre et le Corredor - Turisme Vall\u00e8s<\/title>\n<meta name=\"robots\" content=\"index, follow, max-snippet:-1, max-image-preview:large, max-video-preview:-1\" \/>\n<link rel=\"canonical\" href=\"https:\/\/turismevalles.com\/fr\/valles_oriental\/parc-du-montnegre-et-le-corredor\/\" \/>\n<meta property=\"og:locale\" content=\"fr_FR\" \/>\n<meta property=\"og:type\" content=\"article\" \/>\n<meta property=\"og:title\" content=\"Parc du Montnegre et le Corredor - Turisme Vall\u00e8s\" \/>\n<meta property=\"og:description\" content=\"Sur le versant appartenant au Vall\u00e8s, le parc met en \u00e9vidence ses plantations de ch\u00eanes, de ch\u00eanes verts et de ch\u00eanes-li\u00e8ges, qui se transforment comme ... Veure m\u00e9s\" \/>\n<meta property=\"og:url\" content=\"https:\/\/turismevalles.com\/fr\/valles_oriental\/parc-du-montnegre-et-le-corredor\/\" \/>\n<meta property=\"og:site_name\" content=\"Turisme Vall\u00e8s\" \/>\n<meta property=\"article:modified_time\" content=\"2020-12-02T09:23:25+00:00\" \/>\n<meta property=\"og:image\" content=\"https:\/\/turismevalles.com\/wp-content\/uploads\/2020\/11\/turismevalles123.jpg\" \/>\n\t<meta property=\"og:image:width\" content=\"203\" \/>\n\t<meta property=\"og:image:height\" content=\"115\" \/>\n\t<meta property=\"og:image:type\" content=\"image\/jpeg\" \/>\n<meta name=\"twitter:card\" content=\"summary_large_image\" \/>\n<meta name=\"twitter:label1\" content=\"Dur\u00e9e de lecture estim\u00e9e\" \/>\n\t<meta name=\"twitter:data1\" content=\"1 minute\" \/>\n<script type=\"application\/ld+json\" class=\"yoast-schema-graph\">{\"@context\":\"https:\/\/schema.org\",\"@graph\":[{\"@type\":\"WebPage\",\"@id\":\"https:\/\/turismevalles.com\/fr\/valles_oriental\/parc-du-montnegre-et-le-corredor\/\",\"url\":\"https:\/\/turismevalles.com\/fr\/valles_oriental\/parc-du-montnegre-et-le-corredor\/\",\"name\":\"Parc du Montnegre et le Corredor - Turisme Vall\u00e8s\",\"isPartOf\":{\"@id\":\"https:\/\/turismevalles.com\/en\/#website\"},\"primaryImageOfPage\":{\"@id\":\"https:\/\/turismevalles.com\/fr\/valles_oriental\/parc-du-montnegre-et-le-corredor\/#primaryimage\"},\"image\":{\"@id\":\"https:\/\/turismevalles.com\/fr\/valles_oriental\/parc-du-montnegre-et-le-corredor\/#primaryimage\"},\"thumbnailUrl\":\"https:\/\/turismevalles.com\/wp-content\/uploads\/2020\/11\/turismevalles123.jpg\",\"datePublished\":\"2020-12-02T09:23:24+00:00\",\"dateModified\":\"2020-12-02T09:23:25+00:00\",\"breadcrumb\":{\"@id\":\"https:\/\/turismevalles.com\/fr\/valles_oriental\/parc-du-montnegre-et-le-corredor\/#breadcrumb\"},\"inLanguage\":\"fr-FR\",\"potentialAction\":[{\"@type\":\"ReadAction\",\"target\":[\"https:\/\/turismevalles.com\/fr\/valles_oriental\/parc-du-montnegre-et-le-corredor\/\"]}]},{\"@type\":\"ImageObject\",\"inLanguage\":\"fr-FR\",\"@id\":\"https:\/\/turismevalles.com\/fr\/valles_oriental\/parc-du-montnegre-et-le-corredor\/#primaryimage\",\"url\":\"https:\/\/turismevalles.com\/wp-content\/uploads\/2020\/11\/turismevalles123.jpg\",\"contentUrl\":\"https:\/\/turismevalles.com\/wp-content\/uploads\/2020\/11\/turismevalles123.jpg\",\"width\":203,\"height\":115},{\"@type\":\"BreadcrumbList\",\"@id\":\"https:\/\/turismevalles.com\/fr\/valles_oriental\/parc-du-montnegre-et-le-corredor\/#breadcrumb\",\"itemListElement\":[{\"@type\":\"ListItem\",\"position\":1,\"name\":\"Inici\",\"item\":\"https:\/\/turismevalles.com\/fr\/\"},{\"@type\":\"ListItem\",\"position\":2,\"name\":\"Vall\u00e8s Oriental\",\"item\":\"https:\/\/turismevalles.com\/valles_oriental\/\"},{\"@type\":\"ListItem\",\"position\":3,\"name\":\"Parc du Montnegre et le Corredor\"}]},{\"@type\":\"WebSite\",\"@id\":\"https:\/\/turismevalles.com\/en\/#website\",\"url\":\"https:\/\/turismevalles.com\/en\/\",\"name\":\"Turisme Vall\u00e8s\",\"description\":\"\",\"publisher\":{\"@id\":\"https:\/\/turismevalles.com\/en\/#organization\"},\"potentialAction\":[{\"@type\":\"SearchAction\",\"target\":{\"@type\":\"EntryPoint\",\"urlTemplate\":\"https:\/\/turismevalles.com\/en\/?s={search_term_string}\"},\"query-input\":{\"@type\":\"PropertyValueSpecification\",\"valueRequired\":true,\"valueName\":\"search_term_string\"}}],\"inLanguage\":\"fr-FR\"},{\"@type\":\"Organization\",\"@id\":\"https:\/\/turismevalles.com\/en\/#organization\",\"name\":\"Turisme Vall\u00e8s\",\"url\":\"https:\/\/turismevalles.com\/en\/\",\"logo\":{\"@type\":\"ImageObject\",\"inLanguage\":\"fr-FR\",\"@id\":\"https:\/\/turismevalles.com\/en\/#\/schema\/logo\/image\/\",\"url\":\"https:\/\/turismevalles.com\/wp-content\/uploads\/2020\/08\/cropped-logo_ca-2.png\",\"contentUrl\":\"https:\/\/turismevalles.com\/wp-content\/uploads\/2020\/08\/cropped-logo_ca-2.png\",\"width\":314,\"height\":85,\"caption\":\"Turisme Vall\u00e8s\"},\"image\":{\"@id\":\"https:\/\/turismevalles.com\/en\/#\/schema\/logo\/image\/\"}}]}<\/script>\n<!-- \/ Yoast SEO plugin. -->","yoast_head_json":{"title":"Parc du Montnegre et le Corredor - Turisme Vall\u00e8s","robots":{"index":"index","follow":"follow","max-snippet":"max-snippet:-1","max-image-preview":"max-image-preview:large","max-video-preview":"max-video-preview:-1"},"canonical":"https:\/\/turismevalles.com\/fr\/valles_oriental\/parc-du-montnegre-et-le-corredor\/","og_locale":"fr_FR","og_type":"article","og_title":"Parc du Montnegre et le Corredor - Turisme Vall\u00e8s","og_description":"Sur le versant appartenant au Vall\u00e8s, le parc met en \u00e9vidence ses plantations de ch\u00eanes, de ch\u00eanes verts et de ch\u00eanes-li\u00e8ges, qui se transforment comme ... Veure m\u00e9s","og_url":"https:\/\/turismevalles.com\/fr\/valles_oriental\/parc-du-montnegre-et-le-corredor\/","og_site_name":"Turisme Vall\u00e8s","article_modified_time":"2020-12-02T09:23:25+00:00","og_image":[{"width":203,"height":115,"url":"https:\/\/turismevalles.com\/wp-content\/uploads\/2020\/11\/turismevalles123.jpg","type":"image\/jpeg"}],"twitter_card":"summary_large_image","twitter_misc":{"Dur\u00e9e de lecture estim\u00e9e":"1 minute"},"schema":{"@context":"https:\/\/schema.org","@graph":[{"@type":"WebPage","@id":"https:\/\/turismevalles.com\/fr\/valles_oriental\/parc-du-montnegre-et-le-corredor\/","url":"https:\/\/turismevalles.com\/fr\/valles_oriental\/parc-du-montnegre-et-le-corredor\/","name":"Parc du Montnegre et le Corredor - Turisme Vall\u00e8s","isPartOf":{"@id":"https:\/\/turismevalles.com\/en\/#website"},"primaryImageOfPage":{"@id":"https:\/\/turismevalles.com\/fr\/valles_oriental\/parc-du-montnegre-et-le-corredor\/#primaryimage"},"image":{"@id":"https:\/\/turismevalles.com\/fr\/valles_oriental\/parc-du-montnegre-et-le-corredor\/#primaryimage"},"thumbnailUrl":"https:\/\/turismevalles.com\/wp-content\/uploads\/2020\/11\/turismevalles123.jpg","datePublished":"2020-12-02T09:23:24+00:00","dateModified":"2020-12-02T09:23:25+00:00","breadcrumb":{"@id":"https:\/\/turismevalles.com\/fr\/valles_oriental\/parc-du-montnegre-et-le-corredor\/#breadcrumb"},"inLanguage":"fr-FR","potentialAction":[{"@type":"ReadAction","target":["https:\/\/turismevalles.com\/fr\/valles_oriental\/parc-du-montnegre-et-le-corredor\/"]}]},{"@type":"ImageObject","inLanguage":"fr-FR","@id":"https:\/\/turismevalles.com\/fr\/valles_oriental\/parc-du-montnegre-et-le-corredor\/#primaryimage","url":"https:\/\/turismevalles.com\/wp-content\/uploads\/2020\/11\/turismevalles123.jpg","contentUrl":"https:\/\/turismevalles.com\/wp-content\/uploads\/2020\/11\/turismevalles123.jpg","width":203,"height":115},{"@type":"BreadcrumbList","@id":"https:\/\/turismevalles.com\/fr\/valles_oriental\/parc-du-montnegre-et-le-corredor\/#breadcrumb","itemListElement":[{"@type":"ListItem","position":1,"name":"Inici","item":"https:\/\/turismevalles.com\/fr\/"},{"@type":"ListItem","position":2,"name":"Vall\u00e8s Oriental","item":"https:\/\/turismevalles.com\/valles_oriental\/"},{"@type":"ListItem","position":3,"name":"Parc du Montnegre et le Corredor"}]},{"@type":"WebSite","@id":"https:\/\/turismevalles.com\/en\/#website","url":"https:\/\/turismevalles.com\/en\/","name":"Turisme Vall\u00e8s","description":"","publisher":{"@id":"https:\/\/turismevalles.com\/en\/#organization"},"potentialAction":[{"@type":"SearchAction","target":{"@type":"EntryPoint","urlTemplate":"https:\/\/turismevalles.com\/en\/?s={search_term_string}"},"query-input":{"@type":"PropertyValueSpecification","valueRequired":true,"valueName":"search_term_string"}}],"inLanguage":"fr-FR"},{"@type":"Organization","@id":"https:\/\/turismevalles.com\/en\/#organization","name":"Turisme Vall\u00e8s","url":"https:\/\/turismevalles.com\/en\/","logo":{"@type":"ImageObject","inLanguage":"fr-FR","@id":"https:\/\/turismevalles.com\/en\/#\/schema\/logo\/image\/","url":"https:\/\/turismevalles.com\/wp-content\/uploads\/2020\/08\/cropped-logo_ca-2.png","contentUrl":"https:\/\/turismevalles.com\/wp-content\/uploads\/2020\/08\/cropped-logo_ca-2.png","width":314,"height":85,"caption":"Turisme Vall\u00e8s"},"image":{"@id":"https:\/\/turismevalles.com\/en\/#\/schema\/logo\/image\/"}}]}},"uagb_featured_image_src":{"full":["https:\/\/turismevalles.com\/wp-content\/uploads\/2020\/11\/turismevalles123.jpg",203,115,false],"thumbnail":["https:\/\/turismevalles.com\/wp-content\/uploads\/2020\/11\/turismevalles123-150x115.jpg",150,115,true],"medium":["https:\/\/turismevalles.com\/wp-content\/uploads\/2020\/11\/turismevalles123.jpg",203,115,false],"medium_large":["https:\/\/turismevalles.com\/wp-content\/uploads\/2020\/11\/turismevalles123.jpg",203,115,false],"large":["https:\/\/turismevalles.com\/wp-content\/uploads\/2020\/11\/turismevalles123.jpg",203,115,false],"thumblist":["https:\/\/turismevalles.com\/wp-content\/uploads\/2020\/11\/turismevalles123.jpg",203,115,false],"meccarouselthumb":["https:\/\/turismevalles.com\/wp-content\/uploads\/2020\/11\/turismevalles123.jpg",203,115,false],"gridsquare":["https:\/\/turismevalles.com\/wp-content\/uploads\/2020\/11\/turismevalles123.jpg",203,115,false],"tileview":["https:\/\/turismevalles.com\/wp-content\/uploads\/2020\/11\/turismevalles123.jpg",203,115,false],"1536x1536":["https:\/\/turismevalles.com\/wp-content\/uploads\/2020\/11\/turismevalles123.jpg",203,115,false],"2048x2048":["https:\/\/turismevalles.com\/wp-content\/uploads\/2020\/11\/turismevalles123.jpg",203,115,false]},"uagb_author_info":{"display_name":"Turisme Valles","author_link":"https:\/\/turismevalles.com\/fr\/author\/"},"uagb_comment_info":0,"uagb_excerpt":"Sur le versant appartenant au Vall\u00e8s, le parc met en \u00e9vidence ses plantations de ch\u00eanes, de ch\u00eanes verts et de ch\u00eanes-li\u00e8ges, qui se transforment comme ... Veure m\u00e9s","_links":{"self":[{"href":"https:\/\/turismevalles.com\/fr\/wp-json\/wp\/v2\/valles_oriental\/9817","targetHints":{"allow":["GET"]}}],"collection":[{"href":"https:\/\/turismevalles.com\/fr\/wp-json\/wp\/v2\/valles_oriental"}],"about":[{"href":"https:\/\/turismevalles.com\/fr\/wp-json\/wp\/v2\/types\/valles_oriental"}],"wp:featuredmedia":[{"embeddable":true,"href":"https:\/\/turismevalles.com\/fr\/wp-json\/wp\/v2\/media\/7676"}],"wp:attachment":[{"href":"https:\/\/turismevalles.com\/fr\/wp-json\/wp\/v2\/media?parent=9817"}],"wp:term":[{"taxonomy":"poblacions","embeddable":true,"href":"https:\/\/turismevalles.com\/fr\/wp-json\/wp\/v2\/poblacions?post=9817"},{"taxonomy":"valles_oriental_contingut","embeddable":true,"href":"https:\/\/turismevalles.com\/fr\/wp-json\/wp\/v2\/valles_oriental_contingut?post=9817"},{"taxonomy":"tipologia_estada","embeddable":true,"href":"https:\/\/turismevalles.com\/fr\/wp-json\/wp\/v2\/tipologia_estada?post=9817"}],"curies":[{"name":"wp","href":"https:\/\/api.w.org\/{rel}","templated":true}]}}