{"id":9820,"date":"2020-12-02T11:26:33","date_gmt":"2020-12-02T09:26:33","guid":{"rendered":"http:\/\/turismevalles.com.mialias.net\/valles_oriental\/parc-naturel-pn-du-montseny\/"},"modified":"2020-12-02T11:26:34","modified_gmt":"2020-12-02T09:26:34","slug":"parc-naturel-pn-du-montseny","status":"publish","type":"valles_oriental","link":"https:\/\/turismevalles.com\/fr\/valles_oriental\/parc-naturel-pn-du-montseny\/","title":{"rendered":"Parc Naturel (PN) du Montseny"},"content":{"rendered":"\n<p>Le massif du\u00a0<strong>Montseny\u00a0<\/strong>dessine une des silhouettes les plus typiques du Vall\u00e8s Oriental. D\u00e9clar\u00e9\u00a0<strong>R\u00e9serve de la Biosph\u00e8re<\/strong>, sa v\u00e9g\u00e9tation est une mosa\u00efque de paysages m\u00e9diterran\u00e9ens et centre-europ\u00e9ens, \u00e0 deux pas des grandes villes.<\/p>\n\n<p>Les amoureux de la montagne et de la marche \u00e0 pied doivent savoir que le massif est constitu\u00e9 de trois grands ensembles montagneux : la cr\u00eate du Tur\u00f3 de l\u2019Home et les Agudes (1.706 et 1.703 m), le Matagalls (1.697 m) et le plateau de la Calma (Puig Drau 1.344 m), r\u00e9unis respectivement par le col de Sant Mar\u00e7al et le col de Collformic. Ces montagnes sont tout-\u00e0-fait accessibles pour y faire des excursions ou des promenades.&#13;\n<\/p>\n\n<p>Au sein du territoire du parc naturel, on trouvera \u00e9galement de petits villages accueillants offrant de bonnes \u00e9tapes gastronomiques, id\u00e9ales pour r\u00e9cup\u00e9rer des forces. Les villages de Campins, Fogars de Montcl\u00fas, ou Montseny lui-m\u00eame, en sont quelques exemples.&#13;\n<\/p>\n\n<p>Pour faire des excursions, nous vous sugg\u00e9rons les pages web de Diputaci\u00f3 de Barcelona et du programme Viu el parc!, o\u00f9 vous trouverez des informations sur les endroits les plus appr\u00e9ci\u00e9s et typiques du parc. Vous y verrez aussi des informations sur plusieurs activit\u00e9s en relation avec la nature, les environs et le patrimoine. Les trajets \u00e0 pied ont diff\u00e9rents degr\u00e9s de difficult\u00e9. De mani\u00e8re g\u00e9n\u00e9rale, vivre le parc est une fa\u00e7on de chercher et de trouver la tranquillit\u00e9 dans un environnement naturel excellent qui invite \u00e0 se laisser aller.&#13;\n<\/p>\n\n<p>L\u2019offre de logement est tout aussi vari\u00e9e : depuis les campings jusqu\u2019aux h\u00f4tels, en passant par les merveilleuses et authentiques maisons rurales, qui rendront votre visite inoubliable.&#13;\n&#13;\n<\/p>\n\n<p><a href=\"http:\/\/parcs.diba.cat\/\">Plus d&rsquo;informations<\/a><\/p>\n","protected":false},"featured_media":7673,"template":"","poblacions":[],"valles_oriental_contingut":[326],"tipologia_estada":[],"class_list":["post-9820","valles_oriental","type-valles_oriental","status-publish","has-post-thumbnail","hentry","valles_oriental_contingut-nature-fr","generate-columns","tablet-grid-50","mobile-grid-100","grid-parent","grid-33"],"acf":[],"yoast_head":"<!-- This site is optimized with the Yoast SEO plugin v26.4 - https:\/\/yoast.com\/wordpress\/plugins\/seo\/ -->\n<title>Parc Naturel (PN) du Montseny - Turisme Vall\u00e8s<\/title>\n<meta name=\"robots\" content=\"index, follow, max-snippet:-1, max-image-preview:large, max-video-preview:-1\" \/>\n<link rel=\"canonical\" href=\"https:\/\/turismevalles.com\/fr\/valles_oriental\/parc-naturel-pn-du-montseny\/\" \/>\n<meta property=\"og:locale\" content=\"fr_FR\" \/>\n<meta property=\"og:type\" content=\"article\" \/>\n<meta property=\"og:title\" content=\"Parc Naturel (PN) du Montseny - Turisme Vall\u00e8s\" \/>\n<meta property=\"og:description\" content=\"Le massif du\u00a0Montseny\u00a0dessine une des silhouettes les plus typiques du Vall\u00e8s Oriental. D\u00e9clar\u00e9\u00a0R\u00e9serve de la Biosph\u00e8re, sa v\u00e9g\u00e9tation est une mosa\u00efque de paysages m\u00e9diterran\u00e9ens et ... Veure m\u00e9s\" \/>\n<meta property=\"og:url\" content=\"https:\/\/turismevalles.com\/fr\/valles_oriental\/parc-naturel-pn-du-montseny\/\" \/>\n<meta property=\"og:site_name\" content=\"Turisme Vall\u00e8s\" \/>\n<meta property=\"article:modified_time\" content=\"2020-12-02T09:26:34+00:00\" \/>\n<meta property=\"og:image\" content=\"https:\/\/turismevalles.com\/wp-content\/uploads\/2020\/11\/turismevalles121.jpg\" \/>\n\t<meta property=\"og:image:width\" content=\"203\" \/>\n\t<meta property=\"og:image:height\" content=\"115\" \/>\n\t<meta property=\"og:image:type\" content=\"image\/jpeg\" \/>\n<meta name=\"twitter:card\" content=\"summary_large_image\" \/>\n<meta name=\"twitter:label1\" content=\"Dur\u00e9e de lecture estim\u00e9e\" \/>\n\t<meta name=\"twitter:data1\" content=\"1 minute\" \/>\n<script type=\"application\/ld+json\" class=\"yoast-schema-graph\">{\"@context\":\"https:\/\/schema.org\",\"@graph\":[{\"@type\":\"WebPage\",\"@id\":\"https:\/\/turismevalles.com\/fr\/valles_oriental\/parc-naturel-pn-du-montseny\/\",\"url\":\"https:\/\/turismevalles.com\/fr\/valles_oriental\/parc-naturel-pn-du-montseny\/\",\"name\":\"Parc Naturel (PN) du Montseny - Turisme Vall\u00e8s\",\"isPartOf\":{\"@id\":\"https:\/\/turismevalles.com\/en\/#website\"},\"primaryImageOfPage\":{\"@id\":\"https:\/\/turismevalles.com\/fr\/valles_oriental\/parc-naturel-pn-du-montseny\/#primaryimage\"},\"image\":{\"@id\":\"https:\/\/turismevalles.com\/fr\/valles_oriental\/parc-naturel-pn-du-montseny\/#primaryimage\"},\"thumbnailUrl\":\"https:\/\/turismevalles.com\/wp-content\/uploads\/2020\/11\/turismevalles121.jpg\",\"datePublished\":\"2020-12-02T09:26:33+00:00\",\"dateModified\":\"2020-12-02T09:26:34+00:00\",\"breadcrumb\":{\"@id\":\"https:\/\/turismevalles.com\/fr\/valles_oriental\/parc-naturel-pn-du-montseny\/#breadcrumb\"},\"inLanguage\":\"fr-FR\",\"potentialAction\":[{\"@type\":\"ReadAction\",\"target\":[\"https:\/\/turismevalles.com\/fr\/valles_oriental\/parc-naturel-pn-du-montseny\/\"]}]},{\"@type\":\"ImageObject\",\"inLanguage\":\"fr-FR\",\"@id\":\"https:\/\/turismevalles.com\/fr\/valles_oriental\/parc-naturel-pn-du-montseny\/#primaryimage\",\"url\":\"https:\/\/turismevalles.com\/wp-content\/uploads\/2020\/11\/turismevalles121.jpg\",\"contentUrl\":\"https:\/\/turismevalles.com\/wp-content\/uploads\/2020\/11\/turismevalles121.jpg\",\"width\":203,\"height\":115},{\"@type\":\"BreadcrumbList\",\"@id\":\"https:\/\/turismevalles.com\/fr\/valles_oriental\/parc-naturel-pn-du-montseny\/#breadcrumb\",\"itemListElement\":[{\"@type\":\"ListItem\",\"position\":1,\"name\":\"Inici\",\"item\":\"https:\/\/turismevalles.com\/fr\/\"},{\"@type\":\"ListItem\",\"position\":2,\"name\":\"Vall\u00e8s Oriental\",\"item\":\"https:\/\/turismevalles.com\/valles_oriental\/\"},{\"@type\":\"ListItem\",\"position\":3,\"name\":\"Parc Naturel (PN) du Montseny\"}]},{\"@type\":\"WebSite\",\"@id\":\"https:\/\/turismevalles.com\/en\/#website\",\"url\":\"https:\/\/turismevalles.com\/en\/\",\"name\":\"Turisme Vall\u00e8s\",\"description\":\"\",\"publisher\":{\"@id\":\"https:\/\/turismevalles.com\/en\/#organization\"},\"potentialAction\":[{\"@type\":\"SearchAction\",\"target\":{\"@type\":\"EntryPoint\",\"urlTemplate\":\"https:\/\/turismevalles.com\/en\/?s={search_term_string}\"},\"query-input\":{\"@type\":\"PropertyValueSpecification\",\"valueRequired\":true,\"valueName\":\"search_term_string\"}}],\"inLanguage\":\"fr-FR\"},{\"@type\":\"Organization\",\"@id\":\"https:\/\/turismevalles.com\/en\/#organization\",\"name\":\"Turisme Vall\u00e8s\",\"url\":\"https:\/\/turismevalles.com\/en\/\",\"logo\":{\"@type\":\"ImageObject\",\"inLanguage\":\"fr-FR\",\"@id\":\"https:\/\/turismevalles.com\/en\/#\/schema\/logo\/image\/\",\"url\":\"https:\/\/turismevalles.com\/wp-content\/uploads\/2020\/08\/cropped-logo_ca-2.png\",\"contentUrl\":\"https:\/\/turismevalles.com\/wp-content\/uploads\/2020\/08\/cropped-logo_ca-2.png\",\"width\":314,\"height\":85,\"caption\":\"Turisme Vall\u00e8s\"},\"image\":{\"@id\":\"https:\/\/turismevalles.com\/en\/#\/schema\/logo\/image\/\"}}]}<\/script>\n<!-- \/ Yoast SEO plugin. -->","yoast_head_json":{"title":"Parc Naturel (PN) du Montseny - Turisme Vall\u00e8s","robots":{"index":"index","follow":"follow","max-snippet":"max-snippet:-1","max-image-preview":"max-image-preview:large","max-video-preview":"max-video-preview:-1"},"canonical":"https:\/\/turismevalles.com\/fr\/valles_oriental\/parc-naturel-pn-du-montseny\/","og_locale":"fr_FR","og_type":"article","og_title":"Parc Naturel (PN) du Montseny - Turisme Vall\u00e8s","og_description":"Le massif du\u00a0Montseny\u00a0dessine une des silhouettes les plus typiques du Vall\u00e8s Oriental. D\u00e9clar\u00e9\u00a0R\u00e9serve de la Biosph\u00e8re, sa v\u00e9g\u00e9tation est une mosa\u00efque de paysages m\u00e9diterran\u00e9ens et ... Veure m\u00e9s","og_url":"https:\/\/turismevalles.com\/fr\/valles_oriental\/parc-naturel-pn-du-montseny\/","og_site_name":"Turisme Vall\u00e8s","article_modified_time":"2020-12-02T09:26:34+00:00","og_image":[{"width":203,"height":115,"url":"https:\/\/turismevalles.com\/wp-content\/uploads\/2020\/11\/turismevalles121.jpg","type":"image\/jpeg"}],"twitter_card":"summary_large_image","twitter_misc":{"Dur\u00e9e de lecture estim\u00e9e":"1 minute"},"schema":{"@context":"https:\/\/schema.org","@graph":[{"@type":"WebPage","@id":"https:\/\/turismevalles.com\/fr\/valles_oriental\/parc-naturel-pn-du-montseny\/","url":"https:\/\/turismevalles.com\/fr\/valles_oriental\/parc-naturel-pn-du-montseny\/","name":"Parc Naturel (PN) du Montseny - Turisme Vall\u00e8s","isPartOf":{"@id":"https:\/\/turismevalles.com\/en\/#website"},"primaryImageOfPage":{"@id":"https:\/\/turismevalles.com\/fr\/valles_oriental\/parc-naturel-pn-du-montseny\/#primaryimage"},"image":{"@id":"https:\/\/turismevalles.com\/fr\/valles_oriental\/parc-naturel-pn-du-montseny\/#primaryimage"},"thumbnailUrl":"https:\/\/turismevalles.com\/wp-content\/uploads\/2020\/11\/turismevalles121.jpg","datePublished":"2020-12-02T09:26:33+00:00","dateModified":"2020-12-02T09:26:34+00:00","breadcrumb":{"@id":"https:\/\/turismevalles.com\/fr\/valles_oriental\/parc-naturel-pn-du-montseny\/#breadcrumb"},"inLanguage":"fr-FR","potentialAction":[{"@type":"ReadAction","target":["https:\/\/turismevalles.com\/fr\/valles_oriental\/parc-naturel-pn-du-montseny\/"]}]},{"@type":"ImageObject","inLanguage":"fr-FR","@id":"https:\/\/turismevalles.com\/fr\/valles_oriental\/parc-naturel-pn-du-montseny\/#primaryimage","url":"https:\/\/turismevalles.com\/wp-content\/uploads\/2020\/11\/turismevalles121.jpg","contentUrl":"https:\/\/turismevalles.com\/wp-content\/uploads\/2020\/11\/turismevalles121.jpg","width":203,"height":115},{"@type":"BreadcrumbList","@id":"https:\/\/turismevalles.com\/fr\/valles_oriental\/parc-naturel-pn-du-montseny\/#breadcrumb","itemListElement":[{"@type":"ListItem","position":1,"name":"Inici","item":"https:\/\/turismevalles.com\/fr\/"},{"@type":"ListItem","position":2,"name":"Vall\u00e8s Oriental","item":"https:\/\/turismevalles.com\/valles_oriental\/"},{"@type":"ListItem","position":3,"name":"Parc Naturel (PN) du Montseny"}]},{"@type":"WebSite","@id":"https:\/\/turismevalles.com\/en\/#website","url":"https:\/\/turismevalles.com\/en\/","name":"Turisme Vall\u00e8s","description":"","publisher":{"@id":"https:\/\/turismevalles.com\/en\/#organization"},"potentialAction":[{"@type":"SearchAction","target":{"@type":"EntryPoint","urlTemplate":"https:\/\/turismevalles.com\/en\/?s={search_term_string}"},"query-input":{"@type":"PropertyValueSpecification","valueRequired":true,"valueName":"search_term_string"}}],"inLanguage":"fr-FR"},{"@type":"Organization","@id":"https:\/\/turismevalles.com\/en\/#organization","name":"Turisme Vall\u00e8s","url":"https:\/\/turismevalles.com\/en\/","logo":{"@type":"ImageObject","inLanguage":"fr-FR","@id":"https:\/\/turismevalles.com\/en\/#\/schema\/logo\/image\/","url":"https:\/\/turismevalles.com\/wp-content\/uploads\/2020\/08\/cropped-logo_ca-2.png","contentUrl":"https:\/\/turismevalles.com\/wp-content\/uploads\/2020\/08\/cropped-logo_ca-2.png","width":314,"height":85,"caption":"Turisme Vall\u00e8s"},"image":{"@id":"https:\/\/turismevalles.com\/en\/#\/schema\/logo\/image\/"}}]}},"uagb_featured_image_src":{"full":["https:\/\/turismevalles.com\/wp-content\/uploads\/2020\/11\/turismevalles121.jpg",203,115,false],"thumbnail":["https:\/\/turismevalles.com\/wp-content\/uploads\/2020\/11\/turismevalles121-150x115.jpg",150,115,true],"medium":["https:\/\/turismevalles.com\/wp-content\/uploads\/2020\/11\/turismevalles121.jpg",203,115,false],"medium_large":["https:\/\/turismevalles.com\/wp-content\/uploads\/2020\/11\/turismevalles121.jpg",203,115,false],"large":["https:\/\/turismevalles.com\/wp-content\/uploads\/2020\/11\/turismevalles121.jpg",203,115,false],"thumblist":["https:\/\/turismevalles.com\/wp-content\/uploads\/2020\/11\/turismevalles121.jpg",203,115,false],"meccarouselthumb":["https:\/\/turismevalles.com\/wp-content\/uploads\/2020\/11\/turismevalles121.jpg",203,115,false],"gridsquare":["https:\/\/turismevalles.com\/wp-content\/uploads\/2020\/11\/turismevalles121.jpg",203,115,false],"tileview":["https:\/\/turismevalles.com\/wp-content\/uploads\/2020\/11\/turismevalles121.jpg",203,115,false],"1536x1536":["https:\/\/turismevalles.com\/wp-content\/uploads\/2020\/11\/turismevalles121.jpg",203,115,false],"2048x2048":["https:\/\/turismevalles.com\/wp-content\/uploads\/2020\/11\/turismevalles121.jpg",203,115,false]},"uagb_author_info":{"display_name":"Turisme Valles","author_link":"https:\/\/turismevalles.com\/fr\/author\/"},"uagb_comment_info":0,"uagb_excerpt":"Le massif du\u00a0Montseny\u00a0dessine une des silhouettes les plus typiques du Vall\u00e8s Oriental. D\u00e9clar\u00e9\u00a0R\u00e9serve de la Biosph\u00e8re, sa v\u00e9g\u00e9tation est une mosa\u00efque de paysages m\u00e9diterran\u00e9ens et ... Veure m\u00e9s","_links":{"self":[{"href":"https:\/\/turismevalles.com\/fr\/wp-json\/wp\/v2\/valles_oriental\/9820","targetHints":{"allow":["GET"]}}],"collection":[{"href":"https:\/\/turismevalles.com\/fr\/wp-json\/wp\/v2\/valles_oriental"}],"about":[{"href":"https:\/\/turismevalles.com\/fr\/wp-json\/wp\/v2\/types\/valles_oriental"}],"wp:featuredmedia":[{"embeddable":true,"href":"https:\/\/turismevalles.com\/fr\/wp-json\/wp\/v2\/media\/7673"}],"wp:attachment":[{"href":"https:\/\/turismevalles.com\/fr\/wp-json\/wp\/v2\/media?parent=9820"}],"wp:term":[{"taxonomy":"poblacions","embeddable":true,"href":"https:\/\/turismevalles.com\/fr\/wp-json\/wp\/v2\/poblacions?post=9820"},{"taxonomy":"valles_oriental_contingut","embeddable":true,"href":"https:\/\/turismevalles.com\/fr\/wp-json\/wp\/v2\/valles_oriental_contingut?post=9820"},{"taxonomy":"tipologia_estada","embeddable":true,"href":"https:\/\/turismevalles.com\/fr\/wp-json\/wp\/v2\/tipologia_estada?post=9820"}],"curies":[{"name":"wp","href":"https:\/\/api.w.org\/{rel}","templated":true}]}}