{"id":9825,"date":"2020-12-02T11:32:10","date_gmt":"2020-12-02T09:32:10","guid":{"rendered":"http:\/\/turismevalles.com.mialias.net\/valles_oriental\/espace-rural-de-gallecs\/"},"modified":"2022-02-25T14:33:08","modified_gmt":"2022-02-25T13:33:08","slug":"espace-rural-de-gallecs","status":"publish","type":"valles_oriental","link":"https:\/\/turismevalles.com\/fr\/valles_oriental\/espace-rural-de-gallecs\/","title":{"rendered":"Espace Rural de Gallecs"},"content":{"rendered":"\n<p><strong>Gallecs<\/strong>, s\u00e9par\u00e9 de Mollet uniquement par un pont, est un espace rural d\u2019\u00e0 peu pr\u00e8s 700 hectares qui conserve toujours des champs cultiv\u00e9s, des bois et des mas en fonctionnement.<\/p>\n\n<p>Le centre de Gallecs se trouve \u00e0 c\u00f4t\u00e9 de l\u2019\u00e9glise romane de Santa Maria, du XII\u00e8me si\u00e8cle, juste \u00e0 c\u00f4t\u00e9 de l\u2019agro boutique. <\/p>\n\n<p>Ici, on commercialise des produits alimentaires artisanaux de tr\u00e8s grande qualit\u00e9, tous produits dans la r\u00e9gion et avec la particularit\u00e9 que les produits frais aussi bien que les l\u00e9gumes du jardin sont cultiv\u00e9s dans les champs des alentours.&#13;\n&#13;\n<\/p>\n\n<p><a href=\"http:\/\/www.aegallecs.cat\/\">Plus d&rsquo;informations<\/a><\/p>\n\n<hr class=\"wp-block-separator\"\/>\n\n<div class=\"wp-block-uagb-call-to-action uagb-cta__outer-wrap uagb-block-2542cc21\"><div class=\"uagb-cta__content-wrap uagb-cta__block uagb-cta__icon-position-right uagb-cta__content-right uagb-cta__content-stacked-tablet uagb-cta__button-valign-middle \"><div class=\"uagb-cta__left-right-wrap\"><div class=\"uagb-cta__content\"><div class=\"uagb-cta__title-wrap\"><h3 class=\"uagb-cta__title\">Itin\u00e9raires en Galice<\/h3><\/div><div class=\"uagb-cta-text-wrap\"><p class=\"uagb-cta__desc\">D\u00e9couvrez les itin\u00e9raires propos\u00e9s par Mollet del Vall\u00e8s, pour entrer dans la zone d&rsquo;Int\u00e9r\u00eat Naturel des Gallecs, un grand espace de nature, parfaitement reli\u00e9 \u00e0 la commune de Mollet.<\/p><\/div><\/div><div class=\"uagb-cta__link-wrapper uagb-cta__block-link-style\"><div class=\"uagb-cta__button-wrapper\"><a href=\"http:\/\/turismevalles.com\/activitats\/itineraris-gallecs\/\" class=\"uagb-cta__button-link-wrapper uagb-cta__block-link uagb-cta-typeof-button\" target=\"_blank\" rel=\"noopener noreferrer\"><span class=\"uagb-cta__link-content-inner\"><span>Plus d&rsquo;information<\/span><\/span><\/a><\/div><\/div><\/div><\/div><\/div>\n","protected":false},"featured_media":14450,"template":"","poblacions":[],"valles_oriental_contingut":[326],"tipologia_estada":[],"class_list":["post-9825","valles_oriental","type-valles_oriental","status-publish","has-post-thumbnail","hentry","valles_oriental_contingut-nature-fr","generate-columns","tablet-grid-50","mobile-grid-100","grid-parent","grid-33"],"acf":[],"yoast_head":"<!-- This site is optimized with the Yoast SEO plugin v26.4 - https:\/\/yoast.com\/wordpress\/plugins\/seo\/ -->\n<title>Espace Rural de Gallecs - Turisme Vall\u00e8s<\/title>\n<meta name=\"robots\" content=\"index, follow, max-snippet:-1, max-image-preview:large, max-video-preview:-1\" \/>\n<link rel=\"canonical\" href=\"https:\/\/turismevalles.com\/valles_oriental\/pein-gallecs\/\" \/>\n<meta property=\"og:locale\" content=\"fr_FR\" \/>\n<meta property=\"og:type\" content=\"article\" \/>\n<meta property=\"og:title\" content=\"Espace Rural de Gallecs - Turisme Vall\u00e8s\" \/>\n<meta property=\"og:description\" content=\"Gallecs, s\u00e9par\u00e9 de Mollet uniquement par un pont, est un espace rural d\u2019\u00e0 peu pr\u00e8s 700 hectares qui conserve toujours des champs cultiv\u00e9s, des bois ... Veure m\u00e9s\" \/>\n<meta property=\"og:url\" content=\"https:\/\/turismevalles.com\/valles_oriental\/pein-gallecs\/\" \/>\n<meta property=\"og:site_name\" content=\"Turisme Vall\u00e8s\" \/>\n<meta property=\"article:modified_time\" content=\"2022-02-25T13:33:08+00:00\" \/>\n<meta property=\"og:image\" content=\"https:\/\/turismevalles.com\/wp-content\/uploads\/2020\/11\/IMG_9030-scaled.jpg\" \/>\n\t<meta property=\"og:image:width\" content=\"2560\" \/>\n\t<meta property=\"og:image:height\" content=\"1707\" \/>\n\t<meta property=\"og:image:type\" content=\"image\/jpeg\" \/>\n<meta name=\"twitter:card\" content=\"summary_large_image\" \/>\n<meta name=\"twitter:label1\" content=\"Dur\u00e9e de lecture estim\u00e9e\" \/>\n\t<meta name=\"twitter:data1\" content=\"1 minute\" \/>\n<script type=\"application\/ld+json\" class=\"yoast-schema-graph\">{\"@context\":\"https:\/\/schema.org\",\"@graph\":[{\"@type\":\"WebPage\",\"@id\":\"https:\/\/turismevalles.com\/valles_oriental\/pein-gallecs\/\",\"url\":\"https:\/\/turismevalles.com\/valles_oriental\/pein-gallecs\/\",\"name\":\"Espace Rural de Gallecs - Turisme Vall\u00e8s\",\"isPartOf\":{\"@id\":\"https:\/\/turismevalles.com\/en\/#website\"},\"primaryImageOfPage\":{\"@id\":\"https:\/\/turismevalles.com\/valles_oriental\/pein-gallecs\/#primaryimage\"},\"image\":{\"@id\":\"https:\/\/turismevalles.com\/valles_oriental\/pein-gallecs\/#primaryimage\"},\"thumbnailUrl\":\"https:\/\/turismevalles.com\/wp-content\/uploads\/2020\/11\/IMG_9030-scaled.jpg\",\"datePublished\":\"2020-12-02T09:32:10+00:00\",\"dateModified\":\"2022-02-25T13:33:08+00:00\",\"breadcrumb\":{\"@id\":\"https:\/\/turismevalles.com\/valles_oriental\/pein-gallecs\/#breadcrumb\"},\"inLanguage\":\"fr-FR\",\"potentialAction\":[{\"@type\":\"ReadAction\",\"target\":[\"https:\/\/turismevalles.com\/valles_oriental\/pein-gallecs\/\"]}]},{\"@type\":\"ImageObject\",\"inLanguage\":\"fr-FR\",\"@id\":\"https:\/\/turismevalles.com\/valles_oriental\/pein-gallecs\/#primaryimage\",\"url\":\"https:\/\/turismevalles.com\/wp-content\/uploads\/2020\/11\/IMG_9030-scaled.jpg\",\"contentUrl\":\"https:\/\/turismevalles.com\/wp-content\/uploads\/2020\/11\/IMG_9030-scaled.jpg\",\"width\":2560,\"height\":1707},{\"@type\":\"BreadcrumbList\",\"@id\":\"https:\/\/turismevalles.com\/valles_oriental\/pein-gallecs\/#breadcrumb\",\"itemListElement\":[{\"@type\":\"ListItem\",\"position\":1,\"name\":\"Inici\",\"item\":\"https:\/\/turismevalles.com\/fr\/\"},{\"@type\":\"ListItem\",\"position\":2,\"name\":\"Vall\u00e8s Oriental\",\"item\":\"https:\/\/turismevalles.com\/valles_oriental\/\"},{\"@type\":\"ListItem\",\"position\":3,\"name\":\"Espace Rural de Gallecs\"}]},{\"@type\":\"WebSite\",\"@id\":\"https:\/\/turismevalles.com\/en\/#website\",\"url\":\"https:\/\/turismevalles.com\/en\/\",\"name\":\"Turisme Vall\u00e8s\",\"description\":\"\",\"publisher\":{\"@id\":\"https:\/\/turismevalles.com\/en\/#organization\"},\"potentialAction\":[{\"@type\":\"SearchAction\",\"target\":{\"@type\":\"EntryPoint\",\"urlTemplate\":\"https:\/\/turismevalles.com\/en\/?s={search_term_string}\"},\"query-input\":{\"@type\":\"PropertyValueSpecification\",\"valueRequired\":true,\"valueName\":\"search_term_string\"}}],\"inLanguage\":\"fr-FR\"},{\"@type\":\"Organization\",\"@id\":\"https:\/\/turismevalles.com\/en\/#organization\",\"name\":\"Turisme Vall\u00e8s\",\"url\":\"https:\/\/turismevalles.com\/en\/\",\"logo\":{\"@type\":\"ImageObject\",\"inLanguage\":\"fr-FR\",\"@id\":\"https:\/\/turismevalles.com\/en\/#\/schema\/logo\/image\/\",\"url\":\"https:\/\/turismevalles.com\/wp-content\/uploads\/2020\/08\/cropped-logo_ca-2.png\",\"contentUrl\":\"https:\/\/turismevalles.com\/wp-content\/uploads\/2020\/08\/cropped-logo_ca-2.png\",\"width\":314,\"height\":85,\"caption\":\"Turisme Vall\u00e8s\"},\"image\":{\"@id\":\"https:\/\/turismevalles.com\/en\/#\/schema\/logo\/image\/\"}}]}<\/script>\n<!-- \/ Yoast SEO plugin. -->","yoast_head_json":{"title":"Espace Rural de Gallecs - Turisme Vall\u00e8s","robots":{"index":"index","follow":"follow","max-snippet":"max-snippet:-1","max-image-preview":"max-image-preview:large","max-video-preview":"max-video-preview:-1"},"canonical":"https:\/\/turismevalles.com\/valles_oriental\/pein-gallecs\/","og_locale":"fr_FR","og_type":"article","og_title":"Espace Rural de Gallecs - Turisme Vall\u00e8s","og_description":"Gallecs, s\u00e9par\u00e9 de Mollet uniquement par un pont, est un espace rural d\u2019\u00e0 peu pr\u00e8s 700 hectares qui conserve toujours des champs cultiv\u00e9s, des bois ... Veure m\u00e9s","og_url":"https:\/\/turismevalles.com\/valles_oriental\/pein-gallecs\/","og_site_name":"Turisme Vall\u00e8s","article_modified_time":"2022-02-25T13:33:08+00:00","og_image":[{"width":2560,"height":1707,"url":"https:\/\/turismevalles.com\/wp-content\/uploads\/2020\/11\/IMG_9030-scaled.jpg","type":"image\/jpeg"}],"twitter_card":"summary_large_image","twitter_misc":{"Dur\u00e9e de lecture estim\u00e9e":"1 minute"},"schema":{"@context":"https:\/\/schema.org","@graph":[{"@type":"WebPage","@id":"https:\/\/turismevalles.com\/valles_oriental\/pein-gallecs\/","url":"https:\/\/turismevalles.com\/valles_oriental\/pein-gallecs\/","name":"Espace Rural de Gallecs - Turisme Vall\u00e8s","isPartOf":{"@id":"https:\/\/turismevalles.com\/en\/#website"},"primaryImageOfPage":{"@id":"https:\/\/turismevalles.com\/valles_oriental\/pein-gallecs\/#primaryimage"},"image":{"@id":"https:\/\/turismevalles.com\/valles_oriental\/pein-gallecs\/#primaryimage"},"thumbnailUrl":"https:\/\/turismevalles.com\/wp-content\/uploads\/2020\/11\/IMG_9030-scaled.jpg","datePublished":"2020-12-02T09:32:10+00:00","dateModified":"2022-02-25T13:33:08+00:00","breadcrumb":{"@id":"https:\/\/turismevalles.com\/valles_oriental\/pein-gallecs\/#breadcrumb"},"inLanguage":"fr-FR","potentialAction":[{"@type":"ReadAction","target":["https:\/\/turismevalles.com\/valles_oriental\/pein-gallecs\/"]}]},{"@type":"ImageObject","inLanguage":"fr-FR","@id":"https:\/\/turismevalles.com\/valles_oriental\/pein-gallecs\/#primaryimage","url":"https:\/\/turismevalles.com\/wp-content\/uploads\/2020\/11\/IMG_9030-scaled.jpg","contentUrl":"https:\/\/turismevalles.com\/wp-content\/uploads\/2020\/11\/IMG_9030-scaled.jpg","width":2560,"height":1707},{"@type":"BreadcrumbList","@id":"https:\/\/turismevalles.com\/valles_oriental\/pein-gallecs\/#breadcrumb","itemListElement":[{"@type":"ListItem","position":1,"name":"Inici","item":"https:\/\/turismevalles.com\/fr\/"},{"@type":"ListItem","position":2,"name":"Vall\u00e8s Oriental","item":"https:\/\/turismevalles.com\/valles_oriental\/"},{"@type":"ListItem","position":3,"name":"Espace Rural de Gallecs"}]},{"@type":"WebSite","@id":"https:\/\/turismevalles.com\/en\/#website","url":"https:\/\/turismevalles.com\/en\/","name":"Turisme Vall\u00e8s","description":"","publisher":{"@id":"https:\/\/turismevalles.com\/en\/#organization"},"potentialAction":[{"@type":"SearchAction","target":{"@type":"EntryPoint","urlTemplate":"https:\/\/turismevalles.com\/en\/?s={search_term_string}"},"query-input":{"@type":"PropertyValueSpecification","valueRequired":true,"valueName":"search_term_string"}}],"inLanguage":"fr-FR"},{"@type":"Organization","@id":"https:\/\/turismevalles.com\/en\/#organization","name":"Turisme Vall\u00e8s","url":"https:\/\/turismevalles.com\/en\/","logo":{"@type":"ImageObject","inLanguage":"fr-FR","@id":"https:\/\/turismevalles.com\/en\/#\/schema\/logo\/image\/","url":"https:\/\/turismevalles.com\/wp-content\/uploads\/2020\/08\/cropped-logo_ca-2.png","contentUrl":"https:\/\/turismevalles.com\/wp-content\/uploads\/2020\/08\/cropped-logo_ca-2.png","width":314,"height":85,"caption":"Turisme Vall\u00e8s"},"image":{"@id":"https:\/\/turismevalles.com\/en\/#\/schema\/logo\/image\/"}}]}},"uagb_featured_image_src":{"full":["https:\/\/turismevalles.com\/wp-content\/uploads\/2020\/11\/IMG_9030-scaled.jpg",2560,1707,false],"thumbnail":["https:\/\/turismevalles.com\/wp-content\/uploads\/2020\/11\/IMG_9030-150x150.jpg",150,150,true],"medium":["https:\/\/turismevalles.com\/wp-content\/uploads\/2020\/11\/IMG_9030-300x200.jpg",300,200,true],"medium_large":["https:\/\/turismevalles.com\/wp-content\/uploads\/2020\/11\/IMG_9030-768x512.jpg",768,512,true],"large":["https:\/\/turismevalles.com\/wp-content\/uploads\/2020\/11\/IMG_9030-1024x683.jpg",1024,683,true],"thumblist":["https:\/\/turismevalles.com\/wp-content\/uploads\/2020\/11\/IMG_9030-300x300.jpg",300,300,true],"meccarouselthumb":["https:\/\/turismevalles.com\/wp-content\/uploads\/2020\/11\/IMG_9030-474x324.jpg",474,324,true],"gridsquare":["https:\/\/turismevalles.com\/wp-content\/uploads\/2020\/11\/IMG_9030-391x260.jpg",391,260,true],"tileview":["https:\/\/turismevalles.com\/wp-content\/uploads\/2020\/11\/IMG_9030-300x400.jpg",300,400,true],"1536x1536":["https:\/\/turismevalles.com\/wp-content\/uploads\/2020\/11\/IMG_9030-1536x1024.jpg",1536,1024,true],"2048x2048":["https:\/\/turismevalles.com\/wp-content\/uploads\/2020\/11\/IMG_9030-2048x1365.jpg",2048,1365,true]},"uagb_author_info":{"display_name":"Turisme Valles","author_link":"https:\/\/turismevalles.com\/fr\/author\/"},"uagb_comment_info":0,"uagb_excerpt":"Gallecs, s\u00e9par\u00e9 de Mollet uniquement par un pont, est un espace rural d\u2019\u00e0 peu pr\u00e8s 700 hectares qui conserve toujours des champs cultiv\u00e9s, des bois ... Veure m\u00e9s","_links":{"self":[{"href":"https:\/\/turismevalles.com\/fr\/wp-json\/wp\/v2\/valles_oriental\/9825","targetHints":{"allow":["GET"]}}],"collection":[{"href":"https:\/\/turismevalles.com\/fr\/wp-json\/wp\/v2\/valles_oriental"}],"about":[{"href":"https:\/\/turismevalles.com\/fr\/wp-json\/wp\/v2\/types\/valles_oriental"}],"wp:featuredmedia":[{"embeddable":true,"href":"https:\/\/turismevalles.com\/fr\/wp-json\/wp\/v2\/media\/14450"}],"wp:attachment":[{"href":"https:\/\/turismevalles.com\/fr\/wp-json\/wp\/v2\/media?parent=9825"}],"wp:term":[{"taxonomy":"poblacions","embeddable":true,"href":"https:\/\/turismevalles.com\/fr\/wp-json\/wp\/v2\/poblacions?post=9825"},{"taxonomy":"valles_oriental_contingut","embeddable":true,"href":"https:\/\/turismevalles.com\/fr\/wp-json\/wp\/v2\/valles_oriental_contingut?post=9825"},{"taxonomy":"tipologia_estada","embeddable":true,"href":"https:\/\/turismevalles.com\/fr\/wp-json\/wp\/v2\/tipologia_estada?post=9825"}],"curies":[{"name":"wp","href":"https:\/\/api.w.org\/{rel}","templated":true}]}}