{"id":9848,"date":"2020-12-02T12:12:01","date_gmt":"2020-12-02T10:12:01","guid":{"rendered":"http:\/\/turismevalles.com.mialias.net\/valles_oriental\/la-garriga-2\/"},"modified":"2020-12-02T12:12:01","modified_gmt":"2020-12-02T10:12:01","slug":"la-garriga-2","status":"publish","type":"valles_oriental","link":"https:\/\/turismevalles.com\/fr\/valles_oriental\/la-garriga-2\/","title":{"rendered":"La Garriga"},"content":{"rendered":"\n<p>Son histoire est li\u00e9e au\u00a0<strong>thermalisme<\/strong>, depuis l\u2019antiquit\u00e9 et surtout pendant la romanisation, dont elle conserve des vestiges dignes d\u2019int\u00e9r\u00eat comme la villa romaine de\u00a0<strong>Can Terrers<\/strong>, d\u00e9clar\u00e9e\u00a0<strong>Bien Culturel d\u2019Int\u00e9r\u00eat National<\/strong>. Le centre urbain s\u2019est form\u00e9 autour de la source thermale, qui produit une eau chaude de\u00a0<strong>plus de 60\u00baC<\/strong>.<\/p>\n\n<p>Les\u00a0<strong>eaux thermales<\/strong>\u00a0de La Garriga ont \u00e9t\u00e9 utilis\u00e9es \u00e0 toutes les \u00e9poques, mais c\u2019est au d\u00e9but du XX\u00e8me si\u00e8cle que le ph\u00e9nom\u00e8ne de vill\u00e9giature met en \u00e9vidence ce patrimoine naturel, lorsque la bourgeoisie catalane \u00e9lit\u00a0<strong>La Garriga<\/strong>\u00a0comme destination de vacances.<\/p>\n\n<p><div class=\"col-xs-12 col-sm-7 col-md-6 col-lg-8\"><section class=\"lista-layout\">&#13;\n<div class=\"row\">&#13;\n<div class=\"col-xs-12 col-sm-12 col-md-12 col-lg-12 text-left\">&#13;\n<div class=\"descripcion-detalle\">&#13;\n<div class=\"row\">&#13;\n<div class=\"col-xs-12 col-sm-12 col-md-12 col-lg-12 text-left\">&#13;\n&#13;\n<a href=\"http:\/\/www.visitalagarriga.cat\/\">Plus d&rsquo;informations<\/a>&#13;\n&#13;\n<\/div>&#13;\n<\/div>&#13;\n<\/div>&#13;\n<\/div>&#13;\n<\/div>&#13;\n<\/section><\/div>&#13;\n<div class=\"col-xs-12 col-sm-5 col-md-6 col-lg-4\">&#13;\n<div class=\"row\">&#13;\n<div class=\"col-lg-12\"><\/div>&#13;\n<\/div>&#13;\n<\/div><\/p>\n","protected":false},"featured_media":59220,"template":"","poblacions":[],"valles_oriental_contingut":[332],"tipologia_estada":[],"class_list":["post-9848","valles_oriental","type-valles_oriental","status-publish","has-post-thumbnail","hentry","valles_oriental_contingut-thermalisme-et-bien-etre","generate-columns","tablet-grid-50","mobile-grid-100","grid-parent","grid-33"],"acf":[],"yoast_head":"<!-- This site is optimized with the Yoast SEO plugin v26.4 - https:\/\/yoast.com\/wordpress\/plugins\/seo\/ -->\n<title>La Garriga - Turisme Vall\u00e8s<\/title>\n<meta name=\"robots\" content=\"index, follow, max-snippet:-1, max-image-preview:large, max-video-preview:-1\" \/>\n<link rel=\"canonical\" href=\"https:\/\/turismevalles.com\/valles_oriental\/la-garriga\/\" \/>\n<meta property=\"og:locale\" content=\"fr_FR\" \/>\n<meta property=\"og:type\" content=\"article\" \/>\n<meta property=\"og:title\" content=\"La Garriga - Turisme Vall\u00e8s\" \/>\n<meta property=\"og:description\" content=\"Son histoire est li\u00e9e au\u00a0thermalisme, depuis l\u2019antiquit\u00e9 et surtout pendant la romanisation, dont elle conserve des vestiges dignes d\u2019int\u00e9r\u00eat comme la villa romaine de\u00a0Can Terrers, ... Veure m\u00e9s\" \/>\n<meta property=\"og:url\" content=\"https:\/\/turismevalles.com\/valles_oriental\/la-garriga\/\" \/>\n<meta property=\"og:site_name\" content=\"Turisme Vall\u00e8s\" \/>\n<meta property=\"og:image\" content=\"https:\/\/turismevalles.com\/wp-content\/uploads\/2020\/11\/Termalisme-a-La-Garriga.jpg\" \/>\n\t<meta property=\"og:image:width\" content=\"1851\" \/>\n\t<meta property=\"og:image:height\" content=\"1052\" \/>\n\t<meta property=\"og:image:type\" content=\"image\/jpeg\" \/>\n<meta name=\"twitter:card\" content=\"summary_large_image\" \/>\n<meta name=\"twitter:label1\" content=\"Dur\u00e9e de lecture estim\u00e9e\" \/>\n\t<meta name=\"twitter:data1\" content=\"1 minute\" \/>\n<script type=\"application\/ld+json\" class=\"yoast-schema-graph\">{\"@context\":\"https:\/\/schema.org\",\"@graph\":[{\"@type\":\"WebPage\",\"@id\":\"https:\/\/turismevalles.com\/valles_oriental\/la-garriga\/\",\"url\":\"https:\/\/turismevalles.com\/valles_oriental\/la-garriga\/\",\"name\":\"La Garriga - Turisme Vall\u00e8s\",\"isPartOf\":{\"@id\":\"https:\/\/turismevalles.com\/en\/#website\"},\"primaryImageOfPage\":{\"@id\":\"https:\/\/turismevalles.com\/valles_oriental\/la-garriga\/#primaryimage\"},\"image\":{\"@id\":\"https:\/\/turismevalles.com\/valles_oriental\/la-garriga\/#primaryimage\"},\"thumbnailUrl\":\"https:\/\/turismevalles.com\/wp-content\/uploads\/2020\/11\/Termalisme-a-La-Garriga.jpg\",\"datePublished\":\"2020-12-02T10:12:01+00:00\",\"breadcrumb\":{\"@id\":\"https:\/\/turismevalles.com\/valles_oriental\/la-garriga\/#breadcrumb\"},\"inLanguage\":\"fr-FR\",\"potentialAction\":[{\"@type\":\"ReadAction\",\"target\":[\"https:\/\/turismevalles.com\/valles_oriental\/la-garriga\/\"]}]},{\"@type\":\"ImageObject\",\"inLanguage\":\"fr-FR\",\"@id\":\"https:\/\/turismevalles.com\/valles_oriental\/la-garriga\/#primaryimage\",\"url\":\"https:\/\/turismevalles.com\/wp-content\/uploads\/2020\/11\/Termalisme-a-La-Garriga.jpg\",\"contentUrl\":\"https:\/\/turismevalles.com\/wp-content\/uploads\/2020\/11\/Termalisme-a-La-Garriga.jpg\",\"width\":1851,\"height\":1052,\"caption\":\"Termalisme a La Garriga\"},{\"@type\":\"BreadcrumbList\",\"@id\":\"https:\/\/turismevalles.com\/valles_oriental\/la-garriga\/#breadcrumb\",\"itemListElement\":[{\"@type\":\"ListItem\",\"position\":1,\"name\":\"Inici\",\"item\":\"https:\/\/turismevalles.com\/fr\/\"},{\"@type\":\"ListItem\",\"position\":2,\"name\":\"Vall\u00e8s Oriental\",\"item\":\"https:\/\/turismevalles.com\/valles_oriental\/\"},{\"@type\":\"ListItem\",\"position\":3,\"name\":\"La Garriga\"}]},{\"@type\":\"WebSite\",\"@id\":\"https:\/\/turismevalles.com\/en\/#website\",\"url\":\"https:\/\/turismevalles.com\/en\/\",\"name\":\"Turisme Vall\u00e8s\",\"description\":\"\",\"publisher\":{\"@id\":\"https:\/\/turismevalles.com\/en\/#organization\"},\"potentialAction\":[{\"@type\":\"SearchAction\",\"target\":{\"@type\":\"EntryPoint\",\"urlTemplate\":\"https:\/\/turismevalles.com\/en\/?s={search_term_string}\"},\"query-input\":{\"@type\":\"PropertyValueSpecification\",\"valueRequired\":true,\"valueName\":\"search_term_string\"}}],\"inLanguage\":\"fr-FR\"},{\"@type\":\"Organization\",\"@id\":\"https:\/\/turismevalles.com\/en\/#organization\",\"name\":\"Turisme Vall\u00e8s\",\"url\":\"https:\/\/turismevalles.com\/en\/\",\"logo\":{\"@type\":\"ImageObject\",\"inLanguage\":\"fr-FR\",\"@id\":\"https:\/\/turismevalles.com\/en\/#\/schema\/logo\/image\/\",\"url\":\"https:\/\/turismevalles.com\/wp-content\/uploads\/2020\/08\/cropped-logo_ca-2.png\",\"contentUrl\":\"https:\/\/turismevalles.com\/wp-content\/uploads\/2020\/08\/cropped-logo_ca-2.png\",\"width\":314,\"height\":85,\"caption\":\"Turisme Vall\u00e8s\"},\"image\":{\"@id\":\"https:\/\/turismevalles.com\/en\/#\/schema\/logo\/image\/\"}}]}<\/script>\n<!-- \/ Yoast SEO plugin. -->","yoast_head_json":{"title":"La Garriga - Turisme Vall\u00e8s","robots":{"index":"index","follow":"follow","max-snippet":"max-snippet:-1","max-image-preview":"max-image-preview:large","max-video-preview":"max-video-preview:-1"},"canonical":"https:\/\/turismevalles.com\/valles_oriental\/la-garriga\/","og_locale":"fr_FR","og_type":"article","og_title":"La Garriga - Turisme Vall\u00e8s","og_description":"Son histoire est li\u00e9e au\u00a0thermalisme, depuis l\u2019antiquit\u00e9 et surtout pendant la romanisation, dont elle conserve des vestiges dignes d\u2019int\u00e9r\u00eat comme la villa romaine de\u00a0Can Terrers, ... Veure m\u00e9s","og_url":"https:\/\/turismevalles.com\/valles_oriental\/la-garriga\/","og_site_name":"Turisme Vall\u00e8s","og_image":[{"width":1851,"height":1052,"url":"https:\/\/turismevalles.com\/wp-content\/uploads\/2020\/11\/Termalisme-a-La-Garriga.jpg","type":"image\/jpeg"}],"twitter_card":"summary_large_image","twitter_misc":{"Dur\u00e9e de lecture estim\u00e9e":"1 minute"},"schema":{"@context":"https:\/\/schema.org","@graph":[{"@type":"WebPage","@id":"https:\/\/turismevalles.com\/valles_oriental\/la-garriga\/","url":"https:\/\/turismevalles.com\/valles_oriental\/la-garriga\/","name":"La Garriga - Turisme Vall\u00e8s","isPartOf":{"@id":"https:\/\/turismevalles.com\/en\/#website"},"primaryImageOfPage":{"@id":"https:\/\/turismevalles.com\/valles_oriental\/la-garriga\/#primaryimage"},"image":{"@id":"https:\/\/turismevalles.com\/valles_oriental\/la-garriga\/#primaryimage"},"thumbnailUrl":"https:\/\/turismevalles.com\/wp-content\/uploads\/2020\/11\/Termalisme-a-La-Garriga.jpg","datePublished":"2020-12-02T10:12:01+00:00","breadcrumb":{"@id":"https:\/\/turismevalles.com\/valles_oriental\/la-garriga\/#breadcrumb"},"inLanguage":"fr-FR","potentialAction":[{"@type":"ReadAction","target":["https:\/\/turismevalles.com\/valles_oriental\/la-garriga\/"]}]},{"@type":"ImageObject","inLanguage":"fr-FR","@id":"https:\/\/turismevalles.com\/valles_oriental\/la-garriga\/#primaryimage","url":"https:\/\/turismevalles.com\/wp-content\/uploads\/2020\/11\/Termalisme-a-La-Garriga.jpg","contentUrl":"https:\/\/turismevalles.com\/wp-content\/uploads\/2020\/11\/Termalisme-a-La-Garriga.jpg","width":1851,"height":1052,"caption":"Termalisme a La Garriga"},{"@type":"BreadcrumbList","@id":"https:\/\/turismevalles.com\/valles_oriental\/la-garriga\/#breadcrumb","itemListElement":[{"@type":"ListItem","position":1,"name":"Inici","item":"https:\/\/turismevalles.com\/fr\/"},{"@type":"ListItem","position":2,"name":"Vall\u00e8s Oriental","item":"https:\/\/turismevalles.com\/valles_oriental\/"},{"@type":"ListItem","position":3,"name":"La Garriga"}]},{"@type":"WebSite","@id":"https:\/\/turismevalles.com\/en\/#website","url":"https:\/\/turismevalles.com\/en\/","name":"Turisme Vall\u00e8s","description":"","publisher":{"@id":"https:\/\/turismevalles.com\/en\/#organization"},"potentialAction":[{"@type":"SearchAction","target":{"@type":"EntryPoint","urlTemplate":"https:\/\/turismevalles.com\/en\/?s={search_term_string}"},"query-input":{"@type":"PropertyValueSpecification","valueRequired":true,"valueName":"search_term_string"}}],"inLanguage":"fr-FR"},{"@type":"Organization","@id":"https:\/\/turismevalles.com\/en\/#organization","name":"Turisme Vall\u00e8s","url":"https:\/\/turismevalles.com\/en\/","logo":{"@type":"ImageObject","inLanguage":"fr-FR","@id":"https:\/\/turismevalles.com\/en\/#\/schema\/logo\/image\/","url":"https:\/\/turismevalles.com\/wp-content\/uploads\/2020\/08\/cropped-logo_ca-2.png","contentUrl":"https:\/\/turismevalles.com\/wp-content\/uploads\/2020\/08\/cropped-logo_ca-2.png","width":314,"height":85,"caption":"Turisme Vall\u00e8s"},"image":{"@id":"https:\/\/turismevalles.com\/en\/#\/schema\/logo\/image\/"}}]}},"uagb_featured_image_src":{"full":["https:\/\/turismevalles.com\/wp-content\/uploads\/2020\/11\/Termalisme-a-La-Garriga.jpg",1851,1052,false],"thumbnail":["https:\/\/turismevalles.com\/wp-content\/uploads\/2020\/11\/Termalisme-a-La-Garriga-150x150.jpg",150,150,true],"medium":["https:\/\/turismevalles.com\/wp-content\/uploads\/2020\/11\/Termalisme-a-La-Garriga-300x171.jpg",300,171,true],"medium_large":["https:\/\/turismevalles.com\/wp-content\/uploads\/2020\/11\/Termalisme-a-La-Garriga-768x436.jpg",768,436,true],"large":["https:\/\/turismevalles.com\/wp-content\/uploads\/2020\/11\/Termalisme-a-La-Garriga-1024x582.jpg",1024,582,true],"thumblist":["https:\/\/turismevalles.com\/wp-content\/uploads\/2020\/11\/Termalisme-a-La-Garriga-300x300.jpg",300,300,true],"meccarouselthumb":["https:\/\/turismevalles.com\/wp-content\/uploads\/2020\/11\/Termalisme-a-La-Garriga-474x324.jpg",474,324,true],"gridsquare":["https:\/\/turismevalles.com\/wp-content\/uploads\/2020\/11\/Termalisme-a-La-Garriga-391x260.jpg",391,260,true],"tileview":["https:\/\/turismevalles.com\/wp-content\/uploads\/2020\/11\/Termalisme-a-La-Garriga-300x400.jpg",300,400,true],"1536x1536":["https:\/\/turismevalles.com\/wp-content\/uploads\/2020\/11\/Termalisme-a-La-Garriga-1536x873.jpg",1536,873,true],"2048x2048":["https:\/\/turismevalles.com\/wp-content\/uploads\/2020\/11\/Termalisme-a-La-Garriga.jpg",1851,1052,false]},"uagb_author_info":{"display_name":"Turisme Valles","author_link":"https:\/\/turismevalles.com\/fr\/author\/"},"uagb_comment_info":0,"uagb_excerpt":"Son histoire est li\u00e9e au\u00a0thermalisme, depuis l\u2019antiquit\u00e9 et surtout pendant la romanisation, dont elle conserve des vestiges dignes d\u2019int\u00e9r\u00eat comme la villa romaine de\u00a0Can Terrers, ... Veure m\u00e9s","_links":{"self":[{"href":"https:\/\/turismevalles.com\/fr\/wp-json\/wp\/v2\/valles_oriental\/9848","targetHints":{"allow":["GET"]}}],"collection":[{"href":"https:\/\/turismevalles.com\/fr\/wp-json\/wp\/v2\/valles_oriental"}],"about":[{"href":"https:\/\/turismevalles.com\/fr\/wp-json\/wp\/v2\/types\/valles_oriental"}],"wp:featuredmedia":[{"embeddable":true,"href":"https:\/\/turismevalles.com\/fr\/wp-json\/wp\/v2\/media\/59220"}],"wp:attachment":[{"href":"https:\/\/turismevalles.com\/fr\/wp-json\/wp\/v2\/media?parent=9848"}],"wp:term":[{"taxonomy":"poblacions","embeddable":true,"href":"https:\/\/turismevalles.com\/fr\/wp-json\/wp\/v2\/poblacions?post=9848"},{"taxonomy":"valles_oriental_contingut","embeddable":true,"href":"https:\/\/turismevalles.com\/fr\/wp-json\/wp\/v2\/valles_oriental_contingut?post=9848"},{"taxonomy":"tipologia_estada","embeddable":true,"href":"https:\/\/turismevalles.com\/fr\/wp-json\/wp\/v2\/tipologia_estada?post=9848"}],"curies":[{"name":"wp","href":"https:\/\/api.w.org\/{rel}","templated":true}]}}